{"id":91386,"date":"2026-03-20T11:38:46","date_gmt":"2026-03-20T10:38:46","guid":{"rendered":"https:\/\/www.stadtmuseum.de\/?post_type=event&#038;p=91386"},"modified":"2026-03-23T14:26:28","modified_gmt":"2026-03-23T13:26:28","slug":"paths-of-remembrance-in-english-2","status":"publish","type":"event","link":"https:\/\/www.stadtmuseum.de\/en\/events\/paths-of-remembrance-in-english-2","title":{"rendered":"Paths of Remembrance (in English)"},"content":{"rendered":"<section class=\"block block-header-event padding-top-third\" >\n\t<div class=\"container-fluid\">\n\t\t<div class=\"row\">\n\t\t\t<div class=\"col-xs-12 col-md-6 margin-bottom-sixth\">\n\t\t\t\t\t\t\t\t\t<div class=\"zeplin-metadata margin-bottom-minimal clamp-1\">Guided city tour,  Guided tour<\/div>\n\t\t\t\t\t\t\t\t<h1 class=\"zeplin-subHead01 margin-bottom-sixth\">Paths of Remembrance (in English)<\/h1>\n\n\t\t\t\t\t\t\t<\/div>\n\t\t<\/div>\n\t\t<div class=\"row\">\n\t\t\t<div class=\"col-xs-9 col-xs-offset-3 col-md-5 col-md-offset-1 padding-top-third\">\n\t\t\t\t\n\t\t<lazy-media-inline inline-template data-id=\"91377\">\n\t\t\t<figure itemscope itemtype=\"http:\/\/schema.org\/ImageObject\" class=\"lazy-media-inline \" role=\"group\" id=\"media_69ef66f362505\">\n\t\t\t\t<script type=\"application\/json\" ref=\"data\">\n\t\t\t\t{\n\t\t\t\t\"sizes\" : {\"medium\":{\"file\":\"gedenkstele-kiautschoustrasse-300x225.jpg\",\"width\":300,\"height\":225,\"mime-type\":\"image\\\/jpeg\",\"filesize\":18120},\"large\":{\"file\":\"gedenkstele-kiautschoustrasse-1024x769.jpg\",\"width\":1024,\"height\":769,\"mime-type\":\"image\\\/jpeg\",\"filesize\":140264},\"medium_large\":{\"file\":\"gedenkstele-kiautschoustrasse-768x576.jpg\",\"width\":768,\"height\":576,\"mime-type\":\"image\\\/jpeg\",\"filesize\":85771},\"1536x1536\":{\"file\":\"gedenkstele-kiautschoustrasse-1536x1153.jpg\",\"width\":1536,\"height\":1153,\"mime-type\":\"image\\\/jpeg\",\"filesize\":269278},\"small\":{\"file\":\"gedenkstele-kiautschoustrasse-440x330.jpg\",\"width\":440,\"height\":330,\"mime-type\":\"image\\\/jpeg\",\"filesize\":33562},\"semi\":{\"file\":\"gedenkstele-kiautschoustrasse-580x435.jpg\",\"width\":580,\"height\":435,\"mime-type\":\"image\\\/jpeg\",\"filesize\":53689},\"mobile\":{\"file\":\"gedenkstele-kiautschoustrasse-720x540.jpg\",\"width\":720,\"height\":540,\"mime-type\":\"image\\\/jpeg\",\"filesize\":77344},\"hd\":{\"file\":\"gedenkstele-kiautschoustrasse-1280x961.jpg\",\"width\":1280,\"height\":961,\"mime-type\":\"image\\\/jpeg\",\"filesize\":202644},\"original\":{\"file\":\"gedenkstele-kiautschoustrasse.jpg\",\"width\":1920,\"height\":1441}},\n\t\t\t\t\"alt\" : \"Gedenkstele an der Kiautschoustra\\u00dfe, die den kolonialen Kontext des Stra\\u00dfennamens erkl\\u00e4rt und ihn um antikoloniale Gegenerz\\u00e4hlungen erg\\u00e4nzt\",\n\t\t\t\t\"path\" : \"\\\/wp-content\\\/uploads\\\/2026\\\/03\\\/\",\n\t\t\t\t\"video\" : null,\n\t\t\t\t\"autoplay\" : null,\n\t\t\t\t\"youtube\" : null,\n\t\t\t\t\"youtubelabel\" : \"play\",\n\t\t\t\t\"brightness\" : 100,\n\t\t\t\t\"crop\" : null,\n\t\t\t\t\"background\" : true,\n\t\t\t\t\"scale\" : 1,\n\t\t\t\t\"zoom\" : false,\n\t\t\t\t\"annotations\" : null\t\t\t\t}\n\t\t\t<\/script>\n\t\t\t\t<div class=\"height-container\" style=\"padding-bottom:75.052083333333%;  \" v-if=\"sizes\">\n\t\t\t\t\t<lazy-media :inline=\"true\" :alt=\"alt\" :sizes=\"sizes\" :scale=\"scale\" :zoom=\"zoom\" :brightness=\"brightness\" :path=\"path\" :video=\"video\" :autoplay=\"autoplay\" :youtube=\"youtube\" :crop=\"crop\" :youtubelabel=\"youtubelabel\" :annotations=\"annotations\" :background=\"background\"><\/lazy-media>\n\n\t\t\t\t\t\t\t\t\t<\/div>\n\n\t\t\t\t\n\t\t\t\t\n\n\n\t\t\t\t\t\t\t\t\t\t<figcaption class=\"\">\n\t\t\t\t\t\t\t\t\t\t\t\t\t\t\t<div class=\"lazy-media-image-label\">Kiautschoustra\u00dfe was named in 1905 after the German colony of Ji\u0101ozh\u014du on China\u2019s east coast. The memorial stele provides context on the street\u2019s colonial origins and includes anti\u2011colonial counter-narratives<\/div>\n\t\t\t\t\t\t\t\t\t\t\t\t\t\t\t\t\t\t\t\t\t\t<div class=\"lazy-media-image-description\">\u00a9 &amp; Photo: Marc Eils <\/div>\n\t\t\t\t\t\t\t\t\t\t\t\t\t<\/figcaption>\n\t\t\t\t\t\t\t\t\t\n\t\t\t   \t\t\t\t\t\t\t<\/figure>\n\t\t<\/lazy-media-inline>\n\t\t\t\t\t<\/div>\n\n\t\t\t<div class=\"col-xs-6 col-md-4 col-md-offset-2\">\n\t\t\t\t<div class=\"block-header-event-image-small-wrapper\">\n\t\t\t\t\t<div class=\"block-header-event-image-small\">\n\t\t\t\t\t\t\n\t\t<lazy-media-inline inline-template data-id=\"91379\">\n\t\t\t<figure itemscope itemtype=\"http:\/\/schema.org\/ImageObject\" class=\"lazy-media-inline \" role=\"group\" id=\"media_69ef66f362815\">\n\t\t\t\t<script type=\"application\/json\" ref=\"data\">\n\t\t\t\t{\n\t\t\t\t\"sizes\" : {\"medium\":{\"file\":\"Bild-2_antikolonialer-stadtrundgang-300x197.jpg\",\"width\":300,\"height\":197,\"mime-type\":\"image\\\/jpeg\",\"filesize\":19637},\"large\":{\"file\":\"Bild-2_antikolonialer-stadtrundgang-1024x673.jpg\",\"width\":1024,\"height\":673,\"mime-type\":\"image\\\/jpeg\",\"filesize\":200743},\"medium_large\":{\"file\":\"Bild-2_antikolonialer-stadtrundgang-768x504.jpg\",\"width\":768,\"height\":504,\"mime-type\":\"image\\\/jpeg\",\"filesize\":115342},\"1536x1536\":{\"file\":\"Bild-2_antikolonialer-stadtrundgang-1536x1009.jpg\",\"width\":1536,\"height\":1009,\"mime-type\":\"image\\\/jpeg\",\"filesize\":420770},\"small\":{\"file\":\"Bild-2_antikolonialer-stadtrundgang-440x289.jpg\",\"width\":440,\"height\":289,\"mime-type\":\"image\\\/jpeg\",\"filesize\":39685},\"semi\":{\"file\":\"Bild-2_antikolonialer-stadtrundgang-580x381.jpg\",\"width\":580,\"height\":381,\"mime-type\":\"image\\\/jpeg\",\"filesize\":66922},\"mobile\":{\"file\":\"Bild-2_antikolonialer-stadtrundgang-720x473.jpg\",\"width\":720,\"height\":473,\"mime-type\":\"image\\\/jpeg\",\"filesize\":101930},\"hd\":{\"file\":\"Bild-2_antikolonialer-stadtrundgang-1280x841.jpg\",\"width\":1280,\"height\":841,\"mime-type\":\"image\\\/jpeg\",\"filesize\":307748},\"original\":{\"file\":\"Bild-2_antikolonialer-stadtrundgang.jpg\",\"width\":1920,\"height\":1261}},\n\t\t\t\t\"alt\" : \"Menschengruppe w\\u00e4hrend eines Rundgangs im Rahmen der Er\\u00f6ffnung der Gedenkstelen\",\n\t\t\t\t\"path\" : \"\\\/wp-content\\\/uploads\\\/2026\\\/03\\\/\",\n\t\t\t\t\"video\" : null,\n\t\t\t\t\"autoplay\" : null,\n\t\t\t\t\"youtube\" : null,\n\t\t\t\t\"youtubelabel\" : \"play\",\n\t\t\t\t\"brightness\" : 100,\n\t\t\t\t\"crop\" : null,\n\t\t\t\t\"background\" : true,\n\t\t\t\t\"scale\" : 1,\n\t\t\t\t\"zoom\" : false,\n\t\t\t\t\"annotations\" : null\t\t\t\t}\n\t\t\t<\/script>\n\t\t\t\t<div class=\"height-container\" style=\"padding-bottom:65.677083333333%;  \" v-if=\"sizes\">\n\t\t\t\t\t<lazy-media :inline=\"true\" :alt=\"alt\" :sizes=\"sizes\" :scale=\"scale\" :zoom=\"zoom\" :brightness=\"brightness\" :path=\"path\" :video=\"video\" :autoplay=\"autoplay\" :youtube=\"youtube\" :crop=\"crop\" :youtubelabel=\"youtubelabel\" :annotations=\"annotations\" :background=\"background\"><\/lazy-media>\n\n\t\t\t\t\t\t\t\t\t<\/div>\n\n\t\t\t\t\n\t\t\t\t\n\n\n\t\t\t\t\t\t\t\t\t\t<figcaption class=\"\">\n\t\t\t\t\t\t\t\t\t\t\t\t\t\t\t<div class=\"lazy-media-image-label\">Tour during the opening of the memorial stele exhibition<\/div>\n\t\t\t\t\t\t\t\t\t\t\t\t\t\t\t\t\t\t\t\t\t\t<div class=\"lazy-media-image-description\">\u00a9 &amp; Photo: Thabo Thindi <\/div>\n\t\t\t\t\t\t\t\t\t\t\t\t\t<\/figcaption>\n\t\t\t\t\t\t\t\t\t\n\t\t\t   \t\t\t\t\t\t\t<\/figure>\n\t\t<\/lazy-media-inline>\n\t\t\t\t\t\t\t<\/div>\n\t\t\t\t<\/div>\n\t\t\t<\/div>\n\t\t<\/div>\n\t<\/div>\n<\/section>\n\n<section class=\"block block-copy-service\">\n\t<div class=\"container-fluid\">\n\t\t<div class=\"row\">\n\t\t\t<div class=\"col-xs-12 col-md-8 padding-top-sixth margin-bottom-sixth\">\n\t\t\t\t<div class=\"box\">\n\t\t\t\t\t<div class=\"copy editor\">\n\t\t\t\t\t\t<p class=\"zeplin-subHead02\">Walking Tour on Colonial Remembrance: from Wilhelmstra\u00dfe to the \u2018Asian Pacific Streets\u2018<\/p>\n\t\t\t\t\t<\/div>\n\t\t\t\t<\/div>\n\t\t\t<\/div>\n\t\t\t<div class=\"col-xs-12 col-md-3 col-md-offset-1 padding-top-sixth margin-bottom-sixth\">\n\t\t\t\t<div class=\"box\">\n\t\t\t\t\t<div data-id=\"91386\">\n\t\t\t\t\t\t<div class=\"zeplin-copySmall\">\n\t\t\t\t\t\t\t\t\t\t\t\t\t\t<div class=\"padding-bottom-sixth\"><strong>Prices<\/strong><br>\n\t\t\t\t\t\t\t\t\t\t\t\t\t\t\t\t\t<span>Regular: 12 euros<\/span><br>\t\t\t\t\t\t\t\t\t<span>Reduced: 5 euros<\/span><br>\t\t\t\t\t\t\t\t\t<span>Children: under 6 years free of charge<\/span>\t\t\t\t\t\t\t\t\t\t\t\t\t\t\t<\/div>\n\t\t\t\t\t\t\t\t\t\t\t\t\t<\/div>\n\t\t\t\t\t\t\t\t\t\t\t\t\t<div class=\"padding-bottom-sixth zeplin-copySmall\">\n\t\t\t\t\t\t\t\t<strong>Location<\/strong><br>\n\t\t\t\t\t\t\t\tMeeting Point: <br \/>\r\nin front of the Bike Caf\u00e9<br \/>\r\nWilhelmstra\u00dfe 91<br \/>\r\n10117 Berlin (Mitte)\t\t\t\t\t\t\t<\/div>\n\t\t\t\t\t\t\t\t\t\t\t<\/div>\n\t\t\t\t\t\t\t\t\t\t\t<div class=\"padding-bottom-sixth zeplin-copySmall\">\n\t\t\t\t\t\t\t<strong>Event<\/strong><br>\n\t\t\t\t\t\t\t<div class=\"zeplin-metadata padding-bottom-sixth has-highlight-color \" v-html=\"this.$options.filters.ddmmmhh('2026-05-14 15:30:00')\"> <\/div>\n\n\t\t\t\t\t\t\t\t\t\t\t\t\t\t\t<div class=\"padding-bottom-sixth\">\n\t\t\t\t\t\t\t\t\t<a type=\"button\" href=\"https:\/\/tickets.stadtmuseum.de\/#\/product\/event\/945?date=2026-05-14&#038;date_id=13108\"\n\t\t\t\t\t\t\t\t\t\tclass=\"ho-button is-small is-primary\"><span class=\"ho-button-label\">Tickets<\/span><\/a>\n\t\t\t\t\t\t\t\t<\/div>\n\t\t\t\t\t\t\t\t\t\t\t\t\t\t\t\t\t\t\t\t<\/div>\n\t\t\t\t\t<\/div>\n\t\t\t\t\n\t\t\t\t\t\t\t\t\t<div class=\"padding-bottom-sixth zeplin-copySmall\">\n\t\t\t\t\t\t<strong>Duration<\/strong><br> <span>2h 30min<\/span>\n\t\t\t\t\t<\/div>\n\t\t\t\t\t\t\t<\/div>\n\t\t<\/div>\n\t<\/div>\n<\/section>\n\n<div class=\"sticky-museum-info\">\n\t<a type=\"button\" class=\"ho-button is-large is-secondary\" target=\"_self\" href=\"https:\/\/tickets.stadtmuseum.de\/#\/product\/event\/945?date=2026-05-14&#038;date_id=13108\"><span class=\"ho-button-label\">Tickets<\/span><\/a>\n<\/div>\n\n\n\n\n<section class=\"block block-copy\">\n\t<div class=\"container-fluid\">\n\t\t<div class=\"row\">\n\t\t\t<div class=\"col-xs-12 col-md-7\">\n\t\t\t\t<div class=\"copy\">\n\t\t\t\t\t<p>Street names and memorial steles in different parts of Berlin serve as reminders of the city&#8217;s colonial past. The walking tour starts at Wilhelmstra\u00dfe (Mitte) and leads to the temporary memorial stele exhibition \u2018Paths of Remembrance\u2018 in Wedding. Along the memorial steles, which highlight anti-colonial resistance fighters and movements, the city walk opens up new perspectives on German colonial history.<\/p>\n\t\t\t\t<\/div>\n\t\t\t<\/div>\n\t\t<\/div>\n\t<\/div>\n<\/section>\n\n\n<section class=\"block block-copy\">\n\t<div class=\"container-fluid\">\n\t\t<div class=\"row\">\n\t\t\t<div class=\"col-xs-12 col-md-7 col-md-offset-5\">\n\t\t\t\t<div class=\"copy\">\n\t\t\t\t\t<p>The tour invites participants to understand public space as a site of learning and remembrance and to critically engage with colonial continuities within the urban landscape.\u00a0 Afterwards, there will be an opportunity for exchange and discussion.<\/p>\n\t\t\t\t<\/div>\n\t\t\t<\/div>\n\t\t<\/div>\n\t<\/div>\n<\/section>\n\n\n<section class=\"block block-copy-hint\">\n\t<div class=\"container-fluid\">\n\t\t<div class=\"block-copy-hint-wrapper\">\n\t\t\t<div class=\"row\">\n\t\t\t\t<div class=\"col-xs-12 col-md-2  padding-top-sixth margin-bottom-sixth\">\n\t\t\t\t\t<div class=\"box\">\n\t\t\t\t\t\t<div class=\"copy\">\n\t\t\t\t\t\t\t<h5 class=\"zeplin-subHead05 block-copy-hint-hl\">Tickets<\/h5>\n\t\t\t\t\t\t<\/div>\n\t\t\t\t\t<\/div>\n\t\t\t\t<\/div>\n\n\t\t\t\t<div class=\"col-xs-12 col-md-8 col-md-offset-1 padding-top-sixth margin-bottom-sixth\">\n\t\t\t\t\t<div class=\"box\">\n\t\t\t\t\t\t<div class=\"copy editor\">\n\t\t\t\t\t\t\t<p>Available exclusively in advance through our ticket shop. In addition, a valid BVG ticket is required for participation.<\/p>\n\t\t\t\t\t\t<\/div>\n\t\t\t\t\t<\/div>\n\t\t\t\t<\/div>\n\t\t\t<\/div>\n\t\t\t<div class=\"row\">\n\t\t\t\t<div class=\"col-xs-12 col-md-8 col-md-offset-3\">\n\t\t\t\t\t<div class=\"box\">\n\t\t\t\t\t\t\n<div class='ho-button-group' ><\/div>\n\t\t\t\t\t<\/div>\n\t\t\t\t<\/div>\n\t\t\t<\/div>\n\t\t<\/div>\n\t<\/div>\n<\/section>\n\n\n<section class=\"block block-copy-info \">\n\t<div class=\"container-fluid\">\n\t\t<div class=\"row\">\n\t\t\t<div class=\"col-xs-12 col-md-2 padding-top-sixth margin-bottom-sixth\">\n\t\t\t\t<div class=\"box\">\n\t\t\t\t\t<div class=\"copy\">\n\t\t\t\t\t\t<h5>Event Details<\/h5>\n\t\t\t\t\t<\/div>\n\t\t\t\t<\/div>\n\t\t\t<\/div>\n\n\t\t\t<div class=\"col-xs-12 col-md-8 col-md-offset-1 padding-top-sixth margin-bottom-sixth\">\n\t\t\t\t<div class=\"box\">\n\t\t\t\t\t<div class=\"copy editor\">\n\t\t\t\t\t\t<p>The tour takes place even in rainy weather conditions. The distance between Anton-Wilhelm-Amo-Stra\u00dfe and the \u201cAsian Pacific Streets\u201d will be covered by U-Bahn. As part of the tour, a survey will be conducted in cooperation with the Institute of Social Sciences at Humboldt Universit\u00e4t zu Berlin. Participation is voluntary and anonymous.<\/p>\n\t\t\t\t\t<\/div>\n\t\t\t\t<\/div>\n\t\t\t<\/div>\n\t\t<\/div>\n\t\t<div class=\"row\">\n\t\t\t<div class=\"col-xs-12 col-md-8 col-md-offset-3\">\n\t\t\t\t<div class=\"box\">\n\t\t\t\t\t\n<div class='ho-button-group' ><\/div>\n\t\t\t\t<\/div>\n\t\t\t<\/div>\n\t\t<\/div>\n\t<\/div>\n<\/section>\n\n\n<section class=\"block block-copy-info \">\n\t<div class=\"container-fluid\">\n\t\t<div class=\"row\">\n\t\t\t<div class=\"col-xs-12 col-md-2 padding-top-sixth margin-bottom-sixth\">\n\t\t\t\t<div class=\"box\">\n\t\t\t\t\t<div class=\"copy\">\n\t\t\t\t\t\t<h5>Accessibility<\/h5>\n\t\t\t\t\t<\/div>\n\t\t\t\t<\/div>\n\t\t\t<\/div>\n\n\t\t\t<div class=\"col-xs-12 col-md-8 col-md-offset-1 padding-top-sixth margin-bottom-sixth\">\n\t\t\t\t<div class=\"box\">\n\t\t\t\t\t<div class=\"copy editor\">\n\t\t\t\t\t\t<p>The walking tour takes place on flat, street-level paths. Elevators are available at the U-Bahn stations, but their operation cannot be guaranteed. Please check accessibility conditions independently.<\/p>\n\t\t\t\t\t<\/div>\n\t\t\t\t<\/div>\n\t\t\t<\/div>\n\t\t<\/div>\n\t\t<div class=\"row\">\n\t\t\t<div class=\"col-xs-12 col-md-8 col-md-offset-3\">\n\t\t\t\t<div class=\"box\">\n\t\t\t\t\t\n<div class='ho-button-group' ><\/div>\n\t\t\t\t<\/div>\n\t\t\t<\/div>\n\t\t<\/div>\n\t<\/div>\n<\/section>\n\n\n<section class=\"block block-copy block-no-margin\">\n\t<div class=\"container-fluid\">\n\t\t<div class=\"row\">\n\t\t\t<div class=\"col-xs-12 col-md-7\">\n\t\t\t\t<div class=\"copy\">\n\t\t\t\t\t<p><em>In cooperation with<\/em><\/p>\n\t\t\t\t<\/div>\n\t\t\t<\/div>\n\t\t<\/div>\n\t<\/div>\n<\/section>\n\n\n\n<section class=\"block block-logos\" aria-label=\"Partners\">\n    <div class=\"container-fluid\">\n\t\t\n<div class='row' >\n<div class=\"col-xs-3 col-md-2 center-xs block-logos-item-wrapper\">\n\t<div class=\"box margin-bottom-sixth block-logos-item\" style=\" width:100%;\">\n\t\t<div class='link'>\t\t\n\t\t<lazy-media-inline inline-template data-id=\"89988\">\n\t\t\t<figure itemscope itemtype=\"http:\/\/schema.org\/ImageObject\" class=\"lazy-media-inline \" role=\"group\" id=\"media_69ef66f363ba0\">\n\t\t\t\t<script type=\"application\/json\" ref=\"data\">\n\t\t\t\t{\n\t\t\t\t\"sizes\" : {\"medium\":{\"file\":\"kv_einfach_schwarz_ohne_rgb_72-300x80.jpg\",\"width\":300,\"height\":80,\"mime-type\":\"image\\\/jpeg\",\"filesize\":5901},\"large\":{\"file\":\"kv_einfach_schwarz_ohne_rgb_72-1024x273.jpg\",\"width\":1024,\"height\":273,\"mime-type\":\"image\\\/jpeg\",\"filesize\":28239},\"medium_large\":{\"file\":\"kv_einfach_schwarz_ohne_rgb_72-768x205.jpg\",\"width\":768,\"height\":205,\"mime-type\":\"image\\\/jpeg\",\"filesize\":20714},\"1536x1536\":{\"file\":\"kv_einfach_schwarz_ohne_rgb_72-1536x409.jpg\",\"width\":1536,\"height\":409,\"mime-type\":\"image\\\/jpeg\",\"filesize\":45489},\"2048x2048\":{\"file\":\"kv_einfach_schwarz_ohne_rgb_72-2048x546.jpg\",\"width\":2048,\"height\":546,\"mime-type\":\"image\\\/jpeg\",\"filesize\":63995},\"small\":{\"file\":\"kv_einfach_schwarz_ohne_rgb_72-440x117.jpg\",\"width\":440,\"height\":117,\"mime-type\":\"image\\\/jpeg\",\"filesize\":9943},\"semi\":{\"file\":\"kv_einfach_schwarz_ohne_rgb_72-580x155.jpg\",\"width\":580,\"height\":155,\"mime-type\":\"image\\\/jpeg\",\"filesize\":14128},\"mobile\":{\"file\":\"kv_einfach_schwarz_ohne_rgb_72-720x192.jpg\",\"width\":720,\"height\":192,\"mime-type\":\"image\\\/jpeg\",\"filesize\":18784},\"hd\":{\"file\":\"kv_einfach_schwarz_ohne_rgb_72-1280x341.jpg\",\"width\":1280,\"height\":341,\"mime-type\":\"image\\\/jpeg\",\"filesize\":36568},\"full\":{\"file\":\"kv_einfach_schwarz_ohne_rgb_72-1920x512.jpg\",\"width\":1920,\"height\":512,\"mime-type\":\"image\\\/jpeg\",\"filesize\":59225},\"xxl\":{\"file\":\"kv_einfach_schwarz_ohne_rgb_72-4048x1079.jpg\",\"width\":4048,\"height\":1079,\"mime-type\":\"image\\\/jpeg\",\"filesize\":158616},\"original\":{\"file\":\"kv_einfach_schwarz_ohne_rgb_72.jpg\",\"width\":8459,\"height\":2255}},\n\t\t\t\t\"alt\" : \"\",\n\t\t\t\t\"path\" : \"\\\/wp-content\\\/uploads\\\/2026\\\/02\\\/\",\n\t\t\t\t\"video\" : null,\n\t\t\t\t\"autoplay\" : null,\n\t\t\t\t\"youtube\" : null,\n\t\t\t\t\"youtubelabel\" : \"play\",\n\t\t\t\t\"brightness\" : 100,\n\t\t\t\t\"crop\" : null,\n\t\t\t\t\"background\" : false,\n\t\t\t\t\"scale\" : 1,\n\t\t\t\t\"zoom\" : false,\n\t\t\t\t\"annotations\" : null\t\t\t\t}\n\t\t\t<\/script>\n\t\t\t\t<div class=\"height-container\" style=\"padding-bottom:26.65799739922%;  \" v-if=\"sizes\">\n\t\t\t\t\t<lazy-media :inline=\"true\" :alt=\"alt\" :sizes=\"sizes\" :scale=\"scale\" :zoom=\"zoom\" :brightness=\"brightness\" :path=\"path\" :video=\"video\" :autoplay=\"autoplay\" :youtube=\"youtube\" :crop=\"crop\" :youtubelabel=\"youtubelabel\" :annotations=\"annotations\" :background=\"background\"><\/lazy-media>\n\n\t\t\t\t\t\t\t\t\t<\/div>\n\n\t\t\t\t\n\t\t\t\t\n\n\n\t\t\t\t\n\t\t\t   \t\t\t\t\t\t\t<\/figure>\n\t\t<\/lazy-media-inline>\n\t\t\n\t\t<\/div>\t<\/div>\n<\/div>\n\n\n\n<div class=\"col-xs-3 col-md-2 center-xs block-logos-item-wrapper\">\n\t<div class=\"box margin-bottom-sixth block-logos-item\" style=\" width:100%;\">\n\t\t<div class='link'>\t\t\n\t\t<lazy-media-inline inline-template data-id=\"89975\">\n\t\t\t<figure itemscope itemtype=\"http:\/\/schema.org\/ImageObject\" class=\"lazy-media-inline \" role=\"group\" id=\"media_69ef66f364007\">\n\t\t\t\t<script type=\"application\/json\" ref=\"data\">\n\t\t\t\t{\n\t\t\t\t\"sizes\" : {\"medium\":{\"file\":\"wortmarke_dekoloniale_rz_kurzversion-300x46.jpg\",\"width\":300,\"height\":46,\"mime-type\":\"image\\\/jpeg\",\"filesize\":5507},\"large\":{\"file\":\"wortmarke_dekoloniale_rz_kurzversion-1024x158.jpg\",\"width\":1024,\"height\":158,\"mime-type\":\"image\\\/jpeg\",\"filesize\":19405},\"medium_large\":{\"file\":\"wortmarke_dekoloniale_rz_kurzversion-768x119.jpg\",\"width\":768,\"height\":119,\"mime-type\":\"image\\\/jpeg\",\"filesize\":14036},\"1536x1536\":{\"file\":\"wortmarke_dekoloniale_rz_kurzversion-1536x237.jpg\",\"width\":1536,\"height\":237,\"mime-type\":\"image\\\/jpeg\",\"filesize\":29777},\"small\":{\"file\":\"wortmarke_dekoloniale_rz_kurzversion-440x68.jpg\",\"width\":440,\"height\":68,\"mime-type\":\"image\\\/jpeg\",\"filesize\":7743},\"semi\":{\"file\":\"wortmarke_dekoloniale_rz_kurzversion-580x90.jpg\",\"width\":580,\"height\":90,\"mime-type\":\"image\\\/jpeg\",\"filesize\":10675},\"mobile\":{\"file\":\"wortmarke_dekoloniale_rz_kurzversion-720x111.jpg\",\"width\":720,\"height\":111,\"mime-type\":\"image\\\/jpeg\",\"filesize\":13336},\"hd\":{\"file\":\"wortmarke_dekoloniale_rz_kurzversion-1280x198.jpg\",\"width\":1280,\"height\":198,\"mime-type\":\"image\\\/jpeg\",\"filesize\":24433},\"original\":{\"file\":\"wortmarke_dekoloniale_rz_kurzversion.jpg\",\"width\":1779,\"height\":275}},\n\t\t\t\t\"alt\" : \"\",\n\t\t\t\t\"path\" : \"\\\/wp-content\\\/uploads\\\/2026\\\/02\\\/\",\n\t\t\t\t\"video\" : null,\n\t\t\t\t\"autoplay\" : null,\n\t\t\t\t\"youtube\" : null,\n\t\t\t\t\"youtubelabel\" : \"play\",\n\t\t\t\t\"brightness\" : 100,\n\t\t\t\t\"crop\" : null,\n\t\t\t\t\"background\" : false,\n\t\t\t\t\"scale\" : 1,\n\t\t\t\t\"zoom\" : false,\n\t\t\t\t\"annotations\" : null\t\t\t\t}\n\t\t\t<\/script>\n\t\t\t\t<div class=\"height-container\" style=\"padding-bottom:15.458122540753%;  \" v-if=\"sizes\">\n\t\t\t\t\t<lazy-media :inline=\"true\" :alt=\"alt\" :sizes=\"sizes\" :scale=\"scale\" :zoom=\"zoom\" :brightness=\"brightness\" :path=\"path\" :video=\"video\" :autoplay=\"autoplay\" :youtube=\"youtube\" :crop=\"crop\" :youtubelabel=\"youtubelabel\" :annotations=\"annotations\" :background=\"background\"><\/lazy-media>\n\n\t\t\t\t\t\t\t\t\t<\/div>\n\n\t\t\t\t\n\t\t\t\t\n\n\n\t\t\t\t\n\t\t\t   \t\t\t\t\t\t\t<\/figure>\n\t\t<\/lazy-media-inline>\n\t\t\n\t\t<\/div>\t<\/div>\n<\/div>\n<\/div>\n    <\/div>\n<\/section>\n","protected":false},"excerpt":{"rendered":"<p>Walking Tour on Colonial Remembrance: from Wilhelmstra\u00dfe to the \u2018Asian Pacific Streets\u2018<\/p>\n","protected":false},"featured_media":91377,"template":"","event-category":[377,207],"museumsportal-category":[],"museumsportal-languages":[],"museumsportal-topic":[],"acf":[],"_links":{"self":[{"href":"https:\/\/www.stadtmuseum.de\/en\/wp-json\/wp\/v2\/event\/91386"}],"collection":[{"href":"https:\/\/www.stadtmuseum.de\/en\/wp-json\/wp\/v2\/event"}],"about":[{"href":"https:\/\/www.stadtmuseum.de\/en\/wp-json\/wp\/v2\/types\/event"}],"version-history":[{"count":2,"href":"https:\/\/www.stadtmuseum.de\/en\/wp-json\/wp\/v2\/event\/91386\/revisions"}],"predecessor-version":[{"id":91446,"href":"https:\/\/www.stadtmuseum.de\/en\/wp-json\/wp\/v2\/event\/91386\/revisions\/91446"}],"wp:featuredmedia":[{"embeddable":true,"href":"https:\/\/www.stadtmuseum.de\/en\/wp-json\/wp\/v2\/media\/91377"}],"wp:attachment":[{"href":"https:\/\/www.stadtmuseum.de\/en\/wp-json\/wp\/v2\/media?parent=91386"}],"wp:term":[{"taxonomy":"event-category","embeddable":true,"href":"https:\/\/www.stadtmuseum.de\/en\/wp-json\/wp\/v2\/event-category?post=91386"},{"taxonomy":"museumsportal-category","embeddable":true,"href":"https:\/\/www.stadtmuseum.de\/en\/wp-json\/wp\/v2\/museumsportal-category?post=91386"},{"taxonomy":"museumsportal-languages","embeddable":true,"href":"https:\/\/www.stadtmuseum.de\/en\/wp-json\/wp\/v2\/museumsportal-languages?post=91386"},{"taxonomy":"museumsportal-topic","embeddable":true,"href":"https:\/\/www.stadtmuseum.de\/en\/wp-json\/wp\/v2\/museumsportal-topic?post=91386"}],"curies":[{"name":"wp","href":"https:\/\/api.w.org\/{rel}","templated":true}]}}