{"id":92168,"date":"2026-04-27T10:51:35","date_gmt":"2026-04-27T08:51:35","guid":{"rendered":"https:\/\/www.stadtmuseum.de\/?post_type=event&#038;p=92168"},"modified":"2026-04-28T14:56:40","modified_gmt":"2026-04-28T12:56:40","slug":"museum-festival-for-the-anniversary","status":"publish","type":"event","link":"https:\/\/www.stadtmuseum.de\/en\/events\/museum-festival-for-the-anniversary","title":{"rendered":"Museum Festival"},"content":{"rendered":"<section class=\"block block-header-event padding-top-third\" >\n\t<div class=\"container-fluid\">\n\t\t<div class=\"row\">\n\t\t\t<div class=\"col-xs-12 col-md-6 margin-bottom-sixth\">\n\t\t\t\t\t\t\t\t\t<div class=\"zeplin-metadata margin-bottom-minimal clamp-1\">Day of action,  Nikolai Quarter<\/div>\n\t\t\t\t\t\t\t\t<h1 class=\"zeplin-subHead01 margin-bottom-sixth\">Museum Festival<\/h1>\n\n\t\t\t\t\t\t\t\t<a href=\"https:\/\/www.stadtmuseum.de\/en\/museum\/museum-ephraim-palais\" class=\"ho-button is-small is-text has-icon-text-inside\">\n\t\t\t\t\t<span class=\"ho-button-icon icon-pin\"><\/span>\n\t\t\t\t\t<span class=\"ho-button-label\">Museum Ephraim-Palais<\/span>\n\t\t\t\t<\/a>\n\t\t\t\t\t\t\t\t<a href=\"https:\/\/www.stadtmuseum.de\/en\/museum\/museum-knoblauchhaus\" class=\"ho-button is-small is-text has-icon-text-inside\">\n\t\t\t\t\t<span class=\"ho-button-icon icon-pin\"><\/span>\n\t\t\t\t\t<span class=\"ho-button-label\">Museum Knoblauchhaus<\/span>\n\t\t\t\t<\/a>\n\t\t\t\t\t\t\t\t<a href=\"https:\/\/www.stadtmuseum.de\/en\/museum\/museum-nikolaikirche\" class=\"ho-button is-small is-text has-icon-text-inside\">\n\t\t\t\t\t<span class=\"ho-button-icon icon-pin\"><\/span>\n\t\t\t\t\t<span class=\"ho-button-label\">Museum Nikolaikirche<\/span>\n\t\t\t\t<\/a>\n\t\t\t\t\t\t\t<\/div>\n\t\t<\/div>\n\t\t<div class=\"row\">\n\t\t\t<div class=\"col-xs-9 col-xs-offset-3 col-md-5 col-md-offset-1 padding-top-third\">\n\t\t\t\t\n\t\t<lazy-media-inline inline-template data-id=\"70055\">\n\t\t\t<figure itemscope itemtype=\"http:\/\/schema.org\/ImageObject\" class=\"lazy-media-inline \" role=\"group\" id=\"media_69f0eb05b6350\">\n\t\t\t\t<script type=\"application\/json\" ref=\"data\">\n\t\t\t\t{\n\t\t\t\t\"sizes\" : {\"medium\":{\"file\":\"DSC199856_1920px-e1777282536251-300x200.jpg\",\"width\":300,\"height\":200,\"mime-type\":\"image\\\/jpeg\",\"filesize\":20798},\"medium_large\":{\"file\":\"DSC199856_1920px-e1777282536251-768x512.jpg\",\"width\":768,\"height\":512,\"mime-type\":\"image\\\/jpeg\",\"filesize\":103040},\"small\":{\"file\":\"DSC199856_1920px-e1777282536251-440x293.jpg\",\"width\":440,\"height\":293,\"mime-type\":\"image\\\/jpeg\",\"filesize\":40592},\"semi\":{\"file\":\"DSC199856_1920px-e1777282536251-580x387.jpg\",\"width\":580,\"height\":387,\"mime-type\":\"image\\\/jpeg\",\"filesize\":65482},\"mobile\":{\"file\":\"DSC199856_1920px-e1777282536251-720x480.jpg\",\"width\":720,\"height\":480,\"mime-type\":\"image\\\/jpeg\",\"filesize\":92958},\"original\":{\"file\":\"DSC199856_1920px-e1777282536251.jpg\",\"width\":1000,\"height\":667}},\n\t\t\t\t\"alt\" : \"Das belebte Nikolaiviertel im Sommer\",\n\t\t\t\t\"path\" : \"\\\/wp-content\\\/uploads\\\/2025\\\/06\\\/\",\n\t\t\t\t\"video\" : null,\n\t\t\t\t\"autoplay\" : null,\n\t\t\t\t\"youtube\" : null,\n\t\t\t\t\"youtubelabel\" : \"play\",\n\t\t\t\t\"brightness\" : 100,\n\t\t\t\t\"crop\" : null,\n\t\t\t\t\"background\" : true,\n\t\t\t\t\"scale\" : 1,\n\t\t\t\t\"zoom\" : false,\n\t\t\t\t\"annotations\" : null\t\t\t\t}\n\t\t\t<\/script>\n\t\t\t\t<div class=\"height-container\" style=\"padding-bottom:66.7%;  \" v-if=\"sizes\">\n\t\t\t\t\t<lazy-media :inline=\"true\" :alt=\"alt\" :sizes=\"sizes\" :scale=\"scale\" :zoom=\"zoom\" :brightness=\"brightness\" :path=\"path\" :video=\"video\" :autoplay=\"autoplay\" :youtube=\"youtube\" :crop=\"crop\" :youtubelabel=\"youtubelabel\" :annotations=\"annotations\" :background=\"background\"><\/lazy-media>\n\n\t\t\t\t\t\t\t\t\t<\/div>\n\n\t\t\t\t\n\t\t\t\t\n\n\n\t\t\t\t\t\t\t\t\t\t<figcaption class=\"\">\n\t\t\t\t\t\t\t\t\t\t\t\t\t\t\t<div class=\"lazy-media-image-label\">Welcome to the Museum Festival!<\/div>\n\t\t\t\t\t\t\t\t\t\t\t\t\t\t\t\t\t\t\t\t\t\t<div class=\"lazy-media-image-description\">\u00a9 Stadtmuseum Berlin | Photo: Alexander Rentsch <\/div>\n\t\t\t\t\t\t\t\t\t\t\t\t\t<\/figcaption>\n\t\t\t\t\t\t\t\t\t\n\t\t\t   \t\t\t\t\t\t\t<\/figure>\n\t\t<\/lazy-media-inline>\n\t\t\t\t\t<\/div>\n\n\t\t\t<div class=\"col-xs-6 col-md-4 col-md-offset-2\">\n\t\t\t\t<div class=\"block-header-event-image-small-wrapper\">\n\t\t\t\t\t<div class=\"block-header-event-image-small\">\n\t\t\t\t\t\t\n\t\t<lazy-media-inline inline-template data-id=\"70183\">\n\t\t\t<figure itemscope itemtype=\"http:\/\/schema.org\/ImageObject\" class=\"lazy-media-inline \" role=\"group\" id=\"media_69f0eb05b64f1\">\n\t\t\t\t<script type=\"application\/json\" ref=\"data\">\n\t\t\t\t{\n\t\t\t\t\"sizes\" : {\"medium\":{\"file\":\"DSC200278_1920px-300x200.jpg\",\"width\":300,\"height\":200,\"mime-type\":\"image\\\/jpeg\",\"filesize\":11153},\"large\":{\"file\":\"DSC200278_1920px-1024x683.jpg\",\"width\":1024,\"height\":683,\"mime-type\":\"image\\\/jpeg\",\"filesize\":63415},\"medium_large\":{\"file\":\"DSC200278_1920px-768x512.jpg\",\"width\":768,\"height\":512,\"mime-type\":\"image\\\/jpeg\",\"filesize\":41864},\"1536x1536\":{\"file\":\"DSC200278_1920px-1536x1024.jpg\",\"width\":1536,\"height\":1024,\"mime-type\":\"image\\\/jpeg\",\"filesize\":114724},\"small\":{\"file\":\"DSC200278_1920px-440x293.jpg\",\"width\":440,\"height\":293,\"mime-type\":\"image\\\/jpeg\",\"filesize\":19209},\"semi\":{\"file\":\"DSC200278_1920px-580x387.jpg\",\"width\":580,\"height\":387,\"mime-type\":\"image\\\/jpeg\",\"filesize\":28512},\"mobile\":{\"file\":\"DSC200278_1920px-720x480.jpg\",\"width\":720,\"height\":480,\"mime-type\":\"image\\\/jpeg\",\"filesize\":38207},\"hd\":{\"file\":\"DSC200278_1920px-1280x853.jpg\",\"width\":1280,\"height\":853,\"mime-type\":\"image\\\/jpeg\",\"filesize\":87712},\"original\":{\"file\":\"DSC200278_1920px.jpg\",\"width\":1920,\"height\":1280}},\n\t\t\t\t\"alt\" : \"\",\n\t\t\t\t\"path\" : \"\\\/wp-content\\\/uploads\\\/2025\\\/06\\\/\",\n\t\t\t\t\"video\" : null,\n\t\t\t\t\"autoplay\" : null,\n\t\t\t\t\"youtube\" : null,\n\t\t\t\t\"youtubelabel\" : \"play\",\n\t\t\t\t\"brightness\" : 100,\n\t\t\t\t\"crop\" : null,\n\t\t\t\t\"background\" : true,\n\t\t\t\t\"scale\" : 1,\n\t\t\t\t\"zoom\" : false,\n\t\t\t\t\"annotations\" : null\t\t\t\t}\n\t\t\t<\/script>\n\t\t\t\t<div class=\"height-container\" style=\"padding-bottom:66.666666666667%;  \" v-if=\"sizes\">\n\t\t\t\t\t<lazy-media :inline=\"true\" :alt=\"alt\" :sizes=\"sizes\" :scale=\"scale\" :zoom=\"zoom\" :brightness=\"brightness\" :path=\"path\" :video=\"video\" :autoplay=\"autoplay\" :youtube=\"youtube\" :crop=\"crop\" :youtubelabel=\"youtubelabel\" :annotations=\"annotations\" :background=\"background\"><\/lazy-media>\n\n\t\t\t\t\t\t\t\t\t<\/div>\n\n\t\t\t\t\n\t\t\t\t\n\n\n\t\t\t\t\t\t\t\t\t\t<figcaption class=\"\">\n\t\t\t\t\t\t\t\t\t\t\t\t\t\t\t<div class=\"lazy-media-image-label\">From 4 pm, there will be concerts on two stages.<\/div>\n\t\t\t\t\t\t\t\t\t\t\t\t\t\t\t\t\t\t\t\t\t\t<div class=\"lazy-media-image-description\">\u00a9 Stadtmuseum Berlin | Photo: Alexander Rentsch <\/div>\n\t\t\t\t\t\t\t\t\t\t\t\t\t<\/figcaption>\n\t\t\t\t\t\t\t\t\t\n\t\t\t   \t\t\t\t\t\t\t<\/figure>\n\t\t<\/lazy-media-inline>\n\t\t\t\t\t\t\t<\/div>\n\t\t\t\t<\/div>\n\t\t\t<\/div>\n\t\t<\/div>\n\t<\/div>\n<\/section>\n\n<section class=\"block block-copy-service\">\n\t<div class=\"container-fluid\">\n\t\t<div class=\"row\">\n\t\t\t<div class=\"col-xs-12 col-md-8 padding-top-sixth margin-bottom-sixth\">\n\t\t\t\t<div class=\"box\">\n\t\t\t\t\t<div class=\"copy editor\">\n\t\t\t\t\t\t<p class=\"zeplin-subHead02\">Music on two stages, open museums, lively squares and a programme for all generations: on 21 June, the Nikolaiviertel will be transformed into a vibrant festival site as part of the F\u00eate de la Musique.<\/p>\n\t\t\t\t\t<\/div>\n\t\t\t\t<\/div>\n\t\t\t<\/div>\n\t\t\t<div class=\"col-xs-12 col-md-3 col-md-offset-1 padding-top-sixth margin-bottom-sixth\">\n\t\t\t\t<div class=\"box\">\n\t\t\t\t\t<div data-id=\"92168\">\n\t\t\t\t\t\t<div class=\"zeplin-copySmall\">\n\t\t\t\t\t\t\t\t\t\t\t\t\t\t<div class=\"padding-bottom-sixth\"><strong>Prices<\/strong><br>\n\t\t\t\t\t\t\t\t\t\t\t\t\t\t\t\t\t<span>Regular: free of charge<\/span><br>\t\t\t\t\t\t\t\t\t\t\t\t\t\t\t\t\t\t\t\t\t\t\t\t\t\t\t\t\t\t\t\t\t<\/div>\n\t\t\t\t\t\t\t\t\t\t\t\t\t<\/div>\n\t\t\t\t\t\t\t\t\t\t\t\t\t<div class=\"padding-bottom-sixth zeplin-copySmall\">\n\t\t\t\t\t\t\t\t<strong>Location<\/strong><br>\n\t\t\t\t\t\t\t\tNikolaiviertel | 10178 Berlin<br \/>\r\n<br \/>\r\nFrom 10 am, the museums will be open; guided tours begin at 2 pm, followed by creative activities from 3 pm and the stage programme from 4 pm.<br \/>\r\n<br \/>\r\nParking around the Nikolaiviertel is very limited. We recommend arriving by public transport.<br \/>\r\n<br \/>\r\nDuring the Museum Festival, video and photo recordings will be made and may be used for an unlimited period for public relations purposes by the Stiftung Stadtmuseum Berlin. By taking part, you agree that these recordings may be published.<br \/>\r\n<br \/>\r\nWe reserve the right to make changes to the programme at short notice in the event of bad weather.\t\t\t\t\t\t\t<\/div>\n\t\t\t\t\t\t\t\t\t\t\t<\/div>\n\t\t\t\t\t\t\t\t\t\t\t<div class=\"padding-bottom-sixth zeplin-copySmall\">\n\t\t\t\t\t\t\t<strong>Event<\/strong><br>\n\t\t\t\t\t\t\t<div class=\"zeplin-metadata padding-bottom-sixth has-highlight-color \" v-html=\"this.$options.filters.ddmmmhh('2026-06-21 15:00:00')\"> <\/div>\n\n\t\t\t\t\t\t\t\t\t\t\t\t\t\t\t\t\t\t\t\t<\/div>\n\t\t\t\t\t<\/div>\n\t\t\t\t\n\t\t\t\t\t\t\t\t\t<div class=\"padding-bottom-sixth zeplin-copySmall\">\n\t\t\t\t\t\t<strong>Duration<\/strong><br> <span>7h <\/span>\n\t\t\t\t\t<\/div>\n\t\t\t\t\t\t\t<\/div>\n\t\t<\/div>\n\t<\/div>\n<\/section>\n\n\n\n\n\n<section class=\"block block-anchor-nav\">\n<div class=\"container-fluid\">\n\t<div class=\"row center-xs\">\n\t\t<div class=\"col-xs-12\">\n\t\t\t<block-anchor-nav inline-template :js-header=\"true\">\n\t\t\t\t<div class=\"anchor-nav-relative\">\n\t\t\t\t\t<div class=\"anchor-nav\">\n\t\t\t\t\t\t<ul class=\"anchor-nav-list\" ref=\"list\" v-if=\"buttonItems\">\n\t\t\t\t\t\t\t\n\t\t\t\t\t\t\t\t<li v-for=\"buttonItem in buttonItems\" class=\"anchor-nav-list-item\" :data-link=\"buttonItem.link\">\n\t\t\t\t\t\t\t\t\t<button class=\"ho-button is-text\" @click=\"select(buttonItem.link)\">\n\t\t\t\t\t\t\t\t\t\t<span class=\"ho-button-label\" v-html=\"buttonItem.label\"><\/span>\n\t\t\t\t\t\t\t\t\t<\/button>\n\n\t\t\t\t\t\t\t\t\t<div class=\"anchor-nav-progress-wrapper\">\n\t\t\t\t\t\t\t\t\t\t<div class=\"anchor-nav-progress-bar\" aria-hidden=\"true\"><\/div>\n\t\t\t\t\t\t\t\t\t<\/div>\n\t\t\t\t\t\t\t\t<\/li>\n\t\t\t\t\t\t\t\n\t\t\t\t\t\t<\/ul>\n\n\t\t\t\t\t\t<button type=\"button\" ref=\"backBtn\" @click=\"backToTop\" class=\"anchor-nav-top-btn ho-button is-tertiary has-icon\" aria-label=\"Back to the top\">\n\t\t\t\t\t\t\t<span class=\"ho-button-icon icon-jump1\"><\/span>\n\t\t\t\t\t\t<\/button>\n\t\t\t\t\t<\/div>\n\t\t\t\t<\/div>\n\t\t\t<\/block-anchor-nav>\n\t\t<\/div>\n\t<\/div>\n<\/div>\n<\/section>\n\n\n<section class=\"block block-copy\">\n\t<div class=\"container-fluid\">\n\t\t<div class=\"row\">\n\t\t\t<div class=\"col-xs-12 col-md-7\">\n\t\t\t\t<div class=\"copy\">\n\t\t\t\t\t<p>For the second time, Stadtmuseum Berlin is combining its Museumsfest with the F\u00eate de la Musique and inviting visitors to rediscover historic Berlin. From 2 pm, the museums will open and guided tours will begin; creative activities follow from 3 pm, and the stage programme starts at 4 pm.<\/p>\n\t\t\t\t<\/div>\n\t\t\t<\/div>\n\t\t<\/div>\n\t<\/div>\n<\/section>\n\n\n<section class=\"block block-headline block-no-margin\" >\n\t<div class=\"container-fluid\">\n\t\t<div class=\"row\">\n\t\t\t\t\t\t<div class=\"col-xs-12 col-md-7\">\n\t\t\t\t<div class=\"box\">\n\t\t\t\t\t<h2 class=\"h3\">History Meets Music<\/h2>\n\t\t\t\t<\/div>\n\t\t\t<\/div>\n\t\t\t\t\t<\/div>\n\t<\/div>\n<\/section>\n\n\n<section class=\"block block-copy\">\n\t<div class=\"container-fluid\">\n\t\t<div class=\"row\">\n\t\t\t<div class=\"col-xs-12 col-md-7\">\n\t\t\t\t<div class=\"copy\">\n\t\t\t\t\t<p>Look forward to a varied music programme on two stages. Experience the talented singer-songwriter Oranya, rousing sounds from around the world performed by various Berlin choirs, music with groove and heart for children from Richards Musikladen, and German-language pop by Trille.<br>In addition, explore the historic Nikolaiviertel on engaging guided tours, and visit our exhibitions at the Knoblauchhaus Museum, the Museum Nikolaikirche and the Ephraim-Palais Museum. Gain exclusive insights into our collections, build musical instruments with your children, dance in a breakdance workshop and test your knowledge in our museum quiz.<br><br><strong>Moderators:<\/strong>\u00a0Anjouna Novak, Melanie Huber<\/p>\n\t\t\t\t<\/div>\n\t\t\t<\/div>\n\t\t<\/div>\n\t<\/div>\n<\/section>\n\n\n<section class=\"block block-copy\">\n\t<div class=\"container-fluid\">\n\t\t<div class=\"row\">\n\t\t\t<div class=\"col-xs-12 col-md-7\">\n\t\t\t\t<div class=\"copy\">\n\t\t\t\t\t<p><em>We are continuously updating the programme for you. Details about the bands, creative activities and guided tours can be found on this page.<\/em><\/p>\n\t\t\t\t<\/div>\n\t\t\t<\/div>\n\t\t<\/div>\n\t<\/div>\n<\/section>\n\n\n<section class=\"block block-headline has-highlight-color block-no-margin\" >\n\t<div class=\"container-fluid\">\n\t\t<div class=\"row\">\n\t\t\t\t\t\t<div class=\"col-xs-12 col-md-7\">\n\t\t\t\t<div class=\"box\">\n\t\t\t\t\t<h2 class=\"h3\">Programme<\/h2>\n\t\t\t\t<\/div>\n\t\t\t<\/div>\n\t\t\t\t\t<\/div>\n\t<\/div>\n<\/section>\n\n\n<section class=\"block block-copy block-no-margin\">\n\t<div class=\"container-fluid\">\n\t\t<div class=\"row\">\n\t\t\t<div class=\"col-xs-12 col-md-7\">\n\t\t\t\t<div class=\"copy\">\n\t\t\t\t\t<p><strong>16:00 &#8211; 16:05<\/strong> | Stage in front of the Nikolaikirche<br><mark style=\"background-color:#FFFFFF\" class=\"has-inline-color has-highlight-color\">Opening of the Museum Festival by Sophie Plagemann, Artistic Director of the Stiftung Stadtmuseum Berlin<\/mark><\/p>\n\t\t\t\t<\/div>\n\t\t\t<\/div>\n\t\t<\/div>\n\t<\/div>\n<\/section>\n\n\n<section class=\"block block-headline block-no-margin\"  id='concerts' data-anchor='concerts' data-anchor-name='Concerts'>\n\t<div class=\"container-fluid\">\n\t\t<div class=\"row\">\n\t\t\t\t\t\t<div class=\"col-xs-12 col-md-7\">\n\t\t\t\t<div class=\"box\">\n\t\t\t\t\t<h2 class=\"h4\">Concerts<\/h2>\n\t\t\t\t<\/div>\n\t\t\t<\/div>\n\t\t\t\t\t<\/div>\n\t<\/div>\n<\/section>\n\n\n<section class=\"block block-copy\">\n\t<div class=\"container-fluid\">\n\t\t<div class=\"row\">\n\t\t\t<div class=\"col-xs-12 col-md-7\">\n\t\t\t\t<div class=\"copy\">\n\t\t\t\t\t<p><strong>16:05 &#8211; 16:30<\/strong> | Stage in front of the Nikolaikirche<br><mark style=\"background-color:#FFFFFF\" class=\"has-inline-color has-highlight-color\">Choir &#8220;Women in Harmony&#8221;<\/mark><br><br><strong>16:40 &#8211; 17:25<\/strong> | Stage in front of the Museum Laboratory<br><mark style=\"background-color:#FFFFFF\" class=\"has-inline-color has-highlight-color\">Richards Kindermusikladen<\/mark><br><br><strong>17:30 &#8211; 17:55<\/strong> | Dance area in front of the Nikolaikirche<br><mark style=\"background-color:#FFFFFF\" class=\"has-inline-color has-highlight-color\">Breakdance workshop on the history of breaking in Berlin, led by StreetUniverCity<\/mark><br><br><strong>18:00 &#8211; 18:30<\/strong> | Stage in front of the Museum Laboratory<br><mark style=\"background-color:#FFFFFF\" class=\"has-inline-color has-highlight-color\">Die UKULELERS from Glienicke<\/mark><br><br><strong>18:35 &#8211; 19:10 <\/strong>| Stage in front of the Nikolaikirche<br><mark style=\"background-color:#FFFFFF\" class=\"has-inline-color has-highlight-color\">Die QuerChorallen Berlin<\/mark><br><br><strong>19:25 &#8211; 20:10<\/strong> | Stage in front of the Nikolaikirche<br><mark style=\"background-color:#FFFFFF\" class=\"has-inline-color has-highlight-color\">ORANYA<\/mark><br><br><strong>20:15 &#8211; 20:55<\/strong> | Stage in front of the Museum Laboratory<br><mark style=\"background-color:#FFFFFF\" class=\"has-inline-color has-highlight-color\">Special Guest<\/mark><br><br><strong>21:00 &#8211; 22:00<\/strong> | Stage in front of the Nikolaikirche<br><mark style=\"background-color:#FFFFFF\" class=\"has-inline-color has-highlight-color\">Trille<\/mark><\/p>\n\t\t\t\t<\/div>\n\t\t\t<\/div>\n\t\t<\/div>\n\t<\/div>\n<\/section>\n\n\n<section class=\"block block-headline block-no-margin\"  id='creative-activities' data-anchor='creative-activities' data-anchor-name='Creative Activities'>\n\t<div class=\"container-fluid\">\n\t\t<div class=\"row\">\n\t\t\t\t\t\t<div class=\"col-xs-12 col-md-7\">\n\t\t\t\t<div class=\"box\">\n\t\t\t\t\t<h2 class=\"h4\">Creative Activities<\/h2>\n\t\t\t\t<\/div>\n\t\t\t<\/div>\n\t\t\t\t\t<\/div>\n\t<\/div>\n<\/section>\n\n\n<section class=\"block block-copy\">\n\t<div class=\"container-fluid\">\n\t\t<div class=\"row\">\n\t\t\t<div class=\"col-xs-12 col-md-7\">\n\t\t\t\t<div class=\"copy\">\n\t\t\t\t\t<p><strong>15:00 &#8211; 21:00<\/strong> | in front of the Museum Ephraim-Palais<br><mark style=\"background-color:#FFFFFF\" class=\"has-inline-color has-highlight-color\">The large instrument sound workshop<\/mark><mark class=\"has-inline-color has-highlight-color\"><br><\/mark><br><strong>15:00 &#8211; 21:00 <\/strong>| next to the children\u2019s laboratory at the Museum Knoblauchhaus <br><mark style=\"background-color:#FFFFFF\" class=\"has-inline-color has-highlight-color\">Summer accessories for hot days<\/mark><\/p>\n\t\t\t\t<\/div>\n\t\t\t<\/div>\n\t\t<\/div>\n\t<\/div>\n<\/section>\n\n\n<section class=\"block block-headline block-no-margin\"  id='guided-tours-in-german' data-anchor='guided-tours-in-german' data-anchor-name='Guided Tours (in German)'>\n\t<div class=\"container-fluid\">\n\t\t<div class=\"row\">\n\t\t\t\t\t\t<div class=\"col-xs-12 col-md-7\">\n\t\t\t\t<div class=\"box\">\n\t\t\t\t\t<h2 class=\"h3\">Guided Tours (in German)<\/h2>\n\t\t\t\t<\/div>\n\t\t\t<\/div>\n\t\t\t\t\t<\/div>\n\t<\/div>\n<\/section>\n\n\n<section class=\"block block-copy\">\n\t<div class=\"container-fluid\">\n\t\t<div class=\"row\">\n\t\t\t<div class=\"col-xs-12 col-md-7\">\n\t\t\t\t<div class=\"copy\">\n\t\t\t\t\t<p><strong>14:00<\/strong> | Foyer, Museum Ephraim-Palais <br><mark style=\"background-color:#FFFFFF\" class=\"has-inline-color has-highlight-color\">Family tour: Racing through BerlinZEIT<\/mark><mark class=\"has-inline-color has-highlight-color\"><br><\/mark><br><strong>14:00 \u2013 14:30 + 18:15 \u2013 18:45<\/strong> | Ticket desk, Museum Knoblauchhaus <br><mark style=\"background-color:#FFFFFF\" class=\"has-inline-color has-highlight-color\">\u201cJewelled Berlin Women\u201d \u2013 the incredible story of fashion, politics and foundry art<\/mark><br><br><strong>15:00 \u2013 15:30 + 16:15 \u2013 16:45 + 17:15 \u2013 17:45 <\/strong>| Ticket desk, Museum Knoblauchhaus<br><mark class=\"has-inline-color has-highlight-color\">\u201cVintage furniture from the Biedermeier period?\u201d \u2013 a chair model based on a design by Schinkel<\/mark><br><br><strong>15:30 | Ticket desk, Museum Nikolaikirche<\/strong><br><mark class=\"has-inline-color has-highlight-color\">Through the Nikolaikirche Museum in 60 minutes<\/mark><br><br><strong>15:30 \u2013 16:00 + 16:30 \u2013 17:00 + 15:30 \u2013 16:00 | Foyer, Museum Ephraim-Palais <\/strong><br><mark class=\"has-inline-color has-highlight-color\">Behind the scenes by lift \u2013 exclusive insights into the Graphic Collection<\/mark><br><br><strong>16:00 \u2013 17:00 + 18:00 \u2013 19:00<\/strong> | <mark style=\"background-color:#FFFFFF\" class=\"has-inline-color\">Meeting point in front of the Museum Ephraim-Palais<\/mark><br><mark style=\"background-color:#FFFFFF\" class=\"has-inline-color has-highlight-color\">Tour for everyone through the Nikolaiviertel<\/mark><mark style=\"background-color:#FFFFFF\" class=\"has-inline-color\"><br><br><strong>16:30 \u2013 17:15<\/strong> | Meeting point to the left in front of the Museum Ephraim-Palais Museum<br><\/mark><mark style=\"background-color:#FFFFFF\" class=\"has-inline-color has-highlight-color\">Exploring the neighbourhood: guided walk from the Museumsfest to the <em>F\u00eate at the Park \u00d7 Waisenbr\u00fcckentag<\/em> at K\u00f6llnischer Park<\/mark><mark style=\"background-color:#FFFFFF\" class=\"has-inline-color\"><br><br><strong>16:45 \u2013 17:15 <\/strong>| Ticket desk, Museum Nikolaikirche<br><\/mark><mark style=\"background-color:#FFFFFF\" class=\"has-inline-color has-highlight-color\">Who ruled the city? Church, power and coexistence before 1800<\/mark><mark style=\"background-color:#FFFFFF\" class=\"has-inline-color\"><br><br><strong>18:30 \u2013 19:15 <\/strong>| Meeting point at the information stand at the <em>F\u00eate at the Park \u00d7 Waisenbr\u00fcckentag<\/em>, M\u00e4rkischer Platz<br><\/mark><mark style=\"background-color:#FFFFFF\" class=\"has-inline-color has-highlight-color\">Exploring the neighbourhood: guided walk from the <em>F\u00eate at the Park \u00d7 Waisenbr\u00fcckentag<\/em> at K\u00f6llnischer Park back to the Museumsfest<\/mark><\/p>\n\t\t\t\t<\/div>\n\t\t\t<\/div>\n\t\t<\/div>\n\t<\/div>\n<\/section>\n\n\n<section class=\"block block-teaser  block-teaser-event \" style=\"background-color: #FFFFFF\">\n\n\t\t\t<div class=\"container-fluid copy padding-bottom-third\">\n\t\t\t<h2 class=\"zeplin-subHead02\">We\u2019re celebrating at K\u00f6llnischer Park too!<\/h2>\n\t\t\t\t\t<\/div>\n\t\n\t\t\n\t\t\t<div class=\"container-fluid teaser-no-lane\"  data-parallax-stagger='{\"child\":\"li\",\"mask\":\".row\",\"split\":false,\"in\":{\"opacity\": [0,0],\"delay\":0},\"center\":{\"y\": [60,0],\"opacity\": [0,1],\"delay\":1,\"ease\":\"sine.out\"},\"out\":{\"opacity\": [1,0],\"delay\":0,\"ease\":\"sine.in\"}}'>\n\t\t\t<ul class=\"row\">\n\t\t\t\t<li class=\"col-xs-12 col-sm-4 teaser-gomus padding-bottom-third teaser-gomus teaser-type-gomus teaser-event teaser-type-standard teaser-col-3\" data-event=\"92874\" data-cats=\"611,638\" data-museen=\"21183,9327\">\n\t<a href=\"https:\/\/www.stadtmuseum.de\/en\/events\/fete-at-the-park\" class=\"teaser\">\n\t\t<div class=\"museum-box\">\n\t\t\t<div class=\"teaser-image\">\n\t\t\t\t\n\t\t<lazy-media-inline inline-template data-id=\"92613\">\n\t\t\t<figure itemscope itemtype=\"http:\/\/schema.org\/ImageObject\" class=\"lazy-media-inline \" role=\"group\" id=\"media_69f0eb05ba3e6\">\n\t\t\t\t<script type=\"application\/json\" ref=\"data\">\n\t\t\t\t{\n\t\t\t\t\"sizes\" : {\"medium\":{\"file\":\"Visual_Fete-am-Park_web_2x3_Sheree_Domingo-300x200.jpg\",\"width\":300,\"height\":200,\"mime-type\":\"image\\\/jpeg\",\"filesize\":19824},\"large\":{\"file\":\"Visual_Fete-am-Park_web_2x3_Sheree_Domingo-1024x683.jpg\",\"width\":1024,\"height\":683,\"mime-type\":\"image\\\/jpeg\",\"filesize\":116287},\"medium_large\":{\"file\":\"Visual_Fete-am-Park_web_2x3_Sheree_Domingo-768x512.jpg\",\"width\":768,\"height\":512,\"mime-type\":\"image\\\/jpeg\",\"filesize\":77249},\"1536x1536\":{\"file\":\"Visual_Fete-am-Park_web_2x3_Sheree_Domingo-1536x1024.jpg\",\"width\":1536,\"height\":1024,\"mime-type\":\"image\\\/jpeg\",\"filesize\":203583},\"2048x2048\":{\"file\":\"Visual_Fete-am-Park_web_2x3_Sheree_Domingo-2048x1365.jpg\",\"width\":2048,\"height\":1365,\"mime-type\":\"image\\\/jpeg\",\"filesize\":306841},\"small\":{\"file\":\"Visual_Fete-am-Park_web_2x3_Sheree_Domingo-440x293.jpg\",\"width\":440,\"height\":293,\"mime-type\":\"image\\\/jpeg\",\"filesize\":34802},\"semi\":{\"file\":\"Visual_Fete-am-Park_web_2x3_Sheree_Domingo-580x387.jpg\",\"width\":580,\"height\":387,\"mime-type\":\"image\\\/jpeg\",\"filesize\":52422},\"mobile\":{\"file\":\"Visual_Fete-am-Park_web_2x3_Sheree_Domingo-720x480.jpg\",\"width\":720,\"height\":480,\"mime-type\":\"image\\\/jpeg\",\"filesize\":70807},\"hd\":{\"file\":\"Visual_Fete-am-Park_web_2x3_Sheree_Domingo-1280x853.jpg\",\"width\":1280,\"height\":853,\"mime-type\":\"image\\\/jpeg\",\"filesize\":158268},\"full\":{\"file\":\"Visual_Fete-am-Park_web_2x3_Sheree_Domingo-1920x1280.jpg\",\"width\":1920,\"height\":1280,\"mime-type\":\"image\\\/jpeg\",\"filesize\":278944},\"original\":{\"file\":\"Visual_Fete-am-Park_web_2x3_Sheree_Domingo.jpg\",\"width\":3600,\"height\":2400}},\n\t\t\t\t\"alt\" : \"Eine k\\u00fcnstlerische Interpretation in Form einer bunten Zeichung, auf der das Marinehaus, das M\\u00e4rkische Museum und die Waisenbr\\u00fccke zu sehen sind, drum herum tanzende und singende Kugel-M\\u00e4nnchen und die Spree\",\n\t\t\t\t\"path\" : \"\\\/wp-content\\\/uploads\\\/2026\\\/04\\\/\",\n\t\t\t\t\"video\" : null,\n\t\t\t\t\"autoplay\" : null,\n\t\t\t\t\"youtube\" : null,\n\t\t\t\t\"youtubelabel\" : \"play\",\n\t\t\t\t\"brightness\" : 100,\n\t\t\t\t\"crop\" : null,\n\t\t\t\t\"background\" : true,\n\t\t\t\t\"scale\" : 1,\n\t\t\t\t\"zoom\" : false,\n\t\t\t\t\"annotations\" : null\t\t\t\t}\n\t\t\t<\/script>\n\t\t\t\t<div class=\"height-container\" style=\"padding-bottom:66%;  \" v-if=\"sizes\">\n\t\t\t\t\t<lazy-media :inline=\"true\" :alt=\"alt\" :sizes=\"sizes\" :scale=\"scale\" :zoom=\"zoom\" :brightness=\"brightness\" :path=\"path\" :video=\"video\" :autoplay=\"autoplay\" :youtube=\"youtube\" :crop=\"crop\" :youtubelabel=\"youtubelabel\" :annotations=\"annotations\" :background=\"background\"><\/lazy-media>\n\n\t\t\t\t\t\t\t\t\t<\/div>\n\n\t\t\t\t\n\t\t\t\t\n\n\n\t\t\t\t\n\t\t\t   \t\t\t\t\t\t\t<\/figure>\n\t\t<\/lazy-media-inline>\n\t\t\t\t\t<\/div>\n\t\t\t<div class=\"teaser-copy padding-top-sixth\">\n\t\t\t\t<div>\n\t\t\t\t\t\t\t\t\t\t\t<div class=\"zeplin-metadata margin-bottom-sixth clamp-1\">Day of action,  Music<\/div>\n\t\t\t\t\t\n\t\t\t\t\t<div class=\"teaser-header padding-bottom-minimal\">\n\t\t\t\t\t\t<div><h3 class=\"zeplin-teaserHeadline-M\">\n\t\t\t\t\t\t\t\t\t\t\t\t\t\tFete at the Park \u00d7 Waisenbr\u00fcckentag<\/h3><\/div>\n\t\t\t\t\t<\/div>\n\t\t\t\t\t<div class=\"copy margin-bottom-atom\">\n\t\t\t\t\t\t<p class=\"zeplin-teaserCopy\">We\u2019re celebrating the F\u00eate de la Musique and chatting with you about your wishes for the neighbourhood around K\u00f6llnischer Park!<\/p>\n\t\t\t\t\t<\/div>\n\n\t\t\t\t\t\t\t\t\t\t\t<div class=\"zeplin-metadata_highlight padding-bottom-minimal has-highlight-color \" v-html=\"this.$options.filters.ddmmmhh('2026-06-21 15:00:00')\">&nbsp;<\/div>\n\t\t\t\t\t\n\t\t\t\t\t\t\t\t\t\t\t<span class=\"ho-button is-small is-text has-icon-text-inside\"><span class=\"ho-button-icon icon-pin\"><\/span><span class=\"ho-button-label\">Marinehaus<\/span><\/span>\n\t\t\t\t\t\t\t\t\t<\/div>\n\t\t\t<\/div>\n\t\t<\/div>\n\t<\/a>\n<\/li>\t\t\t<\/ul>\n\t\t<\/div>\n\t\n\t<\/section>\n\n\n<section class=\"block block-headline has-highlight-color block-no-margin\"  id='the-detailed-programme' data-anchor='the-detailed-programme' data-anchor-name='The detailed programme'>\n\t<div class=\"container-fluid\">\n\t\t<div class=\"row\">\n\t\t\t\t\t\t<div class=\"col-xs-12 col-md-7\">\n\t\t\t\t<div class=\"box\">\n\t\t\t\t\t<h2 class=\"h2\">The detailed programme<\/h2>\n\t\t\t\t<\/div>\n\t\t\t<\/div>\n\t\t\t\t\t<\/div>\n\t<\/div>\n<\/section>\n\n\n<section class=\"block block-headline block-no-margin\" >\n\t<div class=\"container-fluid\">\n\t\t<div class=\"row\">\n\t\t\t\t\t\t<div class=\"col-xs-12 col-md-7\">\n\t\t\t\t<div class=\"box\">\n\t\t\t\t\t<h2 class=\"h3\">Concerts<\/h2>\n\t\t\t\t<\/div>\n\t\t\t<\/div>\n\t\t\t\t\t<\/div>\n\t<\/div>\n<\/section>\n\n\n<section class=\"block block-standard-image-copy  align-left\" data-parallax='{\"child\":\".motion-image\",\"mask\":\".row\",\"full\":{\"y\": [5,-5]}}' id=\"sticky_69f0eb05ba809\">\n\t<div class=\"container-fluid\" data-parallax='{\"child\":\".row\",\"mask\":\".motion-image\",\"in\":{\"scale\": [1.1,1.1],\"opacity\": [0,0]},\"center\":{\"scale\": [1.1,1],\"opacity\": [0,1],\"ease\":\"sine.out\"},\"out\":{\"opacity\": [1,0]}}'>\n\t\t<div class=\"row\">\n\t\t\t\t\t\t\t<div class=\"col-xs-12 col-md-4 \">\n\t\t\t\t\t<div class=\"padding-bottom-minimal padding-top-minimal copy\" >\n\t\t\t\t\t\t\t\t\t\t\t\t\t<h3 class=\"margin-bottom-third \">Women in Harmony<\/h3>\n\t\t\t\t\t\t\t\t\t\t\t\t<em><strong><mark class=\"has-inline-color has-highlight-color\">16:05 \u2013 16:30<\/mark><\/strong><\/em><br><em>Stage in front of the Nikolaikirche<\/em><br><br>&#8220;The Women in Harmony Choir is at the heart of Berlin\u2019s vibrant Arabic music scene and emerged from the work of the Arab Music Initiative Berlin e.V. The choir brings together women from diverse backgrounds who weave their personal stories of migration, culture and identity into a shared musical expression. Their voices move through the Arabic repertoire \u2013 from classical maqamat to contemporary songs \u2013 combining traditional ornamentation with sensitive, precise polyphonic choral singing.\t\t\t\t\t<\/div>\n\t\t\t\t<\/div>\n\t\t\t\t<div class=\"col-xs-12 col-md-7  col-md-offset-1\">\n\t\t\t\t\t<div class=\"padding-bottom-minimal padding-top-minimal\" >\n\t\t\t\t\t\t\n\t\t<lazy-media-inline inline-template data-id=\"92575\">\n\t\t\t<figure itemscope itemtype=\"http:\/\/schema.org\/ImageObject\" class=\"lazy-media-inline \" role=\"group\" id=\"media_69f0eb05ba994\">\n\t\t\t\t<script type=\"application\/json\" ref=\"data\">\n\t\t\t\t{\n\t\t\t\t\"sizes\" : {\"medium\":{\"file\":\"c-Chor-Women-in-Harmony-01-2-e1777282401276-300x200.jpg\",\"width\":300,\"height\":200,\"mime-type\":\"image\\\/jpeg\",\"filesize\":10420},\"large\":{\"file\":\"c-Chor-Women-in-Harmony-01-2-e1777282401276-1024x683.jpg\",\"width\":1024,\"height\":683,\"mime-type\":\"image\\\/jpeg\",\"filesize\":68021},\"medium_large\":{\"file\":\"c-Chor-Women-in-Harmony-01-2-e1777282401276-768x512.jpg\",\"width\":768,\"height\":512,\"mime-type\":\"image\\\/jpeg\",\"filesize\":43968},\"1536x1536\":{\"file\":\"c-Chor-Women-in-Harmony-01-2-e1777282401276-1536x1024.jpg\",\"width\":1536,\"height\":1024,\"mime-type\":\"image\\\/jpeg\",\"filesize\":125907},\"small\":{\"file\":\"c-Chor-Women-in-Harmony-01-2-e1777282401276-440x293.jpg\",\"width\":440,\"height\":293,\"mime-type\":\"image\\\/jpeg\",\"filesize\":18716},\"semi\":{\"file\":\"c-Chor-Women-in-Harmony-01-2-e1777282401276-580x387.jpg\",\"width\":580,\"height\":387,\"mime-type\":\"image\\\/jpeg\",\"filesize\":28638},\"mobile\":{\"file\":\"c-Chor-Women-in-Harmony-01-2-e1777282401276-720x480.jpg\",\"width\":720,\"height\":480,\"mime-type\":\"image\\\/jpeg\",\"filesize\":39792},\"hd\":{\"file\":\"c-Chor-Women-in-Harmony-01-2-e1777282401276-1280x853.jpg\",\"width\":1280,\"height\":853,\"mime-type\":\"image\\\/jpeg\",\"filesize\":96739},\"original\":{\"file\":\"c-Chor-Women-in-Harmony-01-2-e1777282401276.jpg\",\"width\":1920,\"height\":1280}},\n\t\t\t\t\"alt\" : \"Ein Foto von einem Auftritt, dunkel gehalten, klassische Konstellation: vorne die Band, hinten der Chor\",\n\t\t\t\t\"path\" : \"\\\/wp-content\\\/uploads\\\/2026\\\/04\\\/\",\n\t\t\t\t\"video\" : null,\n\t\t\t\t\"autoplay\" : null,\n\t\t\t\t\"youtube\" : null,\n\t\t\t\t\"youtubelabel\" : \"play\",\n\t\t\t\t\"brightness\" : 100,\n\t\t\t\t\"crop\" : null,\n\t\t\t\t\"background\" : false,\n\t\t\t\t\"scale\" : 1,\n\t\t\t\t\"zoom\" : false,\n\t\t\t\t\"annotations\" : null\t\t\t\t}\n\t\t\t<\/script>\n\t\t\t\t<div class=\"height-container\" style=\"padding-bottom:66.666666666667%;  \" v-if=\"sizes\">\n\t\t\t\t\t<lazy-media :inline=\"true\" :alt=\"alt\" :sizes=\"sizes\" :scale=\"scale\" :zoom=\"zoom\" :brightness=\"brightness\" :path=\"path\" :video=\"video\" :autoplay=\"autoplay\" :youtube=\"youtube\" :crop=\"crop\" :youtubelabel=\"youtubelabel\" :annotations=\"annotations\" :background=\"background\"><\/lazy-media>\n\n\t\t\t\t\t\t\t\t\t<\/div>\n\n\t\t\t\t\n\t\t\t\t\n\n\n\t\t\t\t\t\t\t\t\t\t<figcaption class=\"\">\n\t\t\t\t\t\t\t\t\t\t\t\t\t\t\t<div class=\"lazy-media-image-label\">Women in Harmony<\/div>\n\t\t\t\t\t\t\t\t\t\t\t\t\t\t\t\t\t\t\t\t\t\t<div class=\"lazy-media-image-description\">\u00a9 Women in Harmony <\/div>\n\t\t\t\t\t\t\t\t\t\t\t\t\t<\/figcaption>\n\t\t\t\t\t\t\t\t\t\n\t\t\t   \t\t\t\t\t\t\t<\/figure>\n\t\t<\/lazy-media-inline>\n\t\t\t\t\t\t\t<\/div>\n\t\t\t\t<\/div>\n\t\t\t\t\t<\/div>\n\t<\/div>\n<\/section>\n\n\n<section class=\"block block-standard-image-copy  align-left\" data-parallax='{\"child\":\".motion-image\",\"mask\":\".row\",\"full\":{\"y\": [5,-5]}}' id=\"sticky_69f0eb05baaec\">\n\t<div class=\"container-fluid\" data-parallax='{\"child\":\".row\",\"mask\":\".motion-image\",\"in\":{\"scale\": [1.1,1.1],\"opacity\": [0,0]},\"center\":{\"scale\": [1.1,1],\"opacity\": [0,1],\"ease\":\"sine.out\"},\"out\":{\"opacity\": [1,0]}}'>\n\t\t<div class=\"row\">\n\t\t\t\t\t\t\t<div class=\"col-xs-12 col-md-7\">\n\t\t\t\t\t<div class=\"padding-bottom-minimal padding-top-minimal\" >\n\t\t\t\t\t\t\n\t\t<lazy-media-inline inline-template data-id=\"92198\">\n\t\t\t<figure itemscope itemtype=\"http:\/\/schema.org\/ImageObject\" class=\"lazy-media-inline \" role=\"group\" id=\"media_69f0eb05bac27\">\n\t\t\t\t<script type=\"application\/json\" ref=\"data\">\n\t\t\t\t{\n\t\t\t\t\"sizes\" : {\"medium\":{\"file\":\"c-Inna-Hauke_RichardsKindermusikladen-e1777282275832-300x225.jpg\",\"width\":300,\"height\":225,\"mime-type\":\"image\\\/jpeg\",\"filesize\":20845},\"medium_large\":{\"file\":\"c-Inna-Hauke_RichardsKindermusikladen-e1777282275832-768x576.jpg\",\"width\":768,\"height\":576,\"mime-type\":\"image\\\/jpeg\",\"filesize\":101538},\"small\":{\"file\":\"c-Inna-Hauke_RichardsKindermusikladen-e1777282275832-440x330.jpg\",\"width\":440,\"height\":330,\"mime-type\":\"image\\\/jpeg\",\"filesize\":39483},\"semi\":{\"file\":\"c-Inna-Hauke_RichardsKindermusikladen-e1777282275832-580x435.jpg\",\"width\":580,\"height\":435,\"mime-type\":\"image\\\/jpeg\",\"filesize\":63875},\"mobile\":{\"file\":\"c-Inna-Hauke_RichardsKindermusikladen-e1777282275832-720x540.jpg\",\"width\":720,\"height\":540,\"mime-type\":\"image\\\/jpeg\",\"filesize\":91426},\"original\":{\"file\":\"c-Inna-Hauke_RichardsKindermusikladen-e1777282275832.jpg\",\"width\":1000,\"height\":750}},\n\t\t\t\t\"alt\" : \"Vier M\\u00e4nner vor einem Holztor, davon zeigen drei herausfordernd oder verspielt mit dem Finger in Richtung Kamera\",\n\t\t\t\t\"path\" : \"\\\/wp-content\\\/uploads\\\/2026\\\/04\\\/\",\n\t\t\t\t\"video\" : null,\n\t\t\t\t\"autoplay\" : null,\n\t\t\t\t\"youtube\" : null,\n\t\t\t\t\"youtubelabel\" : \"play\",\n\t\t\t\t\"brightness\" : 100,\n\t\t\t\t\"crop\" : null,\n\t\t\t\t\"background\" : false,\n\t\t\t\t\"scale\" : 1,\n\t\t\t\t\"zoom\" : false,\n\t\t\t\t\"annotations\" : null\t\t\t\t}\n\t\t\t<\/script>\n\t\t\t\t<div class=\"height-container\" style=\"padding-bottom:75%;  \" v-if=\"sizes\">\n\t\t\t\t\t<lazy-media :inline=\"true\" :alt=\"alt\" :sizes=\"sizes\" :scale=\"scale\" :zoom=\"zoom\" :brightness=\"brightness\" :path=\"path\" :video=\"video\" :autoplay=\"autoplay\" :youtube=\"youtube\" :crop=\"crop\" :youtubelabel=\"youtubelabel\" :annotations=\"annotations\" :background=\"background\"><\/lazy-media>\n\n\t\t\t\t\t\t\t\t\t<\/div>\n\n\t\t\t\t\n\t\t\t\t\n\n\n\t\t\t\t\t\t\t\t\t\t<figcaption class=\"\">\n\t\t\t\t\t\t\t\t\t\t\t\t\t\t\t<div class=\"lazy-media-image-label\">Richards Kindermusikladen<\/div>\n\t\t\t\t\t\t\t\t\t\t\t\t\t\t\t\t\t\t\t\t\t\t<div class=\"lazy-media-image-description\">\u00a9 Inna Hauke <\/div>\n\t\t\t\t\t\t\t\t\t\t\t\t\t<\/figcaption>\n\t\t\t\t\t\t\t\t\t\n\t\t\t   \t\t\t\t\t\t\t<\/figure>\n\t\t<\/lazy-media-inline>\n\t\t\t\t\t\t\t<\/div>\n\t\t\t\t<\/div>\n\t\t\t\t<div class=\"col-xs-12 col-md-4 col-md-offset-1\">\n\t\t\t\t\t<div class=\"padding-bottom-minimal padding-top-minimal copy\" >\n\t\t\t\t\t\t\t\t\t\t\t\t<h3 class=\"margin-bottom-third \">Richards Musikladen<\/h3>\n\t\t\t\t\t\t\t\t\t\t\t\t<em><strong><mark class=\"has-inline-color has-highlight-color\">16:45 <em><strong>\u2013 <\/strong><\/em>17:25 <\/mark><\/strong><\/em><br><em><em>Stage in front of the Museum Laboratory<\/em><\/em><br><br>\u201cRichards Musikladen has become a firm favourite in the world of family-friendly music. His songs revolve around chaotic family life, quirky ideas and amusing discoveries. Music with groove and heart for children \u2013 and the adults who come with them \u2013 featuring imaginative lyrics that invite questions and spark further ideas. Organic rhythms, real instruments, no sugary cartoon pop! Behind the project is Richard Haus, who scored a summer hit as P.R. Kantate with <em>G\u00f6rli G\u00f6rli<\/em>. He takes to the stage with his band and always teams up with the audience \u2013 everyone is welcome to join in!\u201d\t\t\t\t\t<\/div>\n\t\t\t\t<\/div>\n\t\t\t\t\t<\/div>\n\t<\/div>\n<\/section>\n\n\n<section class=\"block block-standard-image-copy  align-left\" data-parallax='{\"child\":\".motion-image\",\"mask\":\".row\",\"full\":{\"y\": [5,-5]}}' id=\"sticky_69f0eb05bad6d\">\n\t<div class=\"container-fluid\" data-parallax='{\"child\":\".row\",\"mask\":\".motion-image\",\"in\":{\"scale\": [1.1,1.1],\"opacity\": [0,0]},\"center\":{\"scale\": [1.1,1],\"opacity\": [0,1],\"ease\":\"sine.out\"},\"out\":{\"opacity\": [1,0]}}'>\n\t\t<div class=\"row\">\n\t\t\t\t\t\t\t<div class=\"col-xs-12 col-md-4 \">\n\t\t\t\t\t<div class=\"padding-bottom-minimal padding-top-minimal copy\" >\n\t\t\t\t\t\t\t\t\t\t\t\t\t<h3 class=\"margin-bottom-third \">Breakdance workshop \u2013 the history of breaking in Berlin<\/h3>\n\t\t\t\t\t\t\t\t\t\t\t\t<em><strong><mark class=\"has-inline-color has-highlight-color\">17:30 \u2013 17:55 <\/mark><\/strong><\/em><br><em>Dance area in front of the Nikolaikirche <\/em><br><br>A dance-driven journey through the history of Berlin breakdance.<br>Jos\u00e9, aka Beatsurfer (City Rockers Crew), offers insights into the beginnings of breakdance in Berlin from 1983 onwards, with clear, hands-on examples from the Old School.<br><br>B-boy Niven (Got the Flava Crew) shows how breaking has continued to evolve and which styles and techniques shape the scene in 2026.<br><br>The workshop is aimed at a broad audience \u2013 from curious beginners to dance-loving families.\t\t\t\t\t<\/div>\n\t\t\t\t<\/div>\n\t\t\t\t<div class=\"col-xs-12 col-md-7  col-md-offset-1\">\n\t\t\t\t\t<div class=\"padding-bottom-minimal padding-top-minimal\" >\n\t\t\t\t\t\t\n\t\t<lazy-media-inline inline-template data-id=\"92240\">\n\t\t\t<figure itemscope itemtype=\"http:\/\/schema.org\/ImageObject\" class=\"lazy-media-inline \" role=\"group\" id=\"media_69f0eb05baed2\">\n\t\t\t\t<script type=\"application\/json\" ref=\"data\">\n\t\t\t\t{\n\t\t\t\t\"sizes\" : {\"medium\":{\"file\":\"Niven-und-Jose_StreetUniversity-169x300.jpg\",\"width\":169,\"height\":300,\"mime-type\":\"image\\\/jpeg\",\"filesize\":13489},\"large\":{\"file\":\"Niven-und-Jose_StreetUniversity-576x1024.jpg\",\"width\":576,\"height\":1024,\"mime-type\":\"image\\\/jpeg\",\"filesize\":116599},\"medium_large\":{\"file\":\"Niven-und-Jose_StreetUniversity-768x1365.jpg\",\"width\":768,\"height\":1365,\"mime-type\":\"image\\\/jpeg\",\"filesize\":193677},\"1536x1536\":{\"file\":\"Niven-und-Jose_StreetUniversity-864x1536.jpg\",\"width\":864,\"height\":1536,\"mime-type\":\"image\\\/jpeg\",\"filesize\":235604},\"2048x2048\":{\"file\":\"Niven-und-Jose_StreetUniversity-1152x2048.jpg\",\"width\":1152,\"height\":2048,\"mime-type\":\"image\\\/jpeg\",\"filesize\":379934},\"small\":{\"file\":\"Niven-und-Jose_StreetUniversity-248x440.jpg\",\"width\":248,\"height\":440,\"mime-type\":\"image\\\/jpeg\",\"filesize\":25726},\"semi\":{\"file\":\"Niven-und-Jose_StreetUniversity-326x580.jpg\",\"width\":326,\"height\":580,\"mime-type\":\"image\\\/jpeg\",\"filesize\":42391},\"mobile\":{\"file\":\"Niven-und-Jose_StreetUniversity-405x720.jpg\",\"width\":405,\"height\":720,\"mime-type\":\"image\\\/jpeg\",\"filesize\":62355},\"hd\":{\"file\":\"Niven-und-Jose_StreetUniversity-720x1280.jpg\",\"width\":720,\"height\":1280,\"mime-type\":\"image\\\/jpeg\",\"filesize\":172479},\"full\":{\"file\":\"Niven-und-Jose_StreetUniversity-1080x1920.jpg\",\"width\":1080,\"height\":1920,\"mime-type\":\"image\\\/jpeg\",\"filesize\":342742},\"original\":{\"file\":\"Niven-und-Jose_StreetUniversity-rotated.jpg\",\"width\":1836,\"height\":3264}},\n\t\t\t\t\"alt\" : \"Zwei M\\u00e4nner posen vor der Nikolaikirche\",\n\t\t\t\t\"path\" : \"\\\/wp-content\\\/uploads\\\/2026\\\/04\\\/\",\n\t\t\t\t\"video\" : null,\n\t\t\t\t\"autoplay\" : null,\n\t\t\t\t\"youtube\" : null,\n\t\t\t\t\"youtubelabel\" : \"play\",\n\t\t\t\t\"brightness\" : 100,\n\t\t\t\t\"crop\" : null,\n\t\t\t\t\"background\" : false,\n\t\t\t\t\"scale\" : 1,\n\t\t\t\t\"zoom\" : false,\n\t\t\t\t\"annotations\" : null\t\t\t\t}\n\t\t\t<\/script>\n\t\t\t\t<div class=\"height-container\" style=\"padding-bottom:177.77777777778%;  \" v-if=\"sizes\">\n\t\t\t\t\t<lazy-media :inline=\"true\" :alt=\"alt\" :sizes=\"sizes\" :scale=\"scale\" :zoom=\"zoom\" :brightness=\"brightness\" :path=\"path\" :video=\"video\" :autoplay=\"autoplay\" :youtube=\"youtube\" :crop=\"crop\" :youtubelabel=\"youtubelabel\" :annotations=\"annotations\" :background=\"background\"><\/lazy-media>\n\n\t\t\t\t\t\t\t\t\t<\/div>\n\n\t\t\t\t\n\t\t\t\t\n\n\n\t\t\t\t\t\t\t\t\t\t<figcaption class=\"\">\n\t\t\t\t\t\t\t\t\t\t\t\t\t\t\t<div class=\"lazy-media-image-label\">Niven and Jos\u00e9 from StreetUniverCity<\/div>\n\t\t\t\t\t\t\t\t\t\t\t\t\t\t\t\t\t\t\t\t\t\t<div class=\"lazy-media-image-description\">\u00a9 Street University e.V. <\/div>\n\t\t\t\t\t\t\t\t\t\t\t\t\t<\/figcaption>\n\t\t\t\t\t\t\t\t\t\n\t\t\t   \t\t\t\t\t\t\t<\/figure>\n\t\t<\/lazy-media-inline>\n\t\t\t\t\t\t\t<\/div>\n\t\t\t\t<\/div>\n\t\t\t\t\t<\/div>\n\t<\/div>\n<\/section>\n\n\n<section class=\"block block-headline block-no-margin\" >\n\t<div class=\"container-fluid\">\n\t\t<div class=\"row\">\n\t\t\t\t\t\t<div class=\"col-xs-12 col-md-7\">\n\t\t\t\t<div class=\"box\">\n\t\t\t\t\t<h2 class=\"h5\">An activity by<\/h2>\n\t\t\t\t<\/div>\n\t\t\t<\/div>\n\t\t\t\t\t<\/div>\n\t<\/div>\n<\/section>\n\n\n\n<section class=\"block block-logos\" aria-label=\"Partners\">\n    <div class=\"container-fluid\">\n\t\t\n<div class='row' >\n<div class=\"col-xs-3 col-md-2 center-xs block-logos-item-wrapper\">\n\t<div class=\"box margin-bottom-sixth block-logos-item\" style=\" width:100%;\">\n\t\t<div class='link'>\t\t\n\t\t<lazy-media-inline inline-template data-id=\"92242\">\n\t\t\t<figure itemscope itemtype=\"http:\/\/schema.org\/ImageObject\" class=\"lazy-media-inline \" role=\"group\" id=\"media_69f0eb05bb302\">\n\t\t\t\t<script type=\"application\/json\" ref=\"data\">\n\t\t\t\t{\n\t\t\t\t\"sizes\" : {\"medium\":{\"file\":\"SUB-logo300-300x186.jpg\",\"width\":300,\"height\":186,\"mime-type\":\"image\\\/jpeg\",\"filesize\":10788},\"small\":{\"file\":\"SUB-logo300-440x274.jpg\",\"width\":440,\"height\":274,\"mime-type\":\"image\\\/jpeg\",\"filesize\":18296},\"semi\":{\"file\":\"SUB-logo300-580x361.jpg\",\"width\":580,\"height\":361,\"mime-type\":\"image\\\/jpeg\",\"filesize\":26263},\"mobile\":{\"file\":\"SUB-logo300-720x448.jpg\",\"width\":720,\"height\":448,\"mime-type\":\"image\\\/jpeg\",\"filesize\":33393},\"original\":{\"file\":\"SUB-logo300.jpg\",\"width\":748,\"height\":465}},\n\t\t\t\t\"alt\" : \"Logo StreetUniverCity\",\n\t\t\t\t\"path\" : \"\\\/wp-content\\\/uploads\\\/2026\\\/04\\\/\",\n\t\t\t\t\"video\" : null,\n\t\t\t\t\"autoplay\" : null,\n\t\t\t\t\"youtube\" : null,\n\t\t\t\t\"youtubelabel\" : \"play\",\n\t\t\t\t\"brightness\" : 100,\n\t\t\t\t\"crop\" : null,\n\t\t\t\t\"background\" : false,\n\t\t\t\t\"scale\" : 1,\n\t\t\t\t\"zoom\" : false,\n\t\t\t\t\"annotations\" : null\t\t\t\t}\n\t\t\t<\/script>\n\t\t\t\t<div class=\"height-container\" style=\"padding-bottom:62.16577540107%;  \" v-if=\"sizes\">\n\t\t\t\t\t<lazy-media :inline=\"true\" :alt=\"alt\" :sizes=\"sizes\" :scale=\"scale\" :zoom=\"zoom\" :brightness=\"brightness\" :path=\"path\" :video=\"video\" :autoplay=\"autoplay\" :youtube=\"youtube\" :crop=\"crop\" :youtubelabel=\"youtubelabel\" :annotations=\"annotations\" :background=\"background\"><\/lazy-media>\n\n\t\t\t\t\t\t\t\t\t<\/div>\n\n\t\t\t\t\n\t\t\t\t\n\n\n\t\t\t\t\n\t\t\t   \t\t\t\t\t\t\t<\/figure>\n\t\t<\/lazy-media-inline>\n\t\t\n\t\t<\/div>\t<\/div>\n<\/div>\n<\/div>\n    <\/div>\n<\/section>\n\n\n<section class=\"block block-standard-image-copy  align-left\" data-parallax='{\"child\":\".motion-image\",\"mask\":\".row\",\"full\":{\"y\": [5,-5]}}' id=\"sticky_69f0eb05bb585\">\n\t<div class=\"container-fluid\" data-parallax='{\"child\":\".row\",\"mask\":\".motion-image\",\"in\":{\"scale\": [1.1,1.1],\"opacity\": [0,0]},\"center\":{\"scale\": [1.1,1],\"opacity\": [0,1],\"ease\":\"sine.out\"},\"out\":{\"opacity\": [1,0]}}'>\n\t\t<div class=\"row\">\n\t\t\t\t\t\t\t<div class=\"col-xs-12 col-md-7\">\n\t\t\t\t\t<div class=\"padding-bottom-minimal padding-top-minimal\" >\n\t\t\t\t\t\t\n\t\t<lazy-media-inline inline-template data-id=\"92579\">\n\t\t\t<figure itemscope itemtype=\"http:\/\/schema.org\/ImageObject\" class=\"lazy-media-inline \" role=\"group\" id=\"media_69f0eb05bb6e5\">\n\t\t\t\t<script type=\"application\/json\" ref=\"data\">\n\t\t\t\t{\n\t\t\t\t\"sizes\" : {\"medium\":{\"file\":\"c-Andre-Koslitz-UKULELERS-Glienicke-e1777282365235-300x188.png\",\"width\":300,\"height\":188,\"mime-type\":\"image\\\/png\",\"filesize\":143630},\"medium_large\":{\"file\":\"c-Andre-Koslitz-UKULELERS-Glienicke-e1777282365235-768x480.png\",\"width\":768,\"height\":480,\"mime-type\":\"image\\\/png\",\"filesize\":825950},\"small\":{\"file\":\"c-Andre-Koslitz-UKULELERS-Glienicke-e1777282365235-440x275.png\",\"width\":440,\"height\":275,\"mime-type\":\"image\\\/png\",\"filesize\":295985},\"semi\":{\"file\":\"c-Andre-Koslitz-UKULELERS-Glienicke-e1777282365235-580x363.png\",\"width\":580,\"height\":363,\"mime-type\":\"image\\\/png\",\"filesize\":495774},\"mobile\":{\"file\":\"c-Andre-Koslitz-UKULELERS-Glienicke-e1777282365235-720x450.png\",\"width\":720,\"height\":450,\"mime-type\":\"image\\\/png\",\"filesize\":735180},\"original\":{\"file\":\"c-Andre-Koslitz-UKULELERS-Glienicke-e1777282365235.png\",\"width\":1000,\"height\":625}},\n\t\t\t\t\"alt\" : \"Ein Gruppenfoto im Gr\\u00fcnen, einer tr\\u00e4gt eine Katze auf dem Arm, ein anderer hat ein Schild in der Hand, auf dem der Name der Musikgruppe steht\",\n\t\t\t\t\"path\" : \"\\\/wp-content\\\/uploads\\\/2026\\\/04\\\/\",\n\t\t\t\t\"video\" : null,\n\t\t\t\t\"autoplay\" : null,\n\t\t\t\t\"youtube\" : null,\n\t\t\t\t\"youtubelabel\" : \"play\",\n\t\t\t\t\"brightness\" : 100,\n\t\t\t\t\"crop\" : null,\n\t\t\t\t\"background\" : false,\n\t\t\t\t\"scale\" : 1,\n\t\t\t\t\"zoom\" : false,\n\t\t\t\t\"annotations\" : null\t\t\t\t}\n\t\t\t<\/script>\n\t\t\t\t<div class=\"height-container\" style=\"padding-bottom:62.5%;  \" v-if=\"sizes\">\n\t\t\t\t\t<lazy-media :inline=\"true\" :alt=\"alt\" :sizes=\"sizes\" :scale=\"scale\" :zoom=\"zoom\" :brightness=\"brightness\" :path=\"path\" :video=\"video\" :autoplay=\"autoplay\" :youtube=\"youtube\" :crop=\"crop\" :youtubelabel=\"youtubelabel\" :annotations=\"annotations\" :background=\"background\"><\/lazy-media>\n\n\t\t\t\t\t\t\t\t\t<\/div>\n\n\t\t\t\t\n\t\t\t\t\n\n\n\t\t\t\t\t\t\t\t\t\t<figcaption class=\"\">\n\t\t\t\t\t\t\t\t\t\t\t\t\t\t\t<div class=\"lazy-media-image-label\">Die UKULELERS from Glienicke<\/div>\n\t\t\t\t\t\t\t\t\t\t\t\t\t\t\t\t\t\t\t\t\t\t<div class=\"lazy-media-image-description\">\u00a9 Andr\u00e9 Koslitz <\/div>\n\t\t\t\t\t\t\t\t\t\t\t\t\t<\/figcaption>\n\t\t\t\t\t\t\t\t\t\n\t\t\t   \t\t\t\t\t\t\t<\/figure>\n\t\t<\/lazy-media-inline>\n\t\t\t\t\t\t\t<\/div>\n\t\t\t\t<\/div>\n\t\t\t\t<div class=\"col-xs-12 col-md-4 col-md-offset-1\">\n\t\t\t\t\t<div class=\"padding-bottom-minimal padding-top-minimal copy\" >\n\t\t\t\t\t\t\t\t\t\t\t\t<h3 class=\"margin-bottom-third \">Die UKULELERS from Glienicke <\/h3>\n\t\t\t\t\t\t\t\t\t\t\t\t<mark class=\"has-inline-color has-highlight-color\"><em><strong>18:00 <em><strong>\u2013<\/strong><\/em><\/strong><\/em> <em><strong>18:30<\/strong><\/em><\/mark><br><em>Stage in front of the Museum Laboratory<\/em><br><br>The UKULELERS were formed three years ago. With ukuleles and vocals, they mainly reinterpret well-known songs \u2013 light-hearted, carefree and full of joy in making music together.\t\t\t\t\t<\/div>\n\t\t\t\t<\/div>\n\t\t\t\t\t<\/div>\n\t<\/div>\n<\/section>\n\n\n<section class=\"block block-standard-image-copy  align-left\" data-parallax='{\"child\":\".motion-image\",\"mask\":\".row\",\"full\":{\"y\": [5,-5]}}' id=\"sticky_69f0eb05bb83e\">\n\t<div class=\"container-fluid\" data-parallax='{\"child\":\".row\",\"mask\":\".motion-image\",\"in\":{\"scale\": [1.1,1.1],\"opacity\": [0,0]},\"center\":{\"scale\": [1.1,1],\"opacity\": [0,1],\"ease\":\"sine.out\"},\"out\":{\"opacity\": [1,0]}}'>\n\t\t<div class=\"row\">\n\t\t\t\t\t\t\t<div class=\"col-xs-12 col-md-4 \">\n\t\t\t\t\t<div class=\"padding-bottom-minimal padding-top-minimal copy\" >\n\t\t\t\t\t\t\t\t\t\t\t\t\t<h3 class=\"margin-bottom-third \">Die QuerChorallen Berlin<\/h3>\n\t\t\t\t\t\t\t\t\t\t\t\t<em><strong><mark class=\"has-inline-color has-highlight-color\">18:35 \u2013 19:<\/mark><\/strong><mark class=\"has-inline-color has-highlight-color\"><strong>10<\/strong><\/mark><\/em><br><em>Stage in front of the Nikolaikirche<\/em><br><br>The QuerChorallen Berlin are a gay, lesbian and queer choir with around 40 singers: \u201cWhether Orlando di Lasso or Mikis Theodorakis, Fanny Hensel or Queen, folklore or contemporary music \u2013 we sing a cappella from the heart and with conviction. We are usually heard in four-part harmony, occasionally in eight parts, ranging from low D to high G, in German, English, Romance, Slavic and other languages. We sing about spring and the Northern Lights, about music and silence, and with great passion about love in all its many facets.\u201d\t\t\t\t\t<\/div>\n\t\t\t\t<\/div>\n\t\t\t\t<div class=\"col-xs-12 col-md-7  col-md-offset-1\">\n\t\t\t\t\t<div class=\"padding-bottom-minimal padding-top-minimal\" >\n\t\t\t\t\t\t\n\t\t<lazy-media-inline inline-template data-id=\"92200\">\n\t\t\t<figure itemscope itemtype=\"http:\/\/schema.org\/ImageObject\" class=\"lazy-media-inline \" role=\"group\" id=\"media_69f0eb05bb98b\">\n\t\t\t\t<script type=\"application\/json\" ref=\"data\">\n\t\t\t\t{\n\t\t\t\t\"sizes\" : {\"medium\":{\"file\":\"c-QuerChorallen-300x209.png\",\"width\":300,\"height\":209,\"mime-type\":\"image\\\/png\",\"filesize\":123725},\"medium_large\":{\"file\":\"c-QuerChorallen-768x535.png\",\"width\":768,\"height\":535,\"mime-type\":\"image\\\/png\",\"filesize\":684029},\"small\":{\"file\":\"c-QuerChorallen-440x306.png\",\"width\":440,\"height\":306,\"mime-type\":\"image\\\/png\",\"filesize\":249837},\"semi\":{\"file\":\"c-QuerChorallen-580x404.png\",\"width\":580,\"height\":404,\"mime-type\":\"image\\\/png\",\"filesize\":413052},\"mobile\":{\"file\":\"c-QuerChorallen-720x501.png\",\"width\":720,\"height\":501,\"mime-type\":\"image\\\/png\",\"filesize\":606381},\"original\":{\"file\":\"c-QuerChorallen.png\",\"width\":1024,\"height\":713}},\n\t\t\t\t\"alt\" : \"Gruppenfoto der Band im Proberaum, alle tragen schwarz-silber\",\n\t\t\t\t\"path\" : \"\\\/wp-content\\\/uploads\\\/2026\\\/04\\\/\",\n\t\t\t\t\"video\" : null,\n\t\t\t\t\"autoplay\" : null,\n\t\t\t\t\"youtube\" : null,\n\t\t\t\t\"youtubelabel\" : \"play\",\n\t\t\t\t\"brightness\" : 100,\n\t\t\t\t\"crop\" : null,\n\t\t\t\t\"background\" : false,\n\t\t\t\t\"scale\" : 1,\n\t\t\t\t\"zoom\" : false,\n\t\t\t\t\"annotations\" : null\t\t\t\t}\n\t\t\t<\/script>\n\t\t\t\t<div class=\"height-container\" style=\"padding-bottom:69.62890625%;  \" v-if=\"sizes\">\n\t\t\t\t\t<lazy-media :inline=\"true\" :alt=\"alt\" :sizes=\"sizes\" :scale=\"scale\" :zoom=\"zoom\" :brightness=\"brightness\" :path=\"path\" :video=\"video\" :autoplay=\"autoplay\" :youtube=\"youtube\" :crop=\"crop\" :youtubelabel=\"youtubelabel\" :annotations=\"annotations\" :background=\"background\"><\/lazy-media>\n\n\t\t\t\t\t\t\t\t\t<\/div>\n\n\t\t\t\t\n\t\t\t\t\n\n\n\t\t\t\t\t\t\t\t\t\t<figcaption class=\"\">\n\t\t\t\t\t\t\t\t\t\t\t\t\t\t\t<div class=\"lazy-media-image-label\">Die QuerChorallen Berlin<\/div>\n\t\t\t\t\t\t\t\t\t\t\t\t\t\t\t\t\t\t\t\t\t\t<div class=\"lazy-media-image-description\">\u00a9 Die QuerChorallen Berlin <\/div>\n\t\t\t\t\t\t\t\t\t\t\t\t\t<\/figcaption>\n\t\t\t\t\t\t\t\t\t\n\t\t\t   \t\t\t\t\t\t\t<\/figure>\n\t\t<\/lazy-media-inline>\n\t\t\t\t\t\t\t<\/div>\n\t\t\t\t<\/div>\n\t\t\t\t\t<\/div>\n\t<\/div>\n<\/section>\n\n\n<section class=\"block block-standard-image-copy  align-left\" data-parallax='{\"child\":\".motion-image\",\"mask\":\".row\",\"full\":{\"y\": [5,-5]}}' id=\"sticky_69f0eb05bbae4\">\n\t<div class=\"container-fluid\" data-parallax='{\"child\":\".row\",\"mask\":\".motion-image\",\"in\":{\"scale\": [1.1,1.1],\"opacity\": [0,0]},\"center\":{\"scale\": [1.1,1],\"opacity\": [0,1],\"ease\":\"sine.out\"},\"out\":{\"opacity\": [1,0]}}'>\n\t\t<div class=\"row\">\n\t\t\t\t\t\t\t<div class=\"col-xs-12 col-md-7\">\n\t\t\t\t\t<div class=\"padding-bottom-minimal padding-top-minimal\" >\n\t\t\t\t\t\t\n\t\t<lazy-media-inline inline-template data-id=\"92196\">\n\t\t\t<figure itemscope itemtype=\"http:\/\/schema.org\/ImageObject\" class=\"lazy-media-inline \" role=\"group\" id=\"media_69f0eb05bbc30\">\n\t\t\t\t<script type=\"application\/json\" ref=\"data\">\n\t\t\t\t{\n\t\t\t\t\"sizes\" : {\"medium\":{\"file\":\"c-Annett-Staedler_Oranya-300x300.png\",\"width\":300,\"height\":300,\"mime-type\":\"image\\\/png\",\"filesize\":154647},\"small\":{\"file\":\"c-Annett-Staedler_Oranya-440x440.png\",\"width\":440,\"height\":440,\"mime-type\":\"image\\\/png\",\"filesize\":305092},\"semi\":{\"file\":\"c-Annett-Staedler_Oranya-580x580.png\",\"width\":580,\"height\":580,\"mime-type\":\"image\\\/png\",\"filesize\":497012},\"mobile\":{\"file\":\"c-Annett-Staedler_Oranya-720x720.png\",\"width\":720,\"height\":720,\"mime-type\":\"image\\\/png\",\"filesize\":721168},\"original\":{\"file\":\"c-Annett-Staedler_Oranya.png\",\"width\":750,\"height\":750}},\n\t\t\t\t\"alt\" : \"Portr\\u00e4t einer Frau, die frontal in die Kamera blickt, ihr Kinn hat sie auf einem ihrer Ellbogen abgest\\u00fctzt\",\n\t\t\t\t\"path\" : \"\\\/wp-content\\\/uploads\\\/2026\\\/04\\\/\",\n\t\t\t\t\"video\" : null,\n\t\t\t\t\"autoplay\" : null,\n\t\t\t\t\"youtube\" : null,\n\t\t\t\t\"youtubelabel\" : \"play\",\n\t\t\t\t\"brightness\" : 100,\n\t\t\t\t\"crop\" : null,\n\t\t\t\t\"background\" : false,\n\t\t\t\t\"scale\" : 1,\n\t\t\t\t\"zoom\" : false,\n\t\t\t\t\"annotations\" : null\t\t\t\t}\n\t\t\t<\/script>\n\t\t\t\t<div class=\"height-container\" style=\"padding-bottom:100%;  \" v-if=\"sizes\">\n\t\t\t\t\t<lazy-media :inline=\"true\" :alt=\"alt\" :sizes=\"sizes\" :scale=\"scale\" :zoom=\"zoom\" :brightness=\"brightness\" :path=\"path\" :video=\"video\" :autoplay=\"autoplay\" :youtube=\"youtube\" :crop=\"crop\" :youtubelabel=\"youtubelabel\" :annotations=\"annotations\" :background=\"background\"><\/lazy-media>\n\n\t\t\t\t\t\t\t\t\t<\/div>\n\n\t\t\t\t\n\t\t\t\t\n\n\n\t\t\t\t\t\t\t\t\t\t<figcaption class=\"\">\n\t\t\t\t\t\t\t\t\t\t\t\t\t\t\t<div class=\"lazy-media-image-label\">ORANYA<\/div>\n\t\t\t\t\t\t\t\t\t\t\t\t\t\t\t\t\t\t\t\t\t\t<div class=\"lazy-media-image-description\">\u00a9 Annett Staedler <\/div>\n\t\t\t\t\t\t\t\t\t\t\t\t\t<\/figcaption>\n\t\t\t\t\t\t\t\t\t\n\t\t\t   \t\t\t\t\t\t\t<\/figure>\n\t\t<\/lazy-media-inline>\n\t\t\t\t\t\t\t<\/div>\n\t\t\t\t<\/div>\n\t\t\t\t<div class=\"col-xs-12 col-md-4 col-md-offset-1\">\n\t\t\t\t\t<div class=\"padding-bottom-minimal padding-top-minimal copy\" >\n\t\t\t\t\t\t\t\t\t\t\t\t<h3 class=\"margin-bottom-third \">ORANYA<\/h3>\n\t\t\t\t\t\t\t\t\t\t\t\t<em><strong><mark class=\"has-inline-color has-highlight-color\">19:25 \u2013 20:10<\/mark><\/strong><\/em><br><em>Stage in front of the Nikolaikirche<\/em><br><br>\u201cHonest, danceable and dreamlike: Berlin-based singer-songwriter ORANYA combines electronic beats with sensitive lyrics to create a sound that gets under your skin and onto the dancefloor at the same time. Between pulsating synths, warm basslines and clear arrangements, she unfolds her very own take on German-language pop.\u201d\t\t\t\t\t<\/div>\n\t\t\t\t<\/div>\n\t\t\t\t\t<\/div>\n\t<\/div>\n<\/section>\n\n\n<section class=\"block block-standard-image-copy  align-left\" data-parallax='{\"child\":\".motion-image\",\"mask\":\".row\",\"full\":{\"y\": [5,-5]}}' id=\"sticky_69f0eb05bbdc3\">\n\t<div class=\"container-fluid\" data-parallax='{\"child\":\".row\",\"mask\":\".motion-image\",\"in\":{\"scale\": [1.1,1.1],\"opacity\": [0,0]},\"center\":{\"scale\": [1.1,1],\"opacity\": [0,1],\"ease\":\"sine.out\"},\"out\":{\"opacity\": [1,0]}}'>\n\t\t<div class=\"row\">\n\t\t\t\t\t\t\t<div class=\"col-xs-12 col-md-4 \">\n\t\t\t\t\t<div class=\"padding-bottom-minimal padding-top-minimal copy\" >\n\t\t\t\t\t\t\t\t\t\t\t\t\t<h3 class=\"margin-bottom-third \">Special Guest<\/h3>\n\t\t\t\t\t\t\t\t\t\t\t\t<em><strong><mark class=\"has-inline-color has-highlight-color\">20:15 <em><strong>\u2013<\/strong><\/em> 20:55<\/mark><\/strong><\/em><br><em>Stage in front of the Museum Laboratory<\/em><br><br>Further information will follow.\t\t\t\t\t<\/div>\n\t\t\t\t<\/div>\n\t\t\t\t<div class=\"col-xs-12 col-md-7  col-md-offset-1\">\n\t\t\t\t\t<div class=\"padding-bottom-minimal padding-top-minimal\" >\n\t\t\t\t\t\t\n\t\t<lazy-media-inline inline-template data-id=\"70031\">\n\t\t\t<figure itemscope itemtype=\"http:\/\/schema.org\/ImageObject\" class=\"lazy-media-inline \" role=\"group\" id=\"media_69f0eb05bbf5b\">\n\t\t\t\t<script type=\"application\/json\" ref=\"data\">\n\t\t\t\t{\n\t\t\t\t\"sizes\" : {\"medium\":{\"file\":\"DSC199662_1920px-300x200.jpg\",\"width\":300,\"height\":200,\"mime-type\":\"image\\\/jpeg\",\"filesize\":23579},\"large\":{\"file\":\"DSC199662_1920px-1024x683.jpg\",\"width\":1024,\"height\":683,\"mime-type\":\"image\\\/jpeg\",\"filesize\":213522},\"medium_large\":{\"file\":\"DSC199662_1920px-768x512.jpg\",\"width\":768,\"height\":512,\"mime-type\":\"image\\\/jpeg\",\"filesize\":128997},\"1536x1536\":{\"file\":\"DSC199662_1920px-1536x1024.jpg\",\"width\":1536,\"height\":1024,\"mime-type\":\"image\\\/jpeg\",\"filesize\":424250},\"small\":{\"file\":\"DSC199662_1920px-440x293.jpg\",\"width\":440,\"height\":293,\"mime-type\":\"image\\\/jpeg\",\"filesize\":46884},\"semi\":{\"file\":\"DSC199662_1920px-580x387.jpg\",\"width\":580,\"height\":387,\"mime-type\":\"image\\\/jpeg\",\"filesize\":77942},\"mobile\":{\"file\":\"DSC199662_1920px-720x480.jpg\",\"width\":720,\"height\":480,\"mime-type\":\"image\\\/jpeg\",\"filesize\":114151},\"hd\":{\"file\":\"DSC199662_1920px-1280x853.jpg\",\"width\":1280,\"height\":853,\"mime-type\":\"image\\\/jpeg\",\"filesize\":315925},\"original\":{\"file\":\"DSC199662_1920px.jpg\",\"width\":1920,\"height\":1280}},\n\t\t\t\t\"alt\" : \"\",\n\t\t\t\t\"path\" : \"\\\/wp-content\\\/uploads\\\/2025\\\/06\\\/\",\n\t\t\t\t\"video\" : null,\n\t\t\t\t\"autoplay\" : null,\n\t\t\t\t\"youtube\" : null,\n\t\t\t\t\"youtubelabel\" : \"play\",\n\t\t\t\t\"brightness\" : 100,\n\t\t\t\t\"crop\" : null,\n\t\t\t\t\"background\" : false,\n\t\t\t\t\"scale\" : 1,\n\t\t\t\t\"zoom\" : false,\n\t\t\t\t\"annotations\" : null\t\t\t\t}\n\t\t\t<\/script>\n\t\t\t\t<div class=\"height-container\" style=\"padding-bottom:66.666666666667%;  \" v-if=\"sizes\">\n\t\t\t\t\t<lazy-media :inline=\"true\" :alt=\"alt\" :sizes=\"sizes\" :scale=\"scale\" :zoom=\"zoom\" :brightness=\"brightness\" :path=\"path\" :video=\"video\" :autoplay=\"autoplay\" :youtube=\"youtube\" :crop=\"crop\" :youtubelabel=\"youtubelabel\" :annotations=\"annotations\" :background=\"background\"><\/lazy-media>\n\n\t\t\t\t\t\t\t\t\t<\/div>\n\n\t\t\t\t\n\t\t\t\t\n\n\n\t\t\t\t\t\t\t\t\t\t<figcaption class=\"\">\n\t\t\t\t\t\t\t\t\t\t\t\t\t\t\t<div class=\"lazy-media-image-label\">The stage in front of the Museum Laboratory at the Museum Festival 2025<\/div>\n\t\t\t\t\t\t\t\t\t\t\t\t\t\t\t\t\t\t\t\t\t\t<div class=\"lazy-media-image-description\">\u00a9 Stiftung Stadtmuseum Berlin | Photo: Alexander Rentsch <\/div>\n\t\t\t\t\t\t\t\t\t\t\t\t\t<\/figcaption>\n\t\t\t\t\t\t\t\t\t\n\t\t\t   \t\t\t\t\t\t\t<\/figure>\n\t\t<\/lazy-media-inline>\n\t\t\t\t\t\t\t<\/div>\n\t\t\t\t<\/div>\n\t\t\t\t\t<\/div>\n\t<\/div>\n<\/section>\n\n\n<section class=\"block block-standard-image-copy  align-left\" data-parallax='{\"child\":\".motion-image\",\"mask\":\".row\",\"full\":{\"y\": [5,-5]}}' id=\"sticky_69f0eb05bc0b1\">\n\t<div class=\"container-fluid\" data-parallax='{\"child\":\".row\",\"mask\":\".motion-image\",\"in\":{\"scale\": [1.1,1.1],\"opacity\": [0,0]},\"center\":{\"scale\": [1.1,1],\"opacity\": [0,1],\"ease\":\"sine.out\"},\"out\":{\"opacity\": [1,0]}}'>\n\t\t<div class=\"row\">\n\t\t\t\t\t\t\t<div class=\"col-xs-12 col-md-7\">\n\t\t\t\t\t<div class=\"padding-bottom-minimal padding-top-minimal\" >\n\t\t\t\t\t\t\n\t\t<lazy-media-inline inline-template data-id=\"92202\">\n\t\t\t<figure itemscope itemtype=\"http:\/\/schema.org\/ImageObject\" class=\"lazy-media-inline \" role=\"group\" id=\"media_69f0eb05bc230\">\n\t\t\t\t<script type=\"application\/json\" ref=\"data\">\n\t\t\t\t{\n\t\t\t\t\"sizes\" : {\"medium\":{\"file\":\"c-Rebecca-Kraemer_Trille-e1777282321463-240x300.jpg\",\"width\":240,\"height\":300,\"mime-type\":\"image\\\/jpeg\",\"filesize\":8896},\"large\":{\"file\":\"c-Rebecca-Kraemer_Trille-e1777282321463-819x1024.jpg\",\"width\":819,\"height\":1024,\"mime-type\":\"image\\\/jpeg\",\"filesize\":66045},\"medium_large\":{\"file\":\"c-Rebecca-Kraemer_Trille-e1777282321463-768x960.jpg\",\"width\":768,\"height\":960,\"mime-type\":\"image\\\/jpeg\",\"filesize\":58239},\"1536x1536\":{\"file\":\"c-Rebecca-Kraemer_Trille-e1777282321463-1229x1536.jpg\",\"width\":1229,\"height\":1536,\"mime-type\":\"image\\\/jpeg\",\"filesize\":152119},\"2048x2048\":{\"file\":\"c-Rebecca-Kraemer_Trille-e1777282321463-1638x2048.jpg\",\"width\":1638,\"height\":2048,\"mime-type\":\"image\\\/jpeg\",\"filesize\":271302},\"small\":{\"file\":\"c-Rebecca-Kraemer_Trille-e1777282321463-352x440.jpg\",\"width\":352,\"height\":440,\"mime-type\":\"image\\\/jpeg\",\"filesize\":15488},\"semi\":{\"file\":\"c-Rebecca-Kraemer_Trille-e1777282321463-464x580.jpg\",\"width\":464,\"height\":580,\"mime-type\":\"image\\\/jpeg\",\"filesize\":23780},\"mobile\":{\"file\":\"c-Rebecca-Kraemer_Trille-e1777282321463-576x720.jpg\",\"width\":576,\"height\":720,\"mime-type\":\"image\\\/jpeg\",\"filesize\":34058},\"hd\":{\"file\":\"c-Rebecca-Kraemer_Trille-e1777282321463-1024x1280.jpg\",\"width\":1024,\"height\":1280,\"mime-type\":\"image\\\/jpeg\",\"filesize\":104310},\"full\":{\"file\":\"c-Rebecca-Kraemer_Trille-e1777282321463-1536x1920.jpg\",\"width\":1536,\"height\":1920,\"mime-type\":\"image\\\/jpeg\",\"filesize\":240726},\"original\":{\"file\":\"c-Rebecca-Kraemer_Trille-e1777282321463.jpg\",\"width\":1920,\"height\":2400}},\n\t\t\t\t\"alt\" : \"Portr\\u00e4t eines Mannes, der eine Leoparden-M\\u00fctze tr\\u00e4gt und ein zugekn\\u00f6pftes, langes Hemd\",\n\t\t\t\t\"path\" : \"\\\/wp-content\\\/uploads\\\/2026\\\/04\\\/\",\n\t\t\t\t\"video\" : null,\n\t\t\t\t\"autoplay\" : null,\n\t\t\t\t\"youtube\" : null,\n\t\t\t\t\"youtubelabel\" : \"play\",\n\t\t\t\t\"brightness\" : 100,\n\t\t\t\t\"crop\" : null,\n\t\t\t\t\"background\" : false,\n\t\t\t\t\"scale\" : 1,\n\t\t\t\t\"zoom\" : false,\n\t\t\t\t\"annotations\" : null\t\t\t\t}\n\t\t\t<\/script>\n\t\t\t\t<div class=\"height-container\" style=\"padding-bottom:125%;  \" v-if=\"sizes\">\n\t\t\t\t\t<lazy-media :inline=\"true\" :alt=\"alt\" :sizes=\"sizes\" :scale=\"scale\" :zoom=\"zoom\" :brightness=\"brightness\" :path=\"path\" :video=\"video\" :autoplay=\"autoplay\" :youtube=\"youtube\" :crop=\"crop\" :youtubelabel=\"youtubelabel\" :annotations=\"annotations\" :background=\"background\"><\/lazy-media>\n\n\t\t\t\t\t\t\t\t\t<\/div>\n\n\t\t\t\t\n\t\t\t\t\n\n\n\t\t\t\t\t\t\t\t\t\t<figcaption class=\"\">\n\t\t\t\t\t\t\t\t\t\t\t\t\t\t\t<div class=\"lazy-media-image-label\">Trille<\/div>\n\t\t\t\t\t\t\t\t\t\t\t\t\t\t\t\t\t\t\t\t\t\t<div class=\"lazy-media-image-description\">\u00a9 Rebecca Kraemer <\/div>\n\t\t\t\t\t\t\t\t\t\t\t\t\t<\/figcaption>\n\t\t\t\t\t\t\t\t\t\n\t\t\t   \t\t\t\t\t\t\t<\/figure>\n\t\t<\/lazy-media-inline>\n\t\t\t\t\t\t\t<\/div>\n\t\t\t\t<\/div>\n\t\t\t\t<div class=\"col-xs-12 col-md-4 col-md-offset-1\">\n\t\t\t\t\t<div class=\"padding-bottom-minimal padding-top-minimal copy\" >\n\t\t\t\t\t\t\t\t\t\t\t\t<h3 class=\"margin-bottom-third \">Trille<\/h3>\n\t\t\t\t\t\t\t\t\t\t\t\t<mark class=\"has-inline-color has-highlight-color\"><strong>21:00 \u2013 22:00<\/strong><\/mark><br><em>Stage in front of the Nikolaikirche<\/em><br><br>\u201cTrille is back on stage: following his period of parental leave, the Berlin-based musician is playing his first concert and presenting songs from his latest album <em>Aus meiner Haut<\/em>. Honest German-language pop, navigating vulnerability, pressure and the attempt to come back to oneself.\u201d\t\t\t\t\t<\/div>\n\t\t\t\t<\/div>\n\t\t\t\t\t<\/div>\n\t<\/div>\n<\/section>\n\n\n<section class=\"block block-headline block-no-margin\" >\n\t<div class=\"container-fluid\">\n\t\t<div class=\"row\">\n\t\t\t\t\t\t<div class=\"col-xs-12 col-md-7\">\n\t\t\t\t<div class=\"box\">\n\t\t\t\t\t<h2 class=\"h3\">Creative Activities<\/h2>\n\t\t\t\t<\/div>\n\t\t\t<\/div>\n\t\t\t\t\t<\/div>\n\t<\/div>\n<\/section>\n\n\n<section class=\"block block-standard-image-copy  align-left\" data-parallax='{\"child\":\".motion-image\",\"mask\":\".row\",\"full\":{\"y\": [5,-5]}}' id=\"sticky_69f0eb05bc547\">\n\t<div class=\"container-fluid\" data-parallax='{\"child\":\".row\",\"mask\":\".motion-image\",\"in\":{\"scale\": [1.1,1.1],\"opacity\": [0,0]},\"center\":{\"scale\": [1.1,1],\"opacity\": [0,1],\"ease\":\"sine.out\"},\"out\":{\"opacity\": [1,0]}}'>\n\t\t<div class=\"row\">\n\t\t\t\t\t\t\t<div class=\"col-xs-12 col-md-4 \">\n\t\t\t\t\t<div class=\"padding-bottom-minimal padding-top-minimal copy\" >\n\t\t\t\t\t\t\t\t\t\t\t\t\t<h3 class=\"margin-bottom-third \">The large instrument sound workshop<\/h3>\n\t\t\t\t\t\t\t\t\t\t\t\t<em><strong><em><strong><mark class=\"has-inline-color has-highlight-color\"><em><strong><mark class=\"has-inline-color has-highlight-color\">15:00 \u2013 21:00<\/mark><\/strong><\/em><\/mark><\/strong><\/em><\/strong>\u00a0<\/em><br><br><em>To the right in front of the Museum Ephraim-Palais <\/em><br><br>It\u2019s all about measuring, sawing, hammering, sanding, drilling, screwing and threading \u2013 lively, busy and loud. Here you can discover and try out which materials are needed to build an instrument and how it\u2019s done. Depending on age and the time available, participants can create simpler or more elaborate instruments to take home and play. For children, there is a dedicated area where they can explore a small world of sound.\t\t\t\t\t<\/div>\n\t\t\t\t<\/div>\n\t\t\t\t<div class=\"col-xs-12 col-md-7  col-md-offset-1\">\n\t\t\t\t\t<div class=\"padding-bottom-minimal padding-top-minimal\" >\n\t\t\t\t\t\t\n\t\t<lazy-media-inline inline-template data-id=\"92228\">\n\t\t\t<figure itemscope itemtype=\"http:\/\/schema.org\/ImageObject\" class=\"lazy-media-inline \" role=\"group\" id=\"media_69f0eb05bc6b3\">\n\t\t\t\t<script type=\"application\/json\" ref=\"data\">\n\t\t\t\t{\n\t\t\t\t\"sizes\" : {\"medium\":{\"file\":\"Museumssonntag_PHD_2250_web-300x200.jpg\",\"width\":300,\"height\":200,\"mime-type\":\"image\\\/jpeg\",\"filesize\":15469},\"large\":{\"file\":\"Museumssonntag_PHD_2250_web-1024x682.jpg\",\"width\":1024,\"height\":682,\"mime-type\":\"image\\\/jpeg\",\"filesize\":87619},\"medium_large\":{\"file\":\"Museumssonntag_PHD_2250_web-768x512.jpg\",\"width\":768,\"height\":512,\"mime-type\":\"image\\\/jpeg\",\"filesize\":57559},\"1536x1536\":{\"file\":\"Museumssonntag_PHD_2250_web-1536x1024.jpg\",\"width\":1536,\"height\":1024,\"mime-type\":\"image\\\/jpeg\",\"filesize\":159364},\"small\":{\"file\":\"Museumssonntag_PHD_2250_web-440x293.jpg\",\"width\":440,\"height\":293,\"mime-type\":\"image\\\/jpeg\",\"filesize\":26570},\"semi\":{\"file\":\"Museumssonntag_PHD_2250_web-580x387.jpg\",\"width\":580,\"height\":387,\"mime-type\":\"image\\\/jpeg\",\"filesize\":39362},\"mobile\":{\"file\":\"Museumssonntag_PHD_2250_web-720x480.jpg\",\"width\":720,\"height\":480,\"mime-type\":\"image\\\/jpeg\",\"filesize\":52420},\"hd\":{\"file\":\"Museumssonntag_PHD_2250_web-1280x853.jpg\",\"width\":1280,\"height\":853,\"mime-type\":\"image\\\/jpeg\",\"filesize\":121976},\"full\":{\"file\":\"Museumssonntag_PHD_2250_web-1920x1280.jpg\",\"width\":1920,\"height\":1280,\"mime-type\":\"image\\\/jpeg\",\"filesize\":222001},\"original\":{\"file\":\"Museumssonntag_PHD_2250_web.jpg\",\"width\":2000,\"height\":1333}},\n\t\t\t\t\"alt\" : \"Ein Junge pustet in ein verbogenes Rohr, er ist an einem Werktisch im Museumslabor, verschwommen sind auch andere Kinder zu sehen\",\n\t\t\t\t\"path\" : \"\\\/wp-content\\\/uploads\\\/2026\\\/04\\\/\",\n\t\t\t\t\"video\" : null,\n\t\t\t\t\"autoplay\" : null,\n\t\t\t\t\"youtube\" : null,\n\t\t\t\t\"youtubelabel\" : \"play\",\n\t\t\t\t\"brightness\" : 100,\n\t\t\t\t\"crop\" : null,\n\t\t\t\t\"background\" : false,\n\t\t\t\t\"scale\" : 1,\n\t\t\t\t\"zoom\" : false,\n\t\t\t\t\"annotations\" : null\t\t\t\t}\n\t\t\t<\/script>\n\t\t\t\t<div class=\"height-container\" style=\"padding-bottom:66.65%;  \" v-if=\"sizes\">\n\t\t\t\t\t<lazy-media :inline=\"true\" :alt=\"alt\" :sizes=\"sizes\" :scale=\"scale\" :zoom=\"zoom\" :brightness=\"brightness\" :path=\"path\" :video=\"video\" :autoplay=\"autoplay\" :youtube=\"youtube\" :crop=\"crop\" :youtubelabel=\"youtubelabel\" :annotations=\"annotations\" :background=\"background\"><\/lazy-media>\n\n\t\t\t\t\t\t\t\t\t<\/div>\n\n\t\t\t\t\n\t\t\t\t\n\n\n\t\t\t\t\t\t\t\t\t\t<figcaption class=\"\">\n\t\t\t\t\t\t\t\t\t\t\t\t\t\t\t<div class=\"lazy-media-image-label\">Build your own instruments<\/div>\n\t\t\t\t\t\t\t\t\t\t\t\t\t\t\t\t\t\t\t\t\t\t<div class=\"lazy-media-image-description\">\u00a9 Stiftung Stadtmuseum Berlin | Photo: Phil Dera <\/div>\n\t\t\t\t\t\t\t\t\t\t\t\t\t<\/figcaption>\n\t\t\t\t\t\t\t\t\t\n\t\t\t   \t\t\t\t\t\t\t<\/figure>\n\t\t<\/lazy-media-inline>\n\t\t\t\t\t\t\t<\/div>\n\t\t\t\t<\/div>\n\t\t\t\t\t<\/div>\n\t<\/div>\n<\/section>\n\n\n<section class=\"block block-standard-image-copy  align-left\" data-parallax='{\"child\":\".motion-image\",\"mask\":\".row\",\"full\":{\"y\": [5,-5]}}' id=\"sticky_69f0eb05bc85b\">\n\t<div class=\"container-fluid\" data-parallax='{\"child\":\".row\",\"mask\":\".motion-image\",\"in\":{\"scale\": [1.1,1.1],\"opacity\": [0,0]},\"center\":{\"scale\": [1.1,1],\"opacity\": [0,1],\"ease\":\"sine.out\"},\"out\":{\"opacity\": [1,0]}}'>\n\t\t<div class=\"row\">\n\t\t\t\t\t\t\t<div class=\"col-xs-12 col-md-7\">\n\t\t\t\t\t<div class=\"padding-bottom-minimal padding-top-minimal\" >\n\t\t\t\t\t\t\n\t\t<lazy-media-inline inline-template data-id=\"68478\">\n\t\t\t<figure itemscope itemtype=\"http:\/\/schema.org\/ImageObject\" class=\"lazy-media-inline \" role=\"group\" id=\"media_69f0eb05bc9f8\">\n\t\t\t\t<script type=\"application\/json\" ref=\"data\">\n\t\t\t\t{\n\t\t\t\t\"sizes\" : {\"medium\":{\"file\":\"maedchen-mit-hut-300x200.jpg\",\"width\":300,\"height\":200,\"mime-type\":\"image\\\/jpeg\",\"filesize\":17179},\"large\":{\"file\":\"maedchen-mit-hut-1024x683.jpg\",\"width\":1024,\"height\":683,\"mime-type\":\"image\\\/jpeg\",\"filesize\":101652},\"medium_large\":{\"file\":\"maedchen-mit-hut-768x512.jpg\",\"width\":768,\"height\":512,\"mime-type\":\"image\\\/jpeg\",\"filesize\":66074},\"1536x1536\":{\"file\":\"maedchen-mit-hut-1536x1024.jpg\",\"width\":1536,\"height\":1024,\"mime-type\":\"image\\\/jpeg\",\"filesize\":188609},\"small\":{\"file\":\"maedchen-mit-hut-440x293.jpg\",\"width\":440,\"height\":293,\"mime-type\":\"image\\\/jpeg\",\"filesize\":29857},\"semi\":{\"file\":\"maedchen-mit-hut-580x387.jpg\",\"width\":580,\"height\":387,\"mime-type\":\"image\\\/jpeg\",\"filesize\":44752},\"mobile\":{\"file\":\"maedchen-mit-hut-720x480.jpg\",\"width\":720,\"height\":480,\"mime-type\":\"image\\\/jpeg\",\"filesize\":60508},\"hd\":{\"file\":\"maedchen-mit-hut-1280x853.jpg\",\"width\":1280,\"height\":853,\"mime-type\":\"image\\\/jpeg\",\"filesize\":143688},\"original\":{\"file\":\"maedchen-mit-hut.jpg\",\"width\":1920,\"height\":1280}},\n\t\t\t\t\"alt\" : \"M\\u00e4dchen mit selbstgebasteltem Hut\",\n\t\t\t\t\"path\" : \"\\\/wp-content\\\/uploads\\\/2025\\\/06\\\/\",\n\t\t\t\t\"video\" : null,\n\t\t\t\t\"autoplay\" : null,\n\t\t\t\t\"youtube\" : null,\n\t\t\t\t\"youtubelabel\" : \"play\",\n\t\t\t\t\"brightness\" : 100,\n\t\t\t\t\"crop\" : null,\n\t\t\t\t\"background\" : false,\n\t\t\t\t\"scale\" : 1,\n\t\t\t\t\"zoom\" : false,\n\t\t\t\t\"annotations\" : null\t\t\t\t}\n\t\t\t<\/script>\n\t\t\t\t<div class=\"height-container\" style=\"padding-bottom:66.666666666667%;  \" v-if=\"sizes\">\n\t\t\t\t\t<lazy-media :inline=\"true\" :alt=\"alt\" :sizes=\"sizes\" :scale=\"scale\" :zoom=\"zoom\" :brightness=\"brightness\" :path=\"path\" :video=\"video\" :autoplay=\"autoplay\" :youtube=\"youtube\" :crop=\"crop\" :youtubelabel=\"youtubelabel\" :annotations=\"annotations\" :background=\"background\"><\/lazy-media>\n\n\t\t\t\t\t\t\t\t\t<\/div>\n\n\t\t\t\t\n\t\t\t\t\n\n\n\t\t\t\t\t\t\t\t\t\t<figcaption class=\"\">\n\t\t\t\t\t\t\t\t\t\t\t\t\t\t\t<div class=\"lazy-media-image-label\">You can make such stylish hats yourself<\/div>\n\t\t\t\t\t\t\t\t\t\t\t\t\t\t\t\t\t\t\t\t\t\t<div class=\"lazy-media-image-description\">\u00a9 Stiftung Stadtmuseum Berlin | Photo: Michael Setzpfandt <\/div>\n\t\t\t\t\t\t\t\t\t\t\t\t\t<\/figcaption>\n\t\t\t\t\t\t\t\t\t\n\t\t\t   \t\t\t\t\t\t\t<\/figure>\n\t\t<\/lazy-media-inline>\n\t\t\t\t\t\t\t<\/div>\n\t\t\t\t<\/div>\n\t\t\t\t<div class=\"col-xs-12 col-md-4 col-md-offset-1\">\n\t\t\t\t\t<div class=\"padding-bottom-minimal padding-top-minimal copy\" >\n\t\t\t\t\t\t\t\t\t\t\t\t<h3 class=\"margin-bottom-third \">Summer accessoires for hot days<\/h3>\n\t\t\t\t\t\t\t\t\t\t\t\t<mark class=\"has-inline-color has-highlight-color\"><strong>15:00 \u2013 21:00<\/strong>\u00a0<\/mark><br><em>Museum Knoblauchhaus, in front of the children\u2019s laboratory<br><\/em><strong><br><\/strong>In our open workshop, young and old alike can design small historical summer accessories themselves. A Biedermeier-style <em>Schute<\/em> protects from strong sunlight and provides welcome shade. A hand-folded fan brings a refreshing breeze to the face \u2013 perfect for a long summer\u2019s day of music. Decorated with musical notes, ornaments and playful details, simple materials are transformed into cheerful companions for the festival \u2013 a creative greeting from the past that beautifully complements the music of the moment.\t\t\t\t\t<\/div>\n\t\t\t\t<\/div>\n\t\t\t\t\t<\/div>\n\t<\/div>\n<\/section>\n\n\n<section class=\"block block-headline\" >\n\t<div class=\"container-fluid\">\n\t\t<div class=\"row\">\n\t\t\t\t\t\t<div class=\"col-xs-12 col-md-7\">\n\t\t\t\t<div class=\"box\">\n\t\t\t\t\t<h2 class=\"h3\">Guided Tours (in German)<\/h2>\n\t\t\t\t<\/div>\n\t\t\t<\/div>\n\t\t\t\t\t<\/div>\n\t<\/div>\n<\/section>\n\n\n<section class=\"block block-standard-image-copy  align-left\" data-parallax='{\"child\":\".motion-image\",\"mask\":\".row\",\"full\":{\"y\": [5,-5]}}' id=\"sticky_69f0eb05bcc5f\">\n\t<div class=\"container-fluid\" data-parallax='{\"child\":\".row\",\"mask\":\".motion-image\",\"in\":{\"scale\": [1.1,1.1],\"opacity\": [0,0]},\"center\":{\"scale\": [1.1,1],\"opacity\": [0,1],\"ease\":\"sine.out\"},\"out\":{\"opacity\": [1,0]}}'>\n\t\t<div class=\"row\">\n\t\t\t\t\t\t\t<div class=\"col-xs-12 col-md-4 \">\n\t\t\t\t\t<div class=\"padding-bottom-minimal padding-top-minimal copy\" >\n\t\t\t\t\t\t\t\t\t\t\t\t\t<h3 class=\"margin-bottom-third \">Family tour: Racing through BerlinZEIT<\/h3>\n\t\t\t\t\t\t\t\t\t\t\t\t<mark class=\"has-inline-color has-highlight-color\"><strong>14:00<\/strong><\/mark><br><em><strong>Meeting point: <\/strong>Foyer, Museum Ephraim-Palais <em>| <strong>Limited capacity<\/strong> | Please collect a free ticket from the ticket desk at the Museum Ephraim-Palais on the day of the event.<\/em><br><\/em><br>This family-friendly activity offers an accessible and entertaining guided tour through the permanent exhibition on the city\u2019s history at the Museum Ephraim-Palais. Families explore Berlin\u2019s past in different ways: sprinting through the centuries, they discover remarkable objects and surprising stories together. Along the way, there is plenty to try out, experiencing history with all the senses.\t\t\t\t\t<\/div>\n\t\t\t\t<\/div>\n\t\t\t\t<div class=\"col-xs-12 col-md-7  col-md-offset-1\">\n\t\t\t\t\t<div class=\"padding-bottom-minimal padding-top-minimal\" >\n\t\t\t\t\t\t\n\t\t<lazy-media-inline inline-template data-id=\"42889\">\n\t\t\t<figure itemscope itemtype=\"http:\/\/schema.org\/ImageObject\" class=\"lazy-media-inline \" role=\"group\" id=\"media_69f0eb05bcdb3\">\n\t\t\t\t<script type=\"application\/json\" ref=\"data\">\n\t\t\t\t{\n\t\t\t\t\"sizes\" : {\"medium\":{\"file\":\"berlinzeit-motorroller-pitty-300x200.jpg\",\"width\":300,\"height\":200,\"mime-type\":\"image\\\/jpeg\",\"filesize\":15170},\"large\":{\"file\":\"berlinzeit-motorroller-pitty-1024x683.jpg\",\"width\":1024,\"height\":683,\"mime-type\":\"image\\\/jpeg\",\"filesize\":104108},\"medium_large\":{\"file\":\"berlinzeit-motorroller-pitty-768x512.jpg\",\"width\":768,\"height\":512,\"mime-type\":\"image\\\/jpeg\",\"filesize\":65871},\"1536x1536\":{\"file\":\"berlinzeit-motorroller-pitty-1536x1024.jpg\",\"width\":1536,\"height\":1024,\"mime-type\":\"image\\\/jpeg\",\"filesize\":194799},\"small\":{\"file\":\"berlinzeit-motorroller-pitty-440x293.jpg\",\"width\":440,\"height\":293,\"mime-type\":\"image\\\/jpeg\",\"filesize\":27496},\"semi\":{\"file\":\"berlinzeit-motorroller-pitty-580x387.jpg\",\"width\":580,\"height\":387,\"mime-type\":\"image\\\/jpeg\",\"filesize\":42732},\"mobile\":{\"file\":\"berlinzeit-motorroller-pitty-720x480.jpg\",\"width\":720,\"height\":480,\"mime-type\":\"image\\\/jpeg\",\"filesize\":60015},\"hd\":{\"file\":\"berlinzeit-motorroller-pitty-1280x853.jpg\",\"width\":1280,\"height\":853,\"mime-type\":\"image\\\/jpeg\",\"filesize\":148764},\"original\":{\"file\":\"berlinzeit-motorroller-pitty.jpg\",\"width\":1920,\"height\":1280}},\n\t\t\t\t\"alt\" : \"P\\u00e4rchen auf Motorroller wird mit Handy fotografiert\",\n\t\t\t\t\"path\" : \"\\\/wp-content\\\/uploads\\\/2023\\\/12\\\/\",\n\t\t\t\t\"video\" : null,\n\t\t\t\t\"autoplay\" : null,\n\t\t\t\t\"youtube\" : null,\n\t\t\t\t\"youtubelabel\" : \"play\",\n\t\t\t\t\"brightness\" : 100,\n\t\t\t\t\"crop\" : null,\n\t\t\t\t\"background\" : false,\n\t\t\t\t\"scale\" : 1,\n\t\t\t\t\"zoom\" : false,\n\t\t\t\t\"annotations\" : null\t\t\t\t}\n\t\t\t<\/script>\n\t\t\t\t<div class=\"height-container\" style=\"padding-bottom:66.666666666667%;  \" v-if=\"sizes\">\n\t\t\t\t\t<lazy-media :inline=\"true\" :alt=\"alt\" :sizes=\"sizes\" :scale=\"scale\" :zoom=\"zoom\" :brightness=\"brightness\" :path=\"path\" :video=\"video\" :autoplay=\"autoplay\" :youtube=\"youtube\" :crop=\"crop\" :youtubelabel=\"youtubelabel\" :annotations=\"annotations\" :background=\"background\"><\/lazy-media>\n\n\t\t\t\t\t\t\t\t\t<\/div>\n\n\t\t\t\t\n\t\t\t\t\n\n\n\t\t\t\t\t\t\t\t\t\t<figcaption class=\"\">\n\t\t\t\t\t\t\t\t\t\t\t\t\t\t\t<div class=\"lazy-media-image-label\">The \u201cPitty\u201d scooter gives visitors a hands-on sense of Berlin street traffic in the 1950s.<\/div>\n\t\t\t\t\t\t\t\t\t\t\t\t\t\t\t\t\t\t\t\t\t\t<div class=\"lazy-media-image-description\">\u00a9 Stadtmuseum Berlin | Photo: Christian Kielmann <\/div>\n\t\t\t\t\t\t\t\t\t\t\t\t\t<\/figcaption>\n\t\t\t\t\t\t\t\t\t\n\t\t\t   \t\t\t\t\t\t\t<\/figure>\n\t\t<\/lazy-media-inline>\n\t\t\t\t\t\t\t<\/div>\n\t\t\t\t<\/div>\n\t\t\t\t\t<\/div>\n\t<\/div>\n<\/section>\n\n\n<section class=\"block block-standard-image-copy  align-left\" data-parallax='{\"child\":\".motion-image\",\"mask\":\".row\",\"full\":{\"y\": [5,-5]}}' id=\"sticky_69f0eb05bceea\">\n\t<div class=\"container-fluid\" data-parallax='{\"child\":\".row\",\"mask\":\".motion-image\",\"in\":{\"scale\": [1.1,1.1],\"opacity\": [0,0]},\"center\":{\"scale\": [1.1,1],\"opacity\": [0,1],\"ease\":\"sine.out\"},\"out\":{\"opacity\": [1,0]}}'>\n\t\t<div class=\"row\">\n\t\t\t\t\t\t\t<div class=\"col-xs-12 col-md-7\">\n\t\t\t\t\t<div class=\"padding-bottom-minimal padding-top-minimal\" >\n\t\t\t\t\t\t\n\t\t<lazy-media-inline inline-template data-id=\"92762\">\n\t\t\t<figure itemscope itemtype=\"http:\/\/schema.org\/ImageObject\" class=\"lazy-media-inline \" role=\"group\" id=\"media_69f0eb05bd024\">\n\t\t\t\t<script type=\"application\/json\" ref=\"data\">\n\t\t\t\t{\n\t\t\t\t\"sizes\" : {\"medium\":{\"file\":\"Eisen_Schmuck-276x300.jpg\",\"width\":276,\"height\":300,\"mime-type\":\"image\\\/jpeg\",\"filesize\":12284},\"medium_large\":{\"file\":\"Eisen_Schmuck-768x835.jpg\",\"width\":768,\"height\":835,\"mime-type\":\"image\\\/jpeg\",\"filesize\":63843},\"small\":{\"file\":\"Eisen_Schmuck-405x440.jpg\",\"width\":405,\"height\":440,\"mime-type\":\"image\\\/jpeg\",\"filesize\":23025},\"semi\":{\"file\":\"Eisen_Schmuck-534x580.jpg\",\"width\":534,\"height\":580,\"mime-type\":\"image\\\/jpeg\",\"filesize\":36131},\"mobile\":{\"file\":\"Eisen_Schmuck-662x720.jpg\",\"width\":662,\"height\":720,\"mime-type\":\"image\\\/jpeg\",\"filesize\":50577},\"original\":{\"file\":\"Eisen_Schmuck.jpg\",\"width\":920,\"height\":1000}},\n\t\t\t\t\"alt\" : \"Man sieht eine fein verzierte schwarze Halskette, auf denen unter anderem Schmetterlinge aus Eisen zu sehen sind\",\n\t\t\t\t\"path\" : \"\\\/wp-content\\\/uploads\\\/2026\\\/04\\\/\",\n\t\t\t\t\"video\" : null,\n\t\t\t\t\"autoplay\" : null,\n\t\t\t\t\"youtube\" : null,\n\t\t\t\t\"youtubelabel\" : \"play\",\n\t\t\t\t\"brightness\" : 100,\n\t\t\t\t\"crop\" : null,\n\t\t\t\t\"background\" : false,\n\t\t\t\t\"scale\" : 1,\n\t\t\t\t\"zoom\" : false,\n\t\t\t\t\"annotations\" : null\t\t\t\t}\n\t\t\t<\/script>\n\t\t\t\t<div class=\"height-container\" style=\"padding-bottom:108.69565217391%;  \" v-if=\"sizes\">\n\t\t\t\t\t<lazy-media :inline=\"true\" :alt=\"alt\" :sizes=\"sizes\" :scale=\"scale\" :zoom=\"zoom\" :brightness=\"brightness\" :path=\"path\" :video=\"video\" :autoplay=\"autoplay\" :youtube=\"youtube\" :crop=\"crop\" :youtubelabel=\"youtubelabel\" :annotations=\"annotations\" :background=\"background\"><\/lazy-media>\n\n\t\t\t\t\t\t\t\t\t<\/div>\n\n\t\t\t\t\n\t\t\t\t\n\n\n\t\t\t\t\t\t\t\t\t\t<figcaption class=\"\">\n\t\t\t\t\t\t\t\t\t\t\t\t\t\t\t<div class=\"lazy-media-image-label\">Butterfly necklace by Devaranne, a private Berlin foundry, cast iron, 1840\u20131850<\/div>\n\t\t\t\t\t\t\t\t\t\t\t\t\t\t\t\t\t\t\t\t\t\t<div class=\"lazy-media-image-description\">\u00a9 Stiftung Stadtmuseum Berlin <\/div>\n\t\t\t\t\t\t\t\t\t\t\t\t\t<\/figcaption>\n\t\t\t\t\t\t\t\t\t\n\t\t\t   \t\t\t\t\t\t\t<\/figure>\n\t\t<\/lazy-media-inline>\n\t\t\t\t\t\t\t<\/div>\n\t\t\t\t<\/div>\n\t\t\t\t<div class=\"col-xs-12 col-md-4 col-md-offset-1\">\n\t\t\t\t\t<div class=\"padding-bottom-minimal padding-top-minimal copy\" >\n\t\t\t\t\t\t\t\t\t\t\t\t<h3 class=\"margin-bottom-third \">\u201cJewelled Berlin Women\u201d \u2013 the incredible story of fashion, politics and foundry art<\/h3>\n\t\t\t\t\t\t\t\t\t\t\t\t<mark class=\"has-inline-color has-highlight-color\"><strong><mark class=\"has-inline-color has-highlight-color\">14:00 \u2013 14:30 + 18:15 \u2013 18:45<\/mark><\/strong><\/mark><br><em><strong>Meeting point:<\/strong> Ticket desk, Museum Knoblauchhaus | <strong>Limited capacity<\/strong> | Please collect a free ticket from the ticket desk at the Museum Knoblauchhaus on the day of the event.<\/em><br><br>A necklace made of iron and yet weighing just 12 grams! What is the secret behind this foundry art? Why did people donate precious gold in exchange for iron? Was Berlin iron jewellery merely a fashion trend, or a political statement?<br>Stories surrounding the most delicate iron castings ever made are shared by our collections curator in the cabinet exhibition on Berlin iron.\t\t\t\t\t<\/div>\n\t\t\t\t<\/div>\n\t\t\t\t\t<\/div>\n\t<\/div>\n<\/section>\n\n\n<section class=\"block block-standard-image-copy  align-left\" data-parallax='{\"child\":\".motion-image\",\"mask\":\".row\",\"full\":{\"y\": [5,-5]}}' id=\"sticky_69f0eb05bd16c\">\n\t<div class=\"container-fluid\" data-parallax='{\"child\":\".row\",\"mask\":\".motion-image\",\"in\":{\"scale\": [1.1,1.1],\"opacity\": [0,0]},\"center\":{\"scale\": [1.1,1],\"opacity\": [0,1],\"ease\":\"sine.out\"},\"out\":{\"opacity\": [1,0]}}'>\n\t\t<div class=\"row\">\n\t\t\t\t\t\t\t<div class=\"col-xs-12 col-md-4 \">\n\t\t\t\t\t<div class=\"padding-bottom-minimal padding-top-minimal copy\" >\n\t\t\t\t\t\t\t\t\t\t\t\t\t<h3 class=\"margin-bottom-third \">\u201cVintage furniture from the Biedermeier period?\u201d \u2013 a chair model based on a design by Schinkel<\/h3>\n\t\t\t\t\t\t\t\t\t\t\t\t<strong><mark class=\"has-inline-color has-highlight-color\">15:00 \u2013 15:30+ 16:15 \u2013 16:45 + 17:15 \u2013 17:45<\/mark><\/strong> <em><strong>Meeting point<\/strong> in front of the Museum Knoblauchhaus | <strong>Limited <em><em><strong>capacity<\/strong> <\/em><\/em><\/strong>| Please collect a free ticket at the Museum Knbolauchhaus ticket counter on the day of the event.<\/em><br><br>What do a winged staff and a snake have to do with a wedding in 1833? What does a red wool thread beneath an upholstery nail tell us? Why doesn\u2019t the gold shine? And why are there so many chairs that look almost identical?<br>Our conservator and our collections curator talk about their detective work at the museum and provide answers to all of these questions.\t\t\t\t\t<\/div>\n\t\t\t\t<\/div>\n\t\t\t\t<div class=\"col-xs-12 col-md-7  col-md-offset-1\">\n\t\t\t\t\t<div class=\"padding-bottom-minimal padding-top-minimal\" >\n\t\t\t\t\t\t\n\t\t<lazy-media-inline inline-template data-id=\"92812\">\n\t\t\t<figure itemscope itemtype=\"http:\/\/schema.org\/ImageObject\" class=\"lazy-media-inline \" role=\"group\" id=\"media_69f0eb05bd2a8\">\n\t\t\t\t<script type=\"application\/json\" ref=\"data\">\n\t\t\t\t{\n\t\t\t\t\"sizes\" : {\"medium\":{\"file\":\"Schinkel-Stuhl-e1777282191976-300x200.jpg\",\"width\":300,\"height\":200,\"mime-type\":\"image\\\/jpeg\",\"filesize\":14429},\"large\":{\"file\":\"Schinkel-Stuhl-e1777282191976-1024x684.jpg\",\"width\":1024,\"height\":684,\"mime-type\":\"image\\\/jpeg\",\"filesize\":94005},\"medium_large\":{\"file\":\"Schinkel-Stuhl-e1777282191976-768x513.jpg\",\"width\":768,\"height\":513,\"mime-type\":\"image\\\/jpeg\",\"filesize\":60528},\"1536x1536\":{\"file\":\"Schinkel-Stuhl-e1777282191976-1536x1026.jpg\",\"width\":1536,\"height\":1026,\"mime-type\":\"image\\\/jpeg\",\"filesize\":179196},\"small\":{\"file\":\"Schinkel-Stuhl-e1777282191976-440x294.jpg\",\"width\":440,\"height\":294,\"mime-type\":\"image\\\/jpeg\",\"filesize\":25839},\"semi\":{\"file\":\"Schinkel-Stuhl-e1777282191976-580x387.jpg\",\"width\":580,\"height\":387,\"mime-type\":\"image\\\/jpeg\",\"filesize\":39667},\"mobile\":{\"file\":\"Schinkel-Stuhl-e1777282191976-720x481.jpg\",\"width\":720,\"height\":481,\"mime-type\":\"image\\\/jpeg\",\"filesize\":55270},\"hd\":{\"file\":\"Schinkel-Stuhl-e1777282191976-1280x855.jpg\",\"width\":1280,\"height\":855,\"mime-type\":\"image\\\/jpeg\",\"filesize\":134496},\"original\":{\"file\":\"Schinkel-Stuhl-e1777282191976.jpg\",\"width\":1920,\"height\":1282}},\n\t\t\t\t\"alt\" : \"Man sieht eine Eisenverzierung am Stuhlr\\u00fccken bestehend aus zwei Schlangen mit Fl\\u00fcgeln\",\n\t\t\t\t\"path\" : \"\\\/wp-content\\\/uploads\\\/2026\\\/04\\\/\",\n\t\t\t\t\"video\" : null,\n\t\t\t\t\"autoplay\" : null,\n\t\t\t\t\"youtube\" : null,\n\t\t\t\t\"youtubelabel\" : \"play\",\n\t\t\t\t\"brightness\" : 100,\n\t\t\t\t\"crop\" : null,\n\t\t\t\t\"background\" : false,\n\t\t\t\t\"scale\" : 1,\n\t\t\t\t\"zoom\" : false,\n\t\t\t\t\"annotations\" : null\t\t\t\t}\n\t\t\t<\/script>\n\t\t\t\t<div class=\"height-container\" style=\"padding-bottom:66.770833333333%;  \" v-if=\"sizes\">\n\t\t\t\t\t<lazy-media :inline=\"true\" :alt=\"alt\" :sizes=\"sizes\" :scale=\"scale\" :zoom=\"zoom\" :brightness=\"brightness\" :path=\"path\" :video=\"video\" :autoplay=\"autoplay\" :youtube=\"youtube\" :crop=\"crop\" :youtubelabel=\"youtubelabel\" :annotations=\"annotations\" :background=\"background\"><\/lazy-media>\n\n\t\t\t\t\t\t\t\t\t<\/div>\n\n\t\t\t\t\n\t\t\t\t\n\n\n\t\t\t\t\t\t\t\t\t\t<figcaption class=\"\">\n\t\t\t\t\t\t\t\t\t\t\t\t\t\t\t<div class=\"lazy-media-image-label\">Detail view of the backrest, chair \u201cNo. 6\u201d<\/div>\n\t\t\t\t\t\t\t\t\t\t\t\t\t\t\t\t\t\t\t\t\t\t<div class=\"lazy-media-image-description\">\u00a9 Stiftung Stadtmuseum Berlin | Photo: Marie Buhl <\/div>\n\t\t\t\t\t\t\t\t\t\t\t\t\t<\/figcaption>\n\t\t\t\t\t\t\t\t\t\n\t\t\t   \t\t\t\t\t\t\t<\/figure>\n\t\t<\/lazy-media-inline>\n\t\t\t\t\t\t\t<\/div>\n\t\t\t\t<\/div>\n\t\t\t\t\t<\/div>\n\t<\/div>\n<\/section>\n\n\n<section class=\"block block-standard-image-copy  align-left\" data-parallax='{\"child\":\".motion-image\",\"mask\":\".row\",\"full\":{\"y\": [5,-5]}}' id=\"sticky_69f0eb05bd42d\">\n\t<div class=\"container-fluid\" data-parallax='{\"child\":\".row\",\"mask\":\".motion-image\",\"in\":{\"scale\": [1.1,1.1],\"opacity\": [0,0]},\"center\":{\"scale\": [1.1,1],\"opacity\": [0,1],\"ease\":\"sine.out\"},\"out\":{\"opacity\": [1,0]}}'>\n\t\t<div class=\"row\">\n\t\t\t\t\t\t\t<div class=\"col-xs-12 col-md-7\">\n\t\t\t\t\t<div class=\"padding-bottom-minimal padding-top-minimal\" >\n\t\t\t\t\t\t\n\t\t<lazy-media-inline inline-template data-id=\"92968\">\n\t\t\t<figure itemscope itemtype=\"http:\/\/schema.org\/ImageObject\" class=\"lazy-media-inline \" role=\"group\" id=\"media_69f0eb05bd5ba\">\n\t\t\t\t<script type=\"application\/json\" ref=\"data\">\n\t\t\t\t{\n\t\t\t\t\"sizes\" : {\"medium\":{\"file\":\"Grafiksammlung01_FotoJessicaStelter-300x200.jpg\",\"width\":300,\"height\":200,\"mime-type\":\"image\\\/jpeg\",\"filesize\":11565},\"large\":{\"file\":\"Grafiksammlung01_FotoJessicaStelter-1024x683.jpg\",\"width\":1024,\"height\":683,\"mime-type\":\"image\\\/jpeg\",\"filesize\":69159},\"medium_large\":{\"file\":\"Grafiksammlung01_FotoJessicaStelter-768x512.jpg\",\"width\":768,\"height\":512,\"mime-type\":\"image\\\/jpeg\",\"filesize\":44676},\"1536x1536\":{\"file\":\"Grafiksammlung01_FotoJessicaStelter-1536x1024.jpg\",\"width\":1536,\"height\":1024,\"mime-type\":\"image\\\/jpeg\",\"filesize\":128150},\"2048x2048\":{\"file\":\"Grafiksammlung01_FotoJessicaStelter-2048x1365.jpg\",\"width\":2048,\"height\":1365,\"mime-type\":\"image\\\/jpeg\",\"filesize\":204475},\"small\":{\"file\":\"Grafiksammlung01_FotoJessicaStelter-440x293.jpg\",\"width\":440,\"height\":293,\"mime-type\":\"image\\\/jpeg\",\"filesize\":20071},\"semi\":{\"file\":\"Grafiksammlung01_FotoJessicaStelter-580x387.jpg\",\"width\":580,\"height\":387,\"mime-type\":\"image\\\/jpeg\",\"filesize\":30191},\"mobile\":{\"file\":\"Grafiksammlung01_FotoJessicaStelter-720x480.jpg\",\"width\":720,\"height\":480,\"mime-type\":\"image\\\/jpeg\",\"filesize\":40749},\"hd\":{\"file\":\"Grafiksammlung01_FotoJessicaStelter-1280x853.jpg\",\"width\":1280,\"height\":853,\"mime-type\":\"image\\\/jpeg\",\"filesize\":97036},\"full\":{\"file\":\"Grafiksammlung01_FotoJessicaStelter-1920x1280.jpg\",\"width\":1920,\"height\":1280,\"mime-type\":\"image\\\/jpeg\",\"filesize\":183275},\"original\":{\"file\":\"Grafiksammlung01_FotoJessicaStelter.jpg\",\"width\":2126,\"height\":1417}},\n\t\t\t\t\"alt\" : \"\",\n\t\t\t\t\"path\" : \"\\\/wp-content\\\/uploads\\\/2026\\\/04\\\/\",\n\t\t\t\t\"video\" : null,\n\t\t\t\t\"autoplay\" : null,\n\t\t\t\t\"youtube\" : null,\n\t\t\t\t\"youtubelabel\" : \"play\",\n\t\t\t\t\"brightness\" : 100,\n\t\t\t\t\"crop\" : null,\n\t\t\t\t\"background\" : false,\n\t\t\t\t\"scale\" : 1,\n\t\t\t\t\"zoom\" : false,\n\t\t\t\t\"annotations\" : null\t\t\t\t}\n\t\t\t<\/script>\n\t\t\t\t<div class=\"height-container\" style=\"padding-bottom:66.650987770461%;  \" v-if=\"sizes\">\n\t\t\t\t\t<lazy-media :inline=\"true\" :alt=\"alt\" :sizes=\"sizes\" :scale=\"scale\" :zoom=\"zoom\" :brightness=\"brightness\" :path=\"path\" :video=\"video\" :autoplay=\"autoplay\" :youtube=\"youtube\" :crop=\"crop\" :youtubelabel=\"youtubelabel\" :annotations=\"annotations\" :background=\"background\"><\/lazy-media>\n\n\t\t\t\t\t\t\t\t\t<\/div>\n\n\t\t\t\t\n\t\t\t\t\n\n\n\t\t\t\t\t\t\t\t\t\t<figcaption class=\"\">\n\t\t\t\t\t\t\t\t\t\t\t\t\t\t\t<div class=\"lazy-media-image-label\">Staff members provide insights into the Graphic Collection<\/div>\n\t\t\t\t\t\t\t\t\t\t\t\t\t\t\t\t\t\t\t\t\t\t<div class=\"lazy-media-image-description\">\u00a9 Stiftung Stadtmuseum Berlin | Photo: Jessica Stelter <\/div>\n\t\t\t\t\t\t\t\t\t\t\t\t\t<\/figcaption>\n\t\t\t\t\t\t\t\t\t\n\t\t\t   \t\t\t\t\t\t\t<\/figure>\n\t\t<\/lazy-media-inline>\n\t\t\t\t\t\t\t<\/div>\n\t\t\t\t<\/div>\n\t\t\t\t<div class=\"col-xs-12 col-md-4 col-md-offset-1\">\n\t\t\t\t\t<div class=\"padding-bottom-minimal padding-top-minimal copy\" >\n\t\t\t\t\t\t\t\t\t\t\t\t<h3 class=\"margin-bottom-third \">Behind the scenes by lift \u2013 exclusive insights into the Graphic Collection<\/h3>\n\t\t\t\t\t\t\t\t\t\t\t\t<mark class=\"has-inline-color has-highlight-color\"><strong>15:30 \u2013 16:00 + 16:30 \u2013 17:00 + 17:30 \u2013 18:00<\/strong><\/mark><br><strong><em>Meeting point <\/em><\/strong><em>at the foyer of the Museum Ephraim-Palais | <strong>Limited <em><em><strong>capacity<\/strong> <\/em><\/em> <\/strong>| Please collect a free ticket at the Museum Ephraim-Palais ticket counter on the day of the event. <\/em><br><br><strong>From aquatint to drawing<\/strong><br>The Graphic Collection comprises more than 100,000 works on paper, with depictions spanning from the 16th century to the present day.<br>City views, portraits, caricatures or fragments of wallpaper \u2013 the collection not only covers an extensive range of subjects, but also showcases the full spectrum of graphic techniques. We offer a look inside the storage facilities, explain techniques and motifs using selected examples, and provide insights into the day-to-day work of the collection.\t\t\t\t\t<\/div>\n\t\t\t\t<\/div>\n\t\t\t\t\t<\/div>\n\t<\/div>\n<\/section>\n\n\n<section class=\"block block-standard-image-copy  align-left\" data-parallax='{\"child\":\".motion-image\",\"mask\":\".row\",\"full\":{\"y\": [5,-5]}}' id=\"sticky_69f0eb05bd745\">\n\t<div class=\"container-fluid\" data-parallax='{\"child\":\".row\",\"mask\":\".motion-image\",\"in\":{\"scale\": [1.1,1.1],\"opacity\": [0,0]},\"center\":{\"scale\": [1.1,1],\"opacity\": [0,1],\"ease\":\"sine.out\"},\"out\":{\"opacity\": [1,0]}}'>\n\t\t<div class=\"row\">\n\t\t\t\t\t\t\t<div class=\"col-xs-12 col-md-4 \">\n\t\t\t\t\t<div class=\"padding-bottom-minimal padding-top-minimal copy\" >\n\t\t\t\t\t\t\t\t\t\t\t\t\t<h3 class=\"margin-bottom-third \">Museum Nikolaikirche in 60 minutes<\/h3>\n\t\t\t\t\t\t\t\t\t\t\t\t<strong><mark class=\"has-inline-color has-highlight-color\">15:30<\/mark><\/strong><br><em><strong>Meeting point<\/strong> at the ticket counter in the Museum Nikolaikirche | <strong>Limited capacity<\/strong> | Please collect a free ticket at the museum&#8217;s ticket counter on the day of the event.<\/em> <br><br>Guided tour of the permanent exhibition: Step into Berlin\u2019s past at one of the city\u2019s iconic landmarks! What role did Berlin\u2019s oldest surviving church building play in earlier times? What do the remains of the late Romanesque basilica\u2019s foundations tell us? What traces did the bombing war leave behind? And why is the former church now a museum? These questions \u2013 and many more \u2013 will be answered on this tour.\t\t\t\t\t<\/div>\n\t\t\t\t<\/div>\n\t\t\t\t<div class=\"col-xs-12 col-md-7  col-md-offset-1\">\n\t\t\t\t\t<div class=\"padding-bottom-minimal padding-top-minimal\" >\n\t\t\t\t\t\t\n\t\t<lazy-media-inline inline-template data-id=\"27971\">\n\t\t\t<figure itemscope itemtype=\"http:\/\/schema.org\/ImageObject\" class=\"lazy-media-inline \" role=\"group\" id=\"media_69f0eb05bd8a4\">\n\t\t\t\t<script type=\"application\/json\" ref=\"data\">\n\t\t\t\t{\n\t\t\t\t\"sizes\" : {\"medium\":{\"file\":\"stadtmodell-berlins-mitte-300x200.jpg\",\"width\":300,\"height\":200,\"mime-type\":\"image\\\/jpeg\",\"filesize\":13683},\"large\":{\"file\":\"stadtmodell-berlins-mitte-1024x683.jpg\",\"width\":1024,\"height\":683,\"mime-type\":\"image\\\/jpeg\",\"filesize\":80651},\"medium_large\":{\"file\":\"stadtmodell-berlins-mitte-768x512.jpg\",\"width\":768,\"height\":512,\"mime-type\":\"image\\\/jpeg\",\"filesize\":52663},\"1536x1536\":{\"file\":\"stadtmodell-berlins-mitte-1536x1025.jpg\",\"width\":1536,\"height\":1025,\"mime-type\":\"image\\\/jpeg\",\"filesize\":150124},\"small\":{\"file\":\"stadtmodell-berlins-mitte-440x294.jpg\",\"width\":440,\"height\":294,\"mime-type\":\"image\\\/jpeg\",\"filesize\":23771},\"semi\":{\"file\":\"stadtmodell-berlins-mitte-580x387.jpg\",\"width\":580,\"height\":387,\"mime-type\":\"image\\\/jpeg\",\"filesize\":35408},\"mobile\":{\"file\":\"stadtmodell-berlins-mitte-720x480.jpg\",\"width\":720,\"height\":480,\"mime-type\":\"image\\\/jpeg\",\"filesize\":48007},\"hd\":{\"file\":\"stadtmodell-berlins-mitte-1280x854.jpg\",\"width\":1280,\"height\":854,\"mime-type\":\"image\\\/jpeg\",\"filesize\":112967},\"original\":{\"file\":\"stadtmodell-berlins-mitte.jpg\",\"width\":1920,\"height\":1281}},\n\t\t\t\t\"alt\" : \"Modell der mittelalterlichen Stadt Berlin im Museum Nikolaikirche, im Hintergrund unscharf Besucher und das Innere des Kirchenschiffs\",\n\t\t\t\t\"path\" : \"\\\/wp-content\\\/uploads\\\/2023\\\/06\\\/\",\n\t\t\t\t\"video\" : null,\n\t\t\t\t\"autoplay\" : null,\n\t\t\t\t\"youtube\" : null,\n\t\t\t\t\"youtubelabel\" : \"play\",\n\t\t\t\t\"brightness\" : 100,\n\t\t\t\t\"crop\" : null,\n\t\t\t\t\"background\" : false,\n\t\t\t\t\"scale\" : 1,\n\t\t\t\t\"zoom\" : false,\n\t\t\t\t\"annotations\" : null\t\t\t\t}\n\t\t\t<\/script>\n\t\t\t\t<div class=\"height-container\" style=\"padding-bottom:66.71875%;  \" v-if=\"sizes\">\n\t\t\t\t\t<lazy-media :inline=\"true\" :alt=\"alt\" :sizes=\"sizes\" :scale=\"scale\" :zoom=\"zoom\" :brightness=\"brightness\" :path=\"path\" :video=\"video\" :autoplay=\"autoplay\" :youtube=\"youtube\" :crop=\"crop\" :youtubelabel=\"youtubelabel\" :annotations=\"annotations\" :background=\"background\"><\/lazy-media>\n\n\t\t\t\t\t\t\t\t\t<\/div>\n\n\t\t\t\t\n\t\t\t\t\n\n\n\t\t\t\t\t\t\t\t\t\t<figcaption class=\"\">\n\t\t\t\t\t\t\t\t\t\t\t\t\t\t\t<div class=\"lazy-media-image-label\">Model of the medieval city of Berlin at the Museum Nikolaikirche<\/div>\n\t\t\t\t\t\t\t\t\t\t\t\t\t\t\t\t\t\t\t\t\t\t<div class=\"lazy-media-image-description\">\u00a9 Stadtmuseum Berlin | Photo: Felix Noak <\/div>\n\t\t\t\t\t\t\t\t\t\t\t\t\t<\/figcaption>\n\t\t\t\t\t\t\t\t\t\n\t\t\t   \t\t\t\t\t\t\t<\/figure>\n\t\t<\/lazy-media-inline>\n\t\t\t\t\t\t\t<\/div>\n\t\t\t\t<\/div>\n\t\t\t\t\t<\/div>\n\t<\/div>\n<\/section>\n\n\n<section class=\"block block-standard-image-copy  align-left\" data-parallax='{\"child\":\".motion-image\",\"mask\":\".row\",\"full\":{\"y\": [5,-5]}}' id=\"sticky_69f0eb05bd9dc\">\n\t<div class=\"container-fluid\" data-parallax='{\"child\":\".row\",\"mask\":\".motion-image\",\"in\":{\"scale\": [1.1,1.1],\"opacity\": [0,0]},\"center\":{\"scale\": [1.1,1],\"opacity\": [0,1],\"ease\":\"sine.out\"},\"out\":{\"opacity\": [1,0]}}'>\n\t\t<div class=\"row\">\n\t\t\t\t\t\t\t<div class=\"col-xs-12 col-md-7\">\n\t\t\t\t\t<div class=\"padding-bottom-minimal padding-top-minimal\" >\n\t\t\t\t\t\t\n\t\t<lazy-media-inline inline-template data-id=\"35214\">\n\t\t\t<figure itemscope itemtype=\"http:\/\/schema.org\/ImageObject\" class=\"lazy-media-inline \" role=\"group\" id=\"media_69f0eb05bdb16\">\n\t\t\t\t<script type=\"application\/json\" ref=\"data\">\n\t\t\t\t{\n\t\t\t\t\"sizes\" : {\"medium\":{\"file\":\"20230604-Ausstellungseroeffnung-Motherland-2956-300x200.jpg\",\"width\":300,\"height\":200,\"mime-type\":\"image\\\/jpeg\",\"filesize\":22234},\"large\":{\"file\":\"20230604-Ausstellungseroeffnung-Motherland-2956-1024x683.jpg\",\"width\":1024,\"height\":683,\"mime-type\":\"image\\\/jpeg\",\"filesize\":176921},\"medium_large\":{\"file\":\"20230604-Ausstellungseroeffnung-Motherland-2956-768x512.jpg\",\"width\":768,\"height\":512,\"mime-type\":\"image\\\/jpeg\",\"filesize\":109746},\"1536x1536\":{\"file\":\"20230604-Ausstellungseroeffnung-Motherland-2956-1536x1024.jpg\",\"width\":1536,\"height\":1024,\"mime-type\":\"image\\\/jpeg\",\"filesize\":338255},\"2048x2048\":{\"file\":\"20230604-Ausstellungseroeffnung-Motherland-2956-2048x1365.jpg\",\"width\":2048,\"height\":1365,\"mime-type\":\"image\\\/jpeg\",\"filesize\":532582},\"small\":{\"file\":\"20230604-Ausstellungseroeffnung-Motherland-2956-440x293.jpg\",\"width\":440,\"height\":293,\"mime-type\":\"image\\\/jpeg\",\"filesize\":43086},\"semi\":{\"file\":\"20230604-Ausstellungseroeffnung-Motherland-2956-580x387.jpg\",\"width\":580,\"height\":387,\"mime-type\":\"image\\\/jpeg\",\"filesize\":69354},\"mobile\":{\"file\":\"20230604-Ausstellungseroeffnung-Motherland-2956-720x480.jpg\",\"width\":720,\"height\":480,\"mime-type\":\"image\\\/jpeg\",\"filesize\":98220},\"hd\":{\"file\":\"20230604-Ausstellungseroeffnung-Motherland-2956-1280x853.jpg\",\"width\":1280,\"height\":853,\"mime-type\":\"image\\\/jpeg\",\"filesize\":253090},\"full\":{\"file\":\"20230604-Ausstellungseroeffnung-Motherland-2956-1920x1280.jpg\",\"width\":1920,\"height\":1280,\"mime-type\":\"image\\\/jpeg\",\"filesize\":480084},\"xxl\":{\"file\":\"20230604-Ausstellungseroeffnung-Motherland-2956-4048x2698.jpg\",\"width\":4048,\"height\":2698,\"mime-type\":\"image\\\/jpeg\",\"filesize\":1481715},\"original\":{\"file\":\"20230604-Ausstellungseroeffnung-Motherland-2956.jpg\",\"width\":4724,\"height\":3149}},\n\t\t\t\t\"alt\" : \"Menschen stehen schr\\u00e4g vor dem Eingang zum Museum Knoblauchhaus mit dem R\\u00fccken zur Kamera, es ist sommerlich hell, manche tragen T-Shirts und Rucks\\u00e4cke\",\n\t\t\t\t\"path\" : \"\\\/wp-content\\\/uploads\\\/2023\\\/07\\\/\",\n\t\t\t\t\"video\" : null,\n\t\t\t\t\"autoplay\" : null,\n\t\t\t\t\"youtube\" : null,\n\t\t\t\t\"youtubelabel\" : \"play\",\n\t\t\t\t\"brightness\" : 100,\n\t\t\t\t\"crop\" : null,\n\t\t\t\t\"background\" : false,\n\t\t\t\t\"scale\" : 1,\n\t\t\t\t\"zoom\" : false,\n\t\t\t\t\"annotations\" : null\t\t\t\t}\n\t\t\t<\/script>\n\t\t\t\t<div class=\"height-container\" style=\"padding-bottom:66.659610499577%;  \" v-if=\"sizes\">\n\t\t\t\t\t<lazy-media :inline=\"true\" :alt=\"alt\" :sizes=\"sizes\" :scale=\"scale\" :zoom=\"zoom\" :brightness=\"brightness\" :path=\"path\" :video=\"video\" :autoplay=\"autoplay\" :youtube=\"youtube\" :crop=\"crop\" :youtubelabel=\"youtubelabel\" :annotations=\"annotations\" :background=\"background\"><\/lazy-media>\n\n\t\t\t\t\t\t\t\t\t<\/div>\n\n\t\t\t\t\n\t\t\t\t\n\n\n\t\t\t\t\t\t\t\t\t\t<figcaption class=\"\">\n\t\t\t\t\t\t\t\t\t\t\t\t\t\t\t<div class=\"lazy-media-image-label\">Guided tour through the Nikolaiviertel<\/div>\n\t\t\t\t\t\t\t\t\t\t\t\t\t\t\t\t\t\t\t\t\t\t<div class=\"lazy-media-image-description\">\u00a9 Stiftung Stadtmuseum Berlin | Photo: Christian Kielmann <\/div>\n\t\t\t\t\t\t\t\t\t\t\t\t\t<\/figcaption>\n\t\t\t\t\t\t\t\t\t\n\t\t\t   \t\t\t\t\t\t\t<\/figure>\n\t\t<\/lazy-media-inline>\n\t\t\t\t\t\t\t<\/div>\n\t\t\t\t<\/div>\n\t\t\t\t<div class=\"col-xs-12 col-md-4 col-md-offset-1\">\n\t\t\t\t\t<div class=\"padding-bottom-minimal padding-top-minimal copy\" >\n\t\t\t\t\t\t\t\t\t\t\t\t<h3 class=\"margin-bottom-third \">The Nikolaiviertel \u2013 a tour for everyone<\/h3>\n\t\t\t\t\t\t\t\t\t\t\t\t<strong><em><em><mark class=\"has-inline-color has-highlight-color\">16:00 \u2013 17:00 + 18:00 <\/mark><\/em><mark class=\"has-inline-color has-highlight-color\">\u2013 19:00<\/mark><\/em><\/strong><br><em><strong>Meeting point:<\/strong> to the left in front of the Museum Ephraim-Palais | <strong>Limited capacity<\/strong> | Please collect a free ticket from the ticket desk at the Museum Ephraim-Palais on the day of the event.<\/em> <br><br>Together, families set off on a journey of discovery through the Nikolaiviertel. Along the way, they encounter the Berlin Bear and learn how the rib of a giant came to Berlin. They meet the <em>Paddenwirt<\/em>, find out what his name means, and make the acquaintance of the \u201cKaak\u201d. A visit to Saint George the dragon slayer is also on the programme, as well as a walk through Berlin\u2019s shortest street.\t\t\t\t\t<\/div>\n\t\t\t\t<\/div>\n\t\t\t\t\t<\/div>\n\t<\/div>\n<\/section>\n\n\n<section class=\"block block-standard-image-copy  align-left\" data-parallax='{\"child\":\".motion-image\",\"mask\":\".row\",\"full\":{\"y\": [5,-5]}}' id=\"sticky_69f0eb05bdc76\">\n\t<div class=\"container-fluid\" data-parallax='{\"child\":\".row\",\"mask\":\".motion-image\",\"in\":{\"scale\": [1.1,1.1],\"opacity\": [0,0]},\"center\":{\"scale\": [1.1,1],\"opacity\": [0,1],\"ease\":\"sine.out\"},\"out\":{\"opacity\": [1,0]}}'>\n\t\t<div class=\"row\">\n\t\t\t\t\t\t\t<div class=\"col-xs-12 col-md-4 \">\n\t\t\t\t\t<div class=\"padding-bottom-minimal padding-top-minimal copy\" >\n\t\t\t\t\t\t\t\t\t\t\t\t\t<h3 class=\"margin-bottom-third \">Exploring the neighbourhood: guided walk from the Museumsfest to the Fete at the Park \u00d7Waisenbr\u00fcckentag at K\u00f6llnischer Park<\/h3>\n\t\t\t\t\t\t\t\t\t\t\t\t<strong><mark class=\"has-inline-color has-highlight-color\">16:30 <strong>\u2013 17:15<\/strong>\u00a0<\/mark><\/strong><br><em><strong>Meeting point:<\/strong> to the left in front of the Museum Ephraim-Palais<\/em>.<em> <\/em><br><br>Two festivals, one route, plenty of music. As part of the F\u00eate de la Musique, we invite you to a special walk through the centre of Berlin. Join us on a journey from the atmospheric Museumsfest in the Nikolaiviertel to the lively <em>F\u00eate at the Park<\/em> <em>\u00d7 Waisenbr\u00fcckentag<\/em>, and experience the neighbourhood between the banks of the Spree, history and future perspectives. Along the way, you\u2019ll gain fascinating insights: learn more about our sites in the Nikolaiviertel, the M\u00e4rkisches Museum and the Marinehaus, and discover which visions might shape K\u00f6llnischer Park in the future.\t\t\t\t\t<\/div>\n\t\t\t\t<\/div>\n\t\t\t\t<div class=\"col-xs-12 col-md-7  col-md-offset-1\">\n\t\t\t\t\t<div class=\"padding-bottom-minimal padding-top-minimal\" >\n\t\t\t\t\t\t\n\t\t<lazy-media-inline inline-template data-id=\"92758\">\n\t\t\t<figure itemscope itemtype=\"http:\/\/schema.org\/ImageObject\" class=\"lazy-media-inline \" role=\"group\" id=\"media_69f0eb05bddb4\">\n\t\t\t\t<script type=\"application\/json\" ref=\"data\">\n\t\t\t\t{\n\t\t\t\t\"sizes\" : {\"medium\":{\"file\":\"Fete-am-Park_Anne-Preussel-e1777282234726-300x200.jpg\",\"width\":300,\"height\":200,\"mime-type\":\"image\\\/jpeg\",\"filesize\":16022},\"large\":{\"file\":\"Fete-am-Park_Anne-Preussel-e1777282234726-1024x683.jpg\",\"width\":1024,\"height\":683,\"mime-type\":\"image\\\/jpeg\",\"filesize\":77004},\"medium_large\":{\"file\":\"Fete-am-Park_Anne-Preussel-e1777282234726-768x512.jpg\",\"width\":768,\"height\":512,\"mime-type\":\"image\\\/jpeg\",\"filesize\":52864},\"1536x1536\":{\"file\":\"Fete-am-Park_Anne-Preussel-e1777282234726-1536x1024.jpg\",\"width\":1536,\"height\":1024,\"mime-type\":\"image\\\/jpeg\",\"filesize\":129307},\"small\":{\"file\":\"Fete-am-Park_Anne-Preussel-e1777282234726-440x293.jpg\",\"width\":440,\"height\":293,\"mime-type\":\"image\\\/jpeg\",\"filesize\":26184},\"semi\":{\"file\":\"Fete-am-Park_Anne-Preussel-e1777282234726-580x387.jpg\",\"width\":580,\"height\":387,\"mime-type\":\"image\\\/jpeg\",\"filesize\":37579},\"mobile\":{\"file\":\"Fete-am-Park_Anne-Preussel-e1777282234726-720x480.jpg\",\"width\":720,\"height\":480,\"mime-type\":\"image\\\/jpeg\",\"filesize\":48869},\"hd\":{\"file\":\"Fete-am-Park_Anne-Preussel-e1777282234726-1280x853.jpg\",\"width\":1280,\"height\":853,\"mime-type\":\"image\\\/jpeg\",\"filesize\":103394},\"original\":{\"file\":\"Fete-am-Park_Anne-Preussel-e1777282234726.jpg\",\"width\":1920,\"height\":1280}},\n\t\t\t\t\"alt\" : \"Eine Zeichnung eines l\\u00e4chelnden M\\u00e4nnchens mit erhobenen Armen auf einer gr\\u00fcnen Fl\\u00e4che\",\n\t\t\t\t\"path\" : \"\\\/wp-content\\\/uploads\\\/2026\\\/04\\\/\",\n\t\t\t\t\"video\" : null,\n\t\t\t\t\"autoplay\" : null,\n\t\t\t\t\"youtube\" : null,\n\t\t\t\t\"youtubelabel\" : \"play\",\n\t\t\t\t\"brightness\" : 100,\n\t\t\t\t\"crop\" : null,\n\t\t\t\t\"background\" : false,\n\t\t\t\t\"scale\" : 1,\n\t\t\t\t\"zoom\" : false,\n\t\t\t\t\"annotations\" : null\t\t\t\t}\n\t\t\t<\/script>\n\t\t\t\t<div class=\"height-container\" style=\"padding-bottom:66.666666666667%;  \" v-if=\"sizes\">\n\t\t\t\t\t<lazy-media :inline=\"true\" :alt=\"alt\" :sizes=\"sizes\" :scale=\"scale\" :zoom=\"zoom\" :brightness=\"brightness\" :path=\"path\" :video=\"video\" :autoplay=\"autoplay\" :youtube=\"youtube\" :crop=\"crop\" :youtubelabel=\"youtubelabel\" :annotations=\"annotations\" :background=\"background\"><\/lazy-media>\n\n\t\t\t\t\t\t\t\t\t<\/div>\n\n\t\t\t\t\n\t\t\t\t\n\n\n\t\t\t\t\t\t\t\t\t\t<figcaption class=\"\">\n\t\t\t\t\t\t\t\t\t\t\t\t\t\t\t<div class=\"lazy-media-image-label\">Come along on a walk through the neighbourhood!<\/div>\n\t\t\t\t\t\t\t\t\t\t\t\t\t\t\t\t\t\t\t\t\t\t<div class=\"lazy-media-image-description\">\u00a9 Stiftung Stadtmuseum Berlin | Photo: Anne Preussel <\/div>\n\t\t\t\t\t\t\t\t\t\t\t\t\t<\/figcaption>\n\t\t\t\t\t\t\t\t\t\n\t\t\t   \t\t\t\t\t\t\t<\/figure>\n\t\t<\/lazy-media-inline>\n\t\t\t\t\t\t\t<\/div>\n\t\t\t\t<\/div>\n\t\t\t\t\t<\/div>\n\t<\/div>\n<\/section>\n\n\n<section class=\"block block-standard-image-copy  align-left\" data-parallax='{\"child\":\".motion-image\",\"mask\":\".row\",\"full\":{\"y\": [5,-5]}}' id=\"sticky_69f0eb05bdeee\">\n\t<div class=\"container-fluid\" data-parallax='{\"child\":\".row\",\"mask\":\".motion-image\",\"in\":{\"scale\": [1.1,1.1],\"opacity\": [0,0]},\"center\":{\"scale\": [1.1,1],\"opacity\": [0,1],\"ease\":\"sine.out\"},\"out\":{\"opacity\": [1,0]}}'>\n\t\t<div class=\"row\">\n\t\t\t\t\t\t\t<div class=\"col-xs-12 col-md-7\">\n\t\t\t\t\t<div class=\"padding-bottom-minimal padding-top-minimal\" >\n\t\t\t\t\t\t\n\t\t<lazy-media-inline inline-template data-id=\"92971\">\n\t\t\t<figure itemscope itemtype=\"http:\/\/schema.org\/ImageObject\" class=\"lazy-media-inline \" role=\"group\" id=\"media_69f0eb05be045\">\n\t\t\t\t<script type=\"application\/json\" ref=\"data\">\n\t\t\t\t{\n\t\t\t\t\"sizes\" : {\"medium\":{\"file\":\"Werbestimmte-300x225.jpg\",\"width\":300,\"height\":225,\"mime-type\":\"image\\\/jpeg\",\"filesize\":13750},\"large\":{\"file\":\"Werbestimmte-1024x768.jpg\",\"width\":1024,\"height\":768,\"mime-type\":\"image\\\/jpeg\",\"filesize\":95391},\"medium_large\":{\"file\":\"Werbestimmte-768x576.jpg\",\"width\":768,\"height\":576,\"mime-type\":\"image\\\/jpeg\",\"filesize\":59301},\"1536x1536\":{\"file\":\"Werbestimmte-1536x1152.jpg\",\"width\":1536,\"height\":1152,\"mime-type\":\"image\\\/jpeg\",\"filesize\":195854},\"2048x2048\":{\"file\":\"Werbestimmte-2048x1536.jpg\",\"width\":2048,\"height\":1536,\"mime-type\":\"image\\\/jpeg\",\"filesize\":330181},\"small\":{\"file\":\"Werbestimmte-440x330.jpg\",\"width\":440,\"height\":330,\"mime-type\":\"image\\\/jpeg\",\"filesize\":24477},\"semi\":{\"file\":\"Werbestimmte-580x435.jpg\",\"width\":580,\"height\":435,\"mime-type\":\"image\\\/jpeg\",\"filesize\":38275},\"mobile\":{\"file\":\"Werbestimmte-720x540.jpg\",\"width\":720,\"height\":540,\"mime-type\":\"image\\\/jpeg\",\"filesize\":53327},\"hd\":{\"file\":\"Werbestimmte-1280x960.jpg\",\"width\":1280,\"height\":960,\"mime-type\":\"image\\\/jpeg\",\"filesize\":141403},\"full\":{\"file\":\"Werbestimmte-1920x1440.jpg\",\"width\":1920,\"height\":1440,\"mime-type\":\"image\\\/jpeg\",\"filesize\":293872},\"xxl\":{\"file\":\"Werbestimmte-4048x3036.jpg\",\"width\":4048,\"height\":3036,\"mime-type\":\"image\\\/jpeg\",\"filesize\":1085141},\"original\":{\"file\":\"Werbestimmte.jpg\",\"width\":4080,\"height\":3060}},\n\t\t\t\t\"alt\" : \"\",\n\t\t\t\t\"path\" : \"\\\/wp-content\\\/uploads\\\/2026\\\/04\\\/\",\n\t\t\t\t\"video\" : null,\n\t\t\t\t\"autoplay\" : null,\n\t\t\t\t\"youtube\" : null,\n\t\t\t\t\"youtubelabel\" : \"play\",\n\t\t\t\t\"brightness\" : 100,\n\t\t\t\t\"crop\" : null,\n\t\t\t\t\"background\" : false,\n\t\t\t\t\"scale\" : 1,\n\t\t\t\t\"zoom\" : false,\n\t\t\t\t\"annotations\" : null\t\t\t\t}\n\t\t\t<\/script>\n\t\t\t\t<div class=\"height-container\" style=\"padding-bottom:75%;  \" v-if=\"sizes\">\n\t\t\t\t\t<lazy-media :inline=\"true\" :alt=\"alt\" :sizes=\"sizes\" :scale=\"scale\" :zoom=\"zoom\" :brightness=\"brightness\" :path=\"path\" :video=\"video\" :autoplay=\"autoplay\" :youtube=\"youtube\" :crop=\"crop\" :youtubelabel=\"youtubelabel\" :annotations=\"annotations\" :background=\"background\"><\/lazy-media>\n\n\t\t\t\t\t\t\t\t\t<\/div>\n\n\t\t\t\t\n\t\t\t\t\n\n\n\t\t\t\t\t\t\t\t\t\t<figcaption class=\"\">\n\t\t\t\t\t\t\t\t\t\t\t\t\t\t\t<div class=\"lazy-media-image-label\">Guided tour of the exhibition intervention at the Museum Nikolaikirche<\/div>\n\t\t\t\t\t\t\t\t\t\t\t\t\t\t\t\t\t\t\t\t\t\t<div class=\"lazy-media-image-description\">\u00a9 Stiftung Stadtmuseum Berlin | Photo: Jessica Stelter <\/div>\n\t\t\t\t\t\t\t\t\t\t\t\t\t<\/figcaption>\n\t\t\t\t\t\t\t\t\t\n\t\t\t   \t\t\t\t\t\t\t<\/figure>\n\t\t<\/lazy-media-inline>\n\t\t\t\t\t\t\t<\/div>\n\t\t\t\t<\/div>\n\t\t\t\t<div class=\"col-xs-12 col-md-4 col-md-offset-1\">\n\t\t\t\t\t<div class=\"padding-bottom-minimal padding-top-minimal copy\" >\n\t\t\t\t\t\t\t\t\t\t\t\t<h3 class=\"margin-bottom-third \">Who ruled the city? Church, power and coexistence before 1800.<\/h3>\n\t\t\t\t\t\t\t\t\t\t\t\t<strong><mark class=\"has-inline-color has-highlight-color\"><strong>16:45 \u2013 17:15<\/strong><\/mark><\/strong><br><em><strong>Meeting point:<\/strong> Ticket desk, Museum Nikolaikirche Museum | <strong>Limited capacity<\/strong> | Please collect a free ticket from the ticket desk at the Museum Nikolaikirche on the day of the event. <\/em><br><br>What did the church mean to the people who lived around it? The fact that, in the Middle Ages and the Early Modern period, the church was much more than just a place of worship is the focus of a new narrative trail through the permanent exhibition <em>Berlin\u2019s Centre<\/em> \u2013 and the focus of this guided tour.<br>Using seven objects from the permanent exhibition, the church is presented as both a place of urban community-building and a site of exclusion. Leon Pschierer, research fellow and curator of the exhibition, introduces the exhibition project and its background.\t\t\t\t\t<\/div>\n\t\t\t\t<\/div>\n\t\t\t\t\t<\/div>\n\t<\/div>\n<\/section>\n\n\n<section class=\"block block-standard-image-copy  align-left\" data-parallax='{\"child\":\".motion-image\",\"mask\":\".row\",\"full\":{\"y\": [5,-5]}}' id=\"sticky_69f0eb05be17f\">\n\t<div class=\"container-fluid\" data-parallax='{\"child\":\".row\",\"mask\":\".motion-image\",\"in\":{\"scale\": [1.1,1.1],\"opacity\": [0,0]},\"center\":{\"scale\": [1.1,1],\"opacity\": [0,1],\"ease\":\"sine.out\"},\"out\":{\"opacity\": [1,0]}}'>\n\t\t<div class=\"row\">\n\t\t\t\t\t\t\t<div class=\"col-xs-12 col-md-4 \">\n\t\t\t\t\t<div class=\"padding-bottom-minimal padding-top-minimal copy\" >\n\t\t\t\t\t\t\t\t\t\t\t\t\t<h3 class=\"margin-bottom-third \">Exploring the neighbourhood: walk from the Fete at the Park \u00d7 Waisenbr\u00fcckentag to the Museumsfest<\/h3>\n\t\t\t\t\t\t\t\t\t\t\t\t<strong><mark class=\"has-inline-color has-highlight-color\"><strong>18:30 \u2013 19:15<\/strong>\u00a0<\/mark><\/strong><br><em><strong>Meeting point:<\/strong> Information stand at the Fete at the Park \u00d7 Waisenbr\u00fcckentag at M\u00e4rkischer Platz <\/em><br><br>Two festivals, one route, plenty of music. As part of the F\u00eate de la Musique, we invite you to a special walk through the centre of Berlin. Join us on a journey from the lively <em>Fete at the Park<\/em> to the atmospheric Museumsfest in the Nikolaiviertel and experience the neighbourhood between the banks of the Spree, history and future perspectives. Along the way, you\u2019ll gain fascinating insights: learn more about our sites in the Nikolaiviertel, the M\u00e4rkisches Museum and the Marinehaus, and discover which visions might shape K\u00f6llnischer Park in the future.\t\t\t\t\t<\/div>\n\t\t\t\t<\/div>\n\t\t\t\t<div class=\"col-xs-12 col-md-7  col-md-offset-1\">\n\t\t\t\t\t<div class=\"padding-bottom-minimal padding-top-minimal\" >\n\t\t\t\t\t\t\n\t\t<lazy-media-inline inline-template data-id=\"92758\">\n\t\t\t<figure itemscope itemtype=\"http:\/\/schema.org\/ImageObject\" class=\"lazy-media-inline \" role=\"group\" id=\"media_69f0eb05be20c\">\n\t\t\t\t<script type=\"application\/json\" ref=\"data\">\n\t\t\t\t{\n\t\t\t\t\"sizes\" : {\"medium\":{\"file\":\"Fete-am-Park_Anne-Preussel-e1777282234726-300x200.jpg\",\"width\":300,\"height\":200,\"mime-type\":\"image\\\/jpeg\",\"filesize\":16022},\"large\":{\"file\":\"Fete-am-Park_Anne-Preussel-e1777282234726-1024x683.jpg\",\"width\":1024,\"height\":683,\"mime-type\":\"image\\\/jpeg\",\"filesize\":77004},\"medium_large\":{\"file\":\"Fete-am-Park_Anne-Preussel-e1777282234726-768x512.jpg\",\"width\":768,\"height\":512,\"mime-type\":\"image\\\/jpeg\",\"filesize\":52864},\"1536x1536\":{\"file\":\"Fete-am-Park_Anne-Preussel-e1777282234726-1536x1024.jpg\",\"width\":1536,\"height\":1024,\"mime-type\":\"image\\\/jpeg\",\"filesize\":129307},\"small\":{\"file\":\"Fete-am-Park_Anne-Preussel-e1777282234726-440x293.jpg\",\"width\":440,\"height\":293,\"mime-type\":\"image\\\/jpeg\",\"filesize\":26184},\"semi\":{\"file\":\"Fete-am-Park_Anne-Preussel-e1777282234726-580x387.jpg\",\"width\":580,\"height\":387,\"mime-type\":\"image\\\/jpeg\",\"filesize\":37579},\"mobile\":{\"file\":\"Fete-am-Park_Anne-Preussel-e1777282234726-720x480.jpg\",\"width\":720,\"height\":480,\"mime-type\":\"image\\\/jpeg\",\"filesize\":48869},\"hd\":{\"file\":\"Fete-am-Park_Anne-Preussel-e1777282234726-1280x853.jpg\",\"width\":1280,\"height\":853,\"mime-type\":\"image\\\/jpeg\",\"filesize\":103394},\"original\":{\"file\":\"Fete-am-Park_Anne-Preussel-e1777282234726.jpg\",\"width\":1920,\"height\":1280}},\n\t\t\t\t\"alt\" : \"Eine Zeichnung eines l\\u00e4chelnden M\\u00e4nnchens mit erhobenen Armen auf einer gr\\u00fcnen Fl\\u00e4che\",\n\t\t\t\t\"path\" : \"\\\/wp-content\\\/uploads\\\/2026\\\/04\\\/\",\n\t\t\t\t\"video\" : null,\n\t\t\t\t\"autoplay\" : null,\n\t\t\t\t\"youtube\" : null,\n\t\t\t\t\"youtubelabel\" : \"play\",\n\t\t\t\t\"brightness\" : 100,\n\t\t\t\t\"crop\" : null,\n\t\t\t\t\"background\" : false,\n\t\t\t\t\"scale\" : 1,\n\t\t\t\t\"zoom\" : false,\n\t\t\t\t\"annotations\" : null\t\t\t\t}\n\t\t\t<\/script>\n\t\t\t\t<div class=\"height-container\" style=\"padding-bottom:66.666666666667%;  \" v-if=\"sizes\">\n\t\t\t\t\t<lazy-media :inline=\"true\" :alt=\"alt\" :sizes=\"sizes\" :scale=\"scale\" :zoom=\"zoom\" :brightness=\"brightness\" :path=\"path\" :video=\"video\" :autoplay=\"autoplay\" :youtube=\"youtube\" :crop=\"crop\" :youtubelabel=\"youtubelabel\" :annotations=\"annotations\" :background=\"background\"><\/lazy-media>\n\n\t\t\t\t\t\t\t\t\t<\/div>\n\n\t\t\t\t\n\t\t\t\t\n\n\n\t\t\t\t\t\t\t\t\t\t<figcaption class=\"\">\n\t\t\t\t\t\t\t\t\t\t\t\t\t\t\t<div class=\"lazy-media-image-label\">Komm mit auf einen Spaziergang durch den Kiez!<\/div>\n\t\t\t\t\t\t\t\t\t\t\t\t\t\t\t\t\t\t\t\t\t\t<div class=\"lazy-media-image-description\">\u00a9 Stiftung Stadtmuseum Berlin | Foto: Anne Preussel <\/div>\n\t\t\t\t\t\t\t\t\t\t\t\t\t<\/figcaption>\n\t\t\t\t\t\t\t\t\t\n\t\t\t   \t\t\t\t\t\t\t<\/figure>\n\t\t<\/lazy-media-inline>\n\t\t\t\t\t\t\t<\/div>\n\t\t\t\t<\/div>\n\t\t\t\t\t<\/div>\n\t<\/div>\n<\/section>\n\n\n<section class=\"block block-headline block-no-margin\"  id='museums' data-anchor='museums' data-anchor-name='Museums'>\n\t<div class=\"container-fluid\">\n\t\t<div class=\"row\">\n\t\t\t\t\t\t<div class=\"col-xs-12 col-md-7\">\n\t\t\t\t<div class=\"box\">\n\t\t\t\t\t<h2 class=\"h3\">Museums<\/h2>\n\t\t\t\t<\/div>\n\t\t\t<\/div>\n\t\t\t\t\t<\/div>\n\t<\/div>\n<\/section>\n\n\n<section class=\"block block-copy block-no-margin\">\n\t<div class=\"container-fluid\">\n\t\t<div class=\"row\">\n\t\t\t<div class=\"col-xs-12 col-md-7\">\n\t\t\t\t<div class=\"copy\">\n\t\t\t\t\t<p>Our museums in the Nikolaiviertel are open to you during the Museum Festival. Admission on this day is free.<\/p>\n\t\t\t\t<\/div>\n\t\t\t<\/div>\n\t\t<\/div>\n\t<\/div>\n<\/section>\n\n\n<section class=\"block block-teaser  block-teaser-museum \" style=\"background-color: #FFFFFF\">\n\n\t\n\t\t\n\t\t\t<div class=\"container-fluid teaser-no-lane\"  data-parallax-stagger='{\"child\":\"li\",\"mask\":\".row\",\"split\":false,\"in\":{\"opacity\": [0,0],\"delay\":0},\"center\":{\"y\": [60,0],\"opacity\": [0,1],\"delay\":1,\"ease\":\"sine.out\"},\"out\":{\"opacity\": [1,0],\"delay\":0,\"ease\":\"sine.in\"}}'>\n\t\t\t<ul class=\"row\">\n\t\t\t\t\t<li class=\"col-xs-12 teaser-100 teaser-wrapper teaser-museum teaser-type-list teaser-col-1\" id=\"B69f0eb05bf250\" data-i=\"0\">\n\t\t<div class=\"box\">\n\t\t\t<a href=\"https:\/\/www.stadtmuseum.de\/en\/museum\/museum-ephraim-palais\" class=\"teaser row middle-xs\">\n\t\t\t\t<div class=\"hide-xs col-sm-1 col-md-2\">\n\t\t\t\t\t<div class=\"teaser-image\">\n\t\t\t\t\t\t\t\t\t\t\t\t\t\n\t\t<lazy-media-inline inline-template data-id=\"64765\">\n\t\t\t<figure itemscope itemtype=\"http:\/\/schema.org\/ImageObject\" class=\"lazy-media-inline \" role=\"group\" id=\"media_69f0eb05bf49e\">\n\t\t\t\t<script type=\"application\/json\" ref=\"data\">\n\t\t\t\t{\n\t\t\t\t\"sizes\" : {\"medium\":{\"file\":\"DSC186350_1920px-300x200.jpg\",\"width\":300,\"height\":200,\"mime-type\":\"image\\\/jpeg\",\"filesize\":16142},\"large\":{\"file\":\"DSC186350_1920px-1024x683.jpg\",\"width\":1024,\"height\":683,\"mime-type\":\"image\\\/jpeg\",\"filesize\":136440},\"medium_large\":{\"file\":\"DSC186350_1920px-768x512.jpg\",\"width\":768,\"height\":512,\"mime-type\":\"image\\\/jpeg\",\"filesize\":83136},\"1536x1536\":{\"file\":\"DSC186350_1920px-1536x1024.jpg\",\"width\":1536,\"height\":1024,\"mime-type\":\"image\\\/jpeg\",\"filesize\":270277},\"small\":{\"file\":\"DSC186350_1920px-440x293.jpg\",\"width\":440,\"height\":293,\"mime-type\":\"image\\\/jpeg\",\"filesize\":31463},\"semi\":{\"file\":\"DSC186350_1920px-580x387.jpg\",\"width\":580,\"height\":387,\"mime-type\":\"image\\\/jpeg\",\"filesize\":51259},\"mobile\":{\"file\":\"DSC186350_1920px-720x480.jpg\",\"width\":720,\"height\":480,\"mime-type\":\"image\\\/jpeg\",\"filesize\":74039},\"hd\":{\"file\":\"DSC186350_1920px-1280x853.jpg\",\"width\":1280,\"height\":853,\"mime-type\":\"image\\\/jpeg\",\"filesize\":201069},\"original\":{\"file\":\"DSC186350_1920px.jpg\",\"width\":1920,\"height\":1280}},\n\t\t\t\t\"alt\" : \"Das Museum bei Nacht von au\\u00dfen mit blauer Leuchtschrift, auf der BERLINZEIT steht\",\n\t\t\t\t\"path\" : \"\\\/wp-content\\\/uploads\\\/2022\\\/09\\\/\",\n\t\t\t\t\"video\" : null,\n\t\t\t\t\"autoplay\" : null,\n\t\t\t\t\"youtube\" : null,\n\t\t\t\t\"youtubelabel\" : \"play\",\n\t\t\t\t\"brightness\" : 100,\n\t\t\t\t\"crop\" : null,\n\t\t\t\t\"background\" : true,\n\t\t\t\t\"scale\" : 1,\n\t\t\t\t\"zoom\" : false,\n\t\t\t\t\"annotations\" : null\t\t\t\t}\n\t\t\t<\/script>\n\t\t\t\t<div class=\"height-container\" style=\"padding-bottom:66%;  \" v-if=\"sizes\">\n\t\t\t\t\t<lazy-media :inline=\"true\" :alt=\"alt\" :sizes=\"sizes\" :scale=\"scale\" :zoom=\"zoom\" :brightness=\"brightness\" :path=\"path\" :video=\"video\" :autoplay=\"autoplay\" :youtube=\"youtube\" :crop=\"crop\" :youtubelabel=\"youtubelabel\" :annotations=\"annotations\" :background=\"background\"><\/lazy-media>\n\n\t\t\t\t\t\t\t\t\t<\/div>\n\n\t\t\t\t\n\t\t\t\t\n\n\n\t\t\t\t\n\t\t\t   \t\t\t\t\t\t\t<\/figure>\n\t\t<\/lazy-media-inline>\n\t\t\t\t\t\t\t\t\t\t\t\t\t<\/div>\n\t\t\t\t<\/div>\n\t\t\t\t<div class=\"col-xs-10 col-sm-10 col-md-8\">\n\t\t\t\t\t<div>\n\t\t\t\t\t\t<div class=\"teaser-header padding-bottom-minimal\"><div><h3 class=\"zeplin-teaserHeadline-M\">Museum Ephraim-Palais<\/h3><\/div><\/div>\n\t\t\t\t\t\t<!---->\n\t\t\t\t\t<\/div>\n\t\t\t\t<\/div>\n\t\t\t\t<div class=\"col-xs-2 col-sm-1 col-md-2 end-xs\">\n\t\t\t\t\t<button type=\"button\" aria-hidden=\"true\" class=\"hide-xs ho-button is-large is-primary has-icon\"><span class=\"ho-button-icon icon-pfeilRechts\"><\/span><\/button>\n\t\t\t\t\t<button type=\"button\" aria-hidden=\"true\" class=\"hide-sm hide-md hide-lg ho-button is-small is-primary has-icon\"><span class=\"ho-button-icon icon-pfeilRechts\"><\/span><\/button>\n\t\t\t\t<\/div>\n\t\t\t<\/a>\n\t\t<\/div>\n\t<\/li>\n\t<li class=\"col-xs-12 teaser-100 teaser-wrapper teaser-museum teaser-type-list teaser-col-1\" id=\"B69f0eb05bf5f9\" data-i=\"1\">\n\t\t<div class=\"box\">\n\t\t\t<a href=\"https:\/\/www.stadtmuseum.de\/en\/museum\/museum-nikolaikirche\" class=\"teaser row middle-xs\">\n\t\t\t\t<div class=\"hide-xs col-sm-1 col-md-2\">\n\t\t\t\t\t<div class=\"teaser-image\">\n\t\t\t\t\t\t\t\t\t\t\t\t\t\n\t\t<lazy-media-inline inline-template data-id=\"71655\">\n\t\t\t<figure itemscope itemtype=\"http:\/\/schema.org\/ImageObject\" class=\"lazy-media-inline \" role=\"group\" id=\"media_69f0eb05bf8c5\">\n\t\t\t\t<script type=\"application\/json\" ref=\"data\">\n\t\t\t\t{\n\t\t\t\t\"sizes\" : {\"medium\":{\"file\":\"museum-nikolaikirche-bei-nacht-200x300.jpg\",\"width\":200,\"height\":300,\"mime-type\":\"image\\\/jpeg\",\"filesize\":16501},\"large\":{\"file\":\"museum-nikolaikirche-bei-nacht-683x1024.jpg\",\"width\":683,\"height\":1024,\"mime-type\":\"image\\\/jpeg\",\"filesize\":150943},\"medium_large\":{\"file\":\"museum-nikolaikirche-bei-nacht-768x1152.jpg\",\"width\":768,\"height\":1152,\"mime-type\":\"image\\\/jpeg\",\"filesize\":188799},\"1536x1536\":{\"file\":\"museum-nikolaikirche-bei-nacht-1024x1536.jpg\",\"width\":1024,\"height\":1536,\"mime-type\":\"image\\\/jpeg\",\"filesize\":319110},\"small\":{\"file\":\"museum-nikolaikirche-bei-nacht-293x440.jpg\",\"width\":293,\"height\":440,\"mime-type\":\"image\\\/jpeg\",\"filesize\":31782},\"semi\":{\"file\":\"museum-nikolaikirche-bei-nacht-387x580.jpg\",\"width\":387,\"height\":580,\"mime-type\":\"image\\\/jpeg\",\"filesize\":52632},\"mobile\":{\"file\":\"museum-nikolaikirche-bei-nacht-480x720.jpg\",\"width\":480,\"height\":720,\"mime-type\":\"image\\\/jpeg\",\"filesize\":77774},\"hd\":{\"file\":\"museum-nikolaikirche-bei-nacht-853x1280.jpg\",\"width\":853,\"height\":1280,\"mime-type\":\"image\\\/jpeg\",\"filesize\":230460},\"original\":{\"file\":\"museum-nikolaikirche-bei-nacht.jpg\",\"width\":1280,\"height\":1920}},\n\t\t\t\t\"alt\" : \"Das Museum Nikolaikirche bei Nacht.\",\n\t\t\t\t\"path\" : \"\\\/wp-content\\\/uploads\\\/2025\\\/07\\\/\",\n\t\t\t\t\"video\" : null,\n\t\t\t\t\"autoplay\" : null,\n\t\t\t\t\"youtube\" : null,\n\t\t\t\t\"youtubelabel\" : \"play\",\n\t\t\t\t\"brightness\" : 100,\n\t\t\t\t\"crop\" : null,\n\t\t\t\t\"background\" : true,\n\t\t\t\t\"scale\" : 1,\n\t\t\t\t\"zoom\" : false,\n\t\t\t\t\"annotations\" : null\t\t\t\t}\n\t\t\t<\/script>\n\t\t\t\t<div class=\"height-container\" style=\"padding-bottom:66%;  \" v-if=\"sizes\">\n\t\t\t\t\t<lazy-media :inline=\"true\" :alt=\"alt\" :sizes=\"sizes\" :scale=\"scale\" :zoom=\"zoom\" :brightness=\"brightness\" :path=\"path\" :video=\"video\" :autoplay=\"autoplay\" :youtube=\"youtube\" :crop=\"crop\" :youtubelabel=\"youtubelabel\" :annotations=\"annotations\" :background=\"background\"><\/lazy-media>\n\n\t\t\t\t\t\t\t\t\t<\/div>\n\n\t\t\t\t\n\t\t\t\t\n\n\n\t\t\t\t\n\t\t\t   \t\t\t\t\t\t\t<\/figure>\n\t\t<\/lazy-media-inline>\n\t\t\t\t\t\t\t\t\t\t\t\t\t<\/div>\n\t\t\t\t<\/div>\n\t\t\t\t<div class=\"col-xs-10 col-sm-10 col-md-8\">\n\t\t\t\t\t<div>\n\t\t\t\t\t\t<div class=\"teaser-header padding-bottom-minimal\"><div><h3 class=\"zeplin-teaserHeadline-M\">Museum Nikolaikirche<\/h3><\/div><\/div>\n\t\t\t\t\t\t<!---->\n\t\t\t\t\t<\/div>\n\t\t\t\t<\/div>\n\t\t\t\t<div class=\"col-xs-2 col-sm-1 col-md-2 end-xs\">\n\t\t\t\t\t<button type=\"button\" aria-hidden=\"true\" class=\"hide-xs ho-button is-large is-primary has-icon\"><span class=\"ho-button-icon icon-pfeilRechts\"><\/span><\/button>\n\t\t\t\t\t<button type=\"button\" aria-hidden=\"true\" class=\"hide-sm hide-md hide-lg ho-button is-small is-primary has-icon\"><span class=\"ho-button-icon icon-pfeilRechts\"><\/span><\/button>\n\t\t\t\t<\/div>\n\t\t\t<\/a>\n\t\t<\/div>\n\t<\/li>\n\t<li class=\"col-xs-12 teaser-100 teaser-wrapper teaser-museum teaser-type-list teaser-col-1\" id=\"B69f0eb05bfafd\" data-i=\"2\">\n\t\t<div class=\"box\">\n\t\t\t<a href=\"https:\/\/www.stadtmuseum.de\/en\/museum\/museum-knoblauchhaus\" class=\"teaser row middle-xs\">\n\t\t\t\t<div class=\"hide-xs col-sm-1 col-md-2\">\n\t\t\t\t\t<div class=\"teaser-image\">\n\t\t\t\t\t\t\t\t\t\t\t\t\t\n\t\t<lazy-media-inline inline-template data-id=\"71671\">\n\t\t\t<figure itemscope itemtype=\"http:\/\/schema.org\/ImageObject\" class=\"lazy-media-inline \" role=\"group\" id=\"media_69f0eb05bfd07\">\n\t\t\t\t<script type=\"application\/json\" ref=\"data\">\n\t\t\t\t{\n\t\t\t\t\"sizes\" : {\"medium\":{\"file\":\"museum-knoblauchhaus-bei-nacht-300x200.jpg\",\"width\":300,\"height\":200,\"mime-type\":\"image\\\/jpeg\",\"filesize\":16799},\"large\":{\"file\":\"museum-knoblauchhaus-bei-nacht-1024x683.jpg\",\"width\":1024,\"height\":683,\"mime-type\":\"image\\\/jpeg\",\"filesize\":151508},\"medium_large\":{\"file\":\"museum-knoblauchhaus-bei-nacht-768x512.jpg\",\"width\":768,\"height\":512,\"mime-type\":\"image\\\/jpeg\",\"filesize\":89667},\"1536x1536\":{\"file\":\"museum-knoblauchhaus-bei-nacht-1536x1024.jpg\",\"width\":1536,\"height\":1024,\"mime-type\":\"image\\\/jpeg\",\"filesize\":316739},\"small\":{\"file\":\"museum-knoblauchhaus-bei-nacht-440x293.jpg\",\"width\":440,\"height\":293,\"mime-type\":\"image\\\/jpeg\",\"filesize\":32560},\"semi\":{\"file\":\"museum-knoblauchhaus-bei-nacht-580x387.jpg\",\"width\":580,\"height\":387,\"mime-type\":\"image\\\/jpeg\",\"filesize\":53769},\"mobile\":{\"file\":\"museum-knoblauchhaus-bei-nacht-720x480.jpg\",\"width\":720,\"height\":480,\"mime-type\":\"image\\\/jpeg\",\"filesize\":79096},\"hd\":{\"file\":\"museum-knoblauchhaus-bei-nacht-1280x853.jpg\",\"width\":1280,\"height\":853,\"mime-type\":\"image\\\/jpeg\",\"filesize\":229881},\"original\":{\"file\":\"museum-knoblauchhaus-bei-nacht.jpg\",\"width\":1920,\"height\":1280}},\n\t\t\t\t\"alt\" : \"Das Museum Knoblauchhaus bei Nacht.\",\n\t\t\t\t\"path\" : \"\\\/wp-content\\\/uploads\\\/2025\\\/07\\\/\",\n\t\t\t\t\"video\" : null,\n\t\t\t\t\"autoplay\" : null,\n\t\t\t\t\"youtube\" : null,\n\t\t\t\t\"youtubelabel\" : \"play\",\n\t\t\t\t\"brightness\" : 100,\n\t\t\t\t\"crop\" : null,\n\t\t\t\t\"background\" : true,\n\t\t\t\t\"scale\" : 1,\n\t\t\t\t\"zoom\" : false,\n\t\t\t\t\"annotations\" : null\t\t\t\t}\n\t\t\t<\/script>\n\t\t\t\t<div class=\"height-container\" style=\"padding-bottom:66%;  \" v-if=\"sizes\">\n\t\t\t\t\t<lazy-media :inline=\"true\" :alt=\"alt\" :sizes=\"sizes\" :scale=\"scale\" :zoom=\"zoom\" :brightness=\"brightness\" :path=\"path\" :video=\"video\" :autoplay=\"autoplay\" :youtube=\"youtube\" :crop=\"crop\" :youtubelabel=\"youtubelabel\" :annotations=\"annotations\" :background=\"background\"><\/lazy-media>\n\n\t\t\t\t\t\t\t\t\t<\/div>\n\n\t\t\t\t\n\t\t\t\t\n\n\n\t\t\t\t\n\t\t\t   \t\t\t\t\t\t\t<\/figure>\n\t\t<\/lazy-media-inline>\n\t\t\t\t\t\t\t\t\t\t\t\t\t<\/div>\n\t\t\t\t<\/div>\n\t\t\t\t<div class=\"col-xs-10 col-sm-10 col-md-8\">\n\t\t\t\t\t<div>\n\t\t\t\t\t\t<div class=\"teaser-header padding-bottom-minimal\"><div><h3 class=\"zeplin-teaserHeadline-M\">Museum Knoblauchhaus<\/h3><\/div><\/div>\n\t\t\t\t\t\t<!---->\n\t\t\t\t\t<\/div>\n\t\t\t\t<\/div>\n\t\t\t\t<div class=\"col-xs-2 col-sm-1 col-md-2 end-xs\">\n\t\t\t\t\t<button type=\"button\" aria-hidden=\"true\" class=\"hide-xs ho-button is-large is-primary has-icon\"><span class=\"ho-button-icon icon-pfeilRechts\"><\/span><\/button>\n\t\t\t\t\t<button type=\"button\" aria-hidden=\"true\" class=\"hide-sm hide-md hide-lg ho-button is-small is-primary has-icon\"><span class=\"ho-button-icon icon-pfeilRechts\"><\/span><\/button>\n\t\t\t\t<\/div>\n\t\t\t<\/a>\n\t\t<\/div>\n\t<\/li>\n\t\t\t<\/ul>\n\t\t<\/div>\n\t\n\t<\/section>\n\n\n<section class=\"block block-headline block-no-margin\" >\n\t<div class=\"container-fluid\">\n\t\t<div class=\"row\">\n\t\t\t\t\t\t<div class=\"col-xs-12 col-md-7\">\n\t\t\t\t<div class=\"box\">\n\t\t\t\t\t<h2 class=\"h6\">An event within the framework of<\/h2>\n\t\t\t\t<\/div>\n\t\t\t<\/div>\n\t\t\t\t\t<\/div>\n\t<\/div>\n<\/section>\n\n\n\n<section class=\"block block-logos\" aria-label=\"Partners\">\n    <div class=\"container-fluid\">\n\t\t\n<div class='row' >\n<div class=\"col-xs-3 col-md-2 center-xs block-logos-item-wrapper\">\n\t<div class=\"box margin-bottom-sixth block-logos-item\" style=\" width:100%;\">\n\t\t<a target='_blank' href='https:\/\/www.fetedelamusique.de\/'>\t\t\n\t\t<lazy-media-inline inline-template data-id=\"66586\">\n\t\t\t<figure itemscope itemtype=\"http:\/\/schema.org\/ImageObject\" class=\"lazy-media-inline \" role=\"group\" id=\"media_69f0eb05c01fe\">\n\t\t\t\t<script type=\"application\/json\" ref=\"data\">\n\t\t\t\t{\n\t\t\t\t\"sizes\" : {\"medium\":{\"file\":\"FETE-Logo_mosaik-300x133.png\",\"width\":300,\"height\":133,\"mime-type\":\"image\\\/png\",\"filesize\":17717},\"large\":{\"file\":\"FETE-Logo_mosaik-1024x455.png\",\"width\":1024,\"height\":455,\"mime-type\":\"image\\\/png\",\"filesize\":67901},\"medium_large\":{\"file\":\"FETE-Logo_mosaik-768x341.png\",\"width\":768,\"height\":341,\"mime-type\":\"image\\\/png\",\"filesize\":48752},\"1536x1536\":{\"file\":\"FETE-Logo_mosaik-1536x683.png\",\"width\":1536,\"height\":683,\"mime-type\":\"image\\\/png\",\"filesize\":109198},\"2048x2048\":{\"file\":\"FETE-Logo_mosaik-2048x910.png\",\"width\":2048,\"height\":910,\"mime-type\":\"image\\\/png\",\"filesize\":155123},\"small\":{\"file\":\"FETE-Logo_mosaik-440x196.png\",\"width\":440,\"height\":196,\"mime-type\":\"image\\\/png\",\"filesize\":26734},\"semi\":{\"file\":\"FETE-Logo_mosaik-580x258.png\",\"width\":580,\"height\":258,\"mime-type\":\"image\\\/png\",\"filesize\":35724},\"mobile\":{\"file\":\"FETE-Logo_mosaik-720x320.png\",\"width\":720,\"height\":320,\"mime-type\":\"image\\\/png\",\"filesize\":45415},\"hd\":{\"file\":\"FETE-Logo_mosaik-1280x569.png\",\"width\":1280,\"height\":569,\"mime-type\":\"image\\\/png\",\"filesize\":86976},\"full\":{\"file\":\"FETE-Logo_mosaik-1920x854.png\",\"width\":1920,\"height\":854,\"mime-type\":\"image\\\/png\",\"filesize\":141556},\"original\":{\"file\":\"FETE-Logo_mosaik.png\",\"width\":3750,\"height\":1667}},\n\t\t\t\t\"alt\" : \"\",\n\t\t\t\t\"path\" : \"\\\/wp-content\\\/uploads\\\/2025\\\/04\\\/\",\n\t\t\t\t\"video\" : null,\n\t\t\t\t\"autoplay\" : null,\n\t\t\t\t\"youtube\" : null,\n\t\t\t\t\"youtubelabel\" : \"play\",\n\t\t\t\t\"brightness\" : 100,\n\t\t\t\t\"crop\" : null,\n\t\t\t\t\"background\" : false,\n\t\t\t\t\"scale\" : 1,\n\t\t\t\t\"zoom\" : false,\n\t\t\t\t\"annotations\" : null\t\t\t\t}\n\t\t\t<\/script>\n\t\t\t\t<div class=\"height-container\" style=\"padding-bottom:44.453333333333%;  \" v-if=\"sizes\">\n\t\t\t\t\t<lazy-media :inline=\"true\" :alt=\"alt\" :sizes=\"sizes\" :scale=\"scale\" :zoom=\"zoom\" :brightness=\"brightness\" :path=\"path\" :video=\"video\" :autoplay=\"autoplay\" :youtube=\"youtube\" :crop=\"crop\" :youtubelabel=\"youtubelabel\" :annotations=\"annotations\" :background=\"background\"><\/lazy-media>\n\n\t\t\t\t\t\t\t\t\t<\/div>\n\n\t\t\t\t\n\t\t\t\t\n\n\n\t\t\t\t\n\t\t\t   \t\t\t\t\t\t\t<\/figure>\n\t\t<\/lazy-media-inline>\n\t\t\n\t\t<\/a>\t<\/div>\n<\/div>\n<\/div>\n    <\/div>\n<\/section>\n\n\n\n<section class=\"block block-buttons block-buttons-callToAction\">\n\t<div class=\"container-fluid\">\n\t\t<div class=\"row\">\n\t\t\t<div class=\"col-xs-12 col-md-7 block-buttons-wrapper\">\n\t\t\t\t\n<div class='ho-button-group' >\n\n<div class=\"block-buttons-item\">\n<a href=\"https:\/\/maps.app.goo.gl\/TJ3Qu8JR5gyp8JCU8\" target=\"\" class=\"ho-button is-large is-secondary\">\n<span class=\"ho-button-label\">\n\tGoogle Maps<\/span>\n<\/a>\n<\/div>\n\n\n\n\n<div class=\"block-buttons-item\">\n<a href=\"https:\/\/www.bvg.de\/en\/connections\/connection-search\" target=\"\" class=\"ho-button is-large is-secondary\">\n<span class=\"ho-button-label\">\n\tBus &amp; Train<\/span>\n<\/a>\n<\/div>\n<\/div>\n\t\t\t<\/div>\n\t\t<\/div>\n\t<\/div>\n<\/section>\n\n\n<section class=\"block block-headline block-no-margin\" >\n\t<div class=\"container-fluid\">\n\t\t<div class=\"row\">\n\t\t\t\t\t\t<div class=\"col-xs-12 col-md-7\">\n\t\t\t\t<div class=\"box\">\n\t\t\t\t\t<h2 class=\"h3\">Please note<\/h2>\n\t\t\t\t<\/div>\n\t\t\t<\/div>\n\t\t\t\t\t<\/div>\n\t<\/div>\n<\/section>\n\n\n<section class=\"block block-copy\">\n\t<div class=\"container-fluid\">\n\t\t<div class=\"row\">\n\t\t\t<div class=\"col-xs-12 col-md-7\">\n\t\t\t\t<div class=\"copy\">\n\t\t\t\t\t<p>During the Museumsfest, video and photo recordings will be made and may be used for an unlimited period for public relations purposes by the Stiftung Stadtmuseum Berlin. By taking part, you agree that these recordings may be published.<br><br>Parking spaces around the Nikolaiviertel are very limited. We recommend travelling by public transport.<br><br>There are two public parking spaces for people with disabilities on Rathausstra\u00dfe, approximately 150 metres from the museum.<br><br>The bus stop \u201cNikolaiviertel\u201d is around 150 metres away, and the bus stop and underground station \u201cRotes Rathaus\u201d are approximately 500 metres away.<br><br>Due to the cobblestone paving, paths in the Nikolaiviertel are only moderately accessible for walking and wheeled mobility.<br>Information on the accessibility of our museums can be found under \u201cOur Museums\u201d for each location.<br><br><strong>In the event of bad weather, we reserve the right to make short-notice changes to the programme.<\/strong><\/p>\n\t\t\t\t<\/div>\n\t\t\t<\/div>\n\t\t<\/div>\n\t<\/div>\n<\/section>\n","protected":false},"excerpt":{"rendered":"<p>Music on two stages, open museums, lively squares and a programme for all generations: on 21 June, the Nikolaiviertel will be transformed into a vibrant festival site as part of the F\u00eate de la Musique.<\/p>\n","protected":false},"featured_media":70055,"template":"","event-category":[611,412],"museumsportal-category":[516,515,519],"museumsportal-languages":[550,551],"museumsportal-topic":[535,529,528,527,538,534],"acf":[],"_links":{"self":[{"href":"https:\/\/www.stadtmuseum.de\/en\/wp-json\/wp\/v2\/event\/92168"}],"collection":[{"href":"https:\/\/www.stadtmuseum.de\/en\/wp-json\/wp\/v2\/event"}],"about":[{"href":"https:\/\/www.stadtmuseum.de\/en\/wp-json\/wp\/v2\/types\/event"}],"version-history":[{"count":30,"href":"https:\/\/www.stadtmuseum.de\/en\/wp-json\/wp\/v2\/event\/92168\/revisions"}],"predecessor-version":[{"id":93219,"href":"https:\/\/www.stadtmuseum.de\/en\/wp-json\/wp\/v2\/event\/92168\/revisions\/93219"}],"wp:featuredmedia":[{"embeddable":true,"href":"https:\/\/www.stadtmuseum.de\/en\/wp-json\/wp\/v2\/media\/70055"}],"wp:attachment":[{"href":"https:\/\/www.stadtmuseum.de\/en\/wp-json\/wp\/v2\/media?parent=92168"}],"wp:term":[{"taxonomy":"event-category","embeddable":true,"href":"https:\/\/www.stadtmuseum.de\/en\/wp-json\/wp\/v2\/event-category?post=92168"},{"taxonomy":"museumsportal-category","embeddable":true,"href":"https:\/\/www.stadtmuseum.de\/en\/wp-json\/wp\/v2\/museumsportal-category?post=92168"},{"taxonomy":"museumsportal-languages","embeddable":true,"href":"https:\/\/www.stadtmuseum.de\/en\/wp-json\/wp\/v2\/museumsportal-languages?post=92168"},{"taxonomy":"museumsportal-topic","embeddable":true,"href":"https:\/\/www.stadtmuseum.de\/en\/wp-json\/wp\/v2\/museumsportal-topic?post=92168"}],"curies":[{"name":"wp","href":"https:\/\/api.w.org\/{rel}","templated":true}]}}