{"id":66289,"date":"2025-05-13T14:52:11","date_gmt":"2025-05-13T12:52:11","guid":{"rendered":"https:\/\/www.stadtmuseum.de\/?post_type=exhibition&#038;p=66289"},"modified":"2025-09-19T12:04:49","modified_gmt":"2025-09-19T10:04:49","slug":"berlin-backyards","status":"publish","type":"exhibition","link":"https:\/\/www.stadtmuseum.de\/en\/exhibition\/berlin-backyards","title":{"rendered":"Berlin Backyards"},"content":{"rendered":"\n<section class=\"block block-header-exhibition no-margin padding-top-half\"  >\n\t<div class=\"container-fluid\">\n\t\t<div class=\"row\">\n\t\t\t<div class=\"col-xs-12 margin-bottom-sixth\">\n\t\t\t\t<h1 class=\"has-highlight-color\">Berlin Backyards<\/h1>\n\t\t\t<\/div>\n\t\t<\/div>\n\t\t<div class=\"row\">\n\t\t\t<div class=\"col-xs-12 margin-bottom-two-thirds\">\n\t\t\t\t<h3 class=\"padding-bottom-sixth\"><strong>Between everyday life, labour and encounters<\/strong><\/h3>\n\n\t\t\t\t<exhibition-date class=\"zeplin-metadata\" from=\"07\/18\/2025\" to=\"01\/18\/2026\" inline-template>\n\t\t\t\t\t<span><span v-html=\"startDate\">&nbsp;<\/span> &#8211; <span v-html=\"endDate\">&nbsp;<\/span><\/span>\n\t\t\t\t<\/exhibition-date>\n\n\t\t\t\t\t\t\t\t\t<div class=\"padding-top-sixth\">\n\t\t\t\t\t\t\t\t\t\t\t\t\t<span class=\"icon-pin\"><\/span>\n\t\t\t\t\t\t\t<span class=\"zeplin-metadata\">Museum Ephraim-Palais<\/span>&nbsp;&nbsp;&nbsp;\n\t\t\t\t\t\t\t\t\t\t\t<\/div>\n\t\t\t\t\t\t\t<\/div>\n\t\t<\/div>\n\t<\/div>\n<\/section>\n\n\n\n\n\n\n\n<block-ticker class=\"block block-ticker\" inline-template>\n\t<div :class=\"{ firstLoaded: firstLoaded,userPaused: userPaused }\">\n\t\t<script type=\"application\/json\" ref=\"data\">\n\t\t{\n\t\t\t\"images\" : [{\"id\":0,\"width\":1080,\"height\":1350,\"alt\":\"Plakatmotiv &copy; Stadtmuseum Berlin\\\/ Gestaltung: Groupe-Dejour.de\",\"title\":\"\",\"label\":\"Exhibition poster\",\"description\":\"Plakatmotiv \\u00a9 Stadtmuseum Berlin | Design: Groupe-Dejour.de\",\"copyright\":\"\",\"path\":\"\\\/wp-content\\\/uploads\\\/2025\\\/07\\\/\",\"sizes\":{\"medium\":{\"file\":\"EP_Berliner-Hoefe_1080x1350px-240x300.png\",\"width\":240,\"height\":300,\"mime-type\":\"image\\\/png\",\"filesize\":113557},\"large\":{\"file\":\"EP_Berliner-Hoefe_1080x1350px-819x1024.png\",\"width\":819,\"height\":1024,\"mime-type\":\"image\\\/png\",\"filesize\":1087989},\"thumbnail\":{\"file\":\"EP_Berliner-Hoefe_1080x1350px-150x150.png\",\"width\":150,\"height\":150,\"mime-type\":\"image\\\/png\",\"filesize\":38705},\"medium_large\":{\"file\":\"EP_Berliner-Hoefe_1080x1350px-768x960.png\",\"width\":768,\"height\":960,\"mime-type\":\"image\\\/png\",\"filesize\":967482},\"small\":{\"file\":\"EP_Berliner-Hoefe_1080x1350px-352x440.png\",\"width\":352,\"height\":440,\"mime-type\":\"image\\\/png\",\"filesize\":228641},\"semi\":{\"file\":\"EP_Berliner-Hoefe_1080x1350px-464x580.png\",\"width\":464,\"height\":580,\"mime-type\":\"image\\\/png\",\"filesize\":382259},\"mobile\":{\"file\":\"EP_Berliner-Hoefe_1080x1350px-576x720.png\",\"width\":576,\"height\":720,\"mime-type\":\"image\\\/png\",\"filesize\":570053},\"hd\":{\"file\":\"EP_Berliner-Hoefe_1080x1350px-1024x1280.png\",\"width\":1024,\"height\":1280,\"mime-type\":\"image\\\/png\",\"filesize\":1621388},\"original\":{\"file\":\"EP_Berliner-Hoefe_1080x1350px.png\",\"width\":1080,\"height\":1350}}},{\"id\":1,\"width\":1875,\"height\":1493,\"alt\":\"Blick auf der Vogelperspektive in die industriell gepr&auml;gten Gr&uuml;nderzeit-Hinterh&ouml;fe\",\"title\":\"\",\"label\":\"Manfred Hamm: Rheinstra\\u00dfe 45\\\/46, Goerz'sche H\\u00f6fe, 1978\",\"description\":\"\\u00a9 Stadtmuseum Berlin\",\"copyright\":\"\",\"path\":\"\\\/wp-content\\\/uploads\\\/2025\\\/05\\\/\",\"sizes\":{\"medium\":{\"file\":\"SM-2020-00647-10047-a_web-1-300x239.jpg\",\"width\":300,\"height\":239,\"mime-type\":\"image\\\/jpeg\",\"filesize\":22389},\"large\":{\"file\":\"SM-2020-00647-10047-a_web-1-1024x815.jpg\",\"width\":1024,\"height\":815,\"mime-type\":\"image\\\/jpeg\",\"filesize\":186777},\"thumbnail\":{\"file\":\"SM-2020-00647-10047-a_web-1-150x150.jpg\",\"width\":150,\"height\":150,\"mime-type\":\"image\\\/jpeg\",\"filesize\":8586},\"medium_large\":{\"file\":\"SM-2020-00647-10047-a_web-1-768x612.jpg\",\"width\":768,\"height\":612,\"mime-type\":\"image\\\/jpeg\",\"filesize\":115700},\"1536x1536\":{\"file\":\"SM-2020-00647-10047-a_web-1-1536x1223.jpg\",\"width\":1536,\"height\":1223,\"mime-type\":\"image\\\/jpeg\",\"filesize\":359629},\"small\":{\"file\":\"SM-2020-00647-10047-a_web-1-440x350.jpg\",\"width\":440,\"height\":350,\"mime-type\":\"image\\\/jpeg\",\"filesize\":44445},\"semi\":{\"file\":\"SM-2020-00647-10047-a_web-1-580x462.jpg\",\"width\":580,\"height\":462,\"mime-type\":\"image\\\/jpeg\",\"filesize\":70826},\"mobile\":{\"file\":\"SM-2020-00647-10047-a_web-1-720x573.jpg\",\"width\":720,\"height\":573,\"mime-type\":\"image\\\/jpeg\",\"filesize\":103636},\"hd\":{\"file\":\"SM-2020-00647-10047-a_web-1-1280x1019.jpg\",\"width\":1280,\"height\":1019,\"mime-type\":\"image\\\/jpeg\",\"filesize\":268937},\"original\":{\"file\":\"SM-2020-00647-10047-a_web-1.jpg\",\"width\":1875,\"height\":1493}}},{\"id\":2,\"width\":1920,\"height\":2547,\"alt\":\"Leierkastenmann und tanzende Paare in einem Berliner Hinterhof\",\"title\":\"\",\"label\":\"Heinrich Zille: \\u201cEveryone has a little friend, you need a little friend now and then\\u2026\\u201d, Berlin, 1924\\\/25\",\"description\":\"Sammlung Stadtmuseum Berlin\",\"copyright\":\"\",\"path\":\"\\\/wp-content\\\/uploads\\\/2025\\\/05\\\/\",\"sizes\":{\"medium\":{\"file\":\"SM-2012-441014_web-226x300.jpg\",\"width\":226,\"height\":300,\"mime-type\":\"image\\\/jpeg\",\"filesize\":22364},\"large\":{\"file\":\"SM-2012-441014_web-772x1024.jpg\",\"width\":772,\"height\":1024,\"mime-type\":\"image\\\/jpeg\",\"filesize\":234458},\"thumbnail\":{\"file\":\"SM-2012-441014_web-150x150.jpg\",\"width\":150,\"height\":150,\"mime-type\":\"image\\\/jpeg\",\"filesize\":9628},\"medium_large\":{\"file\":\"SM-2012-441014_web-768x1019.jpg\",\"width\":768,\"height\":1019,\"mime-type\":\"image\\\/jpeg\",\"filesize\":232923},\"1536x1536\":{\"file\":\"SM-2012-441014_web-1158x1536.jpg\",\"width\":1158,\"height\":1536,\"mime-type\":\"image\\\/jpeg\",\"filesize\":471665},\"2048x2048\":{\"file\":\"SM-2012-441014_web-1544x2048.jpg\",\"width\":1544,\"height\":2048,\"mime-type\":\"image\\\/jpeg\",\"filesize\":742517},\"small\":{\"file\":\"SM-2012-441014_web-332x440.jpg\",\"width\":332,\"height\":440,\"mime-type\":\"image\\\/jpeg\",\"filesize\":46348},\"semi\":{\"file\":\"SM-2012-441014_web-437x580.jpg\",\"width\":437,\"height\":580,\"mime-type\":\"image\\\/jpeg\",\"filesize\":79740},\"mobile\":{\"file\":\"SM-2012-441014_web-543x720.jpg\",\"width\":543,\"height\":720,\"mime-type\":\"image\\\/jpeg\",\"filesize\":120932},\"hd\":{\"file\":\"SM-2012-441014_web-965x1280.jpg\",\"width\":965,\"height\":1280,\"mime-type\":\"image\\\/jpeg\",\"filesize\":347891},\"full\":{\"file\":\"SM-2012-441014_web-1447x1920.jpg\",\"width\":1447,\"height\":1920,\"mime-type\":\"image\\\/jpeg\",\"filesize\":672588},\"original\":{\"file\":\"SM-2012-441014_web.jpg\",\"width\":1920,\"height\":2547}}},{\"id\":3,\"width\":1280,\"height\":1920,\"alt\":\"Abbl&auml;tterndes Motiv klassizistischer S&auml;ulen mit B&auml;umen auf einer verwitterten Brandmauer\",\"title\":\"\",\"label\":\"Werner Brunner: Berlin-Prenzlauer Berg, Esmarchstra\\u00dfe 26, 1st Backyard, 1971 - 1990\",\"description\":\"\\u00a9 Werner Brunner | Reproduction: Dorin Alexandru Ionita\",\"copyright\":\"\",\"path\":\"\\\/wp-content\\\/uploads\\\/2025\\\/05\\\/\",\"sizes\":{\"medium\":{\"file\":\"SM-2023-0126121_web-200x300.jpg\",\"width\":200,\"height\":300,\"mime-type\":\"image\\\/jpeg\",\"filesize\":20664},\"large\":{\"file\":\"SM-2023-0126121_web-683x1024.jpg\",\"width\":683,\"height\":1024,\"mime-type\":\"image\\\/jpeg\",\"filesize\":198064},\"thumbnail\":{\"file\":\"SM-2023-0126121_web-150x150.jpg\",\"width\":150,\"height\":150,\"mime-type\":\"image\\\/jpeg\",\"filesize\":8541},\"medium_large\":{\"file\":\"SM-2023-0126121_web-768x1152.jpg\",\"width\":768,\"height\":1152,\"mime-type\":\"image\\\/jpeg\",\"filesize\":241802},\"1536x1536\":{\"file\":\"SM-2023-0126121_web-1024x1536.jpg\",\"width\":1024,\"height\":1536,\"mime-type\":\"image\\\/jpeg\",\"filesize\":383985},\"small\":{\"file\":\"SM-2023-0126121_web-293x440.jpg\",\"width\":293,\"height\":440,\"mime-type\":\"image\\\/jpeg\",\"filesize\":43158},\"semi\":{\"file\":\"SM-2023-0126121_web-387x580.jpg\",\"width\":387,\"height\":580,\"mime-type\":\"image\\\/jpeg\",\"filesize\":72898},\"mobile\":{\"file\":\"SM-2023-0126121_web-480x720.jpg\",\"width\":480,\"height\":720,\"mime-type\":\"image\\\/jpeg\",\"filesize\":106859},\"hd\":{\"file\":\"SM-2023-0126121_web-853x1280.jpg\",\"width\":853,\"height\":1280,\"mime-type\":\"image\\\/jpeg\",\"filesize\":288540},\"original\":{\"file\":\"SM-2023-0126121_web.jpg\",\"width\":1280,\"height\":1920}}},{\"id\":4,\"width\":1917,\"height\":1920,\"alt\":\"Zum Trocknen aufgeh&auml;ngte W&auml;sche in einem verfallenen Hinterhof, aus dem einzigen Fenster blickt ein Mann mit nacktem Oberk&ouml;rper und verstr&auml;nkten Armen auf die Fensterbank gelehnt in die Kamera\",\"title\":\"\",\"label\":\"Reinhard M\\u00fcnch: from the series \\\"Das Haus Dunckerstr. 16 in Berlin 1058\\\", May 1985\",\"description\":\"\\u00a9 Reinhard M\\u00fcnch\",\"copyright\":\"\",\"path\":\"\\\/wp-content\\\/uploads\\\/2025\\\/05\\\/\",\"sizes\":{\"medium\":{\"file\":\"SM-2022-0078316_web-300x300.jpg\",\"width\":300,\"height\":300,\"mime-type\":\"image\\\/jpeg\",\"filesize\":30125},\"large\":{\"file\":\"SM-2022-0078316_web-1022x1024.jpg\",\"width\":1022,\"height\":1024,\"mime-type\":\"image\\\/jpeg\",\"filesize\":283695},\"thumbnail\":{\"file\":\"SM-2022-0078316_web-150x150.jpg\",\"width\":150,\"height\":150,\"mime-type\":\"image\\\/jpeg\",\"filesize\":8740},\"medium_large\":{\"file\":\"SM-2022-0078316_web-768x769.jpg\",\"width\":768,\"height\":769,\"mime-type\":\"image\\\/jpeg\",\"filesize\":169826},\"1536x1536\":{\"file\":\"SM-2022-0078316_web-1534x1536.jpg\",\"width\":1534,\"height\":1536,\"mime-type\":\"image\\\/jpeg\",\"filesize\":567581},\"small\":{\"file\":\"SM-2022-0078316_web-440x440.jpg\",\"width\":440,\"height\":440,\"mime-type\":\"image\\\/jpeg\",\"filesize\":60190},\"semi\":{\"file\":\"SM-2022-0078316_web-580x580.jpg\",\"width\":580,\"height\":580,\"mime-type\":\"image\\\/jpeg\",\"filesize\":102031},\"mobile\":{\"file\":\"SM-2022-0078316_web-720x720.jpg\",\"width\":720,\"height\":720,\"mime-type\":\"image\\\/jpeg\",\"filesize\":150596},\"hd\":{\"file\":\"SM-2022-0078316_web-1278x1280.jpg\",\"width\":1278,\"height\":1280,\"mime-type\":\"image\\\/jpeg\",\"filesize\":424125},\"original\":{\"file\":\"SM-2022-0078316_web.jpg\",\"width\":1917,\"height\":1920}}},{\"id\":5,\"width\":1293,\"height\":1920,\"alt\":\"Drei M&auml;nner schieben eine mit Kisten beladene Karre durch einen Hinterhof\",\"title\":\"\",\"label\":\"Ergun \\u00c7a\\u011fatay: from the reportage \\u201cTurks in Germany. The second generation\\u201d, Berlin, 1989\\\/90\",\"description\":\"\\u00a9 Stadtmuseum Berlin | Photo: Ergun \\u00c7a\\u011fatay\",\"copyright\":\"\",\"path\":\"\\\/wp-content\\\/uploads\\\/2025\\\/05\\\/\",\"sizes\":{\"medium\":{\"file\":\"Cagatay_CY493_web-202x300.jpg\",\"width\":202,\"height\":300,\"mime-type\":\"image\\\/jpeg\",\"filesize\":16230},\"large\":{\"file\":\"Cagatay_CY493_web-690x1024.jpg\",\"width\":690,\"height\":1024,\"mime-type\":\"image\\\/jpeg\",\"filesize\":113092},\"thumbnail\":{\"file\":\"Cagatay_CY493_web-150x150.jpg\",\"width\":150,\"height\":150,\"mime-type\":\"image\\\/jpeg\",\"filesize\":7458},\"medium_large\":{\"file\":\"Cagatay_CY493_web-768x1140.jpg\",\"width\":768,\"height\":1140,\"mime-type\":\"image\\\/jpeg\",\"filesize\":133649},\"1536x1536\":{\"file\":\"Cagatay_CY493_web-1034x1536.jpg\",\"width\":1034,\"height\":1536,\"mime-type\":\"image\\\/jpeg\",\"filesize\":211874},\"small\":{\"file\":\"Cagatay_CY493_web-296x440.jpg\",\"width\":296,\"height\":440,\"mime-type\":\"image\\\/jpeg\",\"filesize\":30340},\"semi\":{\"file\":\"Cagatay_CY493_web-391x580.jpg\",\"width\":391,\"height\":580,\"mime-type\":\"image\\\/jpeg\",\"filesize\":47095},\"mobile\":{\"file\":\"Cagatay_CY493_web-485x720.jpg\",\"width\":485,\"height\":720,\"mime-type\":\"image\\\/jpeg\",\"filesize\":66352},\"hd\":{\"file\":\"Cagatay_CY493_web-862x1280.jpg\",\"width\":862,\"height\":1280,\"mime-type\":\"image\\\/jpeg\",\"filesize\":160650},\"original\":{\"file\":\"Cagatay_CY493_web.jpg\",\"width\":1293,\"height\":1920}}},{\"id\":6,\"width\":1920,\"height\":1458,\"alt\":\"Altbau mit Hinterhof und Umfassungsmauer inmitten von Neubauten in Berlins Mitte\",\"title\":\"\",\"label\":\"Andr\\u00e9 Kirchner: Stralauer Stra\\u00dfe, corner of Waisenstra\\u00dfe, July 1991\",\"description\":\"\\u00a9 Andr\\u00e9 Kirchner | Reproduction: Dorin Alexandru Ionita\",\"copyright\":\"\",\"path\":\"\\\/wp-content\\\/uploads\\\/2025\\\/05\\\/\",\"sizes\":{\"medium\":{\"file\":\"SM-2025-0116411_web-1-300x228.jpg\",\"width\":300,\"height\":228,\"mime-type\":\"image\\\/jpeg\",\"filesize\":14804},\"large\":{\"file\":\"SM-2025-0116411_web-1-1024x778.jpg\",\"width\":1024,\"height\":778,\"mime-type\":\"image\\\/jpeg\",\"filesize\":118064},\"thumbnail\":{\"file\":\"SM-2025-0116411_web-1-150x150.jpg\",\"width\":150,\"height\":150,\"mime-type\":\"image\\\/jpeg\",\"filesize\":5977},\"medium_large\":{\"file\":\"SM-2025-0116411_web-1-768x583.jpg\",\"width\":768,\"height\":583,\"mime-type\":\"image\\\/jpeg\",\"filesize\":72488},\"1536x1536\":{\"file\":\"SM-2025-0116411_web-1-1536x1166.jpg\",\"width\":1536,\"height\":1166,\"mime-type\":\"image\\\/jpeg\",\"filesize\":227819},\"small\":{\"file\":\"SM-2025-0116411_web-1-440x334.jpg\",\"width\":440,\"height\":334,\"mime-type\":\"image\\\/jpeg\",\"filesize\":28106},\"semi\":{\"file\":\"SM-2025-0116411_web-1-580x440.jpg\",\"width\":580,\"height\":440,\"mime-type\":\"image\\\/jpeg\",\"filesize\":44515},\"mobile\":{\"file\":\"SM-2025-0116411_web-1-720x547.jpg\",\"width\":720,\"height\":547,\"mime-type\":\"image\\\/jpeg\",\"filesize\":64659},\"hd\":{\"file\":\"SM-2025-0116411_web-1-1280x972.jpg\",\"width\":1280,\"height\":972,\"mime-type\":\"image\\\/jpeg\",\"filesize\":173039},\"original\":{\"file\":\"SM-2025-0116411_web-1.jpg\",\"width\":1920,\"height\":1458}}}]\t\t}\n\t\t<\/script>\n\n\t\t<div class=\"container-fluid margin-bottom-minimal\">\n\t\t\t<div class=\"row end-xs\">\n\t\t\t\t<div class=\"col-xs-12\">\n\t\t\t\t\t<div class=\"block-ticker-btn-wrapper\">\n\t\t\t\t\t\t<button type=\"button\" aria-label=\"Animation starten \/ stoppen\" class=\"ho-button is-tertiary has-icon\" @click=\"userToggle\">\n\t\t\t\t\t\t\t<span class=\"ho-button-icon icon-play\"><\/span>\n\t\t\t\t\t\t\t<span class=\"ho-button-icon icon-pause\"><\/span>\n\t\t\t\t\t\t<\/button>\n\t\t\t\t\t<\/div>\n\t\t\t\t<\/div>\n\t\t\t<\/div>\n\t\t<\/div>\n\n\t\t<div class=\"carousel\">\n\t\t\t<div class=\"carousel-cell\" :key=\"image.id\" v-for=\"image in images\">\n\t\t\t\t<figure>\n\t\t\t\t\t<img :src=\"image.src\" :alt=\"image.alt\" @load=\"imageLoaded\">\n\n\t\t\t\t\t<figcaption>\n\t\t\t\t\t\t<div class=\"lazy-media-image-label\" v-html=\"image.label\"><\/div>\n\t\t\t\t\t\t<div class=\"lazy-media-image-description\" v-html=\"image.description\"><\/div>\n\t\t\t\t\t<\/figcaption>\n\t\t\t\t<\/figure>\n\t\t\t<\/div>\n\t\t<\/div>\n\t<\/div>\n<\/block-ticker>\n\n\n<section class=\"block block-anchor-nav\">\n<div class=\"container-fluid\">\n\t<div class=\"row center-xs\">\n\t\t<div class=\"col-xs-12\">\n\t\t\t<block-anchor-nav inline-template :js-header=\"true\">\n\t\t\t\t<div class=\"anchor-nav-relative\">\n\t\t\t\t\t<div class=\"anchor-nav\">\n\t\t\t\t\t\t<ul class=\"anchor-nav-list\" ref=\"list\" v-if=\"buttonItems\">\n\t\t\t\t\t\t\t\n\t\t\t\t\t\t\t\t<li v-for=\"buttonItem in buttonItems\" class=\"anchor-nav-list-item\" :data-link=\"buttonItem.link\">\n\t\t\t\t\t\t\t\t\t<button class=\"ho-button is-text\" @click=\"select(buttonItem.link)\">\n\t\t\t\t\t\t\t\t\t\t<span class=\"ho-button-label\" v-html=\"buttonItem.label\"><\/span>\n\t\t\t\t\t\t\t\t\t<\/button>\n\n\t\t\t\t\t\t\t\t\t<div class=\"anchor-nav-progress-wrapper\">\n\t\t\t\t\t\t\t\t\t\t<div class=\"anchor-nav-progress-bar\" aria-hidden=\"true\"><\/div>\n\t\t\t\t\t\t\t\t\t<\/div>\n\t\t\t\t\t\t\t\t<\/li>\n\t\t\t\t\t\t\t\n\t\t\t\t\t\t<\/ul>\n\n\t\t\t\t\t\t<button type=\"button\" ref=\"backBtn\" @click=\"backToTop\" class=\"anchor-nav-top-btn ho-button is-tertiary has-icon\" aria-label=\"Back to the top\">\n\t\t\t\t\t\t\t<span class=\"ho-button-icon icon-jump1\"><\/span>\n\t\t\t\t\t\t<\/button>\n\t\t\t\t\t<\/div>\n\t\t\t\t<\/div>\n\t\t\t<\/block-anchor-nav>\n\t\t<\/div>\n\t<\/div>\n<\/div>\n<\/section>\n\n\n<section class=\"block block-copy-service\" >\n\t<div class=\"container-fluid\">\n\t\t<div class=\"row\">\n\t\t\t<div class=\"col-xs-12 col-md-8 padding-top-sixth margin-bottom-sixth\">\n\t\t\t\t<div class=\"box\">\n\t\t\t\t\t<div class=\"copy editor\">\n\t\t\t\t\t\t<p class=\"zeplin-subHead02\">Berlin is the city of backyards: dense, diverse, lively. Who meets here? How are these spaces changing? And what is going on there?<\/p>\n\t\t\t\t\t<\/div>\n\t\t\t\t<\/div>\n\t\t\t<\/div>\n\t\t\t<div class=\"col-xs-12 col-md-3 col-md-offset-1 padding-top-sixth\">\n\t\t\t\t<div class=\"box margin-bottom-sixth \">\n\t\t\t\t\t<p class=\"zeplin-copySmall\"><strong>Location<\/strong><br>Museum Ephraim-Palais<br>Poststra\u00dfe 16<br>10178 Berlin<br><br><strong>Opening Hours<\/strong><br>Tue \u2013 Sun | 10 a.m. \u2013 6 p.m. (also on public holidays)<br>Mon closed<br><br><strong>Tickets<\/strong><br>7 euros (single ticket) | 15 euros (combi-ticket*) | free admission (under 18 years or with reduction)<br><br>* Valid for our three museums in the Nikolaiviertel (Museum Nikolaikirche, Museum Ephraim-Palais, Museum Knoblauchhaus) on two consecutive days .<br><br><br><\/p>\n\t\t\t\t<\/div>\n\n\n\n\t\t\t\t\t\t\t<\/div>\n\t\t<\/div>\n\t<\/div>\n<\/section>\n\n\n<section class=\"block block-copy\">\n\t<div class=\"container-fluid\">\n\t\t<div class=\"row\">\n\t\t\t<div class=\"col-xs-12 col-md-7\">\n\t\t\t\t<div class=\"copy\">\n\t\t\t\t\t<p>Berlin backyards have a lot to tell. Since the industrial revolution in the 19th century at the latest, Berlin has been a center of attraction for people from other regions of Germany and from other countries. The history of the city has therefore always been a history of migration.<br><br>Due to enormous population growth, spatial expansion and structural densification, Berlin is characterized by backyards like no other city. They are used for residential, educational, commercial, artistic, culinaric and many other purposes. Their history is diverse, just like the people who live there. With the special exhibition \u201cBerliner H\u00f6fe\u201d (Berlin Backyards) on the 3rd floor of the Museum Ephraim-Palais, the Stadtmuseum Berlin invites you to explore these urban spaces between past and present.<br><br>The backyards are exemplary of urban coexistence with all its contradictions. They show how people shape space. And they encourage us to take a closer look: What can backyards tell us about Berlin? What about ourselves? In short: What is going on there?<\/p>\n\t\t\t\t<\/div>\n\t\t\t<\/div>\n\t\t<\/div>\n\t<\/div>\n<\/section>\n\n\n<section class=\"block block-standard-image-copy  align-left\" data-parallax='{\"child\":\".motion-image\",\"mask\":\".row\",\"full\":{\"y\": [5,-5]}}' id=\"sticky_69f747f62fc7f\">\n\t<div class=\"container-fluid\" data-parallax='{\"child\":\".row\",\"mask\":\".motion-image\",\"in\":{\"scale\": [1.1,1.1],\"opacity\": [0,0]},\"center\":{\"scale\": [1.1,1],\"opacity\": [0,1],\"ease\":\"sine.out\"},\"out\":{\"opacity\": [1,0]}}'>\n\t\t<div class=\"row\">\n\t\t\t\t\t\t\t<div class=\"col-xs-12 col-md-7\">\n\t\t\t\t\t<div class=\"padding-bottom-minimal padding-top-minimal\" >\n\t\t\t\t\t\t\n\t\t<lazy-media-inline inline-template data-id=\"66317\">\n\t\t\t<figure itemscope itemtype=\"http:\/\/schema.org\/ImageObject\" class=\"lazy-media-inline \" role=\"group\" id=\"media_69f747f6300cb\">\n\t\t\t\t<script type=\"application\/json\" ref=\"data\">\n\t\t\t\t{\n\t\t\t\t\"sizes\" : {\"medium\":{\"file\":\"berliner-hoefe-hauptmotiv-226x300.jpg\",\"width\":226,\"height\":300,\"mime-type\":\"image\\\/jpeg\",\"filesize\":19926},\"large\":{\"file\":\"berliner-hoefe-hauptmotiv-772x1024.jpg\",\"width\":772,\"height\":1024,\"mime-type\":\"image\\\/jpeg\",\"filesize\":171870},\"medium_large\":{\"file\":\"berliner-hoefe-hauptmotiv-768x1019.jpg\",\"width\":768,\"height\":1019,\"mime-type\":\"image\\\/jpeg\",\"filesize\":169968},\"small\":{\"file\":\"berliner-hoefe-hauptmotiv-332x440.jpg\",\"width\":332,\"height\":440,\"mime-type\":\"image\\\/jpeg\",\"filesize\":38083},\"semi\":{\"file\":\"berliner-hoefe-hauptmotiv-437x580.jpg\",\"width\":437,\"height\":580,\"mime-type\":\"image\\\/jpeg\",\"filesize\":62244},\"mobile\":{\"file\":\"berliner-hoefe-hauptmotiv-543x720.jpg\",\"width\":543,\"height\":720,\"mime-type\":\"image\\\/jpeg\",\"filesize\":91422},\"original\":{\"file\":\"berliner-hoefe-hauptmotiv.jpg\",\"width\":965,\"height\":1280}},\n\t\t\t\t\"alt\" : \"Junge auf Tretroller vor Toreinfahrt in einen Hinterhof, dar\\u00fcber deutsch- und t\\u00fcrkischsprachige Werbung\",\n\t\t\t\t\"path\" : \"\\\/wp-content\\\/uploads\\\/2025\\\/05\\\/\",\n\t\t\t\t\"video\" : null,\n\t\t\t\t\"autoplay\" : null,\n\t\t\t\t\"youtube\" : null,\n\t\t\t\t\"youtubelabel\" : \"play\",\n\t\t\t\t\"brightness\" : 100,\n\t\t\t\t\"crop\" : null,\n\t\t\t\t\"background\" : false,\n\t\t\t\t\"scale\" : 1,\n\t\t\t\t\"zoom\" : false,\n\t\t\t\t\"annotations\" : null\t\t\t\t}\n\t\t\t<\/script>\n\t\t\t\t<div class=\"height-container\" style=\"padding-bottom:132.64248704663%;  \" v-if=\"sizes\">\n\t\t\t\t\t<lazy-media :inline=\"true\" :alt=\"alt\" :sizes=\"sizes\" :scale=\"scale\" :zoom=\"zoom\" :brightness=\"brightness\" :path=\"path\" :video=\"video\" :autoplay=\"autoplay\" :youtube=\"youtube\" :crop=\"crop\" :youtubelabel=\"youtubelabel\" :annotations=\"annotations\" :background=\"background\"><\/lazy-media>\n\n\t\t\t\t\t\t\t\t\t<\/div>\n\n\t\t\t\t\n\t\t\t\t\n\n\n\t\t\t\t\t\t\t\t\t\t<figcaption class=\"\">\n\t\t\t\t\t\t\t\t\t\t\t\t\t\t\t<div class=\"lazy-media-image-label\">Entrance to a Berlin backyard in Kottbusser Stra\u00dfe, Kreuzberg, ca. 1975-77<\/div>\n\t\t\t\t\t\t\t\t\t\t\t\t\t\t\t\t\t\t\t\t\t\t<div class=\"lazy-media-image-description\">\u00a9 Stadtmuseum Berlin | Foto: Ludwig Binder <\/div>\n\t\t\t\t\t\t\t\t\t\t\t\t\t<\/figcaption>\n\t\t\t\t\t\t\t\t\t\n\t\t\t   \t\t\t\t\t\t\t<\/figure>\n\t\t<\/lazy-media-inline>\n\t\t\t\t\t\t\t<\/div>\n\t\t\t\t<\/div>\n\t\t\t\t<div class=\"col-xs-12 col-md-4 col-md-offset-1\">\n\t\t\t\t\t<div class=\"padding-bottom-minimal padding-top-minimal copy\" >\n\t\t\t\t\t\t\t\t\t\t\t\t<h3 class=\"margin-bottom-third \">Graphics, photography and history<\/h3>\n\t\t\t\t\t\t\t\t\t\t\t\tThe special atmosphere of the Berlin backyards has repeatedly inspired graphic artists, draughtsmen and photographers to create images. In the exhibition, highlights from the museum collection meet the artistic works of urban researchers Duygu \u00d6rs and Sinthujan Varatharajah, which were created especially for \u201cBerliner H\u00f6fe\u201d. Using sounds and light, they deal with different sensory impressions from backyards that \u00d6rs and Varatharajah encountered in Wedding.<br><br>In addition, the junior curators from the Refik Veseli School in Kreuzberg and their mentor Yella Hoepfner present their own spaces in the permanent exhibition \u201cBerlinZEIT\u201d on the first and second floors of the museum. Their individual stories interact with objects from the collection.\t\t\t\t\t<\/div>\n\t\t\t\t<\/div>\n\t\t\t\t\t<\/div>\n\t<\/div>\n<\/section>\n\n\n<section class=\"block block-copy-info \">\n\t<div class=\"container-fluid\">\n\t\t<div class=\"row\">\n\t\t\t<div class=\"col-xs-12 col-md-2 padding-top-sixth margin-bottom-sixth\">\n\t\t\t\t<div class=\"box\">\n\t\t\t\t\t<div class=\"copy\">\n\t\t\t\t\t\t<h5>Biographical data<\/h5>\n\t\t\t\t\t<\/div>\n\t\t\t\t<\/div>\n\t\t\t<\/div>\n\n\t\t\t<div class=\"col-xs-12 col-md-8 col-md-offset-1 padding-top-sixth margin-bottom-sixth\">\n\t\t\t\t<div class=\"box\">\n\t\t\t\t\t<div class=\"copy editor\">\n\t\t\t\t\t\t<p><strong>Duygu \u00d6rs<\/strong> is a researcher, art educator and curator specialising in cultural and urban research. Since 2019 she has headed the education and mediation work of the Berlin Biennale for Contemporary Art, since 2025 with Jas Wenzel. At the Institute for Sociology and Cultural Organisation (ISKO) at Leuphana University L\u00fcneburg, she is working on the role of the museum in the \u2018Right to the City\u2019 movement.\u200d She is also a co-founder of the curatorial research collective Curating through Conflict with Care (CCC).<br>Translated with DeepL.com (free version)<br><br><strong>Sinthujan Varatarajah<\/strong> (\u0b9a\u0bbf\u0ba8\u0bcd\u0ba4\u0bc1\u0b9c\u0ba9\u0bcd \u0bb5\u0bb0\u0ba4\u0bb0\u0bbe\u0b9c\u0bbe) writes and researches in Berlin. As a political geographer, Varatarajah focuses on issues of statelessness, im-\/mobility and displacement from the perspective of infrastructure, logistics and building culture. Varatarajah has published several books since 2022. Varatarajah&#8217;s next book, \u2018Where Time Stands Still\u2019, will be published by Carl Hanser Verlag in spring 2026.<\/p>\n\t\t\t\t\t<\/div>\n\t\t\t\t<\/div>\n\t\t\t<\/div>\n\t\t<\/div>\n\t\t<div class=\"row\">\n\t\t\t<div class=\"col-xs-12 col-md-8 col-md-offset-3\">\n\t\t\t\t<div class=\"box\">\n\t\t\t\t\t\n<div class='ho-button-group' ><\/div>\n\t\t\t\t<\/div>\n\t\t\t<\/div>\n\t\t<\/div>\n\t<\/div>\n<\/section>\n\n\n<section class=\"block block-headline block-no-margin\"  id='your-berlin-backyards' data-anchor='your-berlin-backyards' data-anchor-name='Your Berlin Backyards'>\n\t<div class=\"container-fluid\">\n\t\t<div class=\"row\">\n\t\t\t\t\t\t<div class=\"col-xs-12 col-md-7\">\n\t\t\t\t<div class=\"box\">\n\t\t\t\t\t<h2 class=\"h3\">Your Berlin Backyards<\/h2>\n\t\t\t\t<\/div>\n\t\t\t<\/div>\n\t\t\t\t\t<\/div>\n\t<\/div>\n<\/section>\n\n\n<section class=\"block block-teaser  block-teaser-page \" style=\"background-color: #FFFFFF\">\n\n\t\n\t\t\n\t\t\t<div class=\"container-fluid teaser-no-lane\"  data-parallax-stagger='{\"child\":\"li\",\"mask\":\".row\",\"split\":false,\"in\":{\"opacity\": [0,0],\"delay\":0},\"center\":{\"y\": [60,0],\"opacity\": [0,1],\"delay\":1,\"ease\":\"sine.out\"},\"out\":{\"opacity\": [1,0],\"delay\":0,\"ease\":\"sine.in\"}}'>\n\t\t\t<ul class=\"row\">\n\t\t\t\t<li class=\"col-xs-12 col-md-6 teaser-page teaser-wrapper padding-bottom-sixth teaser-page teaser-type-standard teaser-col-2\">\n\t<a href=\"https:\/\/www.stadtmuseum.de\/en\/berlin-jetzt\/berlin-backyards\" class=\"teaser\">\n\t\t<div>\n\t\t\t<div class=\"teaser-image\">\n\t\t\t\t\n\t\t<lazy-media-inline inline-template data-id=\"66298\">\n\t\t\t<figure itemscope itemtype=\"http:\/\/schema.org\/ImageObject\" class=\"lazy-media-inline \" role=\"group\" id=\"media_69f747f633752\">\n\t\t\t\t<script type=\"application\/json\" ref=\"data\">\n\t\t\t\t{\n\t\t\t\t\"sizes\" : {\"medium\":{\"file\":\"berlin-jetzt-berliner-hoefe-web-300x198.jpg\",\"width\":300,\"height\":198,\"mime-type\":\"image\\\/jpeg\",\"filesize\":17910},\"large\":{\"file\":\"berlin-jetzt-berliner-hoefe-web-1024x677.jpg\",\"width\":1024,\"height\":677,\"mime-type\":\"image\\\/jpeg\",\"filesize\":145302},\"medium_large\":{\"file\":\"berlin-jetzt-berliner-hoefe-web-768x508.jpg\",\"width\":768,\"height\":508,\"mime-type\":\"image\\\/jpeg\",\"filesize\":91057},\"small\":{\"file\":\"berlin-jetzt-berliner-hoefe-web-440x291.jpg\",\"width\":440,\"height\":291,\"mime-type\":\"image\\\/jpeg\",\"filesize\":35260},\"semi\":{\"file\":\"berlin-jetzt-berliner-hoefe-web-580x383.jpg\",\"width\":580,\"height\":383,\"mime-type\":\"image\\\/jpeg\",\"filesize\":56584},\"mobile\":{\"file\":\"berlin-jetzt-berliner-hoefe-web-720x476.jpg\",\"width\":720,\"height\":476,\"mime-type\":\"image\\\/jpeg\",\"filesize\":81546},\"original\":{\"file\":\"berlin-jetzt-berliner-hoefe-web.jpg\",\"width\":1280,\"height\":846}},\n\t\t\t\t\"alt\" : \"Hinterhof-Detail mit sommerlichen B\\u00e4umen, bunt bemalten W\\u00e4nden, Blumenbeet, bepflanzten Zinkbadewannen und Kinder-Tretroller\",\n\t\t\t\t\"path\" : \"\\\/wp-content\\\/uploads\\\/2025\\\/05\\\/\",\n\t\t\t\t\"video\" : null,\n\t\t\t\t\"autoplay\" : null,\n\t\t\t\t\"youtube\" : null,\n\t\t\t\t\"youtubelabel\" : \"play\",\n\t\t\t\t\"brightness\" : 100,\n\t\t\t\t\"crop\" : null,\n\t\t\t\t\"background\" : true,\n\t\t\t\t\"scale\" : 1,\n\t\t\t\t\"zoom\" : false,\n\t\t\t\t\"annotations\" : null\t\t\t\t}\n\t\t\t<\/script>\n\t\t\t\t<div class=\"height-container\" style=\"padding-bottom:54%;  \" v-if=\"sizes\">\n\t\t\t\t\t<lazy-media :inline=\"true\" :alt=\"alt\" :sizes=\"sizes\" :scale=\"scale\" :zoom=\"zoom\" :brightness=\"brightness\" :path=\"path\" :video=\"video\" :autoplay=\"autoplay\" :youtube=\"youtube\" :crop=\"crop\" :youtubelabel=\"youtubelabel\" :annotations=\"annotations\" :background=\"background\"><\/lazy-media>\n\n\t\t\t\t\t\t\t\t\t<\/div>\n\n\t\t\t\t\n\t\t\t\t\n\n\n\t\t\t\t\n\t\t\t   \t\t\t\t\t\t\t<\/figure>\n\t\t<\/lazy-media-inline>\n\t\t\t\t\t<\/div>\n\t\t\t<div class=\"teaser-copy\">\n\t\t\t\t<div>\n\t\t\t\t\t<div class=\"teaser-header padding-top-sixth\"><div><h3 class=\"zeplin-teaserHeadline-M\">Berlin Backyards<\/h3><\/div><\/div>\n\t\t\t\t\t<div class=\"copy\"><div class=\"padding-top-minimal\"><p class=\"zeplin-copySmall\">Accompanying the special exhibition \u2018Berlin Backyards\u2019 on the 3rd floor of the Ephraim-Palais Museum, the Stadtmuseum Berlin once again invited the public to take part in its participatory project \u201cBerlin jetzt!\u201d. More than 1,700 photos of Berlin\u2019s courtyards were submitted \u2013 take a look!<\/p><\/div><div class=\"padding-top-sixth\"><span class=\"zeplin-metadata has-highlight-color\">More<\/span><\/div><\/div>\n\t\t\t\t<\/div>\n\t\t\t<\/div>\n\t\t<\/div>\n\t<\/a>\n<\/li>\t\t\t<\/ul>\n\t\t<\/div>\n\t\n\t<\/section>\n\n\n<section class=\"block block-quote \">\n\t<figure>\n\t\t<div class=\"container-fluid\">\n\t\t\t<div class=\"row center-xs\">\n\t\t\t\t\t\t\t\t\t<div class=\"col-xs-10\">\n\t\t\t\t\t\t<div class=\"box has-highlight-color\">\n\t\t\t\t\t\t\t<figcaption class=\"zeplin-quoteName padding-bottom-third\">What the press says:<\/figcaption>\n\t\t\t\t\t\t<\/div>\n\t\t\t\t\t<\/div>\n\t\t\t\t\t\t\t\t\t\t\t\t\t<div class=\"col-xs-10\">\n\t\t\t\t\t\t<div class=\"box\">\n\t\t\t\t\t\t\t<blockquote class=\"zeplin-quote\">&#8220;So let&#8217;s go to the Ephraim Palace again. It&#8217;s well worth it. The city museum has succeeded in creating an exceptionally high-quality exhibition with a great feel for the city.&#8221;<\/blockquote>\n\t\t\t\t\t\t<\/div>\n\t\t\t\t\t<\/div>\n\t\t\t\t\t\t\t<\/div>\n\t\t<\/div>\n\n\t\t\t\t\t<div class=\"container-fluid padding-top-third\">\n\t\t\t\t<div class=\"row center-xs\">\n\t\t\t\t\t<div class=\"col-xs-10\">\n\t\t\t\t\t\t<div class=\"block-quote-image-wrapper\">\n\t\t\t\t\t\t\t<div class=\"block-quote-image\">\n\t\t\t\t\t\t\t\t\n\t\t<lazy-media-inline inline-template data-id=\"44765\">\n\t\t\t<figure itemscope itemtype=\"http:\/\/schema.org\/ImageObject\" class=\"lazy-media-inline \" role=\"group\" id=\"media_69f747f633e0c\">\n\t\t\t\t<script type=\"application\/json\" ref=\"data\">\n\t\t\t\t{\n\t\t\t\t\"sizes\" : {\"original\":{\"file\":\"berliner-zeitung-logo.png\",\"width\":225,\"height\":225}},\n\t\t\t\t\"alt\" : \"Fraktur-Buchstabe B\",\n\t\t\t\t\"path\" : \"\\\/wp-content\\\/uploads\\\/2024\\\/01\\\/\",\n\t\t\t\t\"video\" : null,\n\t\t\t\t\"autoplay\" : null,\n\t\t\t\t\"youtube\" : null,\n\t\t\t\t\"youtubelabel\" : \"play\",\n\t\t\t\t\"brightness\" : 100,\n\t\t\t\t\"crop\" : null,\n\t\t\t\t\"background\" : false,\n\t\t\t\t\"scale\" : 1,\n\t\t\t\t\"zoom\" : false,\n\t\t\t\t\"annotations\" : null\t\t\t\t}\n\t\t\t<\/script>\n\t\t\t\t<div class=\"height-container\" style=\"padding-bottom:100%;  \" v-if=\"sizes\">\n\t\t\t\t\t<lazy-media :inline=\"true\" :alt=\"alt\" :sizes=\"sizes\" :scale=\"scale\" :zoom=\"zoom\" :brightness=\"brightness\" :path=\"path\" :video=\"video\" :autoplay=\"autoplay\" :youtube=\"youtube\" :crop=\"crop\" :youtubelabel=\"youtubelabel\" :annotations=\"annotations\" :background=\"background\"><\/lazy-media>\n\n\t\t\t\t\t\t\t\t\t<\/div>\n\n\t\t\t\t\n\t\t\t\t\n\n\n\t\t\t\t\n\t\t\t   \t\t\t\t\t\t\t<\/figure>\n\t\t<\/lazy-media-inline>\n\t\t\t\t\t\t\t\t\t<\/div>\n\t\t\t\t\t\t<\/div>\n\t\t\t\t\t<\/div>\n\t\t\t\t<\/div>\n\t\t\t\t\t\t\t\t<div class=\"row center-xs padding-top-sixth\">\n\t\t\t\t\t<div class=\"col-xs-10\">\n\t\t\t\t\t\t<div class=\"box\">\n\t\t\t\t\t\t\t<span class=\"zeplin-quoteName\">Berliner Zeitung<\/span>\n\t\t\t\t\t\t<\/div>\n\t\t\t\t\t<\/div>\n\t\t\t\t<\/div>\n\t\t\t\t\t\t\t<\/div>\n\t\t\t<\/figure>\n<\/section>\n\n\n\n<section class=\"block block-gallery\">\n\t<block-gallery inline-template>\n\t\t<div :class=\"{ firstLoaded: firstLoaded }\">\n\t\t\t<script type=\"application\/json\" ref=\"data\">\n\t\t\t{\n\t\t\t\t\"images\" : [{\"id\":0,\"width\":1920,\"height\":1280,\"alt\":\"Der Eingang zum Ausstellungsbereich ist von Briefk&auml;sten flankiert\",\"title\":\"\",\"label\":\"Just like in real life: past the post boxes, you enter the \\u2018Berlin Courtyards\\u2019.\",\"description\":\"\\u00a9 Stadtmuseum Berlin | Photo: Christian Kielmann\",\"copyright\":\"\",\"path\":\"\\\/wp-content\\\/uploads\\\/2025\\\/07\\\/\",\"sizes\":{\"medium\":{\"file\":\"web-56-20250717-berliner-hoefe-4817-300x200.jpg\",\"width\":300,\"height\":200,\"mime-type\":\"image\\\/jpeg\",\"filesize\":10683},\"large\":{\"file\":\"web-56-20250717-berliner-hoefe-4817-1024x683.jpg\",\"width\":1024,\"height\":683,\"mime-type\":\"image\\\/jpeg\",\"filesize\":69198},\"thumbnail\":{\"file\":\"web-56-20250717-berliner-hoefe-4817-150x150.jpg\",\"width\":150,\"height\":150,\"mime-type\":\"image\\\/jpeg\",\"filesize\":5467},\"medium_large\":{\"file\":\"web-56-20250717-berliner-hoefe-4817-768x512.jpg\",\"width\":768,\"height\":512,\"mime-type\":\"image\\\/jpeg\",\"filesize\":40829},\"1536x1536\":{\"file\":\"web-56-20250717-berliner-hoefe-4817-1536x1024.jpg\",\"width\":1536,\"height\":1024,\"mime-type\":\"image\\\/jpeg\",\"filesize\":166235},\"small\":{\"file\":\"web-56-20250717-berliner-hoefe-4817-440x293.jpg\",\"width\":440,\"height\":293,\"mime-type\":\"image\\\/jpeg\",\"filesize\":17973},\"semi\":{\"file\":\"web-56-20250717-berliner-hoefe-4817-580x387.jpg\",\"width\":580,\"height\":387,\"mime-type\":\"image\\\/jpeg\",\"filesize\":26861},\"mobile\":{\"file\":\"web-56-20250717-berliner-hoefe-4817-720x480.jpg\",\"width\":720,\"height\":480,\"mime-type\":\"image\\\/jpeg\",\"filesize\":36814},\"hd\":{\"file\":\"web-56-20250717-berliner-hoefe-4817-1280x853.jpg\",\"width\":1280,\"height\":853,\"mime-type\":\"image\\\/jpeg\",\"filesize\":110670},\"original\":{\"file\":\"web-56-20250717-berliner-hoefe-4817.jpg\",\"width\":1920,\"height\":1280}}},{\"id\":1,\"width\":1920,\"height\":1280,\"alt\":\"Besucher vor Bildern in der Ausstellung\",\"title\":\"\",\"label\":\"Visitors at the exhibition.\",\"description\":\"\\u00a9 Stadtmuseum Berlin | Photo: Christian Kielmann\",\"copyright\":\"\",\"path\":\"\\\/wp-content\\\/uploads\\\/2025\\\/07\\\/\",\"sizes\":{\"medium\":{\"file\":\"web-49-20250717-berliner-hoefe-4778-300x200.jpg\",\"width\":300,\"height\":200,\"mime-type\":\"image\\\/jpeg\",\"filesize\":10198},\"large\":{\"file\":\"web-49-20250717-berliner-hoefe-4778-1024x683.jpg\",\"width\":1024,\"height\":683,\"mime-type\":\"image\\\/jpeg\",\"filesize\":76627},\"thumbnail\":{\"file\":\"web-49-20250717-berliner-hoefe-4778-150x150.jpg\",\"width\":150,\"height\":150,\"mime-type\":\"image\\\/jpeg\",\"filesize\":4816},\"medium_large\":{\"file\":\"web-49-20250717-berliner-hoefe-4778-768x512.jpg\",\"width\":768,\"height\":512,\"mime-type\":\"image\\\/jpeg\",\"filesize\":43267},\"1536x1536\":{\"file\":\"web-49-20250717-berliner-hoefe-4778-1536x1024.jpg\",\"width\":1536,\"height\":1024,\"mime-type\":\"image\\\/jpeg\",\"filesize\":188513},\"small\":{\"file\":\"web-49-20250717-berliner-hoefe-4778-440x293.jpg\",\"width\":440,\"height\":293,\"mime-type\":\"image\\\/jpeg\",\"filesize\":17497},\"semi\":{\"file\":\"web-49-20250717-berliner-hoefe-4778-580x387.jpg\",\"width\":580,\"height\":387,\"mime-type\":\"image\\\/jpeg\",\"filesize\":27251},\"mobile\":{\"file\":\"web-49-20250717-berliner-hoefe-4778-720x480.jpg\",\"width\":720,\"height\":480,\"mime-type\":\"image\\\/jpeg\",\"filesize\":38382},\"hd\":{\"file\":\"web-49-20250717-berliner-hoefe-4778-1280x853.jpg\",\"width\":1280,\"height\":853,\"mime-type\":\"image\\\/jpeg\",\"filesize\":125685},\"original\":{\"file\":\"web-49-20250717-berliner-hoefe-4778.jpg\",\"width\":1920,\"height\":1280}}},{\"id\":2,\"width\":1920,\"height\":1280,\"alt\":\"Eine junge Besucherin betrachtet historische Fotografien\",\"title\":\"\",\"label\":\"Historical photographs take you back to the past of Berlin's backyards.\",\"description\":\"\\u00a9 Stadtmuseum Berlin | Photo: Christian Kielmann\",\"copyright\":\"\",\"path\":\"\\\/wp-content\\\/uploads\\\/2025\\\/07\\\/\",\"sizes\":{\"medium\":{\"file\":\"web-berliner-hoefe-christian-kielmann-1-300x200.jpg\",\"width\":300,\"height\":200,\"mime-type\":\"image\\\/jpeg\",\"filesize\":10791},\"large\":{\"file\":\"web-berliner-hoefe-christian-kielmann-1-1024x683.jpg\",\"width\":1024,\"height\":683,\"mime-type\":\"image\\\/jpeg\",\"filesize\":85394},\"thumbnail\":{\"file\":\"web-berliner-hoefe-christian-kielmann-1-150x150.jpg\",\"width\":150,\"height\":150,\"mime-type\":\"image\\\/jpeg\",\"filesize\":6123},\"medium_large\":{\"file\":\"web-berliner-hoefe-christian-kielmann-1-768x512.jpg\",\"width\":768,\"height\":512,\"mime-type\":\"image\\\/jpeg\",\"filesize\":49981},\"1536x1536\":{\"file\":\"web-berliner-hoefe-christian-kielmann-1-1536x1024.jpg\",\"width\":1536,\"height\":1024,\"mime-type\":\"image\\\/jpeg\",\"filesize\":193342},\"small\":{\"file\":\"web-berliner-hoefe-christian-kielmann-1-440x293.jpg\",\"width\":440,\"height\":293,\"mime-type\":\"image\\\/jpeg\",\"filesize\":19706},\"semi\":{\"file\":\"web-berliner-hoefe-christian-kielmann-1-580x387.jpg\",\"width\":580,\"height\":387,\"mime-type\":\"image\\\/jpeg\",\"filesize\":31359},\"mobile\":{\"file\":\"web-berliner-hoefe-christian-kielmann-1-720x480.jpg\",\"width\":720,\"height\":480,\"mime-type\":\"image\\\/jpeg\",\"filesize\":44620},\"hd\":{\"file\":\"web-berliner-hoefe-christian-kielmann-1-1280x853.jpg\",\"width\":1280,\"height\":853,\"mime-type\":\"image\\\/jpeg\",\"filesize\":133317},\"original\":{\"file\":\"web-berliner-hoefe-christian-kielmann-1.jpg\",\"width\":1920,\"height\":1280}}},{\"id\":3,\"width\":1920,\"height\":1280,\"alt\":\"Nahaufnahme eines Besuchers, das das Farbfoto eines Hinterhofs mit Murials betrachtet\",\"title\":\"\",\"label\":\"Large-format reproduction of a backyard scene with murals in the exhibition.\",\"description\":\"\\u00a9 Stadtmuseum Berlin | Photo: Christian Kielmann\",\"copyright\":\"\",\"path\":\"\\\/wp-content\\\/uploads\\\/2025\\\/07\\\/\",\"sizes\":{\"medium\":{\"file\":\"web-berliner-hoefe-christian-kielmann-3-300x200.jpg\",\"width\":300,\"height\":200,\"mime-type\":\"image\\\/jpeg\",\"filesize\":20329},\"large\":{\"file\":\"web-berliner-hoefe-christian-kielmann-3-1024x683.jpg\",\"width\":1024,\"height\":683,\"mime-type\":\"image\\\/jpeg\",\"filesize\":216342},\"thumbnail\":{\"file\":\"web-berliner-hoefe-christian-kielmann-3-150x150.jpg\",\"width\":150,\"height\":150,\"mime-type\":\"image\\\/jpeg\",\"filesize\":8746},\"medium_large\":{\"file\":\"web-berliner-hoefe-christian-kielmann-3-768x512.jpg\",\"width\":768,\"height\":512,\"mime-type\":\"image\\\/jpeg\",\"filesize\":124152},\"1536x1536\":{\"file\":\"web-berliner-hoefe-christian-kielmann-3-1536x1024.jpg\",\"width\":1536,\"height\":1024,\"mime-type\":\"image\\\/jpeg\",\"filesize\":452156},\"small\":{\"file\":\"web-berliner-hoefe-christian-kielmann-3-440x293.jpg\",\"width\":440,\"height\":293,\"mime-type\":\"image\\\/jpeg\",\"filesize\":41777},\"semi\":{\"file\":\"web-berliner-hoefe-christian-kielmann-3-580x387.jpg\",\"width\":580,\"height\":387,\"mime-type\":\"image\\\/jpeg\",\"filesize\":72167},\"mobile\":{\"file\":\"web-berliner-hoefe-christian-kielmann-3-720x480.jpg\",\"width\":720,\"height\":480,\"mime-type\":\"image\\\/jpeg\",\"filesize\":108640},\"hd\":{\"file\":\"web-berliner-hoefe-christian-kielmann-3-1280x853.jpg\",\"width\":1280,\"height\":853,\"mime-type\":\"image\\\/jpeg\",\"filesize\":330129},\"original\":{\"file\":\"web-berliner-hoefe-christian-kielmann-3.jpg\",\"width\":1920,\"height\":1280}}},{\"id\":4,\"width\":1920,\"height\":1280,\"alt\":\"Zwei sitzende Jugendliche an einer H&ouml;rstation\",\"title\":\"\",\"label\":\"The \\u2018Berlin Backyards\\u2019 are also part of the permanent exhibition \\u2018BerlinZEIT\\u2019, like this audio station.\",\"description\":\"\\u00a9 Stadtmuseum Berlin | Photo: Christian Kielmann\",\"copyright\":\"\",\"path\":\"\\\/wp-content\\\/uploads\\\/2025\\\/07\\\/\",\"sizes\":{\"medium\":{\"file\":\"web-3-20250717-berliner-hoefe-4518-300x200.jpg\",\"width\":300,\"height\":200,\"mime-type\":\"image\\\/jpeg\",\"filesize\":10725},\"large\":{\"file\":\"web-3-20250717-berliner-hoefe-4518-1024x683.jpg\",\"width\":1024,\"height\":683,\"mime-type\":\"image\\\/jpeg\",\"filesize\":82178},\"thumbnail\":{\"file\":\"web-3-20250717-berliner-hoefe-4518-150x150.jpg\",\"width\":150,\"height\":150,\"mime-type\":\"image\\\/jpeg\",\"filesize\":4694},\"medium_large\":{\"file\":\"web-3-20250717-berliner-hoefe-4518-768x512.jpg\",\"width\":768,\"height\":512,\"mime-type\":\"image\\\/jpeg\",\"filesize\":47589},\"1536x1536\":{\"file\":\"web-3-20250717-berliner-hoefe-4518-1536x1024.jpg\",\"width\":1536,\"height\":1024,\"mime-type\":\"image\\\/jpeg\",\"filesize\":185851},\"small\":{\"file\":\"web-3-20250717-berliner-hoefe-4518-440x293.jpg\",\"width\":440,\"height\":293,\"mime-type\":\"image\\\/jpeg\",\"filesize\":18754},\"semi\":{\"file\":\"web-3-20250717-berliner-hoefe-4518-580x387.jpg\",\"width\":580,\"height\":387,\"mime-type\":\"image\\\/jpeg\",\"filesize\":29643},\"mobile\":{\"file\":\"web-3-20250717-berliner-hoefe-4518-720x480.jpg\",\"width\":720,\"height\":480,\"mime-type\":\"image\\\/jpeg\",\"filesize\":42348},\"hd\":{\"file\":\"web-3-20250717-berliner-hoefe-4518-1280x853.jpg\",\"width\":1280,\"height\":853,\"mime-type\":\"image\\\/jpeg\",\"filesize\":129282},\"original\":{\"file\":\"web-3-20250717-berliner-hoefe-4518.jpg\",\"width\":1920,\"height\":1280}}},{\"id\":5,\"width\":1280,\"height\":1920,\"alt\":\"Nahaufnahme einer Leuchtwand mit Hinterhof-Farbfotos\",\"title\":\"\",\"label\":\"Young people's perspectives in the permanent exhibition.\",\"description\":\"\\u00a9 Stadtmuseum Berlin | Photo: Christian Kielmann\",\"copyright\":\"\",\"path\":\"\\\/wp-content\\\/uploads\\\/2025\\\/07\\\/\",\"sizes\":{\"medium\":{\"file\":\"web-9-20250717-berliner-hoefe-4563-200x300.jpg\",\"width\":200,\"height\":300,\"mime-type\":\"image\\\/jpeg\",\"filesize\":17453},\"large\":{\"file\":\"web-9-20250717-berliner-hoefe-4563-683x1024.jpg\",\"width\":683,\"height\":1024,\"mime-type\":\"image\\\/jpeg\",\"filesize\":112499},\"thumbnail\":{\"file\":\"web-9-20250717-berliner-hoefe-4563-150x150.jpg\",\"width\":150,\"height\":150,\"mime-type\":\"image\\\/jpeg\",\"filesize\":7903},\"medium_large\":{\"file\":\"web-9-20250717-berliner-hoefe-4563-768x1152.jpg\",\"width\":768,\"height\":1152,\"mime-type\":\"image\\\/jpeg\",\"filesize\":135487},\"1536x1536\":{\"file\":\"web-9-20250717-berliner-hoefe-4563-1024x1536.jpg\",\"width\":1024,\"height\":1536,\"mime-type\":\"image\\\/jpeg\",\"filesize\":216062},\"small\":{\"file\":\"web-9-20250717-berliner-hoefe-4563-293x440.jpg\",\"width\":293,\"height\":440,\"mime-type\":\"image\\\/jpeg\",\"filesize\":31178},\"semi\":{\"file\":\"web-9-20250717-berliner-hoefe-4563-387x580.jpg\",\"width\":387,\"height\":580,\"mime-type\":\"image\\\/jpeg\",\"filesize\":47731},\"mobile\":{\"file\":\"web-9-20250717-berliner-hoefe-4563-480x720.jpg\",\"width\":480,\"height\":720,\"mime-type\":\"image\\\/jpeg\",\"filesize\":65390},\"hd\":{\"file\":\"web-9-20250717-berliner-hoefe-4563-853x1280.jpg\",\"width\":853,\"height\":1280,\"mime-type\":\"image\\\/jpeg\",\"filesize\":160812},\"original\":{\"file\":\"web-9-20250717-berliner-hoefe-4563.jpg\",\"width\":1280,\"height\":1920}}}]\t\t\t}\n\t\t\t<\/script>\n\n\t\t\t<div class=\"carousel\">\n\t\t\t\t<div class=\"carousel-cell\" :key=\"image.id\" v-for=\"image in images\">\n\t\t\t\t\t<figure>\n\t\t\t\t\t\t<block-gallery-item inline-template :image=\"image\">\n\t\t\t\t\t\t\t<img :src=\"image.src\" :alt=\"image.alt\" @load=\"$parent.imageLoaded\">\n\t\t\t\t\t\t<\/block-gallery-item>\n\n\t\t\t\t\t\t<figcaption>\n\t\t\t\t\t\t\t<div class=\"lazy-media-image-label\" v-html=\"image.label\"><\/div>\n\t\t\t\t\t\t\t<div class=\"lazy-media-image-description\" v-html=\"image.description\"><\/div>\n\t\t\t\t\t\t<\/figcaption>\n\t\t\t\t\t<\/figure>\n\t\t\t\t<\/div>\n\t\t\t<\/div>\n\t\t<\/div>\n\t<\/block-gallery>\n<\/section>\n\n\n<section class=\"block block-headline block-no-margin\" >\n\t<div class=\"container-fluid\">\n\t\t<div class=\"row\">\n\t\t\t\t\t\t<div class=\"col-xs-12 col-md-7\">\n\t\t\t\t<div class=\"box\">\n\t\t\t\t\t<h2 class=\"h3\">Permanent exhibition<\/h2>\n\t\t\t\t<\/div>\n\t\t\t<\/div>\n\t\t\t\t\t<\/div>\n\t<\/div>\n<\/section>\n\n\n<section class=\"block block-copy block-no-margin\">\n\t<div class=\"container-fluid\">\n\t\t<div class=\"row\">\n\t\t\t<div class=\"col-xs-12 col-md-7\">\n\t\t\t\t<div class=\"copy\">\n\t\t\t\t\t<p>Also visit our large Berlin exhibition on the 1st and 2nd floors of the Museum Ephraim-Palais!<\/p>\n\t\t\t\t<\/div>\n\t\t\t<\/div>\n\t\t<\/div>\n\t<\/div>\n<\/section>\n\n\n\t<section class=\"block block-full-teaser   has-invert-color align-full\">\n\t<div class=\"block-full-teaser-image\">\n\t\t\n\t\t<lazy-media-inline inline-template data-id=\"42571\">\n\t\t\t<figure itemscope itemtype=\"http:\/\/schema.org\/ImageObject\" class=\"lazy-media-inline \" role=\"group\" id=\"media_69f747f635c2d\">\n\t\t\t\t<script type=\"application\/json\" ref=\"data\">\n\t\t\t\t{\n\t\t\t\t\"sizes\" : {\"medium\":{\"file\":\"berlinzeit-plakat-212x300.jpg\",\"width\":212,\"height\":300,\"mime-type\":\"image\\\/jpeg\",\"filesize\":17925},\"large\":{\"file\":\"berlinzeit-plakat-723x1024.jpg\",\"width\":723,\"height\":1024,\"mime-type\":\"image\\\/jpeg\",\"filesize\":127307},\"medium_large\":{\"file\":\"berlinzeit-plakat-768x1087.jpg\",\"width\":768,\"height\":1087,\"mime-type\":\"image\\\/jpeg\",\"filesize\":140498},\"1536x1536\":{\"file\":\"berlinzeit-plakat-1085x1536.jpg\",\"width\":1085,\"height\":1536,\"mime-type\":\"image\\\/jpeg\",\"filesize\":235908},\"small\":{\"file\":\"berlinzeit-plakat-311x440.jpg\",\"width\":311,\"height\":440,\"mime-type\":\"image\\\/jpeg\",\"filesize\":33237},\"semi\":{\"file\":\"berlinzeit-plakat-410x580.jpg\",\"width\":410,\"height\":580,\"mime-type\":\"image\\\/jpeg\",\"filesize\":51731},\"mobile\":{\"file\":\"berlinzeit-plakat-509x720.jpg\",\"width\":509,\"height\":720,\"mime-type\":\"image\\\/jpeg\",\"filesize\":73201},\"hd\":{\"file\":\"berlinzeit-plakat-904x1280.jpg\",\"width\":904,\"height\":1280,\"mime-type\":\"image\\\/jpeg\",\"filesize\":180798},\"original\":{\"file\":\"berlinzeit-plakat.jpg\",\"width\":1356,\"height\":1920}},\n\t\t\t\t\"alt\" : \"Das Plakatmotiv zur Ausstellung\",\n\t\t\t\t\"path\" : \"\\\/wp-content\\\/uploads\\\/2023\\\/12\\\/\",\n\t\t\t\t\"video\" : null,\n\t\t\t\t\"autoplay\" : null,\n\t\t\t\t\"youtube\" : null,\n\t\t\t\t\"youtubelabel\" : \"play\",\n\t\t\t\t\"brightness\" : 50,\n\t\t\t\t\"crop\" : {\"x\":0.5,\"y\":0.5},\n\t\t\t\t\"background\" : true,\n\t\t\t\t\"scale\" : 2,\n\t\t\t\t\"zoom\" : false,\n\t\t\t\t\"annotations\" : null\t\t\t\t}\n\t\t\t<\/script>\n\t\t\t\t<div class=\"height-container\" style=\"padding-bottom:141.59292035398%;  \" v-if=\"sizes\">\n\t\t\t\t\t<lazy-media :inline=\"true\" :alt=\"alt\" :sizes=\"sizes\" :scale=\"scale\" :zoom=\"zoom\" :brightness=\"brightness\" :path=\"path\" :video=\"video\" :autoplay=\"autoplay\" :youtube=\"youtube\" :crop=\"crop\" :youtubelabel=\"youtubelabel\" :annotations=\"annotations\" :background=\"background\"><\/lazy-media>\n\n\t\t\t\t\t\t\t\t\t<\/div>\n\n\t\t\t\t\n\t\t\t\t\n\n\n\t\t\t\t\t\t\t\t\t\t<figcaption class=\"\">\n\t\t\t\t\t\t\t\t\t\t\t\t\t\t\t<div class=\"lazy-media-image-label\">Das Plakatmotiv zur Ausstellung<\/div>\n\t\t\t\t\t\t\t\t\t\t\t\t\t\t\t\t\t\t\t\t\t\t<div class=\"lazy-media-image-description\">\u00a9 Stadtmuseum Berlin | Fotos: Philip Myrtop auf Unsplash, Rolf Goetze, Cecil F. S. Newman, Marlene Lepp\u00e4nen auf Pexels, Harry Croner, Raimund Franke, unbekannte:r Fotograf:in, Cottonbro Studios auf Pexels, Walter Schulze, Leonore Schwarzer und Vindhya Chandrasekharan auf Pexels | Lithografie: unbekannte:r K\u00fcnstler:in | Druck: Groupe Dejour <\/div>\n\t\t\t\t\t\t\t\t\t\t\t\t\t<\/figcaption>\n\t\t\t\t\t\t\t\t\t\n\t\t\t   \t\t\t\t\t\t\t<\/figure>\n\t\t<\/lazy-media-inline>\n\t\t\t<\/div>\n\t<div class=\"block-full-teaser-content-wrapper\">\n\t\t<div class=\"container-fluid\">\n\t\t\t<div class=\"row block-full-teaser-content center-xs middle-xs\">\n\t\t\t\t<div class=\"col-xs-1 col-sm-2 col-md-3\"><\/div>\n\t\t\t\t<div class=\"col-xs-10 col-md-6\">\n\t\t\t\t\t<h3 class=\"zeplin-heading margin-bottom-half\">BerlinZEIT<\/h3>\n\t\t\t\t<\/div>\n\t\t\t\t<div class=\"col-xs-1 col-sm-2 col-md-3\"><\/div>\n\t\t\t\t<div class=\"col-xs-8 col-sm-6 col-md-4\">\n\t\t\t\t\t<div class=\"copy\">\n\t\t\t\t\t\t<p><strong>The city makes hitory!<br><\/strong><br>Visit our comprehensive exhibition on Berlin&#8217;s city history in the Museum Ephraim-Palais.<\/p>\n\t\t\t\t\t<\/div>\n\t\t\t\t<\/div>\n\t\t\t\t\t\t\t\t<div class=\"col-xs-12 padding-top\">\n\t\t\t\t\t<div class='ho-button-group' >\n\n<div class=\"block-buttons-item\">\n<a href=\"\" target=\"\" class=\"ho-button is-large is-secondary\">\n<span class=\"ho-button-label\">\n\tLear more<\/span>\n<\/a>\n<\/div>\n<\/div>\t\t\t\t<\/div>\n\t\t\t\t\t\t\t<\/div>\n\t\t<\/div>\n\t<\/div>\n<\/section>\n\n\n<section class=\"block block-headline block-no-margin\"  id='info-und-service-museum-ephraim-palais' data-anchor='info-und-service-museum-ephraim-palais' data-anchor-name='Info &amp; Service'>\n\t<div class=\"container-fluid\">\n\t\t<div class=\"row\">\n\t\t\t\t\t\t<div class=\"col-xs-12 col-md-7\">\n\t\t\t\t<div class=\"box\">\n\t\t\t\t\t<h2 class=\"h3\">Info &#038; Service<\/h2>\n\t\t\t\t<\/div>\n\t\t\t<\/div>\n\t\t\t\t\t<\/div>\n\t<\/div>\n<\/section>\n\n\n<section class=\"block block-copy-info  block-no-margin\">\n\t<div class=\"container-fluid\">\n\t\t<div class=\"row\">\n\t\t\t<div class=\"col-xs-12 col-md-2 padding-top-sixth margin-bottom-sixth\">\n\t\t\t\t<div class=\"box\">\n\t\t\t\t\t<div class=\"copy\">\n\t\t\t\t\t\t<h5>Opening Hours<\/h5>\n\t\t\t\t\t<\/div>\n\t\t\t\t<\/div>\n\t\t\t<\/div>\n\n\t\t\t<div class=\"col-xs-12 col-md-8 col-md-offset-1 padding-top-sixth margin-bottom-sixth\">\n\t\t\t\t<div class=\"box\">\n\t\t\t\t\t<div class=\"copy editor\">\n\t\t\t\t\t\t<p>Tue \u2013 Sun | 10 a.m. \u2013 6 p.m. (also on public holidays)<br>Mon closed<br><br>The\u00a0<a href=\"https:\/\/www.stadtmuseum.de\/wp-content\/uploads\/2024\/11\/besuchsordnung-stadtmuseum-berln.pdf\" target=\"_blank\" rel=\"noreferrer noopener\">visitor rules<\/a>\u00a0of the Stiftung Stadtmuseum Berlin apply.<\/p>\n\t\t\t\t\t<\/div>\n\t\t\t\t<\/div>\n\t\t\t<\/div>\n\t\t<\/div>\n\t\t<div class=\"row\">\n\t\t\t<div class=\"col-xs-12 col-md-8 col-md-offset-3\">\n\t\t\t\t<div class=\"box\">\n\t\t\t\t\t\n<div class='ho-button-group' ><\/div>\n\t\t\t\t<\/div>\n\t\t\t<\/div>\n\t\t<\/div>\n\t<\/div>\n<\/section>\n\n\n<section class=\"block block-copy-info  block-no-margin\">\n\t<div class=\"container-fluid\">\n\t\t<div class=\"row\">\n\t\t\t<div class=\"col-xs-12 col-md-2 padding-top-sixth margin-bottom-sixth\">\n\t\t\t\t<div class=\"box\">\n\t\t\t\t\t<div class=\"copy\">\n\t\t\t\t\t\t<h5>Directions<\/h5>\n\t\t\t\t\t<\/div>\n\t\t\t\t<\/div>\n\t\t\t<\/div>\n\n\t\t\t<div class=\"col-xs-12 col-md-8 col-md-offset-1 padding-top-sixth margin-bottom-sixth\">\n\t\t\t\t<div class=\"box\">\n\t\t\t\t\t<div class=\"copy editor\">\n\t\t\t\t\t\t<p>Poststra\u00dfe 16<br>10178 Berlin<\/p>\n\t\t\t\t\t<\/div>\n\t\t\t\t<\/div>\n\t\t\t<\/div>\n\t\t<\/div>\n\t\t<div class=\"row\">\n\t\t\t<div class=\"col-xs-12 col-md-8 col-md-offset-3\">\n\t\t\t\t<div class=\"box\">\n\t\t\t\t\t\n<div class='ho-button-group' ><\/div>\n\t\t\t\t<\/div>\n\t\t\t<\/div>\n\t\t<\/div>\n\t<\/div>\n<\/section>\n\n\n\n<section class=\"block block-buttons block-buttons-callToAction\">\n\t<div class=\"container-fluid\">\n\t\t<div class=\"row\">\n\t\t\t<div class=\"col-xs-12 col-md-7 block-buttons-wrapper\">\n\t\t\t\t\n<div class='ho-button-group' >\n\n<div class=\"block-buttons-item\">\n<a href=\"https:\/\/maps.google.de\/maps?f=q&#038;source=s_q&#038;hl=de&#038;geocode=&#038;q=Ephraim-Palais%2C%20Poststra%C3%9Fe%2C%20Berlin&#038;aq=0&#038;oq=Ephraim&#038;sll=52.520399%2C13.774109&#038;sspn=0.482148%2C1.065674&#038;vpsrc=6&#038;ie=UTF8&#038;hq=Ephraim-Palais%2C&#038;hnear=Poststra%C3%9Fe%2C%2010178%20Berlin&#038;ll=52.515855%2C13.408406&#038;spn=0.008031%2C0.018797&#038;t=m&#038;z=16&#038;iwloc=A&#038;cid=18287331903694586850\" target=\"_blank\" class=\"ho-button is-large is-secondary\">\n<span class=\"ho-button-label\">\n\tGoogle Maps<\/span>\n<\/a>\n<\/div>\n\n\n\n\n<div class=\"block-buttons-item\">\n<a href=\"https:\/\/www.bvg.de\/de\/verbindungen\/verbindungssuche\" target=\"_blank\" class=\"ho-button is-large is-secondary\">\n<span class=\"ho-button-label\">\n\tBus &amp; Bahn<\/span>\n<\/a>\n<\/div>\n<\/div>\n\t\t\t<\/div>\n\t\t<\/div>\n\t<\/div>\n<\/section>\n\n\n<section class=\"block block-headline block-no-margin\"  id='tickets-museum-ephraim-palais' data-anchor='tickets-museum-ephraim-palais' data-anchor-name='Tickets'>\n\t<div class=\"container-fluid\">\n\t\t<div class=\"row\">\n\t\t\t\t\t\t<div class=\"col-xs-12 col-md-7\">\n\t\t\t\t<div class=\"box\">\n\t\t\t\t\t<h2 class=\"h3\">Tickets<\/h2>\n\t\t\t\t<\/div>\n\t\t\t<\/div>\n\t\t\t\t\t<\/div>\n\t<\/div>\n<\/section>\n\n\n<section class=\"block block-copy-info  block-no-margin\">\n\t<div class=\"container-fluid\">\n\t\t<div class=\"row\">\n\t\t\t<div class=\"col-xs-12 col-md-2 padding-top-sixth margin-bottom-sixth\">\n\t\t\t\t<div class=\"box\">\n\t\t\t\t\t<div class=\"copy\">\n\t\t\t\t\t\t<h5>Admission<\/h5>\n\t\t\t\t\t<\/div>\n\t\t\t\t<\/div>\n\t\t\t<\/div>\n\n\t\t\t<div class=\"col-xs-12 col-md-8 col-md-offset-1 padding-top-sixth margin-bottom-sixth\">\n\t\t\t\t<div class=\"box\">\n\t\t\t\t\t<div class=\"copy editor\">\n\t\t\t\t\t\t<p><strong>Combi-Ticket<\/strong><br>15 euros<br>Valid for our three museums in the Nikolaiviertel (Museum Nikolaikirche, Museum Ephraim-Palais, Museum Knoblauchhaus) on two consecutive days (please note opening hours)<br><br><strong>Single Ticket<\/strong><br>7 euros<br>Day ticket for the Museum Ephraim-Palais<br><br><strong>Free admission<br>With proof of reduction<\/strong><br>for children and adolescents under 18 years of age, students, trainees, FSJ\/F\u00d6J\/BFD volunteers, Berlin Ticket S holders, severely disabled persons (at least 50% GdB) and their Personal Assistant, refugees (with a valid work or residence permit\/eAT and a Ukrainian passport or valid residence permit from Ukraine), recipients of transfer payments (B\u00fcrgergeld, ALG I), holders of the Berlin-Brandenburg Ehrenamtskarte, holders of the Super-Ferienpass \/ Berliner Familienpass, ICOM members, members of Deutscher Museumsbund, Verein der Freunde und F\u00f6rderer des Stadtmuseums Berlin e. V. (except for the Museumsdorf D\u00fcppel), F\u00f6rderverein Museumsdorf D\u00fcppel e. V., and F\u00f6rderkreis Museum Knoblauchhaus e. V., media representatives with a valid press card.<\/p>\n\t\t\t\t\t<\/div>\n\t\t\t\t<\/div>\n\t\t\t<\/div>\n\t\t<\/div>\n\t\t<div class=\"row\">\n\t\t\t<div class=\"col-xs-12 col-md-8 col-md-offset-3\">\n\t\t\t\t<div class=\"box\">\n\t\t\t\t\t\n<div class='ho-button-group' >\n\n<div class=\"block-buttons-item\">\n<a href=\"https:\/\/tickets.stadtmuseum.de\/#\/tickets\/time?museum_id=2&#038;group=day\"  target=\"\" class=\"ho-button has-icon-text-outside\">\n\t<span class=\"ho-button-icon icon-pfeilRechts\"><\/span>\n\t<span class=\"ho-button-label\">\n\t\tTicketshop\t<\/span>\n<\/a>\n<\/div>\n<\/div>\n\t\t\t\t<\/div>\n\t\t\t<\/div>\n\t\t<\/div>\n\t<\/div>\n<\/section>\n\n\n\n<section class=\"block block-accordion\">\n\t<div class=\"container-fluid\">\n\t\t<div class=\"row\">\n\t\t\t<div class=\"col-xs-12\">\n\t\t\t\t<div class=\"box\">\n\t\t\t\t\t<block-accordion inline-template>\n\t\t\t\t\t\t<div class=\"accordion\" role=\"tablist\">\n\t\t\t\t\t\t\t\n<div>\n<block-accordion-item inline-template>\n\t<div ref=\"item\" data-id=\"\" class=\"block-accordion-item vue-initialize\" role=\"tab\" aria-expanded=\"false\" :aria-expanded=\"active ? 'true' : 'false'\">\n\t\t<button class=\"block-accordion-item-head\" :class=\"{'button-active': active}\" ref=\"head\" aria-controls=\"acc_69f747f637484\" id=\"acc_title_69f747f637486\" @click=\"toggle\" @keydown=\"key\">\n\t\t\t<span class=\"button-label zeplin-subHead05\">\u041b\u0430\u0441\u043a\u0430\u0432\u043e \u043f\u0440\u043e\u0441\u0438\u043c\u043e!<\/span>\n\t\t\t<span class=\"button-icon icon-navi_close\" aria-hidden=\"true\"><\/span>\n\t\t<\/button>\n\t\t<div ref=\"body\" class=\"block-accordion-item-content\" id=\"acc_69f747f637484\" role=\"tabpanel\">\n\t\t\t<div class=\"row\">\n\t\t\t\t<div class=\"col-xs-10 col-md-7\">\n\t\t\t\t\t<div class=\"wrapper\">\n\t\t\t\t\t\t<div class=\"copy padding-bottom-third\">\n\t\t\t\t\t\t\t\u0412\u0441\u0456, \u0445\u0442\u043e \u043c\u0430\u0454 \u0443\u043a\u0440\u0430\u0457\u043d\u0441\u044c\u043a\u0438\u0439 \u043f\u0430\u0441\u043f\u043e\u0440\u0442, \u0432\u0456\u0437\u0443 \u0434\u043b\u044f \u0423\u043a\u0440\u0430\u0457\u043d\u0438 \u0430\u0431\u043e \u0434\u0456\u0439\u0441\u043d\u0435 \u0441\u0442\u0443\u0434\u0435\u043d\u0442\u0441\u044c\u043a\u0435 \u043f\u043e\u0441\u0432\u0456\u0434\u0447\u0435\u043d\u043d\u044f \u0443\u043a\u0440\u0430\u0457\u043d\u0441\u044c\u043a\u043e\u0433\u043e \u0443\u043d\u0456\u0432\u0435\u0440\u0441\u0438\u0442\u0435\u0442\u0443 \u0442\u0430 \u0432\u0456\u0437\u0443 \u043d\u0430 \u043f\u0440\u043e\u0436\u0438\u0432\u0430\u043d\u043d\u044f \u0432 \u041d\u0456\u043c\u0435\u0447\u0447\u0438\u043d\u0456, \u043c\u043e\u0436\u0443\u0442\u044c \u0431\u0435\u0437\u043a\u043e\u0448\u0442\u043e\u0432\u043d\u043e \u0432\u0456\u0434\u0432\u0456\u0434\u0443\u0432\u0430\u0442\u0438\u00a0\u0432\u0441\u0456 \u043d\u0430\u0448\u0456 \u043b\u043e\u043a\u0430\u0446\u0456\u0457; \u0446\u0435 \u0442\u0430\u043a\u043e\u0436 \u0441\u0442\u043e\u0441\u0443\u0454\u0442\u044c\u0441\u044f \u0432\u0441\u0456\u0445, \u0445\u0442\u043e \u043c\u0430\u0454 \u0434\u043e\u0437\u0432\u0456\u043b \u043d\u0430 \u043f\u0440\u043e\u0436\u0438\u0432\u0430\u043d\u043d\u044f \u0432 \u0435\u043b\u0435\u043a\u0442\u0440\u043e\u043d\u043d\u043e\u043c\u0443 \u0432\u0438\u0433\u043b\u044f\u0434\u0456 (eAT). \u041c\u0438 \u0437 \u043d\u0435\u0442\u0435\u0440\u043f\u0456\u043d\u043d\u044f\u043c \u0447\u0435\u043a\u0430\u0454\u043c\u043e \u043d\u0430 \u0412\u0430\u0441!\t\t\t\t\t\t<\/div>\n\t\t\t\t\t<\/div>\n\t\t\t\t<\/div>\n\t\t\t<\/div>\n\t\t<\/div>\n\t<\/div>\n<\/block-accordion-item>\n\n<\/div>\n\t\t\t\t\t\t<\/div>\n\t\t\t\t\t<\/block-accordion>\n\t\t\t\t<\/div>\n\t\t\t<\/div>\n\t\t<\/div>\n\t<\/div>\n<\/section>\n\n\n<section class=\"block block-copy-info  block-no-margin\">\n\t<div class=\"container-fluid\">\n\t\t<div class=\"row\">\n\t\t\t<div class=\"col-xs-12 col-md-2 padding-top-sixth margin-bottom-sixth\">\n\t\t\t\t<div class=\"box\">\n\t\t\t\t\t<div class=\"copy\">\n\t\t\t\t\t\t<h5>Contact<\/h5>\n\t\t\t\t\t<\/div>\n\t\t\t\t<\/div>\n\t\t\t<\/div>\n\n\t\t\t<div class=\"col-xs-12 col-md-8 col-md-offset-1 padding-top-sixth margin-bottom-sixth\">\n\t\t\t\t<div class=\"box\">\n\t\t\t\t\t<div class=\"copy editor\">\n\t\t\t\t\t\t<p>Infoline<br>+49 30 240 02 &#8211; 162<br>Mo \u2013 Fri | 10 a.m. \u2013 6 p.m.<br><a href=\"mailto:info@stadtmuseum.de\">Write E-Mail<\/a><\/p>\n\t\t\t\t\t<\/div>\n\t\t\t\t<\/div>\n\t\t\t<\/div>\n\t\t<\/div>\n\t\t<div class=\"row\">\n\t\t\t<div class=\"col-xs-12 col-md-8 col-md-offset-3\">\n\t\t\t\t<div class=\"box\">\n\t\t\t\t\t\n<div class='ho-button-group' ><\/div>\n\t\t\t\t<\/div>\n\t\t\t<\/div>\n\t\t<\/div>\n\t<\/div>\n<\/section>\n\n\n<section class=\"block block-copy-info \">\n\t<div class=\"container-fluid\">\n\t\t<div class=\"row\">\n\t\t\t<div class=\"col-xs-12 col-md-2 padding-top-sixth margin-bottom-sixth\">\n\t\t\t\t<div class=\"box\">\n\t\t\t\t\t<div class=\"copy\">\n\t\t\t\t\t\t<h5>Accessibility<\/h5>\n\t\t\t\t\t<\/div>\n\t\t\t\t<\/div>\n\t\t\t<\/div>\n\n\t\t\t<div class=\"col-xs-12 col-md-8 col-md-offset-1 padding-top-sixth margin-bottom-sixth\">\n\t\t\t\t<div class=\"box\">\n\t\t\t\t\t<div class=\"copy editor\">\n\t\t\t\t\t\t<p>The Ephraim-Palais is accessible without steps. All exhibition areas are accessible via an elevator. There are barrier-free toilets in the building.<\/p>\n\t\t\t\t\t<\/div>\n\t\t\t\t<\/div>\n\t\t\t<\/div>\n\t\t<\/div>\n\t\t<div class=\"row\">\n\t\t\t<div class=\"col-xs-12 col-md-8 col-md-offset-3\">\n\t\t\t\t<div class=\"box\">\n\t\t\t\t\t\n<div class='ho-button-group' ><\/div>\n\t\t\t\t<\/div>\n\t\t\t<\/div>\n\t\t<\/div>\n\t<\/div>\n<\/section>\n\n\n<section class=\"block block-headline block-no-margin\" >\n\t<div class=\"container-fluid\">\n\t\t<div class=\"row\">\n\t\t\t\t\t\t<div class=\"col-xs-12 col-md-7\">\n\t\t\t\t<div class=\"box\">\n\t\t\t\t\t<h2 class=\"h3\">Frequently Asked Questions<\/h2>\n\t\t\t\t<\/div>\n\t\t\t<\/div>\n\t\t\t\t\t<\/div>\n\t<\/div>\n<\/section>\n\n\n\n<section class=\"block block-accordion\">\n\t<div class=\"container-fluid\">\n\t\t<div class=\"row\">\n\t\t\t<div class=\"col-xs-12\">\n\t\t\t\t<div class=\"box\">\n\t\t\t\t\t<block-accordion inline-template>\n\t\t\t\t\t\t<div class=\"accordion\" role=\"tablist\">\n\t\t\t\t\t\t\t\n<div>\n<block-accordion-item inline-template>\n\t<div ref=\"item\" data-id=\"Howistheadvancesaleregulated\" class=\"block-accordion-item vue-initialize\" role=\"tab\" aria-expanded=\"false\" :aria-expanded=\"active ? 'true' : 'false'\">\n\t\t<button class=\"block-accordion-item-head\" :class=\"{'button-active': active}\" ref=\"head\" aria-controls=\"acc_69f747f6380cb\" id=\"acc_title_69f747f6380cc\" @click=\"toggle\" @keydown=\"key\">\n\t\t\t<span class=\"button-label zeplin-subHead05\">How is the advance sale regulated?<\/span>\n\t\t\t<span class=\"button-icon icon-navi_close\" aria-hidden=\"true\"><\/span>\n\t\t<\/button>\n\t\t<div ref=\"body\" class=\"block-accordion-item-content\" id=\"acc_69f747f6380cb\" role=\"tabpanel\">\n\t\t\t<div class=\"row\">\n\t\t\t\t<div class=\"col-xs-10 col-md-7\">\n\t\t\t\t\t<div class=\"wrapper\">\n\t\t\t\t\t\t<div class=\"copy padding-bottom-third\">\n\t\t\t\t\t\t\tTickets are available at the earliest 14 days before the desired date of the museum visit. The tickets are not personalized and therefore transferable. However, please note here any discount reasons.\t\t\t\t\t\t<\/div>\n\t\t\t\t\t<\/div>\n\t\t\t\t<\/div>\n\t\t\t<\/div>\n\t\t<\/div>\n\t<\/div>\n<\/block-accordion-item>\n\n\n\n\n<block-accordion-item inline-template>\n\t<div ref=\"item\" data-id=\"HowdoIbuyanonlineticket\" class=\"block-accordion-item vue-initialize\" role=\"tab\" aria-expanded=\"false\" :aria-expanded=\"active ? 'true' : 'false'\">\n\t\t<button class=\"block-accordion-item-head\" :class=\"{'button-active': active}\" ref=\"head\" aria-controls=\"acc_69f747f6381e8\" id=\"acc_title_69f747f6381e9\" @click=\"toggle\" @keydown=\"key\">\n\t\t\t<span class=\"button-label zeplin-subHead05\">How do I buy an online ticket?<\/span>\n\t\t\t<span class=\"button-icon icon-navi_close\" aria-hidden=\"true\"><\/span>\n\t\t<\/button>\n\t\t<div ref=\"body\" class=\"block-accordion-item-content\" id=\"acc_69f747f6381e8\" role=\"tabpanel\">\n\t\t\t<div class=\"row\">\n\t\t\t\t<div class=\"col-xs-10 col-md-7\">\n\t\t\t\t\t<div class=\"wrapper\">\n\t\t\t\t\t\t<div class=\"copy padding-bottom-third\">\n\t\t\t\t\t\t\t<em>Variant 1:<br><\/em>Please select the appropriate museum you would like to visit under Filter (above the calendar). Then select the desired day of your visit.<br><em>Variant 2:<br><\/em>Please select the desired day of your visit via the calendar. Now choose the ticket and the museum.\t\t\t\t\t\t<\/div>\n\t\t\t\t\t<\/div>\n\t\t\t\t<\/div>\n\t\t\t<\/div>\n\t\t<\/div>\n\t<\/div>\n<\/block-accordion-item>\n\n\n\n\n<block-accordion-item inline-template>\n\t<div ref=\"item\" data-id=\"HowcanIensurethatIcanshowtheonlineticketonmyenddevicesmartphonetabletevenwithoutanetworkifnecessary\" class=\"block-accordion-item vue-initialize\" role=\"tab\" aria-expanded=\"false\" :aria-expanded=\"active ? 'true' : 'false'\">\n\t\t<button class=\"block-accordion-item-head\" :class=\"{'button-active': active}\" ref=\"head\" aria-controls=\"acc_69f747f6382f4\" id=\"acc_title_69f747f6382f5\" @click=\"toggle\" @keydown=\"key\">\n\t\t\t<span class=\"button-label zeplin-subHead05\">How can I ensure that I can show the online ticket on my end device (smartphone, tablet) even without a network if necessary?<\/span>\n\t\t\t<span class=\"button-icon icon-navi_close\" aria-hidden=\"true\"><\/span>\n\t\t<\/button>\n\t\t<div ref=\"body\" class=\"block-accordion-item-content\" id=\"acc_69f747f6382f4\" role=\"tabpanel\">\n\t\t\t<div class=\"row\">\n\t\t\t\t<div class=\"col-xs-10 col-md-7\">\n\t\t\t\t\t<div class=\"wrapper\">\n\t\t\t\t\t\t<div class=\"copy padding-bottom-third\">\n\t\t\t\t\t\t\tTo be on the safe side, please take a screenshot(s) of your PDF ticket(s) after purchase and save it (them) e.g. under &#8220;Images&#8221; on your end device.\u00a0\t\t\t\t\t\t<\/div>\n\t\t\t\t\t<\/div>\n\t\t\t\t<\/div>\n\t\t\t<\/div>\n\t\t<\/div>\n\t<\/div>\n<\/block-accordion-item>\n\n\n\n\n<block-accordion-item inline-template>\n\t<div ref=\"item\" data-id=\"HowdoIshowmyonlineticket\" class=\"block-accordion-item vue-initialize\" role=\"tab\" aria-expanded=\"false\" :aria-expanded=\"active ? 'true' : 'false'\">\n\t\t<button class=\"block-accordion-item-head\" :class=\"{'button-active': active}\" ref=\"head\" aria-controls=\"acc_69f747f638419\" id=\"acc_title_69f747f63841a\" @click=\"toggle\" @keydown=\"key\">\n\t\t\t<span class=\"button-label zeplin-subHead05\">How do I show my online ticket?<\/span>\n\t\t\t<span class=\"button-icon icon-navi_close\" aria-hidden=\"true\"><\/span>\n\t\t<\/button>\n\t\t<div ref=\"body\" class=\"block-accordion-item-content\" id=\"acc_69f747f638419\" role=\"tabpanel\">\n\t\t\t<div class=\"row\">\n\t\t\t\t<div class=\"col-xs-10 col-md-7\">\n\t\t\t\t\t<div class=\"wrapper\">\n\t\t\t\t\t\t<div class=\"copy padding-bottom-third\">\n\t\t\t\t\t\t\tPlease bring your ticket(s) either printed out or digitally on your smartphone and present proof of any discount reasons without being asked.\t\t\t\t\t\t<\/div>\n\t\t\t\t\t<\/div>\n\t\t\t\t<\/div>\n\t\t\t<\/div>\n\t\t<\/div>\n\t<\/div>\n<\/block-accordion-item>\n\n\n\n\n<block-accordion-item inline-template>\n\t<div ref=\"item\" data-id=\"CanIcancelmyonlineticket\" class=\"block-accordion-item vue-initialize\" role=\"tab\" aria-expanded=\"false\" :aria-expanded=\"active ? 'true' : 'false'\">\n\t\t<button class=\"block-accordion-item-head\" :class=\"{'button-active': active}\" ref=\"head\" aria-controls=\"acc_69f747f63855d\" id=\"acc_title_69f747f63855e\" @click=\"toggle\" @keydown=\"key\">\n\t\t\t<span class=\"button-label zeplin-subHead05\">Can I cancel my online ticket?<\/span>\n\t\t\t<span class=\"button-icon icon-navi_close\" aria-hidden=\"true\"><\/span>\n\t\t<\/button>\n\t\t<div ref=\"body\" class=\"block-accordion-item-content\" id=\"acc_69f747f63855d\" role=\"tabpanel\">\n\t\t\t<div class=\"row\">\n\t\t\t\t<div class=\"col-xs-10 col-md-7\">\n\t\t\t\t\t<div class=\"wrapper\">\n\t\t\t\t\t\t<div class=\"copy padding-bottom-third\">\n\t\t\t\t\t\t\tPurchased tickets cannot be canceled, see the <a rel=\"noreferrer noopener\" href=\"https:\/\/tickets.stadtmuseum.de\/#\/page\/agb\" target=\"_blank\">terms and conditions of Stadtmuseum Berlin GmbH<\/a>.\t\t\t\t\t\t<\/div>\n\t\t\t\t\t<\/div>\n\t\t\t\t<\/div>\n\t\t\t<\/div>\n\t\t<\/div>\n\t<\/div>\n<\/block-accordion-item>\n\n<\/div>\n\t\t\t\t\t\t<\/div>\n\t\t\t\t\t<\/block-accordion>\n\t\t\t\t<\/div>\n\t\t\t<\/div>\n\t\t<\/div>\n\t<\/div>\n<\/section>\n","protected":false},"excerpt":{"rendered":"<p>Photographs and graphics offer fascinating insights into the hidden open spaces behind Berlin&#8217;s walls.<\/p>\n","protected":false},"featured_media":66317,"template":"","ho_service_info":[],"ho_exhibition_type":[148],"museumsportal-topic":[533],"acf":[],"_links":{"self":[{"href":"https:\/\/www.stadtmuseum.de\/en\/wp-json\/wp\/v2\/exhibition\/66289"}],"collection":[{"href":"https:\/\/www.stadtmuseum.de\/en\/wp-json\/wp\/v2\/exhibition"}],"about":[{"href":"https:\/\/www.stadtmuseum.de\/en\/wp-json\/wp\/v2\/types\/exhibition"}],"version-history":[{"count":28,"href":"https:\/\/www.stadtmuseum.de\/en\/wp-json\/wp\/v2\/exhibition\/66289\/revisions"}],"predecessor-version":[{"id":84997,"href":"https:\/\/www.stadtmuseum.de\/en\/wp-json\/wp\/v2\/exhibition\/66289\/revisions\/84997"}],"wp:featuredmedia":[{"embeddable":true,"href":"https:\/\/www.stadtmuseum.de\/en\/wp-json\/wp\/v2\/media\/66317"}],"wp:attachment":[{"href":"https:\/\/www.stadtmuseum.de\/en\/wp-json\/wp\/v2\/media?parent=66289"}],"wp:term":[{"taxonomy":"ho_service_info","embeddable":true,"href":"https:\/\/www.stadtmuseum.de\/en\/wp-json\/wp\/v2\/ho_service_info?post=66289"},{"taxonomy":"ho_exhibition_type","embeddable":true,"href":"https:\/\/www.stadtmuseum.de\/en\/wp-json\/wp\/v2\/ho_exhibition_type?post=66289"},{"taxonomy":"museumsportal-topic","embeddable":true,"href":"https:\/\/www.stadtmuseum.de\/en\/wp-json\/wp\/v2\/museumsportal-topic?post=66289"}],"curies":[{"name":"wp","href":"https:\/\/api.w.org\/{rel}","templated":true}]}}