{"id":35436,"date":"2023-08-01T15:07:55","date_gmt":"2023-08-01T13:07:55","guid":{"rendered":"https:\/\/www.stadtmuseum.de\/nikolaiviertel"},"modified":"2026-04-21T17:36:01","modified_gmt":"2026-04-21T15:36:01","slug":"nikolaiviertel","status":"publish","type":"page","link":"https:\/\/www.stadtmuseum.de\/en\/nikolaiviertel","title":{"rendered":"Nikolaiviertel"},"content":{"rendered":"<section class=\"block block-header-page padding-top-half margin-bottom-half\"  >\n\t<div class=\"container-fluid\">\n\t\t<div class=\"row\">\n\t\t\t<div class=\"col-xs-12\">\n\t\t\t\t<h1 class=\"has-highlight-color\">Nikolaiviertel<\/h1>\n\t\t\t<\/div>\n\t\t<\/div>\n\t\t\t\t<div class=\"row\">\n\t\t\t<div class=\"col-xs-12 col-md-6 padding-top-minimal\">\n\t\t\t\t<div class=\"zeplin-subHead03\">Willkommen im \u00e4ltesten Teil Berlins! Gleich drei Museen laden Sie hier mit Ausstellungen und Veranstaltungen dazu ein, die Stadtgeschichte zu erkunden.<\/div>\n\t\t\t<\/div>\n\n\t\t\t\t\t\t<div class=\"col-xs-9 col-xs-offset-3 col-md-5 col-md-offset-1 padding-top-third\">\n\t\t\t\t\n\t\t<lazy-media-inline inline-template data-id=\"61754\">\n\t\t\t<figure itemscope itemtype=\"http:\/\/schema.org\/ImageObject\" class=\"lazy-media-inline \" role=\"group\" id=\"media_69f404491be11\">\n\t\t\t\t<script type=\"application\/json\" ref=\"data\">\n\t\t\t\t{\n\t\t\t\t\"sizes\" : {\"medium\":{\"file\":\"\\u00a9SSB_Foto-Michael-Setzpfandt-1-300x200.jpg\",\"width\":300,\"height\":200,\"mime-type\":\"image\\\/jpeg\",\"filesize\":17456},\"large\":{\"file\":\"\\u00a9SSB_Foto-Michael-Setzpfandt-1-1024x683.jpg\",\"width\":1024,\"height\":683,\"mime-type\":\"image\\\/jpeg\",\"filesize\":163699},\"medium_large\":{\"file\":\"\\u00a9SSB_Foto-Michael-Setzpfandt-1-768x512.jpg\",\"width\":768,\"height\":512,\"mime-type\":\"image\\\/jpeg\",\"filesize\":94632},\"1536x1536\":{\"file\":\"\\u00a9SSB_Foto-Michael-Setzpfandt-1-1536x1024.jpg\",\"width\":1536,\"height\":1024,\"mime-type\":\"image\\\/jpeg\",\"filesize\":355336},\"2048x2048\":{\"file\":\"\\u00a9SSB_Foto-Michael-Setzpfandt-1-2048x1365.jpg\",\"width\":2048,\"height\":1365,\"mime-type\":\"image\\\/jpeg\",\"filesize\":620214},\"small\":{\"file\":\"\\u00a9SSB_Foto-Michael-Setzpfandt-1-440x293.jpg\",\"width\":440,\"height\":293,\"mime-type\":\"image\\\/jpeg\",\"filesize\":34339},\"semi\":{\"file\":\"\\u00a9SSB_Foto-Michael-Setzpfandt-1-580x387.jpg\",\"width\":580,\"height\":387,\"mime-type\":\"image\\\/jpeg\",\"filesize\":57675},\"mobile\":{\"file\":\"\\u00a9SSB_Foto-Michael-Setzpfandt-1-720x480.jpg\",\"width\":720,\"height\":480,\"mime-type\":\"image\\\/jpeg\",\"filesize\":85196},\"hd\":{\"file\":\"\\u00a9SSB_Foto-Michael-Setzpfandt-1-1280x853.jpg\",\"width\":1280,\"height\":853,\"mime-type\":\"image\\\/jpeg\",\"filesize\":251189},\"full\":{\"file\":\"\\u00a9SSB_Foto-Michael-Setzpfandt-1-1920x1280.jpg\",\"width\":1920,\"height\":1280,\"mime-type\":\"image\\\/jpeg\",\"filesize\":545399},\"original\":{\"file\":\"\\u00a9SSB_Foto-Michael-Setzpfandt-1.jpg\",\"width\":3600,\"height\":2400}},\n\t\t\t\t\"alt\" : \"Foto vom Nikolaiviertel mit Blick auf die Nikolaikiche und das Museum Knoblauchhaus, Menschen sind auf der Stra\\u00dfe\",\n\t\t\t\t\"path\" : \"\\\/wp-content\\\/uploads\\\/2025\\\/02\\\/\",\n\t\t\t\t\"video\" : null,\n\t\t\t\t\"autoplay\" : null,\n\t\t\t\t\"youtube\" : null,\n\t\t\t\t\"youtubelabel\" : \"play\",\n\t\t\t\t\"brightness\" : 100,\n\t\t\t\t\"crop\" : null,\n\t\t\t\t\"background\" : false,\n\t\t\t\t\"scale\" : 1,\n\t\t\t\t\"zoom\" : false,\n\t\t\t\t\"annotations\" : null\t\t\t\t}\n\t\t\t<\/script>\n\t\t\t\t<div class=\"height-container\" style=\"padding-bottom:66.666666666667%;  \" v-if=\"sizes\">\n\t\t\t\t\t<lazy-media :inline=\"true\" :alt=\"alt\" :sizes=\"sizes\" :scale=\"scale\" :zoom=\"zoom\" :brightness=\"brightness\" :path=\"path\" :video=\"video\" :autoplay=\"autoplay\" :youtube=\"youtube\" :crop=\"crop\" :youtubelabel=\"youtubelabel\" :annotations=\"annotations\" :background=\"background\"><\/lazy-media>\n\n\t\t\t\t\t\t\t\t\t<\/div>\n\n\t\t\t\t\n\t\t\t\t\n\n\n\t\t\t\t\t\t\t\t\t\t<figcaption class=\"\">\n\t\t\t\t\t\t\t\t\t\t\t\t\t\t\t<div class=\"lazy-media-image-label\">Im Herzen von Alt-Berlin: das Nikolaiviertel mit dem Museum Nikolaikirche und dem Museum Knoblauchhaus<\/div>\n\t\t\t\t\t\t\t\t\t\t\t\t\t\t\t\t\t\t\t\t\t\t<div class=\"lazy-media-image-description\">\u00a9 Stadtmuseum Berlin | Foto: Michael Setzpfandt <\/div>\n\t\t\t\t\t\t\t\t\t\t\t\t\t<\/figcaption>\n\t\t\t\t\t\t\t\t\t\n\t\t\t   \t\t\t\t\t\t\t<\/figure>\n\t\t<\/lazy-media-inline>\n\t\t\t\t\t<\/div>\n\t\t\t\t\t<\/div>\n\t\t\t<\/div>\n<\/section>\n\n<section class=\"block block-anchor-nav\">\n<div class=\"container-fluid\">\n\t<div class=\"row center-xs\">\n\t\t<div class=\"col-xs-12\">\n\t\t\t<block-anchor-nav inline-template :js-header=\"true\">\n\t\t\t\t<div class=\"anchor-nav-relative\">\n\t\t\t\t\t<div class=\"anchor-nav\">\n\t\t\t\t\t\t<ul class=\"anchor-nav-list\" ref=\"list\" v-if=\"buttonItems\">\n\t\t\t\t\t\t\t\n\t\t\t\t\t\t\t\t<li v-for=\"buttonItem in buttonItems\" class=\"anchor-nav-list-item\" :data-link=\"buttonItem.link\">\n\t\t\t\t\t\t\t\t\t<button class=\"ho-button is-text\" @click=\"select(buttonItem.link)\">\n\t\t\t\t\t\t\t\t\t\t<span class=\"ho-button-label\" v-html=\"buttonItem.label\"><\/span>\n\t\t\t\t\t\t\t\t\t<\/button>\n\n\t\t\t\t\t\t\t\t\t<div class=\"anchor-nav-progress-wrapper\">\n\t\t\t\t\t\t\t\t\t\t<div class=\"anchor-nav-progress-bar\" aria-hidden=\"true\"><\/div>\n\t\t\t\t\t\t\t\t\t<\/div>\n\t\t\t\t\t\t\t\t<\/li>\n\t\t\t\t\t\t\t\n\t\t\t\t\t\t<\/ul>\n\n\t\t\t\t\t\t<button type=\"button\" ref=\"backBtn\" @click=\"backToTop\" class=\"anchor-nav-top-btn ho-button is-tertiary has-icon\" aria-label=\"Back to the top\">\n\t\t\t\t\t\t\t<span class=\"ho-button-icon icon-jump1\"><\/span>\n\t\t\t\t\t\t<\/button>\n\t\t\t\t\t<\/div>\n\t\t\t\t<\/div>\n\t\t\t<\/block-anchor-nav>\n\t\t<\/div>\n\t<\/div>\n<\/div>\n<\/section>\n\n<block-bubble-teaser inline-template>\n<section class=\"block block-bubble-teaser\" v-bind:style=\"{ height: height+ 'px' }\">\n\t<div class=\"container-fluid\">\n\t\t\n<div class='block-bubble-teaser-content row' >\n<div class=\"block-bubble-teaser-child block-bubble-teaser-child-pos-0\">\n\t<div class=\"box\">\n\t\t<a target='_self' href='https:\/\/www.stadtmuseum.de\/museum\/museum-ephraim-palais'>\t\t\t\n\t\t<lazy-media-inline inline-template data-id=\"42603\">\n\t\t\t<figure itemscope itemtype=\"http:\/\/schema.org\/ImageObject\" class=\"lazy-media-inline \" role=\"group\" id=\"media_69f404491d739\">\n\t\t\t\t<script type=\"application\/json\" ref=\"data\">\n\t\t\t\t{\n\t\t\t\t\"sizes\" : {\"medium\":{\"file\":\"museum-ephraim-berlinzeit-300x200.jpg\",\"width\":300,\"height\":200,\"mime-type\":\"image\\\/jpeg\",\"filesize\":18319},\"large\":{\"file\":\"museum-ephraim-berlinzeit-1024x683.jpg\",\"width\":1024,\"height\":683,\"mime-type\":\"image\\\/jpeg\",\"filesize\":164832},\"medium_large\":{\"file\":\"museum-ephraim-berlinzeit-768x512.jpg\",\"width\":768,\"height\":512,\"mime-type\":\"image\\\/jpeg\",\"filesize\":98180},\"1536x1536\":{\"file\":\"museum-ephraim-berlinzeit-1536x1024.jpg\",\"width\":1536,\"height\":1024,\"mime-type\":\"image\\\/jpeg\",\"filesize\":334009},\"small\":{\"file\":\"museum-ephraim-berlinzeit-440x293.jpg\",\"width\":440,\"height\":293,\"mime-type\":\"image\\\/jpeg\",\"filesize\":36257},\"semi\":{\"file\":\"museum-ephraim-berlinzeit-580x387.jpg\",\"width\":580,\"height\":387,\"mime-type\":\"image\\\/jpeg\",\"filesize\":59804},\"mobile\":{\"file\":\"museum-ephraim-berlinzeit-720x480.jpg\",\"width\":720,\"height\":480,\"mime-type\":\"image\\\/jpeg\",\"filesize\":87178},\"hd\":{\"file\":\"museum-ephraim-berlinzeit-1280x853.jpg\",\"width\":1280,\"height\":853,\"mime-type\":\"image\\\/jpeg\",\"filesize\":246697},\"original\":{\"file\":\"museum-ephraim-berlinzeit.jpg\",\"width\":1920,\"height\":1280}},\n\t\t\t\t\"alt\" : \"Museum Ephraim-Palais bei Nacht mit Leuchtschrift \\\"Berlinzeit\\\"\",\n\t\t\t\t\"path\" : \"\\\/wp-content\\\/uploads\\\/2023\\\/12\\\/\",\n\t\t\t\t\"video\" : null,\n\t\t\t\t\"autoplay\" : null,\n\t\t\t\t\"youtube\" : null,\n\t\t\t\t\"youtubelabel\" : \"play\",\n\t\t\t\t\"brightness\" : 100,\n\t\t\t\t\"crop\" : {\"x\":0.5,\"y\":0.5},\n\t\t\t\t\"background\" : true,\n\t\t\t\t\"scale\" : 2,\n\t\t\t\t\"zoom\" : false,\n\t\t\t\t\"annotations\" : null\t\t\t\t}\n\t\t\t<\/script>\n\t\t\t\t<div class=\"height-container\" style=\"padding-bottom:100%;  \" v-if=\"sizes\">\n\t\t\t\t\t<lazy-media :inline=\"true\" :alt=\"alt\" :sizes=\"sizes\" :scale=\"scale\" :zoom=\"zoom\" :brightness=\"brightness\" :path=\"path\" :video=\"video\" :autoplay=\"autoplay\" :youtube=\"youtube\" :crop=\"crop\" :youtubelabel=\"youtubelabel\" :annotations=\"annotations\" :background=\"background\"><\/lazy-media>\n\n\t\t\t\t\t\t\t\t\t<\/div>\n\n\t\t\t\t\n\t\t\t\t\n\n\n\t\t\t\t\n\t\t\t   \t\t\t\t\t\t\t<\/figure>\n\t\t<\/lazy-media-inline>\n\t\t\t\t\t<div class=\"zeplin-teaserHeadline-M has-highlight-color padding-top-minimal margin-bottom-atom\">\n\t\t\t\tMuseum Ephraim-Palais\t\t\t<\/div>\n\t\t\t<div class=\"zeplin-teaserCopy has-default-color\">\n\t\t\t\tAusstellungen zur Berliner Geschichte und Kultur\t\t\t<\/div>\n\t\t<\/a>\t<\/div>\n<\/div>\n\n\n\n<div class=\"block-bubble-teaser-child block-bubble-teaser-child-pos-1\">\n\t<div class=\"box\">\n\t\t<a target='_self' href='https:\/\/www.stadtmuseum.de\/museum\/museum-nikolaikirche'>\t\t\t\n\t\t<lazy-media-inline inline-template data-id=\"83155\">\n\t\t\t<figure itemscope itemtype=\"http:\/\/schema.org\/ImageObject\" class=\"lazy-media-inline \" role=\"group\" id=\"media_69f404491dd65\">\n\t\t\t\t<script type=\"application\/json\" ref=\"data\">\n\t\t\t\t{\n\t\t\t\t\"sizes\" : {\"medium\":{\"file\":\"IMG_57181-e1755066313589-300x200.jpg\",\"width\":300,\"height\":200,\"mime-type\":\"image\\\/jpeg\",\"filesize\":23759},\"large\":{\"file\":\"IMG_57181-e1755066313589-1024x683.jpg\",\"width\":1024,\"height\":683,\"mime-type\":\"image\\\/jpeg\",\"filesize\":200721},\"medium_large\":{\"file\":\"IMG_57181-e1755066313589-768x512.jpg\",\"width\":768,\"height\":512,\"mime-type\":\"image\\\/jpeg\",\"filesize\":124383},\"1536x1536\":{\"file\":\"IMG_57181-e1755066313589-1536x1024.jpg\",\"width\":1536,\"height\":1024,\"mime-type\":\"image\\\/jpeg\",\"filesize\":388043},\"small\":{\"file\":\"IMG_57181-e1755066313589-440x293.jpg\",\"width\":440,\"height\":293,\"mime-type\":\"image\\\/jpeg\",\"filesize\":47122},\"semi\":{\"file\":\"IMG_57181-e1755066313589-580x387.jpg\",\"width\":580,\"height\":387,\"mime-type\":\"image\\\/jpeg\",\"filesize\":77311},\"mobile\":{\"file\":\"IMG_57181-e1755066313589-720x480.jpg\",\"width\":720,\"height\":480,\"mime-type\":\"image\\\/jpeg\",\"filesize\":111004},\"hd\":{\"file\":\"IMG_57181-e1755066313589-1280x853.jpg\",\"width\":1280,\"height\":853,\"mime-type\":\"image\\\/jpeg\",\"filesize\":292501},\"original\":{\"file\":\"IMG_57181-e1755066313589.jpg\",\"width\":1920,\"height\":1280}},\n\t\t\t\t\"alt\" : \"lick durch eine schmiedeeiserne Brunnenzier auf die T\\u00fcrme und Giebel der Nikolaikirche, im Hinterfgrund hinter den D\\u00e4chern historisierender Geb\\u00e4ude der Fernsehturm und der Turm des Roten Rathauses\",\n\t\t\t\t\"path\" : \"\\\/wp-content\\\/uploads\\\/2025\\\/08\\\/\",\n\t\t\t\t\"video\" : null,\n\t\t\t\t\"autoplay\" : null,\n\t\t\t\t\"youtube\" : null,\n\t\t\t\t\"youtubelabel\" : \"play\",\n\t\t\t\t\"brightness\" : 100,\n\t\t\t\t\"crop\" : {\"x\":0.5,\"y\":0.5},\n\t\t\t\t\"background\" : true,\n\t\t\t\t\"scale\" : 2,\n\t\t\t\t\"zoom\" : false,\n\t\t\t\t\"annotations\" : null\t\t\t\t}\n\t\t\t<\/script>\n\t\t\t\t<div class=\"height-container\" style=\"padding-bottom:100%;  \" v-if=\"sizes\">\n\t\t\t\t\t<lazy-media :inline=\"true\" :alt=\"alt\" :sizes=\"sizes\" :scale=\"scale\" :zoom=\"zoom\" :brightness=\"brightness\" :path=\"path\" :video=\"video\" :autoplay=\"autoplay\" :youtube=\"youtube\" :crop=\"crop\" :youtubelabel=\"youtubelabel\" :annotations=\"annotations\" :background=\"background\"><\/lazy-media>\n\n\t\t\t\t\t\t\t\t\t<\/div>\n\n\t\t\t\t\n\t\t\t\t\n\n\n\t\t\t\t\n\t\t\t   \t\t\t\t\t\t\t<\/figure>\n\t\t<\/lazy-media-inline>\n\t\t\t\t\t<div class=\"zeplin-teaserHeadline-M has-highlight-color padding-top-minimal margin-bottom-atom\">\n\t\t\t\tMuseum Nikolaikirche\t\t\t<\/div>\n\t\t\t<div class=\"zeplin-teaserCopy has-default-color\">\n\t\t\t\tWo Berlin begann\t\t\t<\/div>\n\t\t<\/a>\t<\/div>\n<\/div>\n\n\n\n<div class=\"block-bubble-teaser-child block-bubble-teaser-child-pos-2\">\n\t<div class=\"box\">\n\t\t<a target='_self' href='https:\/\/www.stadtmuseum.de\/museum\/museum-knoblauchhaus'>\t\t\t\n\t\t<lazy-media-inline inline-template data-id=\"3273\">\n\t\t\t<figure itemscope itemtype=\"http:\/\/schema.org\/ImageObject\" class=\"lazy-media-inline \" role=\"group\" id=\"media_69f404491e2f6\">\n\t\t\t\t<script type=\"application\/json\" ref=\"data\">\n\t\t\t\t{\n\t\t\t\t\"sizes\" : {\"medium\":{\"file\":\"20220902_1226401-2-225x300.jpg\",\"width\":225,\"height\":300,\"mime-type\":\"image\\\/jpeg\",\"filesize\":21826},\"large\":{\"file\":\"20220902_1226401-2-768x1024.jpg\",\"width\":768,\"height\":1024,\"mime-type\":\"image\\\/jpeg\",\"filesize\":187681},\"medium_large\":{\"file\":\"20220902_1226401-2-768x1024.jpg\",\"width\":768,\"height\":1024,\"mime-type\":\"image\\\/jpeg\",\"filesize\":187681},\"1536x1536\":{\"file\":\"20220902_1226401-2-1152x1536.jpg\",\"width\":1152,\"height\":1536,\"mime-type\":\"image\\\/jpeg\",\"filesize\":379223},\"2048x2048\":{\"file\":\"20220902_1226401-2-1536x2048.jpg\",\"width\":1536,\"height\":2048,\"mime-type\":\"image\\\/jpeg\",\"filesize\":614859},\"small\":{\"file\":\"20220902_1226401-2-330x440.jpg\",\"width\":330,\"height\":440,\"mime-type\":\"image\\\/jpeg\",\"filesize\":41903},\"semi\":{\"file\":\"20220902_1226401-2-435x580.jpg\",\"width\":435,\"height\":580,\"mime-type\":\"image\\\/jpeg\",\"filesize\":69293},\"mobile\":{\"file\":\"20220902_1226401-2-540x720.jpg\",\"width\":540,\"height\":720,\"mime-type\":\"image\\\/jpeg\",\"filesize\":100425},\"hd\":{\"file\":\"20220902_1226401-2-960x1280.jpg\",\"width\":960,\"height\":1280,\"mime-type\":\"image\\\/jpeg\",\"filesize\":277361},\"full\":{\"file\":\"20220902_1226401-2-1440x1920.jpg\",\"width\":1440,\"height\":1920,\"mime-type\":\"image\\\/jpeg\",\"filesize\":551989},\"original\":{\"file\":\"20220902_1226401-2.jpg\",\"width\":3024,\"height\":4032}},\n\t\t\t\t\"alt\" : \"Blick auf die T\\u00fcren und Fenster des Museums Knoblauchhaus\",\n\t\t\t\t\"path\" : \"\\\/wp-content\\\/uploads\\\/2022\\\/10\\\/\",\n\t\t\t\t\"video\" : null,\n\t\t\t\t\"autoplay\" : null,\n\t\t\t\t\"youtube\" : null,\n\t\t\t\t\"youtubelabel\" : \"play\",\n\t\t\t\t\"brightness\" : 100,\n\t\t\t\t\"crop\" : {\"x\":0.5,\"y\":0.5},\n\t\t\t\t\"background\" : true,\n\t\t\t\t\"scale\" : 2,\n\t\t\t\t\"zoom\" : false,\n\t\t\t\t\"annotations\" : null\t\t\t\t}\n\t\t\t<\/script>\n\t\t\t\t<div class=\"height-container\" style=\"padding-bottom:100%;  \" v-if=\"sizes\">\n\t\t\t\t\t<lazy-media :inline=\"true\" :alt=\"alt\" :sizes=\"sizes\" :scale=\"scale\" :zoom=\"zoom\" :brightness=\"brightness\" :path=\"path\" :video=\"video\" :autoplay=\"autoplay\" :youtube=\"youtube\" :crop=\"crop\" :youtubelabel=\"youtubelabel\" :annotations=\"annotations\" :background=\"background\"><\/lazy-media>\n\n\t\t\t\t\t\t\t\t\t<\/div>\n\n\t\t\t\t\n\t\t\t\t\n\n\n\t\t\t\t\n\t\t\t   \t\t\t\t\t\t\t<\/figure>\n\t\t<\/lazy-media-inline>\n\t\t\t\t\t<div class=\"zeplin-teaserHeadline-M has-highlight-color padding-top-minimal margin-bottom-atom\">\n\t\t\t\tMuseum Knoblauchhaus\t\t\t<\/div>\n\t\t\t<div class=\"zeplin-teaserCopy has-default-color\">\n\t\t\t\tWillkommen in einem der \u00e4ltesten B\u00fcrgerh\u00e4user Berlins!\t\t\t<\/div>\n\t\t<\/a>\t<\/div>\n<\/div>\n\n\n\n<div class=\"block-bubble-teaser-child block-bubble-teaser-child-pos-3\">\n\t<div class=\"box\">\n\t\t<a target='_self' href='https:\/\/www.stadtmuseum.de\/ausstellung\/berlins-mitte'>\t\t\t\n\t\t<lazy-media-inline inline-template data-id=\"27970\">\n\t\t\t<figure itemscope itemtype=\"http:\/\/schema.org\/ImageObject\" class=\"lazy-media-inline \" role=\"group\" id=\"media_69f404491e7c9\">\n\t\t\t\t<script type=\"application\/json\" ref=\"data\">\n\t\t\t\t{\n\t\t\t\t\"sizes\" : {\"medium\":{\"file\":\"stadtmodell-berlins-mitte-300x200.jpg\",\"width\":300,\"height\":200,\"mime-type\":\"image\\\/jpeg\",\"filesize\":13683},\"large\":{\"file\":\"stadtmodell-berlins-mitte-1024x683.jpg\",\"width\":1024,\"height\":683,\"mime-type\":\"image\\\/jpeg\",\"filesize\":80651},\"medium_large\":{\"file\":\"stadtmodell-berlins-mitte-768x512.jpg\",\"width\":768,\"height\":512,\"mime-type\":\"image\\\/jpeg\",\"filesize\":52663},\"1536x1536\":{\"file\":\"stadtmodell-berlins-mitte-1536x1025.jpg\",\"width\":1536,\"height\":1025,\"mime-type\":\"image\\\/jpeg\",\"filesize\":150124},\"small\":{\"file\":\"stadtmodell-berlins-mitte-440x294.jpg\",\"width\":440,\"height\":294,\"mime-type\":\"image\\\/jpeg\",\"filesize\":23771},\"semi\":{\"file\":\"stadtmodell-berlins-mitte-580x387.jpg\",\"width\":580,\"height\":387,\"mime-type\":\"image\\\/jpeg\",\"filesize\":35408},\"mobile\":{\"file\":\"stadtmodell-berlins-mitte-720x480.jpg\",\"width\":720,\"height\":480,\"mime-type\":\"image\\\/jpeg\",\"filesize\":48007},\"hd\":{\"file\":\"stadtmodell-berlins-mitte-1280x854.jpg\",\"width\":1280,\"height\":854,\"mime-type\":\"image\\\/jpeg\",\"filesize\":112967},\"original\":{\"file\":\"stadtmodell-berlins-mitte.jpg\",\"width\":1920,\"height\":1281}},\n\t\t\t\t\"alt\" : \"Modell der mittelalterlichen Stadt Berlin im Museum Nikolaikirche, im Hintergrund unscharf Besucher und das Innere des Kirchenschiffs\",\n\t\t\t\t\"path\" : \"\\\/wp-content\\\/uploads\\\/2023\\\/06\\\/\",\n\t\t\t\t\"video\" : null,\n\t\t\t\t\"autoplay\" : null,\n\t\t\t\t\"youtube\" : null,\n\t\t\t\t\"youtubelabel\" : \"play\",\n\t\t\t\t\"brightness\" : 100,\n\t\t\t\t\"crop\" : {\"x\":0.5,\"y\":0.5},\n\t\t\t\t\"background\" : true,\n\t\t\t\t\"scale\" : 2,\n\t\t\t\t\"zoom\" : false,\n\t\t\t\t\"annotations\" : null\t\t\t\t}\n\t\t\t<\/script>\n\t\t\t\t<div class=\"height-container\" style=\"padding-bottom:100%;  \" v-if=\"sizes\">\n\t\t\t\t\t<lazy-media :inline=\"true\" :alt=\"alt\" :sizes=\"sizes\" :scale=\"scale\" :zoom=\"zoom\" :brightness=\"brightness\" :path=\"path\" :video=\"video\" :autoplay=\"autoplay\" :youtube=\"youtube\" :crop=\"crop\" :youtubelabel=\"youtubelabel\" :annotations=\"annotations\" :background=\"background\"><\/lazy-media>\n\n\t\t\t\t\t\t\t\t\t<\/div>\n\n\t\t\t\t\n\t\t\t\t\n\n\n\t\t\t\t\n\t\t\t   \t\t\t\t\t\t\t<\/figure>\n\t\t<\/lazy-media-inline>\n\t\t\t\t\t<div class=\"zeplin-teaserHeadline-M has-highlight-color padding-top-minimal margin-bottom-atom\">\n\t\t\t\tBerlins Mitte\t\t\t<\/div>\n\t\t\t<div class=\"zeplin-teaserCopy has-default-color\">\n\t\t\t\t800 Jahre Geschichte und Kultur\nMUSEUM NIKOLAIKIRCHE\t\t\t<\/div>\n\t\t<\/a>\t<\/div>\n<\/div>\n\n\n\n<div class=\"block-bubble-teaser-child block-bubble-teaser-child-pos-4\">\n\t<div class=\"box\">\n\t\t<a target='_self' href='https:\/\/www.stadtmuseum.de\/ausstellung\/berlinzeit'>\t\t\t\n\t\t<lazy-media-inline inline-template data-id=\"42890\">\n\t\t\t<figure itemscope itemtype=\"http:\/\/schema.org\/ImageObject\" class=\"lazy-media-inline \" role=\"group\" id=\"media_69f404491ec48\">\n\t\t\t\t<script type=\"application\/json\" ref=\"data\">\n\t\t\t\t{\n\t\t\t\t\"sizes\" : {\"medium\":{\"file\":\"berlinzeit-motorroller-pitty-300x200.jpg\",\"width\":300,\"height\":200,\"mime-type\":\"image\\\/jpeg\",\"filesize\":15170},\"large\":{\"file\":\"berlinzeit-motorroller-pitty-1024x683.jpg\",\"width\":1024,\"height\":683,\"mime-type\":\"image\\\/jpeg\",\"filesize\":104108},\"medium_large\":{\"file\":\"berlinzeit-motorroller-pitty-768x512.jpg\",\"width\":768,\"height\":512,\"mime-type\":\"image\\\/jpeg\",\"filesize\":65871},\"1536x1536\":{\"file\":\"berlinzeit-motorroller-pitty-1536x1024.jpg\",\"width\":1536,\"height\":1024,\"mime-type\":\"image\\\/jpeg\",\"filesize\":194799},\"small\":{\"file\":\"berlinzeit-motorroller-pitty-440x293.jpg\",\"width\":440,\"height\":293,\"mime-type\":\"image\\\/jpeg\",\"filesize\":27496},\"semi\":{\"file\":\"berlinzeit-motorroller-pitty-580x387.jpg\",\"width\":580,\"height\":387,\"mime-type\":\"image\\\/jpeg\",\"filesize\":42732},\"mobile\":{\"file\":\"berlinzeit-motorroller-pitty-720x480.jpg\",\"width\":720,\"height\":480,\"mime-type\":\"image\\\/jpeg\",\"filesize\":60015},\"hd\":{\"file\":\"berlinzeit-motorroller-pitty-1280x853.jpg\",\"width\":1280,\"height\":853,\"mime-type\":\"image\\\/jpeg\",\"filesize\":148764},\"original\":{\"file\":\"berlinzeit-motorroller-pitty.jpg\",\"width\":1920,\"height\":1280}},\n\t\t\t\t\"alt\" : \"Zwei Besucher:innen beim \\\"Foto-Shooting\\\" auf dem Motorroller.\",\n\t\t\t\t\"path\" : \"\\\/wp-content\\\/uploads\\\/2023\\\/12\\\/\",\n\t\t\t\t\"video\" : null,\n\t\t\t\t\"autoplay\" : null,\n\t\t\t\t\"youtube\" : null,\n\t\t\t\t\"youtubelabel\" : \"play\",\n\t\t\t\t\"brightness\" : 100,\n\t\t\t\t\"crop\" : {\"x\":0.5,\"y\":0.5},\n\t\t\t\t\"background\" : true,\n\t\t\t\t\"scale\" : 2,\n\t\t\t\t\"zoom\" : false,\n\t\t\t\t\"annotations\" : null\t\t\t\t}\n\t\t\t<\/script>\n\t\t\t\t<div class=\"height-container\" style=\"padding-bottom:100%;  \" v-if=\"sizes\">\n\t\t\t\t\t<lazy-media :inline=\"true\" :alt=\"alt\" :sizes=\"sizes\" :scale=\"scale\" :zoom=\"zoom\" :brightness=\"brightness\" :path=\"path\" :video=\"video\" :autoplay=\"autoplay\" :youtube=\"youtube\" :crop=\"crop\" :youtubelabel=\"youtubelabel\" :annotations=\"annotations\" :background=\"background\"><\/lazy-media>\n\n\t\t\t\t\t\t\t\t\t<\/div>\n\n\t\t\t\t\n\t\t\t\t\n\n\n\t\t\t\t\n\t\t\t   \t\t\t\t\t\t\t<\/figure>\n\t\t<\/lazy-media-inline>\n\t\t\t\t\t<div class=\"zeplin-teaserHeadline-M has-highlight-color padding-top-minimal margin-bottom-atom\">\n\t\t\t\tBerlinZEIT\t\t\t<\/div>\n\t\t\t<div class=\"zeplin-teaserCopy has-default-color\">\n\t\t\t\tDie Stadt macht Geschichte!\nMUSEUM EPHRAIM-PALAIS\t\t\t<\/div>\n\t\t<\/a>\t<\/div>\n<\/div>\n\n\n\n<div class=\"block-bubble-teaser-child block-bubble-teaser-child-pos-5\">\n\t<div class=\"box\">\n\t\t<a target='_self' href='https:\/\/www.stadtmuseum.de\/ausstellung\/berliner-leben-im-biedermeier'>\t\t\t\n\t\t<lazy-media-inline inline-template data-id=\"42694\">\n\t\t\t<figure itemscope itemtype=\"http:\/\/schema.org\/ImageObject\" class=\"lazy-media-inline \" role=\"group\" id=\"media_69f404491f0c4\">\n\t\t\t\t<script type=\"application\/json\" ref=\"data\">\n\t\t\t\t{\n\t\t\t\t\"sizes\" : {\"medium\":{\"file\":\"fuehrung-berliner-leben-im-biedermeier-300x207.jpg\",\"width\":300,\"height\":207,\"mime-type\":\"image\\\/jpeg\",\"filesize\":18586},\"large\":{\"file\":\"fuehrung-berliner-leben-im-biedermeier-1024x708.jpg\",\"width\":1024,\"height\":708,\"mime-type\":\"image\\\/jpeg\",\"filesize\":156364},\"medium_large\":{\"file\":\"fuehrung-berliner-leben-im-biedermeier-768x531.jpg\",\"width\":768,\"height\":531,\"mime-type\":\"image\\\/jpeg\",\"filesize\":95208},\"1536x1536\":{\"file\":\"fuehrung-berliner-leben-im-biedermeier-1536x1062.jpg\",\"width\":1536,\"height\":1062,\"mime-type\":\"image\\\/jpeg\",\"filesize\":318285},\"small\":{\"file\":\"fuehrung-berliner-leben-im-biedermeier-440x304.jpg\",\"width\":440,\"height\":304,\"mime-type\":\"image\\\/jpeg\",\"filesize\":35660},\"semi\":{\"file\":\"fuehrung-berliner-leben-im-biedermeier-580x401.jpg\",\"width\":580,\"height\":401,\"mime-type\":\"image\\\/jpeg\",\"filesize\":58495},\"mobile\":{\"file\":\"fuehrung-berliner-leben-im-biedermeier-720x498.jpg\",\"width\":720,\"height\":498,\"mime-type\":\"image\\\/jpeg\",\"filesize\":84797},\"hd\":{\"file\":\"fuehrung-berliner-leben-im-biedermeier-1280x885.jpg\",\"width\":1280,\"height\":885,\"mime-type\":\"image\\\/jpeg\",\"filesize\":233965},\"original\":{\"file\":\"fuehrung-berliner-leben-im-biedermeier.jpg\",\"width\":1920,\"height\":1327}},\n\t\t\t\t\"alt\" : \"Originalgetreu eingerichtete R\\u00e4ume zeigen, wie die Berliner Kaufmannsfamilie Knoblauch vor rund zweihundert Jahren lebte.\",\n\t\t\t\t\"path\" : \"\\\/wp-content\\\/uploads\\\/2023\\\/02\\\/\",\n\t\t\t\t\"video\" : null,\n\t\t\t\t\"autoplay\" : null,\n\t\t\t\t\"youtube\" : null,\n\t\t\t\t\"youtubelabel\" : \"play\",\n\t\t\t\t\"brightness\" : 100,\n\t\t\t\t\"crop\" : {\"x\":0.5,\"y\":0.5},\n\t\t\t\t\"background\" : true,\n\t\t\t\t\"scale\" : 2,\n\t\t\t\t\"zoom\" : false,\n\t\t\t\t\"annotations\" : null\t\t\t\t}\n\t\t\t<\/script>\n\t\t\t\t<div class=\"height-container\" style=\"padding-bottom:100%;  \" v-if=\"sizes\">\n\t\t\t\t\t<lazy-media :inline=\"true\" :alt=\"alt\" :sizes=\"sizes\" :scale=\"scale\" :zoom=\"zoom\" :brightness=\"brightness\" :path=\"path\" :video=\"video\" :autoplay=\"autoplay\" :youtube=\"youtube\" :crop=\"crop\" :youtubelabel=\"youtubelabel\" :annotations=\"annotations\" :background=\"background\"><\/lazy-media>\n\n\t\t\t\t\t\t\t\t\t<\/div>\n\n\t\t\t\t\n\t\t\t\t\n\n\n\t\t\t\t\n\t\t\t   \t\t\t\t\t\t\t<\/figure>\n\t\t<\/lazy-media-inline>\n\t\t\t\t\t<div class=\"zeplin-teaserHeadline-M has-highlight-color padding-top-minimal margin-bottom-atom\">\n\t\t\t\tBerliner Leben im Biedermeier\t\t\t<\/div>\n\t\t\t<div class=\"zeplin-teaserCopy has-default-color\">\n\t\t\t\tHumboldt, Schinkel und Familie Knoblauch\nMUSEUM KNOBLAUCHHAUS\t\t\t<\/div>\n\t\t<\/a>\t<\/div>\n<\/div>\n\n\n\n<div class=\"block-bubble-teaser-child block-bubble-teaser-child-pos-6\">\n\t<div class=\"box\">\n\t\t<a target='_self' href='https:\/\/www.stadtmuseum.de\/veranstaltung\/sonntag-im-nikolaiviertel'>\t\t\t\n\t\t<lazy-media-inline inline-template data-id=\"40189\">\n\t\t\t<figure itemscope itemtype=\"http:\/\/schema.org\/ImageObject\" class=\"lazy-media-inline \" role=\"group\" id=\"media_69f404491f76b\">\n\t\t\t\t<script type=\"application\/json\" ref=\"data\">\n\t\t\t\t{\n\t\t\t\t\"sizes\" : {\"medium\":{\"file\":\"drag-story-hour-300x200.jpg\",\"width\":300,\"height\":200,\"mime-type\":\"image\\\/jpeg\",\"filesize\":17623},\"large\":{\"file\":\"drag-story-hour-1024x683.jpg\",\"width\":1024,\"height\":683,\"mime-type\":\"image\\\/jpeg\",\"filesize\":139642},\"medium_large\":{\"file\":\"drag-story-hour-768x512.jpg\",\"width\":768,\"height\":512,\"mime-type\":\"image\\\/jpeg\",\"filesize\":84880},\"1536x1536\":{\"file\":\"drag-story-hour-1536x1024.jpg\",\"width\":1536,\"height\":1024,\"mime-type\":\"image\\\/jpeg\",\"filesize\":280766},\"small\":{\"file\":\"drag-story-hour-440x293.jpg\",\"width\":440,\"height\":293,\"mime-type\":\"image\\\/jpeg\",\"filesize\":33052},\"semi\":{\"file\":\"drag-story-hour-580x387.jpg\",\"width\":580,\"height\":387,\"mime-type\":\"image\\\/jpeg\",\"filesize\":52907},\"mobile\":{\"file\":\"drag-story-hour-720x480.jpg\",\"width\":720,\"height\":480,\"mime-type\":\"image\\\/jpeg\",\"filesize\":75954},\"hd\":{\"file\":\"drag-story-hour-1280x853.jpg\",\"width\":1280,\"height\":853,\"mime-type\":\"image\\\/jpeg\",\"filesize\":207711},\"original\":{\"file\":\"drag-story-hour.jpg\",\"width\":1920,\"height\":1280}},\n\t\t\t\t\"alt\" : \"\\u201eDrag Story Hour\\u201c im Museum Knoblauchhaus\",\n\t\t\t\t\"path\" : \"\\\/wp-content\\\/uploads\\\/2023\\\/09\\\/\",\n\t\t\t\t\"video\" : null,\n\t\t\t\t\"autoplay\" : null,\n\t\t\t\t\"youtube\" : null,\n\t\t\t\t\"youtubelabel\" : \"play\",\n\t\t\t\t\"brightness\" : 100,\n\t\t\t\t\"crop\" : {\"x\":0.5,\"y\":0.5},\n\t\t\t\t\"background\" : true,\n\t\t\t\t\"scale\" : 2,\n\t\t\t\t\"zoom\" : false,\n\t\t\t\t\"annotations\" : null\t\t\t\t}\n\t\t\t<\/script>\n\t\t\t\t<div class=\"height-container\" style=\"padding-bottom:100%;  \" v-if=\"sizes\">\n\t\t\t\t\t<lazy-media :inline=\"true\" :alt=\"alt\" :sizes=\"sizes\" :scale=\"scale\" :zoom=\"zoom\" :brightness=\"brightness\" :path=\"path\" :video=\"video\" :autoplay=\"autoplay\" :youtube=\"youtube\" :crop=\"crop\" :youtubelabel=\"youtubelabel\" :annotations=\"annotations\" :background=\"background\"><\/lazy-media>\n\n\t\t\t\t\t\t\t\t\t<\/div>\n\n\t\t\t\t\n\t\t\t\t\n\n\n\t\t\t\t\n\t\t\t   \t\t\t\t\t\t\t<\/figure>\n\t\t<\/lazy-media-inline>\n\t\t\t\t\t<div class=\"zeplin-teaserHeadline-M has-highlight-color padding-top-minimal margin-bottom-atom\">\n\t\t\t\tSonntag im Nikolaiviertel\t\t\t<\/div>\n\t\t\t<div class=\"zeplin-teaserCopy has-default-color\">\n\t\t\t\tJeden ersten Sonntag im Monat erwartetn Sie in unseren Museen ein umfangreiches Familien-Programm!\t\t\t<\/div>\n\t\t<\/a>\t<\/div>\n<\/div>\n<\/div>\n\t<\/div>\n<\/section>\n<\/block-bubble-teaser>\n\n\n\n<block-ticker class=\"block block-ticker\" inline-template>\n\t<div :class=\"{ firstLoaded: firstLoaded,userPaused: userPaused }\">\n\t\t<script type=\"application\/json\" ref=\"data\">\n\t\t{\n\t\t\t\"images\" : [{\"id\":0,\"width\":3600,\"height\":2400,\"alt\":\"Tanzende Menschen vor dem Eingang des Museum Ephraim-Palais mit der Aufschrift &quot;BerlinZEIT&quot;, Abendstimmung\",\"title\":\"\",\"label\":\"Das Ephraim-Palais wurde von 1762 bis 1769 errichtet. In den 1980er Jahren wurde es rekonstruiert. Das Museum befindet sich an der Poststra\\u00dfe Ecke M\\u00fchlendamm in Berlin-Mitte.\",\"description\":\"\\u00a9 Stadtmuseum Berlin | Foto: Michael Setzpfandt\",\"copyright\":\"\",\"path\":\"\\\/wp-content\\\/uploads\\\/2025\\\/02\\\/\",\"sizes\":{\"medium\":{\"file\":\"\\u00a9-Stadtmuseum-Berlin_Foto-Michael-Setzpfandt-1-300x200.jpg\",\"width\":300,\"height\":200,\"mime-type\":\"image\\\/jpeg\",\"filesize\":23133},\"large\":{\"file\":\"\\u00a9-Stadtmuseum-Berlin_Foto-Michael-Setzpfandt-1-1024x683.jpg\",\"width\":1024,\"height\":683,\"mime-type\":\"image\\\/jpeg\",\"filesize\":202168},\"thumbnail\":{\"file\":\"\\u00a9-Stadtmuseum-Berlin_Foto-Michael-Setzpfandt-1-150x150.jpg\",\"width\":150,\"height\":150,\"mime-type\":\"image\\\/jpeg\",\"filesize\":10019},\"medium_large\":{\"file\":\"\\u00a9-Stadtmuseum-Berlin_Foto-Michael-Setzpfandt-1-768x512.jpg\",\"width\":768,\"height\":512,\"mime-type\":\"image\\\/jpeg\",\"filesize\":120963},\"1536x1536\":{\"file\":\"\\u00a9-Stadtmuseum-Berlin_Foto-Michael-Setzpfandt-1-1536x1024.jpg\",\"width\":1536,\"height\":1024,\"mime-type\":\"image\\\/jpeg\",\"filesize\":415886},\"2048x2048\":{\"file\":\"\\u00a9-Stadtmuseum-Berlin_Foto-Michael-Setzpfandt-1-2048x1365.jpg\",\"width\":2048,\"height\":1365,\"mime-type\":\"image\\\/jpeg\",\"filesize\":694083},\"small\":{\"file\":\"\\u00a9-Stadtmuseum-Berlin_Foto-Michael-Setzpfandt-1-440x293.jpg\",\"width\":440,\"height\":293,\"mime-type\":\"image\\\/jpeg\",\"filesize\":45203},\"semi\":{\"file\":\"\\u00a9-Stadtmuseum-Berlin_Foto-Michael-Setzpfandt-1-580x387.jpg\",\"width\":580,\"height\":387,\"mime-type\":\"image\\\/jpeg\",\"filesize\":74119},\"mobile\":{\"file\":\"\\u00a9-Stadtmuseum-Berlin_Foto-Michael-Setzpfandt-1-720x480.jpg\",\"width\":720,\"height\":480,\"mime-type\":\"image\\\/jpeg\",\"filesize\":108717},\"hd\":{\"file\":\"\\u00a9-Stadtmuseum-Berlin_Foto-Michael-Setzpfandt-1-1280x853.jpg\",\"width\":1280,\"height\":853,\"mime-type\":\"image\\\/jpeg\",\"filesize\":300082},\"full\":{\"file\":\"\\u00a9-Stadtmuseum-Berlin_Foto-Michael-Setzpfandt-1-1920x1280.jpg\",\"width\":1920,\"height\":1280,\"mime-type\":\"image\\\/jpeg\",\"filesize\":617111},\"original\":{\"file\":\"\\u00a9-Stadtmuseum-Berlin_Foto-Michael-Setzpfandt-1.jpg\",\"width\":3600,\"height\":2400}}},{\"id\":1,\"width\":1280,\"height\":1920,\"alt\":\"\",\"title\":\"\",\"label\":\"Jubil\\u00e4umsfest und die F\\u00eate de la Musique im Nikolaiviertel\",\"description\":\"\\u00a9 Stadtmuseum Berlin | Foto: Alexander Rentsch\",\"copyright\":\"\",\"path\":\"\\\/wp-content\\\/uploads\\\/2025\\\/06\\\/\",\"sizes\":{\"medium\":{\"file\":\"DSC199858_1920px-200x300.jpg\",\"width\":200,\"height\":300,\"mime-type\":\"image\\\/jpeg\",\"filesize\":21761},\"large\":{\"file\":\"DSC199858_1920px-683x1024.jpg\",\"width\":683,\"height\":1024,\"mime-type\":\"image\\\/jpeg\",\"filesize\":198989},\"thumbnail\":{\"file\":\"DSC199858_1920px-150x150.jpg\",\"width\":150,\"height\":150,\"mime-type\":\"image\\\/jpeg\",\"filesize\":10014},\"medium_large\":{\"file\":\"DSC199858_1920px-768x1152.jpg\",\"width\":768,\"height\":1152,\"mime-type\":\"image\\\/jpeg\",\"filesize\":245227},\"1536x1536\":{\"file\":\"DSC199858_1920px-1024x1536.jpg\",\"width\":1024,\"height\":1536,\"mime-type\":\"image\\\/jpeg\",\"filesize\":394249},\"small\":{\"file\":\"DSC199858_1920px-293x440.jpg\",\"width\":293,\"height\":440,\"mime-type\":\"image\\\/jpeg\",\"filesize\":43247},\"semi\":{\"file\":\"DSC199858_1920px-387x580.jpg\",\"width\":387,\"height\":580,\"mime-type\":\"image\\\/jpeg\",\"filesize\":71919},\"mobile\":{\"file\":\"DSC199858_1920px-480x720.jpg\",\"width\":480,\"height\":720,\"mime-type\":\"image\\\/jpeg\",\"filesize\":105646},\"hd\":{\"file\":\"DSC199858_1920px-853x1280.jpg\",\"width\":853,\"height\":1280,\"mime-type\":\"image\\\/jpeg\",\"filesize\":295411},\"original\":{\"file\":\"DSC199858_1920px.jpg\",\"width\":1280,\"height\":1920}}},{\"id\":2,\"width\":4000,\"height\":2250,\"alt\":\"Blick aufs Museum Knoblauchhaus mit Weitwinkel\",\"title\":\"\",\"label\":\"Das Museum Knoblauchhaus im Nikolaiviertel\",\"description\":\"\\u00a9 Stadtmuseum Berlin | Foto: Michael Setzpfandt\",\"copyright\":\"\",\"path\":\"\\\/wp-content\\\/uploads\\\/2025\\\/02\\\/\",\"sizes\":{\"medium\":{\"file\":\"\\u00a9SSB_Foto-Michael-Setzpfandt-2-300x169.jpg\",\"width\":300,\"height\":169,\"mime-type\":\"image\\\/jpeg\",\"filesize\":16040},\"large\":{\"file\":\"\\u00a9SSB_Foto-Michael-Setzpfandt-2-1024x576.jpg\",\"width\":1024,\"height\":576,\"mime-type\":\"image\\\/jpeg\",\"filesize\":154242},\"thumbnail\":{\"file\":\"\\u00a9SSB_Foto-Michael-Setzpfandt-2-150x150.jpg\",\"width\":150,\"height\":150,\"mime-type\":\"image\\\/jpeg\",\"filesize\":7742},\"medium_large\":{\"file\":\"\\u00a9SSB_Foto-Michael-Setzpfandt-2-768x432.jpg\",\"width\":768,\"height\":432,\"mime-type\":\"image\\\/jpeg\",\"filesize\":89325},\"1536x1536\":{\"file\":\"\\u00a9SSB_Foto-Michael-Setzpfandt-2-1536x864.jpg\",\"width\":1536,\"height\":864,\"mime-type\":\"image\\\/jpeg\",\"filesize\":334297},\"2048x2048\":{\"file\":\"\\u00a9SSB_Foto-Michael-Setzpfandt-2-2048x1152.jpg\",\"width\":2048,\"height\":1152,\"mime-type\":\"image\\\/jpeg\",\"filesize\":579018},\"small\":{\"file\":\"\\u00a9SSB_Foto-Michael-Setzpfandt-2-440x248.jpg\",\"width\":440,\"height\":248,\"mime-type\":\"image\\\/jpeg\",\"filesize\":31726},\"semi\":{\"file\":\"\\u00a9SSB_Foto-Michael-Setzpfandt-2-580x326.jpg\",\"width\":580,\"height\":326,\"mime-type\":\"image\\\/jpeg\",\"filesize\":53246},\"mobile\":{\"file\":\"\\u00a9SSB_Foto-Michael-Setzpfandt-2-720x405.jpg\",\"width\":720,\"height\":405,\"mime-type\":\"image\\\/jpeg\",\"filesize\":79801},\"hd\":{\"file\":\"\\u00a9SSB_Foto-Michael-Setzpfandt-2-1280x720.jpg\",\"width\":1280,\"height\":720,\"mime-type\":\"image\\\/jpeg\",\"filesize\":235993},\"full\":{\"file\":\"\\u00a9SSB_Foto-Michael-Setzpfandt-2-1920x1080.jpg\",\"width\":1920,\"height\":1080,\"mime-type\":\"image\\\/jpeg\",\"filesize\":512658},\"original\":{\"file\":\"\\u00a9SSB_Foto-Michael-Setzpfandt-2.jpg\",\"width\":4000,\"height\":2250}}},{\"id\":3,\"width\":4724,\"height\":3149,\"alt\":\"Menschen stehen schr&auml;g vor dem Eingang zum Museum Knoblauchhaus mit dem R&uuml;cken zur Kamera, es ist sommerlich hell, manche tragen T-Shirts und Rucks&auml;cke\",\"title\":\"\",\"label\":\"Nur vier H\\u00e4user des Nikolaiviertels blieben im Zweiten Weltkrieg von Bombentreffern verschont, darunter das Knoblauchhaus. Bis in die 1980er Jahre wurde es als Mietshaus genutzt.\",\"description\":\"\\u00a9 Stadtmuseum Berlin | Foto: Christian Kielmann\",\"copyright\":\"\",\"path\":\"\\\/wp-content\\\/uploads\\\/2023\\\/07\\\/\",\"sizes\":{\"medium\":{\"file\":\"20230604-Ausstellungseroeffnung-Motherland-2956-300x200.jpg\",\"width\":300,\"height\":200,\"mime-type\":\"image\\\/jpeg\",\"filesize\":22234},\"large\":{\"file\":\"20230604-Ausstellungseroeffnung-Motherland-2956-1024x683.jpg\",\"width\":1024,\"height\":683,\"mime-type\":\"image\\\/jpeg\",\"filesize\":176921},\"thumbnail\":{\"file\":\"20230604-Ausstellungseroeffnung-Motherland-2956-150x150.jpg\",\"width\":150,\"height\":150,\"mime-type\":\"image\\\/jpeg\",\"filesize\":9530},\"medium_large\":{\"file\":\"20230604-Ausstellungseroeffnung-Motherland-2956-768x512.jpg\",\"width\":768,\"height\":512,\"mime-type\":\"image\\\/jpeg\",\"filesize\":109746},\"1536x1536\":{\"file\":\"20230604-Ausstellungseroeffnung-Motherland-2956-1536x1024.jpg\",\"width\":1536,\"height\":1024,\"mime-type\":\"image\\\/jpeg\",\"filesize\":338255},\"2048x2048\":{\"file\":\"20230604-Ausstellungseroeffnung-Motherland-2956-2048x1365.jpg\",\"width\":2048,\"height\":1365,\"mime-type\":\"image\\\/jpeg\",\"filesize\":532582},\"small\":{\"file\":\"20230604-Ausstellungseroeffnung-Motherland-2956-440x293.jpg\",\"width\":440,\"height\":293,\"mime-type\":\"image\\\/jpeg\",\"filesize\":43086},\"semi\":{\"file\":\"20230604-Ausstellungseroeffnung-Motherland-2956-580x387.jpg\",\"width\":580,\"height\":387,\"mime-type\":\"image\\\/jpeg\",\"filesize\":69354},\"mobile\":{\"file\":\"20230604-Ausstellungseroeffnung-Motherland-2956-720x480.jpg\",\"width\":720,\"height\":480,\"mime-type\":\"image\\\/jpeg\",\"filesize\":98220},\"hd\":{\"file\":\"20230604-Ausstellungseroeffnung-Motherland-2956-1280x853.jpg\",\"width\":1280,\"height\":853,\"mime-type\":\"image\\\/jpeg\",\"filesize\":253090},\"full\":{\"file\":\"20230604-Ausstellungseroeffnung-Motherland-2956-1920x1280.jpg\",\"width\":1920,\"height\":1280,\"mime-type\":\"image\\\/jpeg\",\"filesize\":480084},\"xxl\":{\"file\":\"20230604-Ausstellungseroeffnung-Motherland-2956-4048x2698.jpg\",\"width\":4048,\"height\":2698,\"mime-type\":\"image\\\/jpeg\",\"filesize\":1481715},\"original\":{\"file\":\"20230604-Ausstellungseroeffnung-Motherland-2956.jpg\",\"width\":4724,\"height\":3149}}},{\"id\":4,\"width\":4724,\"height\":3149,\"alt\":\"Vor einem Ladenlokal mit der Plakette Museumslabor stehen Kinder und Erwachsene und spielen miteinander\",\"title\":\"\",\"label\":\"Das Museumslabor im Nikolaiviertel liegt gegen\\u00fcber dem Museums Knoblauchhaus. Hier gibt es Angebote f\\u00fcr Kinder und Jugendliche.\",\"description\":\"\\u00a9 Stadtmuseum Berlin | Foto: Christian Kielmann\",\"copyright\":\"\",\"path\":\"\\\/wp-content\\\/uploads\\\/2023\\\/07\\\/\",\"sizes\":{\"medium\":{\"file\":\"20230604-Ausstellungseroeffnung-Motherland-3038-300x200.jpg\",\"width\":300,\"height\":200,\"mime-type\":\"image\\\/jpeg\",\"filesize\":17423},\"large\":{\"file\":\"20230604-Ausstellungseroeffnung-Motherland-3038-1024x683.jpg\",\"width\":1024,\"height\":683,\"mime-type\":\"image\\\/jpeg\",\"filesize\":133408},\"thumbnail\":{\"file\":\"20230604-Ausstellungseroeffnung-Motherland-3038-150x150.jpg\",\"width\":150,\"height\":150,\"mime-type\":\"image\\\/jpeg\",\"filesize\":8284},\"medium_large\":{\"file\":\"20230604-Ausstellungseroeffnung-Motherland-3038-768x512.jpg\",\"width\":768,\"height\":512,\"mime-type\":\"image\\\/jpeg\",\"filesize\":82597},\"1536x1536\":{\"file\":\"20230604-Ausstellungseroeffnung-Motherland-3038-1536x1024.jpg\",\"width\":1536,\"height\":1024,\"mime-type\":\"image\\\/jpeg\",\"filesize\":252719},\"2048x2048\":{\"file\":\"20230604-Ausstellungseroeffnung-Motherland-3038-2048x1365.jpg\",\"width\":2048,\"height\":1365,\"mime-type\":\"image\\\/jpeg\",\"filesize\":398308},\"small\":{\"file\":\"20230604-Ausstellungseroeffnung-Motherland-3038-440x293.jpg\",\"width\":440,\"height\":293,\"mime-type\":\"image\\\/jpeg\",\"filesize\":33011},\"semi\":{\"file\":\"20230604-Ausstellungseroeffnung-Motherland-3038-580x387.jpg\",\"width\":580,\"height\":387,\"mime-type\":\"image\\\/jpeg\",\"filesize\":52904},\"mobile\":{\"file\":\"20230604-Ausstellungseroeffnung-Motherland-3038-720x480.jpg\",\"width\":720,\"height\":480,\"mime-type\":\"image\\\/jpeg\",\"filesize\":73903},\"hd\":{\"file\":\"20230604-Ausstellungseroeffnung-Motherland-3038-1280x853.jpg\",\"width\":1280,\"height\":853,\"mime-type\":\"image\\\/jpeg\",\"filesize\":190885},\"full\":{\"file\":\"20230604-Ausstellungseroeffnung-Motherland-3038-1920x1280.jpg\",\"width\":1920,\"height\":1280,\"mime-type\":\"image\\\/jpeg\",\"filesize\":358381},\"xxl\":{\"file\":\"20230604-Ausstellungseroeffnung-Motherland-3038-4048x2698.jpg\",\"width\":4048,\"height\":2698,\"mime-type\":\"image\\\/jpeg\",\"filesize\":1127216},\"original\":{\"file\":\"20230604-Ausstellungseroeffnung-Motherland-3038.jpg\",\"width\":4724,\"height\":3149}}},{\"id\":5,\"width\":3600,\"height\":2400,\"alt\":\"\",\"title\":\"\",\"label\":\"F\\u00fchrung im Museum Nikolaikirche\",\"description\":\"\\u00a9 Stadtmuseum Berlin | Foto: Michael Setzpfandt\",\"copyright\":\"\",\"path\":\"\\\/wp-content\\\/uploads\\\/2025\\\/02\\\/\",\"sizes\":{\"medium\":{\"file\":\"\\u00a9SSB_Foto-Michael-Setzpfandt-5-300x200.jpg\",\"width\":300,\"height\":200,\"mime-type\":\"image\\\/jpeg\",\"filesize\":22815},\"large\":{\"file\":\"\\u00a9SSB_Foto-Michael-Setzpfandt-5-1024x683.jpg\",\"width\":1024,\"height\":683,\"mime-type\":\"image\\\/jpeg\",\"filesize\":186812},\"thumbnail\":{\"file\":\"\\u00a9SSB_Foto-Michael-Setzpfandt-5-150x150.jpg\",\"width\":150,\"height\":150,\"mime-type\":\"image\\\/jpeg\",\"filesize\":9414},\"medium_large\":{\"file\":\"\\u00a9SSB_Foto-Michael-Setzpfandt-5-768x512.jpg\",\"width\":768,\"height\":512,\"mime-type\":\"image\\\/jpeg\",\"filesize\":112785},\"1536x1536\":{\"file\":\"\\u00a9SSB_Foto-Michael-Setzpfandt-5-1536x1024.jpg\",\"width\":1536,\"height\":1024,\"mime-type\":\"image\\\/jpeg\",\"filesize\":383598},\"2048x2048\":{\"file\":\"\\u00a9SSB_Foto-Michael-Setzpfandt-5-2048x1365.jpg\",\"width\":2048,\"height\":1365,\"mime-type\":\"image\\\/jpeg\",\"filesize\":661982},\"small\":{\"file\":\"\\u00a9SSB_Foto-Michael-Setzpfandt-5-440x293.jpg\",\"width\":440,\"height\":293,\"mime-type\":\"image\\\/jpeg\",\"filesize\":43832},\"semi\":{\"file\":\"\\u00a9SSB_Foto-Michael-Setzpfandt-5-580x387.jpg\",\"width\":580,\"height\":387,\"mime-type\":\"image\\\/jpeg\",\"filesize\":70796},\"mobile\":{\"file\":\"\\u00a9SSB_Foto-Michael-Setzpfandt-5-720x480.jpg\",\"width\":720,\"height\":480,\"mime-type\":\"image\\\/jpeg\",\"filesize\":101424},\"hd\":{\"file\":\"\\u00a9SSB_Foto-Michael-Setzpfandt-5-1280x853.jpg\",\"width\":1280,\"height\":853,\"mime-type\":\"image\\\/jpeg\",\"filesize\":277445},\"full\":{\"file\":\"\\u00a9SSB_Foto-Michael-Setzpfandt-5-1920x1280.jpg\",\"width\":1920,\"height\":1280,\"mime-type\":\"image\\\/jpeg\",\"filesize\":583817},\"original\":{\"file\":\"\\u00a9SSB_Foto-Michael-Setzpfandt-5.jpg\",\"width\":3600,\"height\":2400}}}]\t\t}\n\t\t<\/script>\n\n\t\t<div class=\"container-fluid margin-bottom-minimal\">\n\t\t\t<div class=\"row end-xs\">\n\t\t\t\t<div class=\"col-xs-12\">\n\t\t\t\t\t<div class=\"block-ticker-btn-wrapper\">\n\t\t\t\t\t\t<button type=\"button\" aria-label=\"Animation starten \/ stoppen\" class=\"ho-button is-tertiary has-icon\" @click=\"userToggle\">\n\t\t\t\t\t\t\t<span class=\"ho-button-icon icon-play\"><\/span>\n\t\t\t\t\t\t\t<span class=\"ho-button-icon icon-pause\"><\/span>\n\t\t\t\t\t\t<\/button>\n\t\t\t\t\t<\/div>\n\t\t\t\t<\/div>\n\t\t\t<\/div>\n\t\t<\/div>\n\n\t\t<div class=\"carousel\">\n\t\t\t<div class=\"carousel-cell\" :key=\"image.id\" v-for=\"image in images\">\n\t\t\t\t<figure>\n\t\t\t\t\t<img :src=\"image.src\" :alt=\"image.alt\" @load=\"imageLoaded\">\n\n\t\t\t\t\t<figcaption>\n\t\t\t\t\t\t<div class=\"lazy-media-image-label\" v-html=\"image.label\"><\/div>\n\t\t\t\t\t\t<div class=\"lazy-media-image-description\" v-html=\"image.description\"><\/div>\n\t\t\t\t\t<\/figcaption>\n\t\t\t\t<\/figure>\n\t\t\t<\/div>\n\t\t<\/div>\n\t<\/div>\n<\/block-ticker>\n<section class=\"block block-headline block-no-margin\"  id='museen' data-anchor='museen' data-anchor-name='Museen'>\n\t<div class=\"container-fluid\">\n\t\t<div class=\"row\">\n\t\t\t\t\t\t<div class=\"col-xs-12 col-md-7\">\n\t\t\t\t<div class=\"box\">\n\t\t\t\t\t<h2 class=\"h3\">Unsere Museen<\/h2>\n\t\t\t\t<\/div>\n\t\t\t<\/div>\n\t\t\t\t\t<\/div>\n\t<\/div>\n<\/section>\n<section class=\"block block-copy\">\n\t<div class=\"container-fluid\">\n\t\t<div class=\"row\">\n\t\t\t<div class=\"col-xs-12 col-md-7\">\n\t\t\t\t<div class=\"copy\">\n\t\t\t\t\t<p>Dort, wo Berlin vor acht Jahrhunderten entstand, entf\u00fchren Sie das Museum Ephraim-Palais, das Museum Nikolaikirche und das Museum Knoblauchhaus in die Vergangenheit. In den teils historischen, teils originalgetreu rekonstruierten Geb\u00e4uden lernen Sie verschiedene Facetten der Stadtgeschichte kennen. Nahe dem Fernsehturm, dem Rotem Rathaus und dem <a href=\"https:\/\/www.stadtmuseum.de\/humboldt-forum\">Humboldt Forum<\/a> erz\u00e4hlen wir in Dauerausstellungen und wechselnden Sonderausstellungen Berlins Geschichte \u2013 vom Mittelalter \u00fcber die Gegenwart bis in die Zukunft. Also auf ins Nikolaiviertel, den vielleicht urigsten Kiez von Berlin!<\/p>\n\t\t\t\t<\/div>\n\t\t\t<\/div>\n\t\t<\/div>\n\t<\/div>\n<\/section>\n<section class=\"block block-headline block-no-margin\"  id='kombi-ticket' data-anchor='kombi-ticket' data-anchor-name='Kombi-Ticket'>\n\t<div class=\"container-fluid\">\n\t\t<div class=\"row\">\n\t\t\t\t\t\t<div class=\"col-xs-12 col-md-7\">\n\t\t\t\t<div class=\"box\">\n\t\t\t\t\t<h2 class=\"h3\">Kombi-Ticket<\/h2>\n\t\t\t\t<\/div>\n\t\t\t<\/div>\n\t\t\t\t\t<\/div>\n\t<\/div>\n<\/section>\n<section class=\"block block-copy-info \">\n\t<div class=\"container-fluid\">\n\t\t<div class=\"row\">\n\t\t\t<div class=\"col-xs-12 col-md-2 padding-top-sixth margin-bottom-sixth\">\n\t\t\t\t<div class=\"box\">\n\t\t\t\t\t<div class=\"copy\">\n\t\t\t\t\t\t<h5>Drei Museen, ein Preis<\/h5>\n\t\t\t\t\t<\/div>\n\t\t\t\t<\/div>\n\t\t\t<\/div>\n\n\t\t\t<div class=\"col-xs-12 col-md-8 col-md-offset-1 padding-top-sixth margin-bottom-sixth\">\n\t\t\t\t<div class=\"box\">\n\t\t\t\t\t<div class=\"copy editor\">\n\t\t\t\t\t\t<p><strong>15 Euro<\/strong><br>Gilt f\u00fcr unsere drei Museen im Nikolaiviertel (Museum Nikolaikirche, Museum Ephraim-Palais, Museum Knoblauchhaus) an zwei aufeinanderfolgenden Tagen (bitte \u00d6ffnungszeiten beachten)<br><br><strong>Eintritt frei<\/strong><br><strong>Mit Erm\u00e4\u00dfigungsnachweis<\/strong><br>F\u00fcr Kinder &amp; Jugendliche unter 18 Jahren, Studierende, Azubis, FSJ-\/F\u00d6J-\/BFD-Leistende, Berlin-Ticket-S-Inhaber:innen, Schwerbehinderte (mit Merkzeichen B) &amp; Begleitperson, Gefl\u00fcchtete (mit g\u00fcltiger Arbeits- bzw. Aufenthaltsgenehmigung \/eAT sowie ukrainischem Pass oder g\u00fcltiger Aufenthaltsgenehmigung der Ukraine), Empf\u00e4nger:innen von Transferleistungen (B\u00fcrgergeld, ALG I), Inhaber:innen der Ehrenamtskarte Berlin-Brandenburg, Inhaber:innen Super-Ferienpass \/ Berliner Familienpass, ICOM-Mitglieder, Mitglieder des Deutschen Museumsbunds, KulturPass-Inhaber:innen, Medien-Vertreter:innen mit g\u00fcltigem Presseausweis<\/p>\n\t\t\t\t\t<\/div>\n\t\t\t\t<\/div>\n\t\t\t<\/div>\n\t\t<\/div>\n\t\t<div class=\"row\">\n\t\t\t<div class=\"col-xs-12 col-md-8 col-md-offset-3\">\n\t\t\t\t<div class=\"box\">\n\t\t\t\t\t\n<div class='ho-button-group' >\n\n<div class=\"block-buttons-item\">\n<a href=\"https:\/\/tickets.stadtmuseum.de\/#\/tickets\/combi?museum_id=5\"  target=\"\" class=\"ho-button has-icon-text-outside\">\n\t<span class=\"ho-button-icon icon-pfeilRechts\"><\/span>\n\t<span class=\"ho-button-label\">\n\t\tTicketshop\t<\/span>\n<\/a>\n<\/div>\n<\/div>\n\t\t\t\t<\/div>\n\t\t\t<\/div>\n\t\t<\/div>\n\t<\/div>\n<\/section>\n<section class=\"block block-headline has-highlight-color block-no-margin\"  id='programm' data-anchor='programm' data-anchor-name='Programm'>\n\t<div class=\"container-fluid\">\n\t\t<div class=\"row\">\n\t\t\t\t\t\t<div class=\"col-xs-12 col-md-7\">\n\t\t\t\t<div class=\"box\">\n\t\t\t\t\t<h2 class=\"h3\">Das ist los im Nikolaiviertel<\/h2>\n\t\t\t\t<\/div>\n\t\t\t<\/div>\n\t\t\t\t\t<\/div>\n\t<\/div>\n<\/section>\n<section class=\"block block-teaser  block-teaser- \" style=\"background-color: #FFFFFF\">\n\n\t\n\t\t\n\t\t\t<teaser-lane-with-buttons>\n\t\t\t<div class=\"teaser-lane-wrapper\">\n\t\t\t\t<ul class=\"teaser-lane\">\n\t\t\t\t<li class=\"col-xs-10 col-sm-4 teaser-lane-slide col-padding-remove teaser-gomus padding-bottom-third teaser-gomus teaser-type-gomus teaser-col-lane33 teaser-event teaser-type-standard teaser-col-lane33\" data-event=\"88071\" data-cats=\"638,412,659\" data-museen=\"6876\">\n\t<a href=\"https:\/\/www.stadtmuseum.de\/en\/events\/nikolai-music-on-friday\" class=\"teaser\">\n\t\t<div class=\"museum-box\">\n\t\t\t<div class=\"teaser-image\">\n\t\t\t\t\n\t\t<lazy-media-inline inline-template data-id=\"40886\">\n\t\t\t<figure itemscope itemtype=\"http:\/\/schema.org\/ImageObject\" class=\"lazy-media-inline \" role=\"group\" id=\"media_69f404492ce33\">\n\t\t\t\t<script type=\"application\/json\" ref=\"data\">\n\t\t\t\t{\n\t\t\t\t\"sizes\" : {\"medium\":{\"file\":\"Orgelempore__Stiftung_Stadtmuseum_Berlin__Foto_Michael_Setzpfand-196x300.jpg\",\"width\":196,\"height\":300,\"mime-type\":\"image\\\/jpeg\",\"filesize\":18240},\"large\":{\"file\":\"Orgelempore__Stiftung_Stadtmuseum_Berlin__Foto_Michael_Setzpfand-668x1024.jpg\",\"width\":668,\"height\":1024,\"mime-type\":\"image\\\/jpeg\",\"filesize\":135511},\"medium_large\":{\"file\":\"Orgelempore__Stiftung_Stadtmuseum_Berlin__Foto_Michael_Setzpfand-768x1178.jpg\",\"width\":768,\"height\":1178,\"mime-type\":\"image\\\/jpeg\",\"filesize\":169637},\"1536x1536\":{\"file\":\"Orgelempore__Stiftung_Stadtmuseum_Berlin__Foto_Michael_Setzpfand-1002x1536.jpg\",\"width\":1002,\"height\":1536,\"mime-type\":\"image\\\/jpeg\",\"filesize\":257436},\"2048x2048\":{\"file\":\"Orgelempore__Stiftung_Stadtmuseum_Berlin__Foto_Michael_Setzpfand-1336x2048.jpg\",\"width\":1336,\"height\":2048,\"mime-type\":\"image\\\/jpeg\",\"filesize\":399859},\"small\":{\"file\":\"Orgelempore__Stiftung_Stadtmuseum_Berlin__Foto_Michael_Setzpfand-287x440.jpg\",\"width\":287,\"height\":440,\"mime-type\":\"image\\\/jpeg\",\"filesize\":33662},\"semi\":{\"file\":\"Orgelempore__Stiftung_Stadtmuseum_Berlin__Foto_Michael_Setzpfand-378x580.jpg\",\"width\":378,\"height\":580,\"mime-type\":\"image\\\/jpeg\",\"filesize\":54131},\"mobile\":{\"file\":\"Orgelempore__Stiftung_Stadtmuseum_Berlin__Foto_Michael_Setzpfand-470x720.jpg\",\"width\":470,\"height\":720,\"mime-type\":\"image\\\/jpeg\",\"filesize\":76871},\"hd\":{\"file\":\"Orgelempore__Stiftung_Stadtmuseum_Berlin__Foto_Michael_Setzpfand-835x1280.jpg\",\"width\":835,\"height\":1280,\"mime-type\":\"image\\\/jpeg\",\"filesize\":193776},\"full\":{\"file\":\"Orgelempore__Stiftung_Stadtmuseum_Berlin__Foto_Michael_Setzpfand-1252x1920.jpg\",\"width\":1252,\"height\":1920,\"mime-type\":\"image\\\/jpeg\",\"filesize\":362600},\"original\":{\"file\":\"Orgelempore__Stiftung_Stadtmuseum_Berlin__Foto_Michael_Setzpfand.jpg\",\"width\":1500,\"height\":2300}},\n\t\t\t\t\"alt\" : \"Blick durch den Kirchenrauf mit Kreuzgew\\u00f6lbe auf die Orgelempore\",\n\t\t\t\t\"path\" : \"\\\/wp-content\\\/uploads\\\/2023\\\/10\\\/\",\n\t\t\t\t\"video\" : null,\n\t\t\t\t\"autoplay\" : null,\n\t\t\t\t\"youtube\" : null,\n\t\t\t\t\"youtubelabel\" : \"play\",\n\t\t\t\t\"brightness\" : 100,\n\t\t\t\t\"crop\" : null,\n\t\t\t\t\"background\" : true,\n\t\t\t\t\"scale\" : 1,\n\t\t\t\t\"zoom\" : false,\n\t\t\t\t\"annotations\" : null\t\t\t\t}\n\t\t\t<\/script>\n\t\t\t\t<div class=\"height-container\" style=\"padding-bottom:66%;  \" v-if=\"sizes\">\n\t\t\t\t\t<lazy-media :inline=\"true\" :alt=\"alt\" :sizes=\"sizes\" :scale=\"scale\" :zoom=\"zoom\" :brightness=\"brightness\" :path=\"path\" :video=\"video\" :autoplay=\"autoplay\" :youtube=\"youtube\" :crop=\"crop\" :youtubelabel=\"youtubelabel\" :annotations=\"annotations\" :background=\"background\"><\/lazy-media>\n\n\t\t\t\t\t\t\t\t\t<\/div>\n\n\t\t\t\t\n\t\t\t\t\n\n\n\t\t\t\t\n\t\t\t   \t\t\t\t\t\t\t<\/figure>\n\t\t<\/lazy-media-inline>\n\t\t\t\t\t<\/div>\n\t\t\t<div class=\"teaser-copy padding-top-sixth\">\n\t\t\t\t<div>\n\t\t\t\t\t\t\t\t\t\t\t<div class=\"zeplin-metadata margin-bottom-sixth clamp-1\">Music,  Nikolaiviertel,  Nikolai Quarter<\/div>\n\t\t\t\t\t\n\t\t\t\t\t<div class=\"teaser-header padding-bottom-minimal\">\n\t\t\t\t\t\t<div><h3 class=\"zeplin-teaserHeadline-M\">\n\t\t\t\t\t\t\t\t\t\t\t\t\t\tNikolai Music on Friday<\/h3><\/div>\n\t\t\t\t\t<\/div>\n\t\t\t\t\t<div class=\"copy margin-bottom-atom\">\n\t\t\t\t\t\t<p class=\"zeplin-teaserCopy\">After work concert to mark the start of the weekend, featuring organ music by historical female composers in Berlin&#8217;s oldest surviving church building.<\/p>\n\t\t\t\t\t<\/div>\n\n\t\t\t\t\t\t\t\t\t\t\t<div class=\"zeplin-metadata_highlight padding-bottom-minimal has-highlight-color \" v-html=\"this.$options.filters.ddmmmhh('2026-05-01 17:00:00')\">&nbsp;<\/div>\n\t\t\t\t\t\n\t\t\t\t\t\t\t\t\t\t\t<span class=\"ho-button is-small is-text has-icon-text-inside\"><span class=\"ho-button-icon icon-pin\"><\/span><span class=\"ho-button-label\">Museum Nikolaikirche<\/span><\/span>\n\t\t\t\t\t\t\t\t\t<\/div>\n\t\t\t<\/div>\n\t\t<\/div>\n\t<\/a>\n<\/li><li class=\"col-xs-10 col-sm-4 teaser-lane-slide col-padding-remove teaser-gomus padding-bottom-third teaser-gomus teaser-type-gomus teaser-col-lane33 teaser-event teaser-type-standard teaser-col-lane33\" data-event=\"62828\" data-cats=\"611,412,659,637\" data-museen=\"6876\">\n\t<a href=\"https:\/\/www.stadtmuseum.de\/en\/events\/day-of-action-at-the-museum-nikolaikirche\" class=\"teaser\">\n\t\t<div class=\"museum-box\">\n\t\t\t<div class=\"teaser-image\">\n\t\t\t\t\n\t\t<lazy-media-inline inline-template data-id=\"92189\">\n\t\t\t<figure itemscope itemtype=\"http:\/\/schema.org\/ImageObject\" class=\"lazy-media-inline \" role=\"group\" id=\"media_69f404492d3e5\">\n\t\t\t\t<script type=\"application\/json\" ref=\"data\">\n\t\t\t\t{\n\t\t\t\t\"sizes\" : {\"medium\":{\"file\":\"key-visual-sonntag-im-nikolaiviertel-300x300.jpg\",\"width\":300,\"height\":300,\"mime-type\":\"image\\\/jpeg\",\"filesize\":29082},\"large\":{\"file\":\"key-visual-sonntag-im-nikolaiviertel-1024x1019.jpg\",\"width\":1024,\"height\":1019,\"mime-type\":\"image\\\/jpeg\",\"filesize\":229780},\"medium_large\":{\"file\":\"key-visual-sonntag-im-nikolaiviertel-768x764.jpg\",\"width\":768,\"height\":764,\"mime-type\":\"image\\\/jpeg\",\"filesize\":146707},\"small\":{\"file\":\"key-visual-sonntag-im-nikolaiviertel-440x438.jpg\",\"width\":440,\"height\":438,\"mime-type\":\"image\\\/jpeg\",\"filesize\":56766},\"semi\":{\"file\":\"key-visual-sonntag-im-nikolaiviertel-580x577.jpg\",\"width\":580,\"height\":577,\"mime-type\":\"image\\\/jpeg\",\"filesize\":91789},\"mobile\":{\"file\":\"key-visual-sonntag-im-nikolaiviertel-720x717.jpg\",\"width\":720,\"height\":717,\"mime-type\":\"image\\\/jpeg\",\"filesize\":132082},\"original\":{\"file\":\"key-visual-sonntag-im-nikolaiviertel.jpg\",\"width\":1280,\"height\":1274}},\n\t\t\t\t\"alt\" : \"Cartoon-Zeichnung von buntem Menschenget\\u00fcmmel vor Nikolaikirche, Knoblauchhaus und Ephraim-Palais\",\n\t\t\t\t\"path\" : \"\\\/wp-content\\\/uploads\\\/2025\\\/03\\\/\",\n\t\t\t\t\"video\" : null,\n\t\t\t\t\"autoplay\" : null,\n\t\t\t\t\"youtube\" : null,\n\t\t\t\t\"youtubelabel\" : \"play\",\n\t\t\t\t\"brightness\" : 100,\n\t\t\t\t\"crop\" : null,\n\t\t\t\t\"background\" : true,\n\t\t\t\t\"scale\" : 1,\n\t\t\t\t\"zoom\" : false,\n\t\t\t\t\"annotations\" : null\t\t\t\t}\n\t\t\t<\/script>\n\t\t\t\t<div class=\"height-container\" style=\"padding-bottom:66%;  \" v-if=\"sizes\">\n\t\t\t\t\t<lazy-media :inline=\"true\" :alt=\"alt\" :sizes=\"sizes\" :scale=\"scale\" :zoom=\"zoom\" :brightness=\"brightness\" :path=\"path\" :video=\"video\" :autoplay=\"autoplay\" :youtube=\"youtube\" :crop=\"crop\" :youtubelabel=\"youtubelabel\" :annotations=\"annotations\" :background=\"background\"><\/lazy-media>\n\n\t\t\t\t\t\t\t\t\t<\/div>\n\n\t\t\t\t\n\t\t\t\t\n\n\n\t\t\t\t\n\t\t\t   \t\t\t\t\t\t\t<\/figure>\n\t\t<\/lazy-media-inline>\n\t\t\t\t\t<\/div>\n\t\t\t<div class=\"teaser-copy padding-top-sixth\">\n\t\t\t\t<div>\n\t\t\t\t\t\t\t\t\t\t\t<div class=\"zeplin-metadata margin-bottom-sixth clamp-1\">Day of action,  Nikolaiviertel,  Sunday at the Nikolai Quarter,  Nikolai Quarter<\/div>\n\t\t\t\t\t\n\t\t\t\t\t<div class=\"teaser-header padding-bottom-minimal\">\n\t\t\t\t\t\t<div><h3 class=\"zeplin-teaserHeadline-M\">\n\t\t\t\t\t\t\t\t\t\t\t\t\t\tDay of Action at the Museum Nikolaikirche<\/h3><\/div>\n\t\t\t\t\t<\/div>\n\t\t\t\t\t<div class=\"copy margin-bottom-atom\">\n\t\t\t\t\t\t<p class=\"zeplin-teaserCopy\">Welcome to the \u201cSunday at the Nikolai Quarter\u201d! A colorful program awaits you on the first Sunday of every month. Admission is free for everyone under 18 or with a concession.<\/p>\n\t\t\t\t\t<\/div>\n\n\t\t\t\t\t\t\t\t\t\t\t<div class=\"zeplin-metadata_highlight padding-bottom-minimal has-highlight-color \" v-html=\"this.$options.filters.ddmmmhh('2026-05-03 10:00:00')\">&nbsp;<\/div>\n\t\t\t\t\t\n\t\t\t\t\t\t\t\t\t\t\t<span class=\"ho-button is-small is-text has-icon-text-inside\"><span class=\"ho-button-icon icon-pin\"><\/span><span class=\"ho-button-label\">Museum Nikolaikirche<\/span><\/span>\n\t\t\t\t\t\t\t\t\t<\/div>\n\t\t\t<\/div>\n\t\t<\/div>\n\t<\/a>\n<\/li><li class=\"col-xs-10 col-sm-4 teaser-lane-slide col-padding-remove teaser-gomus padding-bottom-third teaser-gomus teaser-type-gomus teaser-col-lane33 teaser-event teaser-type-standard teaser-col-lane33\" data-event=\"62808\" data-cats=\"611,412,659,637\" data-museen=\"9367\">\n\t<a href=\"https:\/\/www.stadtmuseum.de\/en\/events\/day-of-action-at-the-museum-knoblauchhaus\" class=\"teaser\">\n\t\t<div class=\"museum-box\">\n\t\t\t<div class=\"teaser-image\">\n\t\t\t\t\n\t\t<lazy-media-inline inline-template data-id=\"92189\">\n\t\t\t<figure itemscope itemtype=\"http:\/\/schema.org\/ImageObject\" class=\"lazy-media-inline \" role=\"group\" id=\"media_69f404492d886\">\n\t\t\t\t<script type=\"application\/json\" ref=\"data\">\n\t\t\t\t{\n\t\t\t\t\"sizes\" : {\"medium\":{\"file\":\"key-visual-sonntag-im-nikolaiviertel-300x300.jpg\",\"width\":300,\"height\":300,\"mime-type\":\"image\\\/jpeg\",\"filesize\":29082},\"large\":{\"file\":\"key-visual-sonntag-im-nikolaiviertel-1024x1019.jpg\",\"width\":1024,\"height\":1019,\"mime-type\":\"image\\\/jpeg\",\"filesize\":229780},\"medium_large\":{\"file\":\"key-visual-sonntag-im-nikolaiviertel-768x764.jpg\",\"width\":768,\"height\":764,\"mime-type\":\"image\\\/jpeg\",\"filesize\":146707},\"small\":{\"file\":\"key-visual-sonntag-im-nikolaiviertel-440x438.jpg\",\"width\":440,\"height\":438,\"mime-type\":\"image\\\/jpeg\",\"filesize\":56766},\"semi\":{\"file\":\"key-visual-sonntag-im-nikolaiviertel-580x577.jpg\",\"width\":580,\"height\":577,\"mime-type\":\"image\\\/jpeg\",\"filesize\":91789},\"mobile\":{\"file\":\"key-visual-sonntag-im-nikolaiviertel-720x717.jpg\",\"width\":720,\"height\":717,\"mime-type\":\"image\\\/jpeg\",\"filesize\":132082},\"original\":{\"file\":\"key-visual-sonntag-im-nikolaiviertel.jpg\",\"width\":1280,\"height\":1274}},\n\t\t\t\t\"alt\" : \"Cartoon-Zeichnung von buntem Menschenget\\u00fcmmel vor Nikolaikirche, Knoblauchhaus und Ephraim-Palais\",\n\t\t\t\t\"path\" : \"\\\/wp-content\\\/uploads\\\/2025\\\/03\\\/\",\n\t\t\t\t\"video\" : null,\n\t\t\t\t\"autoplay\" : null,\n\t\t\t\t\"youtube\" : null,\n\t\t\t\t\"youtubelabel\" : \"play\",\n\t\t\t\t\"brightness\" : 100,\n\t\t\t\t\"crop\" : null,\n\t\t\t\t\"background\" : true,\n\t\t\t\t\"scale\" : 1,\n\t\t\t\t\"zoom\" : false,\n\t\t\t\t\"annotations\" : null\t\t\t\t}\n\t\t\t<\/script>\n\t\t\t\t<div class=\"height-container\" style=\"padding-bottom:66%;  \" v-if=\"sizes\">\n\t\t\t\t\t<lazy-media :inline=\"true\" :alt=\"alt\" :sizes=\"sizes\" :scale=\"scale\" :zoom=\"zoom\" :brightness=\"brightness\" :path=\"path\" :video=\"video\" :autoplay=\"autoplay\" :youtube=\"youtube\" :crop=\"crop\" :youtubelabel=\"youtubelabel\" :annotations=\"annotations\" :background=\"background\"><\/lazy-media>\n\n\t\t\t\t\t\t\t\t\t<\/div>\n\n\t\t\t\t\n\t\t\t\t\n\n\n\t\t\t\t\n\t\t\t   \t\t\t\t\t\t\t<\/figure>\n\t\t<\/lazy-media-inline>\n\t\t\t\t\t<\/div>\n\t\t\t<div class=\"teaser-copy padding-top-sixth\">\n\t\t\t\t<div>\n\t\t\t\t\t\t\t\t\t\t\t<div class=\"zeplin-metadata margin-bottom-sixth clamp-1\">Day of action,  Nikolaiviertel,  Sunday at the Nikolai Quarter,  Nikolai Quarter<\/div>\n\t\t\t\t\t\n\t\t\t\t\t<div class=\"teaser-header padding-bottom-minimal\">\n\t\t\t\t\t\t<div><h3 class=\"zeplin-teaserHeadline-M\">\n\t\t\t\t\t\t\t\t\t\t\t\t\t\tDay of Action at the Museum Knoblauchhaus<\/h3><\/div>\n\t\t\t\t\t<\/div>\n\t\t\t\t\t<div class=\"copy margin-bottom-atom\">\n\t\t\t\t\t\t<p class=\"zeplin-teaserCopy\">Welcome to the \u201cSunday at the Nikolai Quarter\u201d! A colorful program awaits you on the day of action. Admission is free for everyone under 18 or with a concession.<\/p>\n\t\t\t\t\t<\/div>\n\n\t\t\t\t\t\t\t\t\t\t\t<div class=\"zeplin-metadata_highlight padding-bottom-minimal has-highlight-color \" v-html=\"this.$options.filters.ddmmmhh('2026-05-03 10:00:00')\">&nbsp;<\/div>\n\t\t\t\t\t\n\t\t\t\t\t\t\t\t\t\t\t<span class=\"ho-button is-small is-text has-icon-text-inside\"><span class=\"ho-button-icon icon-pin\"><\/span><span class=\"ho-button-label\">Museum Knoblauchhaus<\/span><\/span>\n\t\t\t\t\t\t\t\t\t<\/div>\n\t\t\t<\/div>\n\t\t<\/div>\n\t<\/a>\n<\/li><li class=\"col-xs-10 col-sm-4 teaser-lane-slide col-padding-remove teaser-gomus padding-bottom-third teaser-gomus teaser-type-gomus teaser-col-lane33 teaser-event teaser-type-standard teaser-col-lane33\" data-event=\"62768\" data-cats=\"611,412,659,637\" data-museen=\"9350\">\n\t<a href=\"https:\/\/www.stadtmuseum.de\/en\/events\/day-of-action-at-the-museum-ephraim-palais\" class=\"teaser\">\n\t\t<div class=\"museum-box\">\n\t\t\t<div class=\"teaser-image\">\n\t\t\t\t\n\t\t<lazy-media-inline inline-template data-id=\"92189\">\n\t\t\t<figure itemscope itemtype=\"http:\/\/schema.org\/ImageObject\" class=\"lazy-media-inline \" role=\"group\" id=\"media_69f404492dd12\">\n\t\t\t\t<script type=\"application\/json\" ref=\"data\">\n\t\t\t\t{\n\t\t\t\t\"sizes\" : {\"medium\":{\"file\":\"key-visual-sonntag-im-nikolaiviertel-300x300.jpg\",\"width\":300,\"height\":300,\"mime-type\":\"image\\\/jpeg\",\"filesize\":29082},\"large\":{\"file\":\"key-visual-sonntag-im-nikolaiviertel-1024x1019.jpg\",\"width\":1024,\"height\":1019,\"mime-type\":\"image\\\/jpeg\",\"filesize\":229780},\"medium_large\":{\"file\":\"key-visual-sonntag-im-nikolaiviertel-768x764.jpg\",\"width\":768,\"height\":764,\"mime-type\":\"image\\\/jpeg\",\"filesize\":146707},\"small\":{\"file\":\"key-visual-sonntag-im-nikolaiviertel-440x438.jpg\",\"width\":440,\"height\":438,\"mime-type\":\"image\\\/jpeg\",\"filesize\":56766},\"semi\":{\"file\":\"key-visual-sonntag-im-nikolaiviertel-580x577.jpg\",\"width\":580,\"height\":577,\"mime-type\":\"image\\\/jpeg\",\"filesize\":91789},\"mobile\":{\"file\":\"key-visual-sonntag-im-nikolaiviertel-720x717.jpg\",\"width\":720,\"height\":717,\"mime-type\":\"image\\\/jpeg\",\"filesize\":132082},\"original\":{\"file\":\"key-visual-sonntag-im-nikolaiviertel.jpg\",\"width\":1280,\"height\":1274}},\n\t\t\t\t\"alt\" : \"Cartoon-Zeichnung von buntem Menschenget\\u00fcmmel vor Nikolaikirche, Knoblauchhaus und Ephraim-Palais\",\n\t\t\t\t\"path\" : \"\\\/wp-content\\\/uploads\\\/2025\\\/03\\\/\",\n\t\t\t\t\"video\" : null,\n\t\t\t\t\"autoplay\" : null,\n\t\t\t\t\"youtube\" : null,\n\t\t\t\t\"youtubelabel\" : \"play\",\n\t\t\t\t\"brightness\" : 100,\n\t\t\t\t\"crop\" : null,\n\t\t\t\t\"background\" : true,\n\t\t\t\t\"scale\" : 1,\n\t\t\t\t\"zoom\" : false,\n\t\t\t\t\"annotations\" : null\t\t\t\t}\n\t\t\t<\/script>\n\t\t\t\t<div class=\"height-container\" style=\"padding-bottom:66%;  \" v-if=\"sizes\">\n\t\t\t\t\t<lazy-media :inline=\"true\" :alt=\"alt\" :sizes=\"sizes\" :scale=\"scale\" :zoom=\"zoom\" :brightness=\"brightness\" :path=\"path\" :video=\"video\" :autoplay=\"autoplay\" :youtube=\"youtube\" :crop=\"crop\" :youtubelabel=\"youtubelabel\" :annotations=\"annotations\" :background=\"background\"><\/lazy-media>\n\n\t\t\t\t\t\t\t\t\t<\/div>\n\n\t\t\t\t\n\t\t\t\t\n\n\n\t\t\t\t\n\t\t\t   \t\t\t\t\t\t\t<\/figure>\n\t\t<\/lazy-media-inline>\n\t\t\t\t\t<\/div>\n\t\t\t<div class=\"teaser-copy padding-top-sixth\">\n\t\t\t\t<div>\n\t\t\t\t\t\t\t\t\t\t\t<div class=\"zeplin-metadata margin-bottom-sixth clamp-1\">Day of action,  Nikolaiviertel,  Sunday at the Nikolai Quarter,  Nikolai Quarter<\/div>\n\t\t\t\t\t\n\t\t\t\t\t<div class=\"teaser-header padding-bottom-minimal\">\n\t\t\t\t\t\t<div><h3 class=\"zeplin-teaserHeadline-M\">\n\t\t\t\t\t\t\t\t\t\t\t\t\t\tDay of Action at the Museum Ephraim-Palais<\/h3><\/div>\n\t\t\t\t\t<\/div>\n\t\t\t\t\t<div class=\"copy margin-bottom-atom\">\n\t\t\t\t\t\t<p class=\"zeplin-teaserCopy\">Welcome to the \u201cSunday at the Nikolai Quarter\u201d! A colorful program awaits you on the of the event. Admission is free for everyone under 18 or with a concession.<\/p>\n\t\t\t\t\t<\/div>\n\n\t\t\t\t\t\t\t\t\t\t\t<div class=\"zeplin-metadata_highlight padding-bottom-minimal has-highlight-color \" v-html=\"this.$options.filters.ddmmmhh('2026-05-03 10:00:00')\">&nbsp;<\/div>\n\t\t\t\t\t\n\t\t\t\t\t\t\t\t\t\t\t<span class=\"ho-button is-small is-text has-icon-text-inside\"><span class=\"ho-button-icon icon-pin\"><\/span><span class=\"ho-button-label\">Museum Ephraim-Palais<\/span><\/span>\n\t\t\t\t\t\t\t\t\t<\/div>\n\t\t\t<\/div>\n\t\t<\/div>\n\t<\/a>\n<\/li><li class=\"col-xs-10 col-sm-4 teaser-lane-slide col-padding-remove teaser-gomus padding-bottom-third teaser-gomus teaser-type-gomus teaser-col-lane33 teaser-event teaser-type-standard teaser-col-lane33\" data-event=\"87763\" data-cats=\"212,412,659,417\" data-museen=\"9350\">\n\t<a href=\"https:\/\/www.stadtmuseum.de\/en\/events\/printing-workshop\" class=\"teaser\">\n\t\t<div class=\"museum-box\">\n\t\t\t<div class=\"teaser-image\">\n\t\t\t\t\n\t\t<lazy-media-inline inline-template data-id=\"45171\">\n\t\t\t<figure itemscope itemtype=\"http:\/\/schema.org\/ImageObject\" class=\"lazy-media-inline \" role=\"group\" id=\"media_69f404492e3ca\">\n\t\t\t\t<script type=\"application\/json\" ref=\"data\">\n\t\t\t\t{\n\t\t\t\t\"sizes\" : {\"medium\":{\"file\":\"museumslabor-ephraim-palais-300x200.jpg\",\"width\":300,\"height\":200,\"mime-type\":\"image\\\/jpeg\",\"filesize\":11242},\"large\":{\"file\":\"museumslabor-ephraim-palais-1024x683.jpg\",\"width\":1024,\"height\":683,\"mime-type\":\"image\\\/jpeg\",\"filesize\":74872},\"medium_large\":{\"file\":\"museumslabor-ephraim-palais-768x512.jpg\",\"width\":768,\"height\":512,\"mime-type\":\"image\\\/jpeg\",\"filesize\":45135},\"1536x1536\":{\"file\":\"museumslabor-ephraim-palais-1536x1024.jpg\",\"width\":1536,\"height\":1024,\"mime-type\":\"image\\\/jpeg\",\"filesize\":154109},\"small\":{\"file\":\"museumslabor-ephraim-palais-440x293.jpg\",\"width\":440,\"height\":293,\"mime-type\":\"image\\\/jpeg\",\"filesize\":19250},\"semi\":{\"file\":\"museumslabor-ephraim-palais-580x387.jpg\",\"width\":580,\"height\":387,\"mime-type\":\"image\\\/jpeg\",\"filesize\":29359},\"mobile\":{\"file\":\"museumslabor-ephraim-palais-720x480.jpg\",\"width\":720,\"height\":480,\"mime-type\":\"image\\\/jpeg\",\"filesize\":40880},\"hd\":{\"file\":\"museumslabor-ephraim-palais-1280x853.jpg\",\"width\":1280,\"height\":853,\"mime-type\":\"image\\\/jpeg\",\"filesize\":111608},\"full\":{\"file\":\"museumslabor-ephraim-palais-1920x1280.jpg\",\"width\":1920,\"height\":1280,\"mime-type\":\"image\\\/jpeg\",\"filesize\":224250},\"original\":{\"file\":\"museumslabor-ephraim-palais.jpg\",\"width\":1929,\"height\":1286}},\n\t\t\t\t\"alt\" : \"Der Blick ins Museumslabor zeigt eine Gruppe beim gestalten kreativer Drucke\",\n\t\t\t\t\"path\" : \"\\\/wp-content\\\/uploads\\\/2023\\\/12\\\/\",\n\t\t\t\t\"video\" : null,\n\t\t\t\t\"autoplay\" : null,\n\t\t\t\t\"youtube\" : null,\n\t\t\t\t\"youtubelabel\" : \"play\",\n\t\t\t\t\"brightness\" : 100,\n\t\t\t\t\"crop\" : null,\n\t\t\t\t\"background\" : true,\n\t\t\t\t\"scale\" : 1,\n\t\t\t\t\"zoom\" : false,\n\t\t\t\t\"annotations\" : null\t\t\t\t}\n\t\t\t<\/script>\n\t\t\t\t<div class=\"height-container\" style=\"padding-bottom:66%;  \" v-if=\"sizes\">\n\t\t\t\t\t<lazy-media :inline=\"true\" :alt=\"alt\" :sizes=\"sizes\" :scale=\"scale\" :zoom=\"zoom\" :brightness=\"brightness\" :path=\"path\" :video=\"video\" :autoplay=\"autoplay\" :youtube=\"youtube\" :crop=\"crop\" :youtubelabel=\"youtubelabel\" :annotations=\"annotations\" :background=\"background\"><\/lazy-media>\n\n\t\t\t\t\t\t\t\t\t<\/div>\n\n\t\t\t\t\n\t\t\t\t\n\n\n\t\t\t\t\n\t\t\t   \t\t\t\t\t\t\t<\/figure>\n\t\t<\/lazy-media-inline>\n\t\t\t\t\t<\/div>\n\t\t\t<div class=\"teaser-copy padding-top-sixth\">\n\t\t\t\t<div>\n\t\t\t\t\t\t\t\t\t\t\t<div class=\"zeplin-metadata margin-bottom-sixth clamp-1\">Nikolaiviertel,  Nikolai Quarter,  Workshop,  Family and children<\/div>\n\t\t\t\t\t\n\t\t\t\t\t<div class=\"teaser-header padding-bottom-minimal\">\n\t\t\t\t\t\t<div><h3 class=\"zeplin-teaserHeadline-M\">\n\t\t\t\t\t\t\t\t\t\t\t\t\t\tPrinting workshop<\/h3><\/div>\n\t\t\t\t\t<\/div>\n\t\t\t\t\t<div class=\"copy margin-bottom-atom\">\n\t\t\t\t\t\t<p class=\"zeplin-teaserCopy\">With this free creative activity, families with children aged 3 and above can design their own full-colour linocuts in the museum laboratory.<\/p>\n\t\t\t\t\t<\/div>\n\n\t\t\t\t\t\t\t\t\t\t\t<div class=\"zeplin-metadata_highlight padding-bottom-minimal has-highlight-color \" v-html=\"this.$options.filters.ddmmmhh('2026-05-16 13:00:00')\">&nbsp;<\/div>\n\t\t\t\t\t\n\t\t\t\t\t\t\t\t\t\t\t<span class=\"ho-button is-small is-text has-icon-text-inside\"><span class=\"ho-button-icon icon-pin\"><\/span><span class=\"ho-button-label\">Museum Ephraim-Palais<\/span><\/span>\n\t\t\t\t\t\t\t\t\t<\/div>\n\t\t\t<\/div>\n\t\t<\/div>\n\t<\/a>\n<\/li>\t\t\t\t<\/ul>\n\t\t\t<\/div>\n\t\t<\/teaser-lane-with-buttons>\n\t\n\t<\/section>\n<section class=\"block block-headline block-no-margin\"  id='info-und-service' data-anchor='info-und-service' data-anchor-name='Info &amp; Service'>\n\t<div class=\"container-fluid\">\n\t\t<div class=\"row\">\n\t\t\t\t\t\t<div class=\"col-xs-12 col-md-7\">\n\t\t\t\t<div class=\"box\">\n\t\t\t\t\t<h2 class=\"h3\">Info &#038; Service<\/h2>\n\t\t\t\t<\/div>\n\t\t\t<\/div>\n\t\t\t\t\t<\/div>\n\t<\/div>\n<\/section>\n\n\n<section class=\"block block-copy-info \">\n\t<div class=\"container-fluid\">\n\t\t<div class=\"row\">\n\t\t\t<div class=\"col-xs-12 col-md-2 padding-top-sixth margin-bottom-sixth\">\n\t\t\t\t<div class=\"box\">\n\t\t\t\t\t<div class=\"copy\">\n\t\t\t\t\t\t<h5>Museum Ephraim-Palais<\/h5>\n\t\t\t\t\t<\/div>\n\t\t\t\t<\/div>\n\t\t\t<\/div>\n\n\t\t\t<div class=\"col-xs-12 col-md-8 col-md-offset-1 padding-top-sixth margin-bottom-sixth\">\n\t\t\t\t<div class=\"box\">\n\t\t\t\t\t<div class=\"copy editor\">\n\t\t\t\t\t\t<p><strong>Adresse<\/strong><br>Poststra\u00dfe 16<br>10178 Berlin<br><br><strong>\u00d6ffnungszeiten<\/strong><br>Di \u2013 So | 10 \u2013 18 Uhr<br>Mo geschlossen<br><br><strong>Eintritt<\/strong><br>7 Euro  (Einzel-Ticket)  | Eintritt frei (unter 18 Jahre oder mit Erm\u00e4\u00dfigung)<\/p>\n\t\t\t\t\t<\/div>\n\t\t\t\t<\/div>\n\t\t\t<\/div>\n\t\t<\/div>\n\t\t<div class=\"row\">\n\t\t\t<div class=\"col-xs-12 col-md-8 col-md-offset-3\">\n\t\t\t\t<div class=\"box\">\n\t\t\t\t\t\n<div class='ho-button-group' >\n\n<div class=\"block-buttons-item\">\n<a href=\"https:\/\/www.stadtmuseum.de\/museum\/museum-ephraim-palais\"  target=\"\" class=\"ho-button has-icon-text-outside\">\n\t<span class=\"ho-button-icon icon-pfeilRechts\"><\/span>\n\t<span class=\"ho-button-label\">\n\t\tweitere Infos\t<\/span>\n<\/a>\n<\/div>\n<\/div>\n\t\t\t\t<\/div>\n\t\t\t<\/div>\n\t\t<\/div>\n\t<\/div>\n<\/section>\n\n\n<section class=\"block block-copy-info \">\n\t<div class=\"container-fluid\">\n\t\t<div class=\"row\">\n\t\t\t<div class=\"col-xs-12 col-md-2 padding-top-sixth margin-bottom-sixth\">\n\t\t\t\t<div class=\"box\">\n\t\t\t\t\t<div class=\"copy\">\n\t\t\t\t\t\t<h5>Museum Nikolaikirche<\/h5>\n\t\t\t\t\t<\/div>\n\t\t\t\t<\/div>\n\t\t\t<\/div>\n\n\t\t\t<div class=\"col-xs-12 col-md-8 col-md-offset-1 padding-top-sixth margin-bottom-sixth\">\n\t\t\t\t<div class=\"box\">\n\t\t\t\t\t<div class=\"copy editor\">\n\t\t\t\t\t\t<p><strong>Adresse<\/strong><br>Nikolaikirchplatz<br>10178 Berlin<br><br><strong>\u00d6ffnungszeiten<\/strong><br>t\u00e4glich | 10 \u2013 18 Uhr<br>(auch an Feiertagen)<br><br><strong>Eintritt<\/strong><br>7 Euro  (Einzel-Ticket)  | Eintritt frei (unter 18 Jahre oder mit Erm\u00e4\u00dfigung)<\/p>\n\t\t\t\t\t<\/div>\n\t\t\t\t<\/div>\n\t\t\t<\/div>\n\t\t<\/div>\n\t\t<div class=\"row\">\n\t\t\t<div class=\"col-xs-12 col-md-8 col-md-offset-3\">\n\t\t\t\t<div class=\"box\">\n\t\t\t\t\t\n<div class='ho-button-group' >\n\n<div class=\"block-buttons-item\">\n<a href=\"https:\/\/www.stadtmuseum.de\/museum\/museum-nikolaikirche\"  target=\"\" class=\"ho-button has-icon-text-outside\">\n\t<span class=\"ho-button-icon icon-pfeilRechts\"><\/span>\n\t<span class=\"ho-button-label\">\n\t\tweitere Infos\t<\/span>\n<\/a>\n<\/div>\n<\/div>\n\t\t\t\t<\/div>\n\t\t\t<\/div>\n\t\t<\/div>\n\t<\/div>\n<\/section>\n\n\n<section class=\"block block-copy-info \">\n\t<div class=\"container-fluid\">\n\t\t<div class=\"row\">\n\t\t\t<div class=\"col-xs-12 col-md-2 padding-top-sixth margin-bottom-sixth\">\n\t\t\t\t<div class=\"box\">\n\t\t\t\t\t<div class=\"copy\">\n\t\t\t\t\t\t<h5>Museum Knoblauchhaus<\/h5>\n\t\t\t\t\t<\/div>\n\t\t\t\t<\/div>\n\t\t\t<\/div>\n\n\t\t\t<div class=\"col-xs-12 col-md-8 col-md-offset-1 padding-top-sixth margin-bottom-sixth\">\n\t\t\t\t<div class=\"box\">\n\t\t\t\t\t<div class=\"copy editor\">\n\t\t\t\t\t\t<p><strong>Adresse<\/strong><br>Poststra\u00dfe 23<br>10178 Berlin<br><br><strong>\u00d6ffnungszeiten<\/strong><br>Di \u2013 So | 10 \u2013 18 Uhr<br>Mo geschlossen<br><br><strong>Eintritt<\/strong><br>5 Euro  (Einzel-Ticket)  | Eintritt frei (unter 18 Jahre oder mit Erm\u00e4\u00dfigung)<\/p>\n\t\t\t\t\t<\/div>\n\t\t\t\t<\/div>\n\t\t\t<\/div>\n\t\t<\/div>\n\t\t<div class=\"row\">\n\t\t\t<div class=\"col-xs-12 col-md-8 col-md-offset-3\">\n\t\t\t\t<div class=\"box\">\n\t\t\t\t\t\n<div class='ho-button-group' >\n\n<div class=\"block-buttons-item\">\n<a href=\"https:\/\/www.stadtmuseum.de\/museum\/museum-knoblauchhaus\"  target=\"\" class=\"ho-button has-icon-text-outside\">\n\t<span class=\"ho-button-icon icon-pfeilRechts\"><\/span>\n\t<span class=\"ho-button-label\">\n\t\tweitere Infos\t<\/span>\n<\/a>\n<\/div>\n<\/div>\n\t\t\t\t<\/div>\n\t\t\t<\/div>\n\t\t<\/div>\n\t<\/div>\n<\/section>\n\n\n<section class=\"block block-copy-info \">\n\t<div class=\"container-fluid\">\n\t\t<div class=\"row\">\n\t\t\t<div class=\"col-xs-12 col-md-2 padding-top-sixth margin-bottom-sixth\">\n\t\t\t\t<div class=\"box\">\n\t\t\t\t\t<div class=\"copy\">\n\t\t\t\t\t\t<h5>Kontakt<\/h5>\n\t\t\t\t\t<\/div>\n\t\t\t\t<\/div>\n\t\t\t<\/div>\n\n\t\t\t<div class=\"col-xs-12 col-md-8 col-md-offset-1 padding-top-sixth margin-bottom-sixth\">\n\t\t\t\t<div class=\"box\">\n\t\t\t\t\t<div class=\"copy editor\">\n\t\t\t\t\t\t<p>Infoline<br>(030) 24 002-162<br>Mo \u2013 Fr | 10 \u2013 18 Uhr<br><a href=\"mailto:info@stadtmuseum.de\">E-Mail schreiben<\/a><\/p>\n\t\t\t\t\t<\/div>\n\t\t\t\t<\/div>\n\t\t\t<\/div>\n\t\t<\/div>\n\t\t<div class=\"row\">\n\t\t\t<div class=\"col-xs-12 col-md-8 col-md-offset-3\">\n\t\t\t\t<div class=\"box\">\n\t\t\t\t\t\n<div class='ho-button-group' ><\/div>\n\t\t\t\t<\/div>\n\t\t\t<\/div>\n\t\t<\/div>\n\t<\/div>\n<\/section>\n<section class=\"block block-headline block-no-margin\"  id='ticketshop' data-anchor='ticketshop' data-anchor-name='Tickets'>\n\t<div class=\"container-fluid\">\n\t\t<div class=\"row\">\n\t\t\t\t\t\t<div class=\"col-xs-12 col-md-7\">\n\t\t\t\t<div class=\"box\">\n\t\t\t\t\t<h2 class=\"h3\">Ticket-Shop<\/h2>\n\t\t\t\t<\/div>\n\t\t\t<\/div>\n\t\t\t\t\t<\/div>\n\t<\/div>\n<\/section>\n\n\n<section class=\"block block-copy block-no-margin\">\n\t<div class=\"container-fluid\">\n\t\t<div class=\"row\">\n\t\t\t<div class=\"col-xs-12 col-md-7\">\n\t\t\t\t<div class=\"copy\">\n\t\t\t\t\t<p>Ob mit Kombi-oder Einzel-Ticket: Wir freuen uns auf Ihren Besuch! <\/p>\n\t\t\t\t<\/div>\n\t\t\t<\/div>\n\t\t<\/div>\n\t<\/div>\n<\/section>\n\n\n\n<section class=\"block block-buttons block-buttons-callToAction\">\n\t<div class=\"container-fluid\">\n\t\t<div class=\"row\">\n\t\t\t<div class=\"col-xs-12 col-md-7 block-buttons-wrapper\">\n\t\t\t\t\n<div class='ho-button-group' >\n\n<div class=\"block-buttons-item\">\n<a href=\"https:\/\/tickets.stadtmuseum.de\/#\/tickets\/filters\" target=\"_blank\" class=\"ho-button is-large is-secondary\">\n<span class=\"ho-button-label\">\n\tTickets kaufen<\/span>\n<\/a>\n<\/div>\n<\/div>\n\t\t\t<\/div>\n\t\t<\/div>\n\t<\/div>\n<\/section>\n<section class=\"block block-taxes block-teaser  \" style=\"background-color: #FFFFFF\">\n\t\t\t<div class=\"container-fluid copy padding-bottom-third\">\n\t\t\t<h2 class=\"zeplin-subHead02\">Berlin Geschichten<\/h2>\n\t\t<\/div>\n\t\t<teaser-lane-with-buttons>\n\t\t<div class=\"teaser-lane-wrapper\">\n\t\t\t<ul class=\"teaser-lane\">\n\t\t\t\t\t<li class=\"col-xs-8 col-sm-4 col-md-3 teaser-type-overlay teaser-type-rounded teaser-wrapper\">\n\t<a href=\"https:\/\/www.stadtmuseum.de\/thema\/stadtgeschichte\" class=\"teaser\">\n\t\t<div class=\"tax-teaser\">\n\t\t\t<div class=\"teaser-image\">\n\t\t\t\t\t\n\t\t\t\t\t\n\t\t<lazy-media-inline inline-template data-id=\"39473\">\n\t\t\t<figure itemscope itemtype=\"http:\/\/schema.org\/ImageObject\" class=\"lazy-media-inline \" role=\"group\" id=\"media_69f4044931a9e\">\n\t\t\t\t<script type=\"application\/json\" ref=\"data\">\n\t\t\t\t{\n\t\t\t\t\"sizes\" : {\"medium\":{\"file\":\"berliner-mauer-brandenburger-tor-300x215.jpg\",\"width\":300,\"height\":215,\"mime-type\":\"image\\\/jpeg\",\"filesize\":17946},\"medium_large\":{\"file\":\"berliner-mauer-brandenburger-tor-768x551.jpg\",\"width\":768,\"height\":551,\"mime-type\":\"image\\\/jpeg\",\"filesize\":74464},\"small\":{\"file\":\"berliner-mauer-brandenburger-tor-440x316.jpg\",\"width\":440,\"height\":316,\"mime-type\":\"image\\\/jpeg\",\"filesize\":32259},\"semi\":{\"file\":\"berliner-mauer-brandenburger-tor-580x416.jpg\",\"width\":580,\"height\":416,\"mime-type\":\"image\\\/jpeg\",\"filesize\":48728},\"mobile\":{\"file\":\"berliner-mauer-brandenburger-tor-720x517.jpg\",\"width\":720,\"height\":517,\"mime-type\":\"image\\\/jpeg\",\"filesize\":67913},\"original\":{\"file\":\"berliner-mauer-brandenburger-tor.jpg\",\"width\":797,\"height\":572}},\n\t\t\t\t\"alt\" : \"\",\n\t\t\t\t\"path\" : \"\\\/wp-content\\\/uploads\\\/2023\\\/06\\\/\",\n\t\t\t\t\"video\" : null,\n\t\t\t\t\"autoplay\" : null,\n\t\t\t\t\"youtube\" : null,\n\t\t\t\t\"youtubelabel\" : \"play\",\n\t\t\t\t\"brightness\" : 50,\n\t\t\t\t\"crop\" : null,\n\t\t\t\t\"background\" : true,\n\t\t\t\t\"scale\" : 1,\n\t\t\t\t\"zoom\" : false,\n\t\t\t\t\"annotations\" : null\t\t\t\t}\n\t\t\t<\/script>\n\t\t\t\t<div class=\"height-container\" style=\"padding-bottom:42%;  \" v-if=\"sizes\">\n\t\t\t\t\t<lazy-media :inline=\"true\" :alt=\"alt\" :sizes=\"sizes\" :scale=\"scale\" :zoom=\"zoom\" :brightness=\"brightness\" :path=\"path\" :video=\"video\" :autoplay=\"autoplay\" :youtube=\"youtube\" :crop=\"crop\" :youtubelabel=\"youtubelabel\" :annotations=\"annotations\" :background=\"background\"><\/lazy-media>\n\n\t\t\t\t\t\t\t\t\t<\/div>\n\n\t\t\t\t\n\t\t\t\t\n\n\n\t\t\t\t\n\t\t\t   \t\t\t\t\t\t\t<\/figure>\n\t\t<\/lazy-media-inline>\n\t\t\t\t\t\t\t\t\t<\/div>\n\t\t\t<div class=\"teaser-copy zeplin-teaserHeadline-M teaser-copy-overlay teaser-copy-overlay-center has-invert-color\">Stadtgeschichte<\/div>\n\t\t<\/div>\n\t<\/a>\n<\/li>\n\t\t\t\t\t\t<li class=\"col-xs-8 col-sm-4 col-md-3 teaser-type-overlay teaser-type-rounded teaser-wrapper\">\n\t<a href=\"https:\/\/www.stadtmuseum.de\/thema\/berliner-orte\" class=\"teaser\">\n\t\t<div class=\"tax-teaser\">\n\t\t\t<div class=\"teaser-image\">\n\t\t\t\t\t\n\t\t\t\t\t\n\t\t<lazy-media-inline inline-template data-id=\"44858\">\n\t\t\t<figure itemscope itemtype=\"http:\/\/schema.org\/ImageObject\" class=\"lazy-media-inline \" role=\"group\" id=\"media_69f40449324cc\">\n\t\t\t\t<script type=\"application\/json\" ref=\"data\">\n\t\t\t\t{\n\t\t\t\t\"sizes\" : {\"medium\":{\"file\":\"alte-waisenbruecke-maerkisches-museum-300x219.jpg\",\"width\":300,\"height\":219,\"mime-type\":\"image\\\/jpeg\",\"filesize\":18412},\"medium_large\":{\"file\":\"alte-waisenbruecke-maerkisches-museum-768x562.jpg\",\"width\":768,\"height\":562,\"mime-type\":\"image\\\/jpeg\",\"filesize\":94512},\"small\":{\"file\":\"alte-waisenbruecke-maerkisches-museum-440x322.jpg\",\"width\":440,\"height\":322,\"mime-type\":\"image\\\/jpeg\",\"filesize\":36158},\"semi\":{\"file\":\"alte-waisenbruecke-maerkisches-museum-580x424.jpg\",\"width\":580,\"height\":424,\"mime-type\":\"image\\\/jpeg\",\"filesize\":58443},\"mobile\":{\"file\":\"alte-waisenbruecke-maerkisches-museum-720x527.jpg\",\"width\":720,\"height\":527,\"mime-type\":\"image\\\/jpeg\",\"filesize\":84410},\"original\":{\"file\":\"alte-waisenbruecke-maerkisches-museum.jpg\",\"width\":953,\"height\":697}},\n\t\t\t\t\"alt\" : \"Die belebte Waisenbr\\u00fccke \\u00fcber die Spree, im Vordergrund ein ankerndes Ausflugsschiff, im Hintergrund das M\\u00e4rkische Museum am M\\u00e4rkischen Platz mit Kaufhaus Neu-K\\u00f6lln\",\n\t\t\t\t\"path\" : \"\\\/wp-content\\\/uploads\\\/2024\\\/01\\\/\",\n\t\t\t\t\"video\" : null,\n\t\t\t\t\"autoplay\" : null,\n\t\t\t\t\"youtube\" : null,\n\t\t\t\t\"youtubelabel\" : \"play\",\n\t\t\t\t\"brightness\" : 50,\n\t\t\t\t\"crop\" : null,\n\t\t\t\t\"background\" : true,\n\t\t\t\t\"scale\" : 1,\n\t\t\t\t\"zoom\" : false,\n\t\t\t\t\"annotations\" : null\t\t\t\t}\n\t\t\t<\/script>\n\t\t\t\t<div class=\"height-container\" style=\"padding-bottom:42%;  \" v-if=\"sizes\">\n\t\t\t\t\t<lazy-media :inline=\"true\" :alt=\"alt\" :sizes=\"sizes\" :scale=\"scale\" :zoom=\"zoom\" :brightness=\"brightness\" :path=\"path\" :video=\"video\" :autoplay=\"autoplay\" :youtube=\"youtube\" :crop=\"crop\" :youtubelabel=\"youtubelabel\" :annotations=\"annotations\" :background=\"background\"><\/lazy-media>\n\n\t\t\t\t\t\t\t\t\t<\/div>\n\n\t\t\t\t\n\t\t\t\t\n\n\n\t\t\t\t\n\t\t\t   \t\t\t\t\t\t\t<\/figure>\n\t\t<\/lazy-media-inline>\n\t\t\t\t\t\t\t\t\t<\/div>\n\t\t\t<div class=\"teaser-copy zeplin-teaserHeadline-M teaser-copy-overlay teaser-copy-overlay-center has-invert-color\">Berliner Orte<\/div>\n\t\t<\/div>\n\t<\/a>\n<\/li>\n\t\t\t\t\t\t<li class=\"col-xs-8 col-sm-4 col-md-3 teaser-type-overlay teaser-type-rounded teaser-wrapper\">\n\t<a href=\"https:\/\/www.stadtmuseum.de\/thema\/berliner-dinge\" class=\"teaser\">\n\t\t<div class=\"tax-teaser\">\n\t\t\t<div class=\"teaser-image\">\n\t\t\t\t\t\n\t\t\t\t\t\n\t\t<lazy-media-inline inline-template data-id=\"53208\">\n\t\t\t<figure itemscope itemtype=\"http:\/\/schema.org\/ImageObject\" class=\"lazy-media-inline \" role=\"group\" id=\"media_69f4044932b96\">\n\t\t\t\t<script type=\"application\/json\" ref=\"data\">\n\t\t\t\t{\n\t\t\t\t\"sizes\" : {\"medium\":{\"file\":\"berliner-spielzeug-doppeldeckerbus-300x198.jpg\",\"width\":300,\"height\":198,\"mime-type\":\"image\\\/jpeg\",\"filesize\":11891},\"medium_large\":{\"file\":\"berliner-spielzeug-doppeldeckerbus-768x507.jpg\",\"width\":768,\"height\":507,\"mime-type\":\"image\\\/jpeg\",\"filesize\":48794},\"small\":{\"file\":\"berliner-spielzeug-doppeldeckerbus-440x290.jpg\",\"width\":440,\"height\":290,\"mime-type\":\"image\\\/jpeg\",\"filesize\":20812},\"semi\":{\"file\":\"berliner-spielzeug-doppeldeckerbus-580x383.jpg\",\"width\":580,\"height\":383,\"mime-type\":\"image\\\/jpeg\",\"filesize\":31790},\"mobile\":{\"file\":\"berliner-spielzeug-doppeldeckerbus-720x475.jpg\",\"width\":720,\"height\":475,\"mime-type\":\"image\\\/jpeg\",\"filesize\":44233},\"original\":{\"file\":\"berliner-spielzeug-doppeldeckerbus.jpg\",\"width\":1000,\"height\":660}},\n\t\t\t\t\"alt\" : \"Wooden double-decker bus with long bonnet and \\u2018Salem\\u2019 advertising lettering\",\n\t\t\t\t\"path\" : \"\\\/wp-content\\\/uploads\\\/2024\\\/08\\\/\",\n\t\t\t\t\"video\" : null,\n\t\t\t\t\"autoplay\" : null,\n\t\t\t\t\"youtube\" : null,\n\t\t\t\t\"youtubelabel\" : \"play\",\n\t\t\t\t\"brightness\" : 50,\n\t\t\t\t\"crop\" : null,\n\t\t\t\t\"background\" : true,\n\t\t\t\t\"scale\" : 1,\n\t\t\t\t\"zoom\" : false,\n\t\t\t\t\"annotations\" : null\t\t\t\t}\n\t\t\t<\/script>\n\t\t\t\t<div class=\"height-container\" style=\"padding-bottom:42%;  \" v-if=\"sizes\">\n\t\t\t\t\t<lazy-media :inline=\"true\" :alt=\"alt\" :sizes=\"sizes\" :scale=\"scale\" :zoom=\"zoom\" :brightness=\"brightness\" :path=\"path\" :video=\"video\" :autoplay=\"autoplay\" :youtube=\"youtube\" :crop=\"crop\" :youtubelabel=\"youtubelabel\" :annotations=\"annotations\" :background=\"background\"><\/lazy-media>\n\n\t\t\t\t\t\t\t\t\t<\/div>\n\n\t\t\t\t\n\t\t\t\t\n\n\n\t\t\t\t\n\t\t\t   \t\t\t\t\t\t\t<\/figure>\n\t\t<\/lazy-media-inline>\n\t\t\t\t\t\t\t\t\t<\/div>\n\t\t\t<div class=\"teaser-copy zeplin-teaserHeadline-M teaser-copy-overlay teaser-copy-overlay-center has-invert-color\">Berliner Dinge<\/div>\n\t\t<\/div>\n\t<\/a>\n<\/li>\n\t\t\t\t\t\t<li class=\"col-xs-8 col-sm-4 col-md-3 teaser-type-overlay teaser-type-rounded teaser-wrapper\">\n\t<a href=\"https:\/\/www.stadtmuseum.de\/thema\/digitale-angebote\" class=\"teaser\">\n\t\t<div class=\"tax-teaser\">\n\t\t\t<div class=\"teaser-image\">\n\t\t\t\t\t\n\t\t\t\t\t\n\t\t<lazy-media-inline inline-template data-id=\"14097\">\n\t\t\t<figure itemscope itemtype=\"http:\/\/schema.org\/ImageObject\" class=\"lazy-media-inline \" role=\"group\" id=\"media_69f404493326b\">\n\t\t\t\t<script type=\"application\/json\" ref=\"data\">\n\t\t\t\t{\n\t\t\t\t\"sizes\" : {\"medium\":{\"file\":\"3DModell-Technotuer-300x225.jpg\",\"width\":300,\"height\":225,\"mime-type\":\"image\\\/jpeg\",\"filesize\":4646},\"small\":{\"file\":\"3DModell-Technotuer-440x330.jpg\",\"width\":440,\"height\":330,\"mime-type\":\"image\\\/jpeg\",\"filesize\":8014},\"semi\":{\"file\":\"3DModell-Technotuer-580x435.jpg\",\"width\":580,\"height\":435,\"mime-type\":\"image\\\/jpeg\",\"filesize\":12492},\"original\":{\"file\":\"3DModell-Technotuer.jpg\",\"width\":640,\"height\":480}},\n\t\t\t\t\"alt\" : \"Freigestellte ge\\u00f6ffnete Tresort\\u00fcr vor schwarzem Hintergrund\",\n\t\t\t\t\"path\" : \"\\\/wp-content\\\/uploads\\\/2022\\\/12\\\/\",\n\t\t\t\t\"video\" : null,\n\t\t\t\t\"autoplay\" : null,\n\t\t\t\t\"youtube\" : null,\n\t\t\t\t\"youtubelabel\" : \"play\",\n\t\t\t\t\"brightness\" : 50,\n\t\t\t\t\"crop\" : null,\n\t\t\t\t\"background\" : true,\n\t\t\t\t\"scale\" : 1,\n\t\t\t\t\"zoom\" : false,\n\t\t\t\t\"annotations\" : null\t\t\t\t}\n\t\t\t<\/script>\n\t\t\t\t<div class=\"height-container\" style=\"padding-bottom:42%;  \" v-if=\"sizes\">\n\t\t\t\t\t<lazy-media :inline=\"true\" :alt=\"alt\" :sizes=\"sizes\" :scale=\"scale\" :zoom=\"zoom\" :brightness=\"brightness\" :path=\"path\" :video=\"video\" :autoplay=\"autoplay\" :youtube=\"youtube\" :crop=\"crop\" :youtubelabel=\"youtubelabel\" :annotations=\"annotations\" :background=\"background\"><\/lazy-media>\n\n\t\t\t\t\t\t\t\t\t<\/div>\n\n\t\t\t\t\n\t\t\t\t\n\n\n\t\t\t\t\n\t\t\t   \t\t\t\t\t\t\t<\/figure>\n\t\t<\/lazy-media-inline>\n\t\t\t\t\t\t\t\t\t<\/div>\n\t\t\t<div class=\"teaser-copy zeplin-teaserHeadline-M teaser-copy-overlay teaser-copy-overlay-center has-invert-color\">Digitale Angebote<\/div>\n\t\t<\/div>\n\t<\/a>\n<\/li>\n\t\t\t\t\t<\/ul>\n\t\t<\/div>\n\t<\/teaser-lane-with-buttons>\n<\/section>","protected":false},"excerpt":{"rendered":"<p>Welcome to the oldest part of the city of Berlin! Three museums invite you to discover history: the Museum Nikolaikirche, the Museum Knoblauchhaus and the Museum Ephraim-Palais. Learn about Berlin&#8217;s past and take part in our diverse program!<\/p>\n","protected":false},"author":8,"featured_media":61761,"parent":0,"menu_order":0,"comment_status":"closed","ping_status":"closed","template":"","meta":{"_acf_changed":false,"footnotes":""},"acf":[],"_links":{"self":[{"href":"https:\/\/www.stadtmuseum.de\/en\/wp-json\/wp\/v2\/pages\/35436"}],"collection":[{"href":"https:\/\/www.stadtmuseum.de\/en\/wp-json\/wp\/v2\/pages"}],"about":[{"href":"https:\/\/www.stadtmuseum.de\/en\/wp-json\/wp\/v2\/types\/page"}],"author":[{"embeddable":true,"href":"https:\/\/www.stadtmuseum.de\/en\/wp-json\/wp\/v2\/users\/8"}],"replies":[{"embeddable":true,"href":"https:\/\/www.stadtmuseum.de\/en\/wp-json\/wp\/v2\/comments?post=35436"}],"version-history":[{"count":30,"href":"https:\/\/www.stadtmuseum.de\/en\/wp-json\/wp\/v2\/pages\/35436\/revisions"}],"predecessor-version":[{"id":92859,"href":"https:\/\/www.stadtmuseum.de\/en\/wp-json\/wp\/v2\/pages\/35436\/revisions\/92859"}],"wp:featuredmedia":[{"embeddable":true,"href":"https:\/\/www.stadtmuseum.de\/en\/wp-json\/wp\/v2\/media\/61761"}],"wp:attachment":[{"href":"https:\/\/www.stadtmuseum.de\/en\/wp-json\/wp\/v2\/media?parent=35436"}],"curies":[{"name":"wp","href":"https:\/\/api.w.org\/{rel}","templated":true}]}}