{"id":8985,"date":"2022-11-08T08:42:29","date_gmt":"2022-11-08T07:42:29","guid":{"rendered":"https:\/\/amazing-bardeen.202-61-243-1.plesk.page\/?page_id=8985"},"modified":"2022-12-05T14:01:53","modified_gmt":"2022-12-05T13:01:53","slug":"the-waisenbrucke-bridge","status":"publish","type":"page","link":"https:\/\/www.stadtmuseum.de\/en\/the-waisenbrucke-bridge","title":{"rendered":"The Waisenbr\u00fccke bridge"},"content":{"rendered":"<section class=\"block block-header-page padding-top-half margin-bottom-half\"  >\n\t<div class=\"container-fluid\">\n\t\t<div class=\"row\">\n\t\t\t<div class=\"col-xs-12\">\n\t\t\t\t<h1 class=\"has-highlight-color\">The Waisenbr\u00fccke bridge<\/h1>\n\t\t\t<\/div>\n\t\t<\/div>\n\t\t\t\t<div class=\"row\">\n\t\t\t<div class=\"col-xs-12 col-md-6 padding-top-minimal\">\n\t\t\t\t<div class=\"zeplin-subHead03\">As part of the Allianz Neue Waisenbr\u00fccke, the Stadtmuseum Berlin is advocating for the construction of a new pedestrian and cycling bridge where the historic Waisenbr\u00fccke once stood. This bridge would make an important contribution to mobility transition and sustainable transport in Berlin.<\/div>\n\t\t\t<\/div>\n\n\t\t\t\t\t\t<div class=\"col-xs-9 col-xs-offset-3 col-md-5 col-md-offset-1 padding-top-third\">\n\t\t\t\t\n\t\t<lazy-media-inline inline-template data-id=\"5099\">\n\t\t\t<figure itemscope itemtype=\"http:\/\/schema.org\/ImageObject\" class=\"lazy-media-inline \" role=\"group\" id=\"media_69f1c3e2360fe\">\n\t\t\t\t<script type=\"application\/json\" ref=\"data\">\n\t\t\t\t{\n\t\t\t\t\"sizes\" : {\"medium\":{\"file\":\"ehemaliger-standort-waisenbruecke-300x245.jpg\",\"width\":300,\"height\":245,\"mime-type\":\"image\\\/jpeg\",\"filesize\":31986},\"large\":{\"file\":\"ehemaliger-standort-waisenbruecke-1024x835.jpg\",\"width\":1024,\"height\":835,\"mime-type\":\"image\\\/jpeg\",\"filesize\":267446},\"medium_large\":{\"file\":\"ehemaliger-standort-waisenbruecke-768x626.jpg\",\"width\":768,\"height\":626,\"mime-type\":\"image\\\/jpeg\",\"filesize\":167075},\"small\":{\"file\":\"ehemaliger-standort-waisenbruecke-440x359.jpg\",\"width\":440,\"height\":359,\"mime-type\":\"image\\\/jpeg\",\"filesize\":62679},\"semi\":{\"file\":\"ehemaliger-standort-waisenbruecke-580x473.jpg\",\"width\":580,\"height\":473,\"mime-type\":\"image\\\/jpeg\",\"filesize\":102793},\"mobile\":{\"file\":\"ehemaliger-standort-waisenbruecke-720x587.jpg\",\"width\":720,\"height\":587,\"mime-type\":\"image\\\/jpeg\",\"filesize\":149565},\"original\":{\"file\":\"ehemaliger-standort-waisenbruecke.jpg\",\"width\":1280,\"height\":1044}},\n\t\t\t\t\"alt\" : \"Ehemaliger Standort der Waisenbr\\u00fccke auf einer Luftaufnahme von 2008\",\n\t\t\t\t\"path\" : \"\\\/wp-content\\\/uploads\\\/2022\\\/10\\\/\",\n\t\t\t\t\"video\" : null,\n\t\t\t\t\"autoplay\" : null,\n\t\t\t\t\"youtube\" : null,\n\t\t\t\t\"youtubelabel\" : \"play\",\n\t\t\t\t\"brightness\" : 100,\n\t\t\t\t\"crop\" : null,\n\t\t\t\t\"background\" : false,\n\t\t\t\t\"scale\" : 1,\n\t\t\t\t\"zoom\" : false,\n\t\t\t\t\"annotations\" : null\t\t\t\t}\n\t\t\t<\/script>\n\t\t\t\t<div class=\"height-container\" style=\"padding-bottom:81.5625%;  \" v-if=\"sizes\">\n\t\t\t\t\t<lazy-media :inline=\"true\" :alt=\"alt\" :sizes=\"sizes\" :scale=\"scale\" :zoom=\"zoom\" :brightness=\"brightness\" :path=\"path\" :video=\"video\" :autoplay=\"autoplay\" :youtube=\"youtube\" :crop=\"crop\" :youtubelabel=\"youtubelabel\" :annotations=\"annotations\" :background=\"background\"><\/lazy-media>\n\n\t\t\t\t\t\t\t\t\t<\/div>\n\n\t\t\t\t\n\t\t\t\t\n\n\n\t\t\t\t\t\t\t\t\t\t<figcaption class=\"\">\n\t\t\t\t\t\t\t\t\t\t\t\t\t\t\t<div class=\"lazy-media-image-label\">The former location of the Waisenbr\u00fccke bridge shown in an aerial photograph from 2008.<\/div>\n\t\t\t\t\t\t\t\t\t\t\t\t\t\t\t\t\t\t\t\t\t\t<div class=\"lazy-media-image-description\">\u00a9 Stadtmuseum Berlin | Photo: Dirk Laubner <\/div>\n\t\t\t\t\t\t\t\t\t\t\t\t\t<\/figcaption>\n\t\t\t\t\t\t\t\t\t\n\t\t\t   \t\t\t\t\t\t\t<\/figure>\n\t\t<\/lazy-media-inline>\n\t\t\t\t\t<\/div>\n\t\t\t\t\t<\/div>\n\t\t\t<\/div>\n<\/section>\n\n\n\n<section class=\"block block-copy-service\" >\n\t<div class=\"container-fluid\">\n\t\t<div class=\"row\">\n\t\t\t<div class=\"col-xs-12 col-md-8 padding-top-sixth margin-bottom-sixth\">\n\t\t\t\t<div class=\"box\">\n\t\t\t\t\t<div class=\"copy editor\">\n\t\t\t\t\t\t<p class=\"zeplin-subHead02\">Learn all about the bridge&#8217;s history, the initiative to rebuild it and the many activities associated with it here:<\/p>\n\t\t\t\t\t<\/div>\n\t\t\t\t<\/div>\n\t\t\t<\/div>\n\t\t\t<div class=\"col-xs-12 col-md-3 col-md-offset-1 padding-top-sixth\">\n\t\t\t\t<div class=\"box margin-bottom-sixth \">\n\t\t\t\t\t<p class=\"zeplin-copySmall\">Allianz Neue Waisenbr\u00fccke is a joint initiative of the\u00a0<a href=\"https:\/\/www.luise-nord.de\/\">Betroffenenvertretung (BV) for the redevelopment area N\u00f6rdliche Luisenstadt<\/a>\u00a0and the\u00a0Stadtmuseum Berlin.<\/p>\n\t\t\t\t<\/div>\n\n\n\n\t\t\t\t\t\t\t<\/div>\n\t\t<\/div>\n\t<\/div>\n<\/section>\n\n\n<section class=\"block block-teaser dont-filter block-teaser-article \" style=\"background-color: #FFFFFF\">\n\n\t\n\t\t\n\t\t\t<div class=\"container-fluid\">\n\t\t\t<div class=\"row\" role=\"list\">\n\t\t\t\t<div class=\"col-xs-12 col-sm-6 teaser-sticky-container\">\n\t\t\t\t\t<div class=\"teaser-sticky-wrapper\">\n\t\t\t\t\t\t<div class=\"row teaser-sticky-item\">\n\t\t\t\t\t\t\t<div id=\"article_teaser_5402\" class=\"col-xs-12 teaser-wrapper padding-bottom-sixth teaser-article teaser-type-overlay teaser-col-sticky_overlay\">\n\t\t<a href=\"https:\/\/www.stadtmuseum.de\/artikel\/die-alte-waisenbruecke\" class=\"teaser footer-gradient\">\n\t\t\t<div>\n\t\t\t\t<div class=\"teaser-image\">\n\t\t\t\t\t\n\t\t<lazy-media-inline inline-template data-id=\"44857\">\n\t\t\t<figure itemscope itemtype=\"http:\/\/schema.org\/ImageObject\" class=\"lazy-media-inline \" role=\"group\" id=\"media_69f1c3e239fe3\">\n\t\t\t\t<script type=\"application\/json\" ref=\"data\">\n\t\t\t\t{\n\t\t\t\t\"sizes\" : {\"medium\":{\"file\":\"alte-waisenbruecke-maerkisches-museum-300x219.jpg\",\"width\":300,\"height\":219,\"mime-type\":\"image\\\/jpeg\",\"filesize\":18412},\"medium_large\":{\"file\":\"alte-waisenbruecke-maerkisches-museum-768x562.jpg\",\"width\":768,\"height\":562,\"mime-type\":\"image\\\/jpeg\",\"filesize\":94512},\"small\":{\"file\":\"alte-waisenbruecke-maerkisches-museum-440x322.jpg\",\"width\":440,\"height\":322,\"mime-type\":\"image\\\/jpeg\",\"filesize\":36158},\"semi\":{\"file\":\"alte-waisenbruecke-maerkisches-museum-580x424.jpg\",\"width\":580,\"height\":424,\"mime-type\":\"image\\\/jpeg\",\"filesize\":58443},\"mobile\":{\"file\":\"alte-waisenbruecke-maerkisches-museum-720x527.jpg\",\"width\":720,\"height\":527,\"mime-type\":\"image\\\/jpeg\",\"filesize\":84410},\"original\":{\"file\":\"alte-waisenbruecke-maerkisches-museum.jpg\",\"width\":953,\"height\":697}},\n\t\t\t\t\"alt\" : \"Die belebte Waisenbr\\u00fccke \\u00fcber die Spree, im Vordergrund ein ankerndes Ausflugsschiff, im Hintergrund das M\\u00e4rkische Museum am M\\u00e4rkischen Platz mit Kaufhaus Neu-K\\u00f6lln\",\n\t\t\t\t\"path\" : \"\\\/wp-content\\\/uploads\\\/2024\\\/01\\\/\",\n\t\t\t\t\"video\" : null,\n\t\t\t\t\"autoplay\" : null,\n\t\t\t\t\"youtube\" : null,\n\t\t\t\t\"youtubelabel\" : \"play\",\n\t\t\t\t\"brightness\" : 80,\n\t\t\t\t\"crop\" : null,\n\t\t\t\t\"background\" : true,\n\t\t\t\t\"scale\" : 1,\n\t\t\t\t\"zoom\" : false,\n\t\t\t\t\"annotations\" : null\t\t\t\t}\n\t\t\t<\/script>\n\t\t\t\t<div class=\"height-container\" style=\"padding-bottom:133%;  \" v-if=\"sizes\">\n\t\t\t\t\t<lazy-media :inline=\"true\" :alt=\"alt\" :sizes=\"sizes\" :scale=\"scale\" :zoom=\"zoom\" :brightness=\"brightness\" :path=\"path\" :video=\"video\" :autoplay=\"autoplay\" :youtube=\"youtube\" :crop=\"crop\" :youtubelabel=\"youtubelabel\" :annotations=\"annotations\" :background=\"background\"><\/lazy-media>\n\n\t\t\t\t\t\t\t\t\t<\/div>\n\n\t\t\t\t\n\t\t\t\t\n\n\n\t\t\t\t\n\t\t\t   \t\t\t\t\t\t\t<\/figure>\n\t\t<\/lazy-media-inline>\n\t\t\t\t\t\t\t\t\t\t\t<\/div>\n\t\t\t\t<div class=\"teaser-copy teaser-copy-overlay has-invert-color\">\n\t\t\t\t\t<div>\n\t\t\t\t\t\t<div class=\"teaser-header padding-top-sixth padding-bottom-sixth\"><div><h3 class=\"zeplin-teaserHeadline-L clamp-4\">Die alte Waisenbr\u00fccke<\/h3><\/div><\/div>\n\t\t\t\t\t\t<div class=\"copy\"><p class=\"zeplin-teaserCopy clamp-5\">Ab Januar 1960 lie\u00df die Ost-Berliner Stadtverwaltung die Waisenbr\u00fccke abrei\u00dfen. Mit dem geschichtsreichen Bauwerk verschwand ein Jahrhunderte alter Fluss\u00fcbergang \u00fcber die Spree.<\/p><div class=\"padding-top-sixth\"><span class=\"zeplin-metadata has-invert-color\">Article, 10 min Lesezeit<\/span><\/div><\/div>\n\t\t\t\t\t<\/div>\n\t\t\t\t<\/div>\n\t\t\t<\/div>\n\t\t<\/a>\n\t<\/div>\n\t\t\t\t\t\t<\/div>\n\t\t\t\t\t<\/div>\n\t\t\t\t<\/div>\n\t\t\t\t<div class=\"col-xs-12 col-sm-3\">\n\t\t\t\t\t<div class=\"row\">\n\t\t\t\t\t\t\t<div id=\"article_teaser_5110\" class=\"col-xs-12 teaser-wrapper padding-bottom-sixth teaser-video teaser-type-mobile-sideling teaser-col-sticky\" id=\"B69f1c3e23a66e\" data-i=\"0\" role=\"listitem\">\n\t\t<a href=\"https:\/\/www.stadtmuseum.de\/video\/neue-waisenbruecke\" class=\"teaser row middle-sm\">\n\t\t\t<div class=\"col-xs-4 col-sm-12\">\n\t\t\t\t<div class=\"teaser-image margin-bottom-sixth\">\n\t\t\t\t\t\t\t\t\t\t\t\n\t\t<lazy-media-inline inline-template data-id=\"5114\">\n\t\t\t<figure itemscope itemtype=\"http:\/\/schema.org\/ImageObject\" class=\"lazy-media-inline \" role=\"group\" id=\"media_69f1c3e23aac8\">\n\t\t\t\t<script type=\"application\/json\" ref=\"data\">\n\t\t\t\t{\n\t\t\t\t\"sizes\" : {\"medium\":{\"file\":\"Thumbnail_1280-300x169.jpg\",\"width\":300,\"height\":169,\"mime-type\":\"image\\\/jpeg\",\"filesize\":14663},\"large\":{\"file\":\"Thumbnail_1280-1024x576.jpg\",\"width\":1024,\"height\":576,\"mime-type\":\"image\\\/jpeg\",\"filesize\":125446},\"medium_large\":{\"file\":\"Thumbnail_1280-768x432.jpg\",\"width\":768,\"height\":432,\"mime-type\":\"image\\\/jpeg\",\"filesize\":77018},\"small\":{\"file\":\"Thumbnail_1280-440x248.jpg\",\"width\":440,\"height\":248,\"mime-type\":\"image\\\/jpeg\",\"filesize\":28515},\"semi\":{\"file\":\"Thumbnail_1280-580x326.jpg\",\"width\":580,\"height\":326,\"mime-type\":\"image\\\/jpeg\",\"filesize\":47053},\"mobile\":{\"file\":\"Thumbnail_1280-720x405.jpg\",\"width\":720,\"height\":405,\"mime-type\":\"image\\\/jpeg\",\"filesize\":68810},\"original\":{\"file\":\"Thumbnail_1280.jpg\",\"width\":1280,\"height\":720}},\n\t\t\t\t\"alt\" : \"\",\n\t\t\t\t\"path\" : \"\\\/wp-content\\\/uploads\\\/2022\\\/10\\\/\",\n\t\t\t\t\"video\" : null,\n\t\t\t\t\"autoplay\" : null,\n\t\t\t\t\"youtube\" : null,\n\t\t\t\t\"youtubelabel\" : \"play\",\n\t\t\t\t\"brightness\" : 100,\n\t\t\t\t\"crop\" : null,\n\t\t\t\t\"background\" : true,\n\t\t\t\t\"scale\" : 1,\n\t\t\t\t\"zoom\" : false,\n\t\t\t\t\"annotations\" : null\t\t\t\t}\n\t\t\t<\/script>\n\t\t\t\t<div class=\"height-container\" style=\"padding-bottom:56.25%;  \" v-if=\"sizes\">\n\t\t\t\t\t<lazy-media :inline=\"true\" :alt=\"alt\" :sizes=\"sizes\" :scale=\"scale\" :zoom=\"zoom\" :brightness=\"brightness\" :path=\"path\" :video=\"video\" :autoplay=\"autoplay\" :youtube=\"youtube\" :crop=\"crop\" :youtubelabel=\"youtubelabel\" :annotations=\"annotations\" :background=\"background\"><\/lazy-media>\n\n\t\t\t\t\t\t\t\t\t<\/div>\n\n\t\t\t\t\n\t\t\t\t\n\n\n\t\t\t\t\n\t\t\t   \t\t\t\t\t\t\t<\/figure>\n\t\t<\/lazy-media-inline>\n\t\t\n\t\t\t\t\t\t\t\t\t\t\t\t\t<button aria-label=\"Play\" type=\"button\" class=\"ho-button is-large is-primary has-icon\"><span class=\"ho-button-icon icon-play\"><\/span><\/button>\n\t\t\t\t\t\t\t\t\t\t\t\t\t\t\t<\/div>\n\t\t\t<\/div>\n\t\t\t<div class=\"col-xs-8 col-sm-12\">\n\t\t\t\t<div>\n\t\t\t\t\t<div class=\"teaser-header padding-bottom-sixth\"><div><h3 class=\"zeplin-teaserHeadline-M\">Neue Waisenbr\u00fccke<\/h3><\/div><\/div>\n\t\t\t\t\t<div class=\"copy\"><p class=\"zeplin-teaserCopy clamp-5\">Seit Jahrzehnten fehlt mit der Waisenbr\u00fccke eine der \u00e4ltesten Spree-\u00dcberquerungen Berlins. Bis heute klafft im Fu\u00df- und Fahrrad-Verkehrsnetz des Stadtzentrums diese L\u00fccke. Sie bis 2025 zu schlie\u00dfen fordert das B\u00fcndnis ALLIANZ NEUE WAISENBR\u00dcCKE. Am symbolisch gew\u00e4hlten \u201eBr\u00fcckentag\u201c zwischen Christi Himmelfahrt und dem folgenden Wochenende fanden 2021 online und vor Ort vielf\u00e4ltige Aktionen statt, um auf die fehlende Waisenbr\u00fccke aufmerksam zu machen.<\/p><div class=\"padding-top-sixth\"><span class=\"zeplin-metadata has-highlight-color\">Video 3:34 Minuten<\/span><\/div><\/div>\n\t\t\t\t<\/div>\n\t\t\t<\/div>\n\t\t<\/a>\n\t<\/div>\n\t\t\t\t\t\t\t\t\t<\/div><\/div><div class=\"col-xs-12 col-sm-3\"><div class=\"row\">\n\t\t\t\t\t\t\t\t\t<div id=\"article_teaser_5168\" class=\"col-xs-12 teaser-wrapper padding-bottom-sixth teaser-story teaser-type-mobile-sideling teaser-col-sticky\" id=\"B69f1c3e23b13c\" data-i=\"1\" role=\"listitem\">\n\t\t<a href=\"https:\/\/www.stadtmuseum.de\/story\/lets-build-berlin\" class=\"teaser row middle-sm\">\n\t\t\t<div class=\"col-xs-4 col-sm-12\">\n\t\t\t\t<div class=\"teaser-image margin-bottom-sixth\">\n\t\t\t\t\t\t\t\t\t\t\t\n\t\t<lazy-media-inline inline-template data-id=\"5157\">\n\t\t\t<figure itemscope itemtype=\"http:\/\/schema.org\/ImageObject\" class=\"lazy-media-inline \" role=\"group\" id=\"media_69f1c3e23b63e\">\n\t\t\t\t<script type=\"application\/json\" ref=\"data\">\n\t\t\t\t{\n\t\t\t\t\"sizes\" : {\"medium\":{\"file\":\"siegerentwurf_2_c_paradox_interactive-300x169.jpg\",\"width\":300,\"height\":169,\"mime-type\":\"image\\\/jpeg\",\"filesize\":15916},\"large\":{\"file\":\"siegerentwurf_2_c_paradox_interactive-1024x576.jpg\",\"width\":1024,\"height\":576,\"mime-type\":\"image\\\/jpeg\",\"filesize\":134080},\"medium_large\":{\"file\":\"siegerentwurf_2_c_paradox_interactive-768x432.jpg\",\"width\":768,\"height\":432,\"mime-type\":\"image\\\/jpeg\",\"filesize\":81778},\"small\":{\"file\":\"siegerentwurf_2_c_paradox_interactive-440x248.jpg\",\"width\":440,\"height\":248,\"mime-type\":\"image\\\/jpeg\",\"filesize\":30865},\"semi\":{\"file\":\"siegerentwurf_2_c_paradox_interactive-580x326.jpg\",\"width\":580,\"height\":326,\"mime-type\":\"image\\\/jpeg\",\"filesize\":50412},\"mobile\":{\"file\":\"siegerentwurf_2_c_paradox_interactive-720x405.jpg\",\"width\":720,\"height\":405,\"mime-type\":\"image\\\/jpeg\",\"filesize\":73435},\"original\":{\"file\":\"siegerentwurf_2_c_paradox_interactive.jpg\",\"width\":1267,\"height\":713}},\n\t\t\t\t\"alt\" : \"Siegerentwurf \\u201eNeue Waisenbr\\u00fccke\\u201c\",\n\t\t\t\t\"path\" : \"\\\/wp-content\\\/uploads\\\/2022\\\/10\\\/\",\n\t\t\t\t\"video\" : null,\n\t\t\t\t\"autoplay\" : null,\n\t\t\t\t\"youtube\" : null,\n\t\t\t\t\"youtubelabel\" : \"play\",\n\t\t\t\t\"brightness\" : 100,\n\t\t\t\t\"crop\" : null,\n\t\t\t\t\"background\" : true,\n\t\t\t\t\"scale\" : 1,\n\t\t\t\t\"zoom\" : false,\n\t\t\t\t\"annotations\" : null\t\t\t\t}\n\t\t\t<\/script>\n\t\t\t\t<div class=\"height-container\" style=\"padding-bottom:56.274664561957%;  \" v-if=\"sizes\">\n\t\t\t\t\t<lazy-media :inline=\"true\" :alt=\"alt\" :sizes=\"sizes\" :scale=\"scale\" :zoom=\"zoom\" :brightness=\"brightness\" :path=\"path\" :video=\"video\" :autoplay=\"autoplay\" :youtube=\"youtube\" :crop=\"crop\" :youtubelabel=\"youtubelabel\" :annotations=\"annotations\" :background=\"background\"><\/lazy-media>\n\n\t\t\t\t\t\t\t\t\t<\/div>\n\n\t\t\t\t\n\t\t\t\t\n\n\n\t\t\t\t\n\t\t\t   \t\t\t\t\t\t\t<\/figure>\n\t\t<\/lazy-media-inline>\n\t\t\n\t\t\t\t\t\t\t\t\t\t\t\t\t\t\t<\/div>\n\t\t\t<\/div>\n\t\t\t<div class=\"col-xs-8 col-sm-12\">\n\t\t\t\t<div>\n\t\t\t\t\t<div class=\"teaser-header padding-bottom-sixth\"><div><h3 class=\"zeplin-teaserHeadline-M\">\u201eLet&#8217;s Build Berlin\u201c<\/h3><\/div><\/div>\n\t\t\t\t\t<div class=\"copy\"><p class=\"zeplin-teaserCopy clamp-5\">Die Internationale Community des Computerspiels \u201eCities: Skylines\u201d war aufgefordert, das Areal rund um das M\u00e4rkische Museum zu gestalten.\u00a0<\/p><div class=\"padding-top-sixth\"><span class=\"zeplin-metadata has-highlight-color\">Short-Story, 3 min Lesezeit<\/span><\/div><\/div>\n\t\t\t\t<\/div>\n\t\t\t<\/div>\n\t\t<\/a>\n\t<\/div>\n\t\t\t\t\t<\/div>\n\t\t\t\t<\/div>\n\t\t\t<\/div>\n\t\t<\/div>\n\t\n\t<\/section>\n\n\n<section class=\"block block-copy-hint\">\n\t<div class=\"container-fluid\">\n\t\t<div class=\"block-copy-hint-wrapper\">\n\t\t\t<div class=\"row\">\n\t\t\t\t<div class=\"col-xs-12 col-md-2  padding-top-sixth margin-bottom-sixth\">\n\t\t\t\t\t<div class=\"box\">\n\t\t\t\t\t\t<div class=\"copy\">\n\t\t\t\t\t\t\t<h5 class=\"zeplin-subHead05 block-copy-hint-hl\">Allianz Neue Waisenbr\u00fccke<\/h5>\n\t\t\t\t\t\t<\/div>\n\t\t\t\t\t<\/div>\n\t\t\t\t<\/div>\n\n\t\t\t\t<div class=\"col-xs-12 col-md-8 col-md-offset-1 padding-top-sixth margin-bottom-sixth\">\n\t\t\t\t\t<div class=\"box\">\n\t\t\t\t\t\t<div class=\"copy editor\">\n\t\t\t\t\t\t\t<p>Allianz Neue Waisenbr\u00fccke is a joint initiative of the\u00a0<a href=\"https:\/\/www.luise-nord.de\/\">Betroffenenvertretung (BV) for the redevelopment area N\u00f6rdliche Luisenstadt<\/a>\u00a0and the\u00a0Stadtmuseum Berlin.<br>It is supported by a broad alliance, including among others B\u00fcrgerverein Luisenstadt e. V., Historischer Hafen Berlin e. V., Bund f\u00fcr Umwelt und Naturschutz Deutschland e. V. (BUND), Changing Cities e. V., Planungsgruppe Stadtkern des B\u00fcrgerforums Berlin e. V., Verein der Freunde und F\u00f6rderer des Stadtmuseums Berlin e. V..<br>You too can support the demand of the New Orphan Bridge Alliance to the Berlin Senate to build a new orphan bridge by 2025!<\/p>\n\t\t\t\t\t\t<\/div>\n\t\t\t\t\t<\/div>\n\t\t\t\t<\/div>\n\t\t\t<\/div>\n\t\t\t<div class=\"row\">\n\t\t\t\t<div class=\"col-xs-12 col-md-8 col-md-offset-3\">\n\t\t\t\t\t<div class=\"box\">\n\t\t\t\t\t\t\n<div class='ho-button-group' ><\/div>\n\t\t\t\t\t<\/div>\n\t\t\t\t<\/div>\n\t\t\t<\/div>\n\t\t<\/div>\n\t<\/div>\n<\/section>\n\n\n<section class=\"block block-standard-image-copy  align-left\" data-parallax='{\"child\":\".motion-image\",\"mask\":\".row\",\"full\":{\"y\": [5,-5]}}' id=\"sticky_69f1c3e23bb09\">\n\t<div class=\"container-fluid\" data-parallax='{\"child\":\".row\",\"mask\":\".motion-image\",\"in\":{\"scale\": [1.1,1.1],\"opacity\": [0,0]},\"center\":{\"scale\": [1.1,1],\"opacity\": [0,1],\"ease\":\"sine.out\"},\"out\":{\"opacity\": [1,0]}}'>\n\t\t<div class=\"row\">\n\t\t\t\t\t\t\t<div class=\"col-xs-12 col-md-7\">\n\t\t\t\t\t<div class=\"padding-bottom-minimal padding-top-minimal\" >\n\t\t\t\t\t\t\n\t\t<lazy-media-inline inline-template data-id=\"5103\">\n\t\t\t<figure itemscope itemtype=\"http:\/\/schema.org\/ImageObject\" class=\"lazy-media-inline \" role=\"group\" id=\"media_69f1c3e23bdec\">\n\t\t\t\t<script type=\"application\/json\" ref=\"data\">\n\t\t\t\t{\n\t\t\t\t\"sizes\" : {\"medium\":{\"file\":\"allianzneuewaisenbruecke-banner-300x99.jpg\",\"width\":300,\"height\":99,\"mime-type\":\"image\\\/jpeg\",\"filesize\":6765},\"small\":{\"file\":\"allianzneuewaisenbruecke-banner-440x145.jpg\",\"width\":440,\"height\":145,\"mime-type\":\"image\\\/jpeg\",\"filesize\":11103},\"semi\":{\"file\":\"allianzneuewaisenbruecke-banner-580x191.jpg\",\"width\":580,\"height\":191,\"mime-type\":\"image\\\/jpeg\",\"filesize\":15439},\"mobile\":{\"file\":\"allianzneuewaisenbruecke-banner-720x237.jpg\",\"width\":720,\"height\":237,\"mime-type\":\"image\\\/jpeg\",\"filesize\":20208},\"original\":{\"file\":\"allianzneuewaisenbruecke-banner.jpg\",\"width\":760,\"height\":250}},\n\t\t\t\t\"alt\" : \"\",\n\t\t\t\t\"path\" : \"\\\/wp-content\\\/uploads\\\/2022\\\/10\\\/\",\n\t\t\t\t\"video\" : null,\n\t\t\t\t\"autoplay\" : null,\n\t\t\t\t\"youtube\" : null,\n\t\t\t\t\"youtubelabel\" : \"play\",\n\t\t\t\t\"brightness\" : 100,\n\t\t\t\t\"crop\" : null,\n\t\t\t\t\"background\" : false,\n\t\t\t\t\"scale\" : 1,\n\t\t\t\t\"zoom\" : false,\n\t\t\t\t\"annotations\" : null\t\t\t\t}\n\t\t\t<\/script>\n\t\t\t\t<div class=\"height-container\" style=\"padding-bottom:32.894736842105%;  \" v-if=\"sizes\">\n\t\t\t\t\t<lazy-media :inline=\"true\" :alt=\"alt\" :sizes=\"sizes\" :scale=\"scale\" :zoom=\"zoom\" :brightness=\"brightness\" :path=\"path\" :video=\"video\" :autoplay=\"autoplay\" :youtube=\"youtube\" :crop=\"crop\" :youtubelabel=\"youtubelabel\" :annotations=\"annotations\" :background=\"background\"><\/lazy-media>\n\n\t\t\t\t\t\t\t\t\t<\/div>\n\n\t\t\t\t\n\t\t\t\t\n\n\n\t\t\t\t\t\t\t\t\n\t\t\t   \t\t\t\t\t\t\t<\/figure>\n\t\t<\/lazy-media-inline>\n\t\t\t\t\t\t\t<\/div>\n\t\t\t\t<\/div>\n\t\t\t\t<div class=\"col-xs-12 col-md-4 col-md-offset-1\">\n\t\t\t\t\t<div class=\"padding-bottom-minimal padding-top-minimal copy\" >\n\t\t\t\t\t\t\t\t\t\t\t\tFurther information, additional links as well as a detailed press review, current background information, reports and contact information can be found on the official website of the New Orphan Bridge Alliance.\u00a0\t\t\t\t\t<\/div>\n\t\t\t\t<\/div>\n\t\t\t\t\t<\/div>\n\t<\/div>\n<\/section>\n","protected":false},"excerpt":{"rendered":"","protected":false},"author":7,"featured_media":5100,"parent":0,"menu_order":0,"comment_status":"closed","ping_status":"closed","template":"","meta":{"_acf_changed":false,"footnotes":""},"acf":[],"_links":{"self":[{"href":"https:\/\/www.stadtmuseum.de\/en\/wp-json\/wp\/v2\/pages\/8985"}],"collection":[{"href":"https:\/\/www.stadtmuseum.de\/en\/wp-json\/wp\/v2\/pages"}],"about":[{"href":"https:\/\/www.stadtmuseum.de\/en\/wp-json\/wp\/v2\/types\/page"}],"author":[{"embeddable":true,"href":"https:\/\/www.stadtmuseum.de\/en\/wp-json\/wp\/v2\/users\/7"}],"replies":[{"embeddable":true,"href":"https:\/\/www.stadtmuseum.de\/en\/wp-json\/wp\/v2\/comments?post=8985"}],"version-history":[{"count":2,"href":"https:\/\/www.stadtmuseum.de\/en\/wp-json\/wp\/v2\/pages\/8985\/revisions"}],"predecessor-version":[{"id":13143,"href":"https:\/\/www.stadtmuseum.de\/en\/wp-json\/wp\/v2\/pages\/8985\/revisions\/13143"}],"wp:featuredmedia":[{"embeddable":true,"href":"https:\/\/www.stadtmuseum.de\/en\/wp-json\/wp\/v2\/media\/5100"}],"wp:attachment":[{"href":"https:\/\/www.stadtmuseum.de\/en\/wp-json\/wp\/v2\/media?parent=8985"}],"curies":[{"name":"wp","href":"https:\/\/api.w.org\/{rel}","templated":true}]}}