{"id":15962,"date":"2023-01-10T14:46:17","date_gmt":"2023-01-10T13:46:17","guid":{"rendered":"https:\/\/www.stadtmuseum.de\/?post_type=video&#038;p=15962"},"modified":"2023-02-21T15:00:05","modified_gmt":"2023-02-21T14:00:05","slug":"barbara-panther-lebt-und-arbeitet-in-berlin","status":"publish","type":"video","link":"https:\/\/www.stadtmuseum.de\/en\/video\/barbara-panther-lebt-und-arbeitet-in-berlin","title":{"rendered":"Barbara Panther | &#8230;lebt und arbeitet in Berlin."},"content":{"rendered":"<section class=\"block block-header-video\" >\n\n\t<div class=\"block-header-video-content margin-bottom-sixth\">\n\t\t<block-media inline-template>\n\t\t\t<div class=\"block-media-wrapper\" @click=\"click\">\n\t\t\t\t<div class=\"block-header-video-fg\" ref=\"fg\">\n\t\t\t\t\t<div class=\"block-header-video-fg-wrapper\">\n\t\t\t\t\t\t<div class=\"container-fluid block-header-video-fg-container\">\n\t\t\t\t\t\t\t<div class=\"row block-header-video-fg-row\">\n\t\t\t\t\t\t\t\t<div class=\"col-xs-12 padding-top-two-thirds\">\n\t\t\t\t\t\t\t\t\t<div class=\"box\">\n\t\t\t\t\t\t\t\t\t\t<h1 class=\"zeplin-subHead01 has-invert-color padding-bottom-sixth\">Barbara Panther | &#8230;lebt und arbeitet in Berlin.<\/h1>\n\t\t\t\t\t\t\t\t\t\t<div class=\"zeplin-quoteName has-invert-color padding-bottom-sixth\">Berliner Zimmer<\/div>\n\t\t\t\t\t\t\t\t\t<\/div>\n\t\t\t\t\t\t\t\t<\/div>\n\t\t\t\t\t\t\t<\/div>\n\t\t\t\t\t\t<\/div>\n\t\t\t\t\t<\/div>\n\t\t\t\t<\/div>\n\n\t\t\t\t<div class=\"block-header-video-bg\">\n\t\t\t\t\t<div class=\"block-header-video-bg-wrapper\">\n\t\t\t\t\t\t\n\t\t<lazy-media-inline inline-template data-id=\"5924\">\n\t\t\t<figure itemscope itemtype=\"http:\/\/schema.org\/ImageObject\" class=\"lazy-media-inline \" role=\"group\" id=\"media_69f274ec9a910\">\n\t\t\t\t<script type=\"application\/json\" ref=\"data\">\n\t\t\t\t{\n\t\t\t\t\"sizes\" : {\"medium\":{\"file\":\"Barbara_Panther-300x169.jpg\",\"width\":300,\"height\":169,\"mime-type\":\"image\\\/jpeg\",\"filesize\":15615},\"large\":{\"file\":\"Barbara_Panther-1024x577.jpg\",\"width\":1024,\"height\":577,\"mime-type\":\"image\\\/jpeg\",\"filesize\":146841},\"medium_large\":{\"file\":\"Barbara_Panther-768x433.jpg\",\"width\":768,\"height\":433,\"mime-type\":\"image\\\/jpeg\",\"filesize\":89064},\"1536x1536\":{\"file\":\"Barbara_Panther-1536x865.jpg\",\"width\":1536,\"height\":865,\"mime-type\":\"image\\\/jpeg\",\"filesize\":282426},\"2048x2048\":{\"file\":\"Barbara_Panther-2048x1154.jpg\",\"width\":2048,\"height\":1154,\"mime-type\":\"image\\\/jpeg\",\"filesize\":433549},\"small\":{\"file\":\"Barbara_Panther-440x248.jpg\",\"width\":440,\"height\":248,\"mime-type\":\"image\\\/jpeg\",\"filesize\":31456},\"semi\":{\"file\":\"Barbara_Panther-580x327.jpg\",\"width\":580,\"height\":327,\"mime-type\":\"image\\\/jpeg\",\"filesize\":53581},\"mobile\":{\"file\":\"Barbara_Panther-720x406.jpg\",\"width\":720,\"height\":406,\"mime-type\":\"image\\\/jpeg\",\"filesize\":79219},\"hd\":{\"file\":\"Barbara_Panther-1280x721.jpg\",\"width\":1280,\"height\":721,\"mime-type\":\"image\\\/jpeg\",\"filesize\":211965},\"full\":{\"file\":\"Barbara_Panther-1920x1082.jpg\",\"width\":1920,\"height\":1082,\"mime-type\":\"image\\\/jpeg\",\"filesize\":394151},\"original\":{\"file\":\"Barbara_Panther.jpg\",\"width\":2876,\"height\":1620}},\n\t\t\t\t\"alt\" : \"\",\n\t\t\t\t\"path\" : \"\\\/wp-content\\\/uploads\\\/2022\\\/11\\\/\",\n\t\t\t\t\"video\" : null,\n\t\t\t\t\"autoplay\" : null,\n\t\t\t\t\"youtube\" : \"https:\\\/\\\/www.youtube-nocookie.com\\\/watch?v=1TbKFjz6NTk&list=PLTx-AGktHzHW_jQ4sk86WpWTMtB-GDGyy&index=5\",\n\t\t\t\t\"youtubelabel\" : \"play\",\n\t\t\t\t\"brightness\" : 70,\n\t\t\t\t\"crop\" : null,\n\t\t\t\t\"background\" : false,\n\t\t\t\t\"scale\" : 1,\n\t\t\t\t\"zoom\" : false,\n\t\t\t\t\"annotations\" : null\t\t\t\t}\n\t\t\t<\/script>\n\t\t\t\t<div class=\"height-container\" style=\"padding-bottom:56.328233657858%;  \" v-if=\"sizes\">\n\t\t\t\t\t<lazy-media :inline=\"true\" :alt=\"alt\" :sizes=\"sizes\" :scale=\"scale\" :zoom=\"zoom\" :brightness=\"brightness\" :path=\"path\" :video=\"video\" :autoplay=\"autoplay\" :youtube=\"youtube\" :crop=\"crop\" :youtubelabel=\"youtubelabel\" :annotations=\"annotations\" :background=\"background\"><\/lazy-media>\n\n\t\t\t\t\t\t\t\t\t<\/div>\n\n\t\t\t\t\n\t\t\t\t\t\t\t\t  <div class=\"container-fluid\">\n\t\t\t\t\t  <div class=\"row\">\n\t\t\t\t\t  \t<div class=\"col-xs-12\">\n\t\t\t\t\t\t\n\n\n\t\t\t\t\t\t\t\t\n\t\t\t   \t\t\t\t\t\t<\/div>\n\t\t\t\t\t  <\/div>\n\t\t\t\t  <\/div>\n\t\t\t\t\t\t\t\t\t\t<\/figure>\n\t\t<\/lazy-media-inline>\n\t\t\t\t\t\t\t<\/div>\n\t\t\t\t<\/div>\n\t\t\t<\/div>\n\t\t<\/block-media>\n\t<\/div>\n\n\t<div class=\"container-fluid margin-bottom padding-top-third\">\n\t\t<div class=\"row\">\n\t\t\t<div class=\"col-xs-12 col-md-7\">\n\t\t\t\t<div class=\"copy\">\n\t\t\t\t\t<div class=\"copy\">\n\t\t\t\t\t\t<p>Barbara Panther was born in Rwanda. Her parents fled the genocide in the mid-1990\u2019s to Belgium, where Barbara was adopted by a Belgian family. As a teenager, she travelled to Rwanda in search of her roots only to return traumatised. She began dancing professionally, which helped her to overcome her trauma. She started making electronic music and moved to Berlin, where she has lived and worked ever since.<\/p>\n\t\t\t\t\t<\/div>\n\t\t\t\t<\/div>\n\t\t\t<\/div>\n\t\t<\/div>\n\t<\/div>\n<\/section>\n\n\n\n<section class=\"block block-copy-hint\">\n\t<div class=\"container-fluid\">\n\t\t<div class=\"block-copy-hint-wrapper\">\n\t\t\t<div class=\"row\">\n\t\t\t\t<div class=\"col-xs-12 col-md-2  padding-top-sixth margin-bottom-sixth\">\n\t\t\t\t\t<div class=\"box\">\n\t\t\t\t\t\t<div class=\"copy\">\n\t\t\t\t\t\t\t<h5 class=\"zeplin-subHead05 block-copy-hint-hl\">Background<\/h5>\n\t\t\t\t\t\t<\/div>\n\t\t\t\t\t<\/div>\n\t\t\t\t<\/div>\n\n\t\t\t\t<div class=\"col-xs-12 col-md-8 col-md-offset-1 padding-top-sixth margin-bottom-sixth\">\n\t\t\t\t\t<div class=\"box\">\n\t\t\t\t\t\t<div class=\"copy editor\">\n\t\t\t\t\t\t\t<p>The exhibition project &#8220;\u2026lebt und arbeitet in Berlin&#8221; builds on the video archive project Berliner Zimmer, which Sonya Sch\u00f6nberger began in 2018 in collaboration with the Stadtmuseum Berlin. This ever-expanding archive of video interviews with Berliners can be accessed online at any time and also forms part of the Stadtmuseum Berlin\u2019s digital collection.<br><br><strong>Alpha Nova &amp; Galerie Futura showed the interviews as a video installation as part of an exhibition from June 18 to August 21, 2021.\u00a0<\/strong><\/p>\n\t\t\t\t\t\t<\/div>\n\t\t\t\t\t<\/div>\n\t\t\t\t<\/div>\n\t\t\t<\/div>\n\t\t\t<div class=\"row\">\n\t\t\t\t<div class=\"col-xs-12 col-md-8 col-md-offset-3\">\n\t\t\t\t\t<div class=\"box\">\n\t\t\t\t\t\t\n<div class='ho-button-group' ><\/div>\n\t\t\t\t\t<\/div>\n\t\t\t\t<\/div>\n\t\t\t<\/div>\n\t\t<\/div>\n\t<\/div>\n<\/section>\n\n\n<section class=\"block block-headline has-highlight-color block-no-margin\" >\n\t<div class=\"container-fluid\">\n\t\t<div class=\"row\">\n\t\t\t\t\t\t<div class=\"col-xs-12 col-md-7 col-md-offset-5\">\n\t\t\t\t<div class=\"box\">\n\t\t\t\t\t<h2 class=\"h3\">&#8230; lebt und arbeitet in Berlin.<\/h2>\n\t\t\t\t<\/div>\n\t\t\t<\/div>\n\t\t\t\t\t<\/div>\n\t<\/div>\n<\/section>\n\n\n<section class=\"block block-copy\">\n\t<div class=\"container-fluid\">\n\t\t<div class=\"row\">\n\t\t\t<div class=\"col-xs-12 col-md-7 col-md-offset-5\">\n\t\t\t\t<div class=\"copy\">\n\t\t\t\t\t<p>Berlin has always been associated with the promise of a better, safer and more liberated life. Today more than ever, Berlin is a city of new arrivals, a place of aspiration and refuge, especially for artists and creators, who see in it a place where self-realisation is possible.<br><br>The stories of the women interviewed reveal personal motives, structural difficulties and social hurdles linked to migration in general and labour migration in particular. At the same time, they provide an opportunity to reflect on current and future social coexistence in the city, including with regard to the social and professional equality of women, particularly in the area of art and culture.<\/p>\n\t\t\t\t<\/div>\n\t\t\t<\/div>\n\t\t<\/div>\n\t<\/div>\n<\/section>\n\n\n<section class=\"block block-headline has-highlight-color block-no-margin\" >\n\t<div class=\"container-fluid\">\n\t\t<div class=\"row\">\n\t\t\t\t\t\t<div class=\"col-xs-12 col-md-7\">\n\t\t\t\t<div class=\"box\">\n\t\t\t\t\t<h2 class=\"h3\">Learn more<\/h2>\n\t\t\t\t<\/div>\n\t\t\t<\/div>\n\t\t\t\t\t<\/div>\n\t<\/div>\n<\/section>\n\n\n<section class=\"block block-teaser dont-filter block-teaser-page \" style=\"background-color: #FFFFFF\">\n\n\t\n\t\t\n\t\t\t<div class=\"container-fluid teaser-no-lane\"  data-parallax-stagger='{\"child\":\"li\",\"mask\":\".row\",\"split\":false,\"in\":{\"opacity\": [0,0],\"delay\":0},\"center\":{\"y\": [60,0],\"opacity\": [0,1],\"delay\":1,\"ease\":\"sine.out\"},\"out\":{\"opacity\": [1,0],\"delay\":0,\"ease\":\"sine.in\"}}'>\n\t\t\t<ul class=\"row\">\n\t\t\t\t<li class=\"col-xs-12 col-md-6 teaser-page teaser-wrapper padding-bottom-sixth teaser-page teaser-type-standard teaser-col-2\">\n\t<a href=\"https:\/\/www.stadtmuseum.de\/berliner-zimmer\" class=\"teaser\">\n\t\t<div>\n\t\t\t<div class=\"teaser-image\">\n\t\t\t\t\n\t\t<lazy-media-inline inline-template data-id=\"5916\">\n\t\t\t<figure itemscope itemtype=\"http:\/\/schema.org\/ImageObject\" class=\"lazy-media-inline \" role=\"group\" id=\"media_69f274ec9dce8\">\n\t\t\t\t<script type=\"application\/json\" ref=\"data\">\n\t\t\t\t{\n\t\t\t\t\"sizes\" : {\"medium\":{\"file\":\"sonya-schoenberger-300x234.jpg\",\"width\":300,\"height\":234,\"mime-type\":\"image\\\/jpeg\",\"filesize\":24843},\"medium_large\":{\"file\":\"sonya-schoenberger-768x600.jpg\",\"width\":768,\"height\":600,\"mime-type\":\"image\\\/jpeg\",\"filesize\":149290},\"small\":{\"file\":\"sonya-schoenberger-440x344.jpg\",\"width\":440,\"height\":344,\"mime-type\":\"image\\\/jpeg\",\"filesize\":52364},\"semi\":{\"file\":\"sonya-schoenberger-580x453.jpg\",\"width\":580,\"height\":453,\"mime-type\":\"image\\\/jpeg\",\"filesize\":90256},\"mobile\":{\"file\":\"sonya-schoenberger-720x562.jpg\",\"width\":720,\"height\":562,\"mime-type\":\"image\\\/jpeg\",\"filesize\":134147},\"original\":{\"file\":\"sonya-schoenberger.jpg\",\"width\":950,\"height\":742}},\n\t\t\t\t\"alt\" : \"Kameramann Cavo Kernich und Interviewerin Sonya Sch\\u00f6nberger sitzen im Park versetzt auf St\\u00fchlen\",\n\t\t\t\t\"path\" : \"\\\/wp-content\\\/uploads\\\/2022\\\/11\\\/\",\n\t\t\t\t\"video\" : null,\n\t\t\t\t\"autoplay\" : null,\n\t\t\t\t\"youtube\" : null,\n\t\t\t\t\"youtubelabel\" : \"play\",\n\t\t\t\t\"brightness\" : 100,\n\t\t\t\t\"crop\" : null,\n\t\t\t\t\"background\" : true,\n\t\t\t\t\"scale\" : 1,\n\t\t\t\t\"zoom\" : false,\n\t\t\t\t\"annotations\" : null\t\t\t\t}\n\t\t\t<\/script>\n\t\t\t\t<div class=\"height-container\" style=\"padding-bottom:54%;  \" v-if=\"sizes\">\n\t\t\t\t\t<lazy-media :inline=\"true\" :alt=\"alt\" :sizes=\"sizes\" :scale=\"scale\" :zoom=\"zoom\" :brightness=\"brightness\" :path=\"path\" :video=\"video\" :autoplay=\"autoplay\" :youtube=\"youtube\" :crop=\"crop\" :youtubelabel=\"youtubelabel\" :annotations=\"annotations\" :background=\"background\"><\/lazy-media>\n\n\t\t\t\t\t\t\t\t\t<\/div>\n\n\t\t\t\t\n\t\t\t\t\n\n\n\t\t\t\t\n\t\t\t   \t\t\t\t\t\t\t<\/figure>\n\t\t<\/lazy-media-inline>\n\t\t\t\t\t<\/div>\n\t\t\t<div class=\"teaser-copy\">\n\t\t\t\t<div>\n\t\t\t\t\t<div class=\"teaser-header padding-top-sixth\"><div><h3 class=\"zeplin-teaserHeadline-M\">Berliner Zimmer<\/h3><\/div><\/div>\n\t\t\t\t\t<div class=\"copy\"><div class=\"padding-top-minimal\"><p class=\"zeplin-copySmall\">In den Videos der K\u00fcnstlerin erz\u00e4hlen Berliner:innen von ihrem Leben in der Gro\u00dfstadt, ihren Erinnerungen zu historischen Ereignissen, ihren Erfahrungen als politisch Aktive oder Kunstschaffende.\u00a0In Zusammenarbeit mit dem Stadtmuseum Berlin entsteht so seit 2018 Video f\u00fcr Video ein digitales Archiv der Gegenwart: das\u00a0Berliner Zimmer.<\/p><\/div><div class=\"padding-top-sixth\"><span class=\"zeplin-metadata has-highlight-color\">More<\/span><\/div><\/div>\n\t\t\t\t<\/div>\n\t\t\t<\/div>\n\t\t<\/div>\n\t<\/a>\n<\/li>\t\t\t<\/ul>\n\t\t<\/div>\n\t\n\t<\/section>\n","protected":false},"excerpt":{"rendered":"<p>Barbara Panther was born in Rwanda. Her parents fled the genocide in the mid-1990\u2019s to Belgium, where Barbara was adopted by a Belgian family. As a teenager, she travelled to Rwanda in search of her roots only to return traumatised. She began dancing professionally, which helped her to overcome her trauma. She started making electronic music and moved to Berlin, where she has lived and worked ever since.<\/p>\n","protected":false},"featured_media":5925,"template":"","ho_author":[],"ho_category":[234,233],"acf":[],"_links":{"self":[{"href":"https:\/\/www.stadtmuseum.de\/en\/wp-json\/wp\/v2\/video\/15962"}],"collection":[{"href":"https:\/\/www.stadtmuseum.de\/en\/wp-json\/wp\/v2\/video"}],"about":[{"href":"https:\/\/www.stadtmuseum.de\/en\/wp-json\/wp\/v2\/types\/video"}],"version-history":[{"count":1,"href":"https:\/\/www.stadtmuseum.de\/en\/wp-json\/wp\/v2\/video\/15962\/revisions"}],"predecessor-version":[{"id":18830,"href":"https:\/\/www.stadtmuseum.de\/en\/wp-json\/wp\/v2\/video\/15962\/revisions\/18830"}],"wp:featuredmedia":[{"embeddable":true,"href":"https:\/\/www.stadtmuseum.de\/en\/wp-json\/wp\/v2\/media\/5925"}],"wp:attachment":[{"href":"https:\/\/www.stadtmuseum.de\/en\/wp-json\/wp\/v2\/media?parent=15962"}],"wp:term":[{"taxonomy":"ho_author","embeddable":true,"href":"https:\/\/www.stadtmuseum.de\/en\/wp-json\/wp\/v2\/ho_author?post=15962"},{"taxonomy":"ho_category","embeddable":true,"href":"https:\/\/www.stadtmuseum.de\/en\/wp-json\/wp\/v2\/ho_category?post=15962"}],"curies":[{"name":"wp","href":"https:\/\/api.w.org\/{rel}","templated":true}]}}